{"id":162,"date":"2017-12-11T11:32:46","date_gmt":"2017-12-11T11:32:46","guid":{"rendered":"https:\/\/demo.themegrill.com\/colormag-beauty-blog\/?page_id=162"},"modified":"2021-02-04T13:15:48","modified_gmt":"2021-02-04T13:15:48","slug":"lifestyle","status":"publish","type":"page","link":"https:\/\/www.iforbes.cz\/index.php\/lifestyle\/","title":{"rendered":"Lifestyle"},"content":{"rendered":"\t\t<div data-elementor-type=\"wp-post\" data-elementor-id=\"162\" class=\"elementor elementor-162\" data-elementor-settings=\"[]\">\n\t\t\t\t\t\t<div class=\"elementor-inner\">\n\t\t\t\t\t\t\t<div class=\"elementor-section-wrap\">\n\t\t\t\t\t\t\t<section class=\"elementor-section elementor-top-section elementor-element elementor-element-46adf276 elementor-section-boxed elementor-section-height-default elementor-section-height-default\" data-id=\"46adf276\" data-element_type=\"section\">\n\t\t\t\t\t\t<div class=\"elementor-container elementor-column-gap-default\">\n\t\t\t\t\t\t\t<div class=\"elementor-row\">\n\t\t\t\t\t<div class=\"elementor-column elementor-col-100 elementor-top-column elementor-element elementor-element-3ee55ff8\" data-id=\"3ee55ff8\" data-element_type=\"column\">\n\t\t\t<div class=\"elementor-column-wrap elementor-element-populated\">\n\t\t\t\t\t\t\t<div class=\"elementor-widget-wrap\">\n\t\t\t\t\t\t<div class=\"elementor-element elementor-element-739f3c6f elementor-widget elementor-widget-heading\" data-id=\"739f3c6f\" data-element_type=\"widget\" data-widget_type=\"heading.default\">\n\t\t\t\t<div class=\"elementor-widget-container\">\n\t\t\t<h2 class=\"elementor-heading-title elementor-size-default\">Lifestyle<\/h2>\t\t<\/div>\n\t\t\t\t<\/div>\n\t\t\t\t\t\t<\/div>\n\t\t\t\t\t<\/div>\n\t\t<\/div>\n\t\t\t\t\t\t\t\t<\/div>\n\t\t\t\t\t<\/div>\n\t\t<\/section>\n\t\t\t\t<section class=\"elementor-section elementor-top-section elementor-element elementor-element-27d1cbf elementor-section-boxed elementor-section-height-default elementor-section-height-default\" data-id=\"27d1cbf\" data-element_type=\"section\">\n\t\t\t\t\t\t<div class=\"elementor-container elementor-column-gap-default\">\n\t\t\t\t\t\t\t<div class=\"elementor-row\">\n\t\t\t\t\t<div class=\"elementor-column elementor-col-100 elementor-top-column elementor-element elementor-element-2d7ccdd7\" data-id=\"2d7ccdd7\" data-element_type=\"column\">\n\t\t\t<div class=\"elementor-column-wrap elementor-element-populated\">\n\t\t\t\t\t\t\t<div class=\"elementor-widget-wrap\">\n\t\t\t\t\t\t<div class=\"elementor-element elementor-element-10823e2d elementor-widget elementor-widget-ColorMag-Posts-Block-2\" data-id=\"10823e2d\" data-element_type=\"widget\" data-widget_type=\"ColorMag-Posts-Block-2.default\">\n\t\t\t\t<div class=\"elementor-widget-container\">\n\t\t\t\n\t\t<div class=\"tg-module-block tg-module-wrapper tg-module-block--style-2\">\n\t\t\t\n\t\t\t<div class=\"tg-row\">\n\t\t\t\t\n\t\t\t\t\t<div class=\"tg-col-control\">\n\t\t\t\t\t\t<div class=\"tg_module_block tg-first-block\">\n\t\t\t\t\t\t\t\t\t\t\t\t\t\t\t\t\t\t\t\t\t\t\t\t\t\t<figure class=\"tg-module-thumb\">\n\t\t\t\t\t\t\t\t\t\t\t<a href=\"https:\/\/www.iforbes.cz\/index.php\/2026\/04\/29\/literarni-hrdinka-conni-miri-do-kin-v-novem-filmu-tajemstvi-jeraba\/\" class=\"tg-thumb-link\">\n\t\t\t<img width=\"392\" height=\"272\" src=\"https:\/\/www.iforbes.cz\/wp-content\/uploads\/2026\/04\/2026-01-06_Conni2_4K_24fps_002000001-392x272.png\" class=\"attachment-colormag-highlighted-post size-colormag-highlighted-post wp-post-image\" alt=\"\" loading=\"lazy\" srcset=\"https:\/\/www.iforbes.cz\/wp-content\/uploads\/2026\/04\/2026-01-06_Conni2_4K_24fps_002000001-392x272.png 392w, https:\/\/www.iforbes.cz\/wp-content\/uploads\/2026\/04\/2026-01-06_Conni2_4K_24fps_002000001-130x90.png 130w, https:\/\/www.iforbes.cz\/wp-content\/uploads\/2026\/04\/2026-01-06_Conni2_4K_24fps_002000001-600x417.png 600w\" sizes=\"(max-width: 392px) 100vw, 392px\" \/>\t\t<\/a>\n\t\t<div class=\"tg-post-categories\"><a href=\"https:\/\/www.iforbes.cz\/index.php\/category\/life-style\/\" class=\"tg-post-category\" rel=\"category tag\">Life style<\/a>&nbsp;<\/div>\t\t\t\t\t\t\t\t<\/figure>\n\t\t\t\t\t\t\t\t\n\t\t\t\t\t\t\t\t\t\t\t\t\t\t\t\t\t\t\t\n\t\t\t\t\t\t\t\t\t<h3 class=\"tg-module-title entry-title\">\n\t\t\t<a href=\"https:\/\/www.iforbes.cz\/index.php\/2026\/04\/29\/literarni-hrdinka-conni-miri-do-kin-v-novem-filmu-tajemstvi-jeraba\/\">Liter\u00e1rn\u00ed hrdinka Conni m\u00ed\u0159\u00ed do kin v nov\u00e9m filmu Tajemstv\u00ed je\u0159\u00e1ba<\/a>\n\t\t<\/h3>\n\t\t\t\t\t\t\t\t\t\t\t\t\t\t\n\t\t\t\t\t\t\t\n\t\t<div class=\"tg-module-meta\">\n\t\t\t\n\t\t\t<span class=\"tg-post-date entry-date\">\n\t\t\t\t<a href=\"https:\/\/www.iforbes.cz\/index.php\/2026\/04\/29\/literarni-hrdinka-conni-miri-do-kin-v-novem-filmu-tajemstvi-jeraba\/\" rel=\"bookmark\"><time class=\"entry-date published updated\" datetime=\"2026-04-29T11:36:42+00:00\">29 dubna, 2026<\/time><\/a>\t\t\t<\/span>\n\n\t\t\t<span class=\"tg-post-auther-name author vcard\">\n\t\t\t\t<a class=\"url fn n\" href=\"https:\/\/www.iforbes.cz\/index.php\/author\/iforbescz\/\">iforbescz<\/a>\t\t\t<\/span>\n\n\t\t\t\t\t\t\t<span class=\"tg-module-comments\">\n\t\t\t\t\t<a href=\"https:\/\/www.iforbes.cz\/index.php\/2026\/04\/29\/literarni-hrdinka-conni-miri-do-kin-v-novem-filmu-tajemstvi-jeraba\/#respond\">0<\/a>\t\t\t\t<\/span>\n\t\t\t\t\t<\/div>\n\n\t\t\t\t\t\t\t\t\t\t\t\t\t\t\n\t\t\t\t\t\t\t\n\t\t\t\t\t\t\t<div class=\"tg-expert entry-content\">\n\t\t\t\t\t\t\t\t<p>Obl\u00edben\u00e1 d\u011btsk\u00e1 hrdinka Conni m\u00ed\u0159\u00ed do kin ve sv\u00e9m druh\u00e9m celove\u010dern\u00edm dobrodru\u017estv\u00ed. Film Conni: Tajemstv\u00ed je\u0159\u00e1ba (Conni: Mystery of the<\/p>\n\t\t\t\t\t\t\t<\/div>\n\n\t\t\t\t\t\t<\/div>\n\t\t\t\t\t\t\t\t\t\t\t\t\t\t\t\t\t\t<\/div>\n\n\t\t\t\t\t\n\t\t\t\t\t<div class=\"tg-col-control\">\n\t\t\t\t\t\t<div class=\"tg_module_block tg-first-block\">\n\t\t\t\t\t\t\t\t\t\t\t\t\t\t\t\t\t\t\t\t\t\t\t\t\t\t<figure class=\"tg-module-thumb\">\n\t\t\t\t\t\t\t\t\t\t\t<a href=\"https:\/\/www.iforbes.cz\/index.php\/2026\/04\/22\/tesco-spousti-jarni-sbirku-potravin\/\" class=\"tg-thumb-link\">\n\t\t\t<img width=\"392\" height=\"272\" src=\"https:\/\/www.iforbes.cz\/wp-content\/uploads\/2026\/04\/K-dispozici-budou-take-predpripravene-balicky-v-hodnote-299-Kc-392x272.jpg\" class=\"attachment-colormag-highlighted-post size-colormag-highlighted-post wp-post-image\" alt=\"\" loading=\"lazy\" srcset=\"https:\/\/www.iforbes.cz\/wp-content\/uploads\/2026\/04\/K-dispozici-budou-take-predpripravene-balicky-v-hodnote-299-Kc-392x272.jpg 392w, https:\/\/www.iforbes.cz\/wp-content\/uploads\/2026\/04\/K-dispozici-budou-take-predpripravene-balicky-v-hodnote-299-Kc-130x90.jpg 130w, https:\/\/www.iforbes.cz\/wp-content\/uploads\/2026\/04\/K-dispozici-budou-take-predpripravene-balicky-v-hodnote-299-Kc-600x417.jpg 600w\" sizes=\"(max-width: 392px) 100vw, 392px\" \/>\t\t<\/a>\n\t\t<div class=\"tg-post-categories\"><a href=\"https:\/\/www.iforbes.cz\/index.php\/category\/life-style\/\" class=\"tg-post-category\" rel=\"category tag\">Life style<\/a>&nbsp;<\/div>\t\t\t\t\t\t\t\t<\/figure>\n\t\t\t\t\t\t\t\t\n\t\t\t\t\t\t\t\t\t\t\t\t\t\t\t\t\t\t\t\n\t\t\t\t\t\t\t\t\t<h3 class=\"tg-module-title entry-title\">\n\t\t\t<a href=\"https:\/\/www.iforbes.cz\/index.php\/2026\/04\/22\/tesco-spousti-jarni-sbirku-potravin\/\">Tesco spou\u0161t\u00ed jarn\u00ed sb\u00edrku potravin<\/a>\n\t\t<\/h3>\n\t\t\t\t\t\t\t\t\t\t\t\t\t\t\n\t\t\t\t\t\t\t\n\t\t<div class=\"tg-module-meta\">\n\t\t\t\n\t\t\t<span class=\"tg-post-date entry-date\">\n\t\t\t\t<a href=\"https:\/\/www.iforbes.cz\/index.php\/2026\/04\/22\/tesco-spousti-jarni-sbirku-potravin\/\" rel=\"bookmark\"><time class=\"entry-date published updated\" datetime=\"2026-04-22T08:32:07+00:00\">22 dubna, 2026<\/time><\/a>\t\t\t<\/span>\n\n\t\t\t<span class=\"tg-post-auther-name author vcard\">\n\t\t\t\t<a class=\"url fn n\" href=\"https:\/\/www.iforbes.cz\/index.php\/author\/iforbescz\/\">iforbescz<\/a>\t\t\t<\/span>\n\n\t\t\t\t\t\t\t<span class=\"tg-module-comments\">\n\t\t\t\t\t<a href=\"https:\/\/www.iforbes.cz\/index.php\/2026\/04\/22\/tesco-spousti-jarni-sbirku-potravin\/#respond\">0<\/a>\t\t\t\t<\/span>\n\t\t\t\t\t<\/div>\n\n\t\t\t\t\t\t\t\t\t\t\t\t\t\t\n\t\t\t\t\t\t\t\n\t\t\t\t\t\t\t<div class=\"tg-expert entry-content\">\n\t\t\t\t\t\t\t\t<p>Tesco se i letos zapojuje do celon\u00e1rodn\u00ed Sb\u00edrky potravin organizovan\u00e9 \u010ceskou federac\u00ed potravinov\u00fdch bank. Jarn\u00ed kolo sb\u00edrky prob\u00edh\u00e1 online od<\/p>\n\t\t\t\t\t\t\t<\/div>\n\n\t\t\t\t\t\t<\/div>\n\t\t\t\t\t\t\t\t\t\t\t\t\t\t\t\t\t\t<\/div>\n\n\t\t\t\t\t\n\t\t\t\t\t<div class=\"tg-col-control\">\n\t\t\t\t\t\t<div class=\"tg_module_block tg-first-block\">\n\t\t\t\t\t\t\t\t\t\t\t\t\t\t\t\t\t\t\t\t\t\t\t\t\t\t<figure class=\"tg-module-thumb\">\n\t\t\t\t\t\t\t\t\t\t\t<a href=\"https:\/\/www.iforbes.cz\/index.php\/2026\/04\/17\/rap-efekty-a-festivalova-atmosfera-velo-stage-bude-i-letos-patrit-k-vrcholum-majalesu\/\" class=\"tg-thumb-link\">\n\t\t\t<img width=\"392\" height=\"272\" src=\"https:\/\/www.iforbes.cz\/wp-content\/uploads\/2026\/04\/Majales_ilustracni-foto-1-392x272.jpg\" class=\"attachment-colormag-highlighted-post size-colormag-highlighted-post wp-post-image\" alt=\"\" loading=\"lazy\" srcset=\"https:\/\/www.iforbes.cz\/wp-content\/uploads\/2026\/04\/Majales_ilustracni-foto-1-392x272.jpg 392w, https:\/\/www.iforbes.cz\/wp-content\/uploads\/2026\/04\/Majales_ilustracni-foto-1-130x90.jpg 130w, https:\/\/www.iforbes.cz\/wp-content\/uploads\/2026\/04\/Majales_ilustracni-foto-1-600x417.jpg 600w\" sizes=\"(max-width: 392px) 100vw, 392px\" \/>\t\t<\/a>\n\t\t<div class=\"tg-post-categories\"><a href=\"https:\/\/www.iforbes.cz\/index.php\/category\/life-style\/\" class=\"tg-post-category\" rel=\"category tag\">Life style<\/a>&nbsp;<\/div>\t\t\t\t\t\t\t\t<\/figure>\n\t\t\t\t\t\t\t\t\n\t\t\t\t\t\t\t\t\t\t\t\t\t\t\t\t\t\t\t\n\t\t\t\t\t\t\t\t\t<h3 class=\"tg-module-title entry-title\">\n\t\t\t<a href=\"https:\/\/www.iforbes.cz\/index.php\/2026\/04\/17\/rap-efekty-a-festivalova-atmosfera-velo-stage-bude-i-letos-patrit-k-vrcholum-majalesu\/\">Rap, efekty a festivalov\u00e1 atmosf\u00e9ra. VELO stage bude i letos pat\u0159it k vrchol\u016fm Maj\u00e1lesu<\/a>\n\t\t<\/h3>\n\t\t\t\t\t\t\t\t\t\t\t\t\t\t\n\t\t\t\t\t\t\t\n\t\t<div class=\"tg-module-meta\">\n\t\t\t\n\t\t\t<span class=\"tg-post-date entry-date\">\n\t\t\t\t<a href=\"https:\/\/www.iforbes.cz\/index.php\/2026\/04\/17\/rap-efekty-a-festivalova-atmosfera-velo-stage-bude-i-letos-patrit-k-vrcholum-majalesu\/\" rel=\"bookmark\"><time class=\"entry-date published updated\" datetime=\"2026-04-17T08:48:36+00:00\">17 dubna, 2026<\/time><\/a>\t\t\t<\/span>\n\n\t\t\t<span class=\"tg-post-auther-name author vcard\">\n\t\t\t\t<a class=\"url fn n\" href=\"https:\/\/www.iforbes.cz\/index.php\/author\/iforbescz\/\">iforbescz<\/a>\t\t\t<\/span>\n\n\t\t\t\t\t\t\t<span class=\"tg-module-comments\">\n\t\t\t\t\t<a href=\"https:\/\/www.iforbes.cz\/index.php\/2026\/04\/17\/rap-efekty-a-festivalova-atmosfera-velo-stage-bude-i-letos-patrit-k-vrcholum-majalesu\/#respond\">0<\/a>\t\t\t\t<\/span>\n\t\t\t\t\t<\/div>\n\n\t\t\t\t\t\t\t\t\t\t\t\t\t\t\n\t\t\t\t\t\t\t\n\t\t\t\t\t\t\t<div class=\"tg-expert entry-content\">\n\t\t\t\t\t\t\t\t<p>Leto\u0161n\u00ed sez\u00f3na Maj\u00e1les\u016f se nezadr\u017eiteln\u011b bl\u00ed\u017e\u00ed a s n\u00ed i n\u00e1vrat jedn\u00e9 z nejv\u00fdrazn\u011bj\u0161\u00edch dominant cel\u00e9ho festivalu, kter\u00e1 v lo\u0148sk\u00e9m<\/p>\n\t\t\t\t\t\t\t<\/div>\n\n\t\t\t\t\t\t<\/div>\n\t\t\t\t\t\t\t\t\t\t\t\t\t\t\t\t\t\t<\/div>\n\n\t\t\t\t\t\n\t\t\t\t\t<div class=\"tg-col-control\">\n\t\t\t\t\t\t<div class=\"tg_module_block tg-first-block\">\n\t\t\t\t\t\t\t\t\t\t\t\t\t\t\t\t\t\t\t\t\t\t\t\t\t\t<figure class=\"tg-module-thumb\">\n\t\t\t\t\t\t\t\t\t\t\t<a href=\"https:\/\/www.iforbes.cz\/index.php\/2026\/03\/30\/back-in-time-prague-slavi-prvni-rok-statisice-navstevniku-a-historie-jako-skutecny-zazitek\/\" class=\"tg-thumb-link\">\n\t\t\t<img width=\"392\" height=\"272\" src=\"https:\/\/www.iforbes.cz\/wp-content\/uploads\/2026\/03\/5D-kino-392x272.jpg\" class=\"attachment-colormag-highlighted-post size-colormag-highlighted-post wp-post-image\" alt=\"\" loading=\"lazy\" srcset=\"https:\/\/www.iforbes.cz\/wp-content\/uploads\/2026\/03\/5D-kino-392x272.jpg 392w, https:\/\/www.iforbes.cz\/wp-content\/uploads\/2026\/03\/5D-kino-130x90.jpg 130w, https:\/\/www.iforbes.cz\/wp-content\/uploads\/2026\/03\/5D-kino-600x417.jpg 600w\" sizes=\"(max-width: 392px) 100vw, 392px\" \/>\t\t<\/a>\n\t\t<div class=\"tg-post-categories\"><a href=\"https:\/\/www.iforbes.cz\/index.php\/category\/life-style\/\" class=\"tg-post-category\" rel=\"category tag\">Life style<\/a>&nbsp;<\/div>\t\t\t\t\t\t\t\t<\/figure>\n\t\t\t\t\t\t\t\t\n\t\t\t\t\t\t\t\t\t\t\t\t\t\t\t\t\t\t\t\n\t\t\t\t\t\t\t\t\t<h3 class=\"tg-module-title entry-title\">\n\t\t\t<a href=\"https:\/\/www.iforbes.cz\/index.php\/2026\/03\/30\/back-in-time-prague-slavi-prvni-rok-statisice-navstevniku-a-historie-jako-skutecny-zazitek\/\">Back in Time Prague slav\u00ed prvn\u00ed rok: statis\u00edce n\u00e1v\u0161t\u011bvn\u00edk\u016f a historie jako skute\u010dn\u00fd z\u00e1\u017eitek<\/a>\n\t\t<\/h3>\n\t\t\t\t\t\t\t\t\t\t\t\t\t\t\n\t\t\t\t\t\t\t\n\t\t<div class=\"tg-module-meta\">\n\t\t\t\n\t\t\t<span class=\"tg-post-date entry-date\">\n\t\t\t\t<a href=\"https:\/\/www.iforbes.cz\/index.php\/2026\/03\/30\/back-in-time-prague-slavi-prvni-rok-statisice-navstevniku-a-historie-jako-skutecny-zazitek\/\" rel=\"bookmark\"><time class=\"entry-date published updated\" datetime=\"2026-03-30T09:12:14+00:00\">30 b\u0159ezna, 2026<\/time><\/a>\t\t\t<\/span>\n\n\t\t\t<span class=\"tg-post-auther-name author vcard\">\n\t\t\t\t<a class=\"url fn n\" href=\"https:\/\/www.iforbes.cz\/index.php\/author\/iforbescz\/\">iforbescz<\/a>\t\t\t<\/span>\n\n\t\t\t\t\t\t\t<span class=\"tg-module-comments\">\n\t\t\t\t\t<a href=\"https:\/\/www.iforbes.cz\/index.php\/2026\/03\/30\/back-in-time-prague-slavi-prvni-rok-statisice-navstevniku-a-historie-jako-skutecny-zazitek\/#respond\">0<\/a>\t\t\t\t<\/span>\n\t\t\t\t\t<\/div>\n\n\t\t\t\t\t\t\t\t\t\t\t\t\t\t\n\t\t\t\t\t\t\t\n\t\t\t\t\t\t\t<div class=\"tg-expert entry-content\">\n\t\t\t\t\t\t\t\t<p>Z\u00e1\u017eitkov\u00e1 expozice Back in Time Prague dnes slavnostn\u011b uzav\u0159ela sv\u016fj prvn\u00ed rok provozu tiskovou konferenc\u00ed, kter\u00e1 se konala v jej\u00edch<\/p>\n\t\t\t\t\t\t\t<\/div>\n\n\t\t\t\t\t\t<\/div>\n\t\t\t\t\t\t\t\t\t\t\t\t\t\t\t\t\t\t<\/div>\n\n\t\t\t\t\t\n\t\t\t\t\t<div class=\"tg-col-control\">\n\t\t\t\t\t\t<div class=\"tg_module_block tg-first-block\">\n\t\t\t\t\t\t\t\t\t\t\t\t\t\t\t\t\t\t\t\t\t\t\t\t\t\t<figure class=\"tg-module-thumb\">\n\t\t\t\t\t\t\t\t\t\t\t<a href=\"https:\/\/www.iforbes.cz\/index.php\/2026\/03\/30\/nova-serie-discovery-channel-odhali-co-vse-se-pasuje-pres-polske-hranice\/\" class=\"tg-thumb-link\">\n\t\t\t<img width=\"392\" height=\"272\" src=\"https:\/\/www.iforbes.cz\/wp-content\/uploads\/2026\/03\/AdobeStock_444090012-392x272.jpeg\" class=\"attachment-colormag-highlighted-post size-colormag-highlighted-post wp-post-image\" alt=\"\" loading=\"lazy\" srcset=\"https:\/\/www.iforbes.cz\/wp-content\/uploads\/2026\/03\/AdobeStock_444090012-392x272.jpeg 392w, https:\/\/www.iforbes.cz\/wp-content\/uploads\/2026\/03\/AdobeStock_444090012-130x90.jpeg 130w, https:\/\/www.iforbes.cz\/wp-content\/uploads\/2026\/03\/AdobeStock_444090012-600x417.jpeg 600w\" sizes=\"(max-width: 392px) 100vw, 392px\" \/>\t\t<\/a>\n\t\t<div class=\"tg-post-categories\"><a href=\"https:\/\/www.iforbes.cz\/index.php\/category\/life-style\/\" class=\"tg-post-category\" rel=\"category tag\">Life style<\/a>&nbsp;<\/div>\t\t\t\t\t\t\t\t<\/figure>\n\t\t\t\t\t\t\t\t\n\t\t\t\t\t\t\t\t\t\t\t\t\t\t\t\t\t\t\t\n\t\t\t\t\t\t\t\t\t<h3 class=\"tg-module-title entry-title\">\n\t\t\t<a href=\"https:\/\/www.iforbes.cz\/index.php\/2026\/03\/30\/nova-serie-discovery-channel-odhali-co-vse-se-pasuje-pres-polske-hranice\/\">Nov\u00e1 s\u00e9rie Discovery Channel odhal\u00ed, co v\u0161e se pa\u0161uje p\u0159es polsk\u00e9 hranice<\/a>\n\t\t<\/h3>\n\t\t\t\t\t\t\t\t\t\t\t\t\t\t\n\t\t\t\t\t\t\t\n\t\t<div class=\"tg-module-meta\">\n\t\t\t\n\t\t\t<span class=\"tg-post-date entry-date\">\n\t\t\t\t<a href=\"https:\/\/www.iforbes.cz\/index.php\/2026\/03\/30\/nova-serie-discovery-channel-odhali-co-vse-se-pasuje-pres-polske-hranice\/\" rel=\"bookmark\"><time class=\"entry-date published updated\" datetime=\"2026-03-30T08:44:07+00:00\">30 b\u0159ezna, 2026<\/time><\/a>\t\t\t<\/span>\n\n\t\t\t<span class=\"tg-post-auther-name author vcard\">\n\t\t\t\t<a class=\"url fn n\" href=\"https:\/\/www.iforbes.cz\/index.php\/author\/iforbescz\/\">iforbescz<\/a>\t\t\t<\/span>\n\n\t\t\t\t\t\t\t<span class=\"tg-module-comments\">\n\t\t\t\t\t<a href=\"https:\/\/www.iforbes.cz\/index.php\/2026\/03\/30\/nova-serie-discovery-channel-odhali-co-vse-se-pasuje-pres-polske-hranice\/#respond\">0<\/a>\t\t\t\t<\/span>\n\t\t\t\t\t<\/div>\n\n\t\t\t\t\t\t\t\t\t\t\t\t\t\t\n\t\t\t\t\t\t\t\n\t\t\t\t\t\t\t<div class=\"tg-expert entry-content\">\n\t\t\t\t\t\t\t\t<p>Discovery Channel uvede ve st\u0159edu 8. dubna ve 20:00 prvn\u00ed d\u00edl dokument\u00e1rn\u00ed s\u00e9rie Hrani\u010dn\u00ed kontrola: Polsko (Border Control Poland). Osmid\u00edln\u00fd<\/p>\n\t\t\t\t\t\t\t<\/div>\n\n\t\t\t\t\t\t<\/div>\n\t\t\t\t\t\t\t\t\t\t\t\t\t\t\t\t\t\t<\/div>\n\n\t\t\t\t\t\n\t\t\t\t\t<div class=\"tg-col-control\">\n\t\t\t\t\t\t<div class=\"tg_module_block tg-first-block\">\n\t\t\t\t\t\t\t\t\t\t\t\t\t\t\t\t\t\t\t\t\t\t\t\t\t\t<figure class=\"tg-module-thumb\">\n\t\t\t\t\t\t\t\t\t\t\t<a href=\"https:\/\/www.iforbes.cz\/index.php\/2026\/03\/24\/svateho-patrika-s-irskem-oslavuje-cely-svet\/\" class=\"tg-thumb-link\">\n\t\t\t<img width=\"392\" height=\"272\" src=\"https:\/\/www.iforbes.cz\/wp-content\/uploads\/2026\/03\/den-svateho-patrika2-392x272.png\" class=\"attachment-colormag-highlighted-post size-colormag-highlighted-post wp-post-image\" alt=\"\" loading=\"lazy\" srcset=\"https:\/\/www.iforbes.cz\/wp-content\/uploads\/2026\/03\/den-svateho-patrika2-392x272.png 392w, https:\/\/www.iforbes.cz\/wp-content\/uploads\/2026\/03\/den-svateho-patrika2-130x90.png 130w, https:\/\/www.iforbes.cz\/wp-content\/uploads\/2026\/03\/den-svateho-patrika2-600x417.png 600w\" sizes=\"(max-width: 392px) 100vw, 392px\" \/>\t\t<\/a>\n\t\t<div class=\"tg-post-categories\"><a href=\"https:\/\/www.iforbes.cz\/index.php\/category\/life-style\/\" class=\"tg-post-category\" rel=\"category tag\">Life style<\/a>&nbsp;<\/div>\t\t\t\t\t\t\t\t<\/figure>\n\t\t\t\t\t\t\t\t\n\t\t\t\t\t\t\t\t\t\t\t\t\t\t\t\t\t\t\t\n\t\t\t\t\t\t\t\t\t<h3 class=\"tg-module-title entry-title\">\n\t\t\t<a href=\"https:\/\/www.iforbes.cz\/index.php\/2026\/03\/24\/svateho-patrika-s-irskem-oslavuje-cely-svet\/\">Svat\u00e9ho Patrika s Irskem oslavuje cel\u00fd sv\u011bt<\/a>\n\t\t<\/h3>\n\t\t\t\t\t\t\t\t\t\t\t\t\t\t\n\t\t\t\t\t\t\t\n\t\t<div class=\"tg-module-meta\">\n\t\t\t\n\t\t\t<span class=\"tg-post-date entry-date\">\n\t\t\t\t<a href=\"https:\/\/www.iforbes.cz\/index.php\/2026\/03\/24\/svateho-patrika-s-irskem-oslavuje-cely-svet\/\" rel=\"bookmark\"><time class=\"entry-date published updated\" datetime=\"2026-03-24T13:35:26+00:00\">24 b\u0159ezna, 2026<\/time><\/a>\t\t\t<\/span>\n\n\t\t\t<span class=\"tg-post-auther-name author vcard\">\n\t\t\t\t<a class=\"url fn n\" href=\"https:\/\/www.iforbes.cz\/index.php\/author\/iforbescz\/\">iforbescz<\/a>\t\t\t<\/span>\n\n\t\t\t\t\t\t\t<span class=\"tg-module-comments\">\n\t\t\t\t\t<a href=\"https:\/\/www.iforbes.cz\/index.php\/2026\/03\/24\/svateho-patrika-s-irskem-oslavuje-cely-svet\/#respond\">0<\/a>\t\t\t\t<\/span>\n\t\t\t\t\t<\/div>\n\n\t\t\t\t\t\t\t\t\t\t\t\t\t\t\n\t\t\t\t\t\t\t\n\t\t\t\t\t\t\t<div class=\"tg-expert entry-content\">\n\t\t\t\t\t\t\t\t<p>Sedmn\u00e1ct\u00fd b\u0159ezen ka\u017edoro\u010dn\u011b pat\u0159\u00ed patronovi Irska, svat\u00e9mu Patrikovi. Sv\u00e1tek, kter\u00fd m\u00e1 sv\u00e9 ko\u0159eny na irsk\u00e9m ostrov\u011b, se postupn\u011b roz\u0161\u00ed\u0159il do<\/p>\n\t\t\t\t\t\t\t<\/div>\n\n\t\t\t\t\t\t<\/div>\n\t\t\t\t\t\t\t\t\t\t\t\t\t\t\t\t\t\t<\/div>\n\n\t\t\t\t\t\n\t\t\t\t\t<div class=\"tg-col-control\">\n\t\t\t\t\t\t<div class=\"tg_module_block tg-first-block\">\n\t\t\t\t\t\t\t\t\t\t\t\t\t\t\t\t\t\t\t\t\t\t\t\t\t\t<figure class=\"tg-module-thumb\">\n\t\t\t\t\t\t\t\t\t\t\t<a href=\"https:\/\/www.iforbes.cz\/index.php\/2026\/03\/03\/prague-gala-propoji-ceskou-elitu-s-filantropii\/\" class=\"tg-thumb-link\">\n\t\t\t<img width=\"392\" height=\"272\" src=\"https:\/\/www.iforbes.cz\/wp-content\/uploads\/2026\/03\/1920_1080_Prague_Gala1-002-392x272.jpg\" class=\"attachment-colormag-highlighted-post size-colormag-highlighted-post wp-post-image\" alt=\"\" loading=\"lazy\" srcset=\"https:\/\/www.iforbes.cz\/wp-content\/uploads\/2026\/03\/1920_1080_Prague_Gala1-002-392x272.jpg 392w, https:\/\/www.iforbes.cz\/wp-content\/uploads\/2026\/03\/1920_1080_Prague_Gala1-002-130x90.jpg 130w, https:\/\/www.iforbes.cz\/wp-content\/uploads\/2026\/03\/1920_1080_Prague_Gala1-002-600x417.jpg 600w\" sizes=\"(max-width: 392px) 100vw, 392px\" \/>\t\t<\/a>\n\t\t<div class=\"tg-post-categories\"><a href=\"https:\/\/www.iforbes.cz\/index.php\/category\/life-style\/\" class=\"tg-post-category\" rel=\"category tag\">Life style<\/a>&nbsp;<\/div>\t\t\t\t\t\t\t\t<\/figure>\n\t\t\t\t\t\t\t\t\n\t\t\t\t\t\t\t\t\t\t\t\t\t\t\t\t\t\t\t\n\t\t\t\t\t\t\t\t\t<h3 class=\"tg-module-title entry-title\">\n\t\t\t<a href=\"https:\/\/www.iforbes.cz\/index.php\/2026\/03\/03\/prague-gala-propoji-ceskou-elitu-s-filantropii\/\">Prague Gala propoj\u00ed \u010deskou elitu s filantropi\u00ed<\/a>\n\t\t<\/h3>\n\t\t\t\t\t\t\t\t\t\t\t\t\t\t\n\t\t\t\t\t\t\t\n\t\t<div class=\"tg-module-meta\">\n\t\t\t\n\t\t\t<span class=\"tg-post-date entry-date\">\n\t\t\t\t<a href=\"https:\/\/www.iforbes.cz\/index.php\/2026\/03\/03\/prague-gala-propoji-ceskou-elitu-s-filantropii\/\" rel=\"bookmark\"><time class=\"entry-date published updated\" datetime=\"2026-03-03T14:21:50+00:00\">3 b\u0159ezna, 2026<\/time><\/a>\t\t\t<\/span>\n\n\t\t\t<span class=\"tg-post-auther-name author vcard\">\n\t\t\t\t<a class=\"url fn n\" href=\"https:\/\/www.iforbes.cz\/index.php\/author\/iforbescz\/\">iforbescz<\/a>\t\t\t<\/span>\n\n\t\t\t\t\t\t\t<span class=\"tg-module-comments\">\n\t\t\t\t\t<a href=\"https:\/\/www.iforbes.cz\/index.php\/2026\/03\/03\/prague-gala-propoji-ceskou-elitu-s-filantropii\/#respond\">0<\/a>\t\t\t\t<\/span>\n\t\t\t\t\t<\/div>\n\n\t\t\t\t\t\t\t\t\t\t\t\t\t\t\n\t\t\t\t\t\t\t\n\t\t\t\t\t\t\t<div class=\"tg-expert entry-content\">\n\t\t\t\t\t\t\t\t<p>Praha se p\u0159ipravuje na vznik nov\u00e9 kulturn\u00ed tradice. Dne 13. b\u0159ezna 2026 se v reprezentativn\u00edch prostor\u00e1ch Obecn\u00edho domu uskute\u010dn\u00ed prvn\u00ed<\/p>\n\t\t\t\t\t\t\t<\/div>\n\n\t\t\t\t\t\t<\/div>\n\t\t\t\t\t\t\t\t\t\t\t\t\t\t\t\t\t\t<\/div>\n\n\t\t\t\t\t\n\t\t\t\t\t<div class=\"tg-col-control\">\n\t\t\t\t\t\t<div class=\"tg_module_block tg-first-block\">\n\t\t\t\t\t\t\t\t\t\t\t\t\t\t\t\t\t\t\t\t\t\t\t\t\t\t<figure class=\"tg-module-thumb\">\n\t\t\t\t\t\t\t\t\t\t\t<a href=\"https:\/\/www.iforbes.cz\/index.php\/2026\/03\/02\/zaplatit-za-rande-kryptem-zajem-generace-z-roste-brzdi-ho-chybejici-terminaly-i-predsudky\/\" class=\"tg-thumb-link\">\n\t\t\t<img width=\"392\" height=\"272\" src=\"https:\/\/www.iforbes.cz\/wp-content\/uploads\/2026\/03\/zaplatit-za-rande-kryptem-crypto-globe-392x272.jpeg\" class=\"attachment-colormag-highlighted-post size-colormag-highlighted-post wp-post-image\" alt=\"\" loading=\"lazy\" srcset=\"https:\/\/www.iforbes.cz\/wp-content\/uploads\/2026\/03\/zaplatit-za-rande-kryptem-crypto-globe-392x272.jpeg 392w, https:\/\/www.iforbes.cz\/wp-content\/uploads\/2026\/03\/zaplatit-za-rande-kryptem-crypto-globe-130x90.jpeg 130w, https:\/\/www.iforbes.cz\/wp-content\/uploads\/2026\/03\/zaplatit-za-rande-kryptem-crypto-globe-600x417.jpeg 600w\" sizes=\"(max-width: 392px) 100vw, 392px\" \/>\t\t<\/a>\n\t\t<div class=\"tg-post-categories\"><a href=\"https:\/\/www.iforbes.cz\/index.php\/category\/life-style\/\" class=\"tg-post-category\" rel=\"category tag\">Life style<\/a>&nbsp;<\/div>\t\t\t\t\t\t\t\t<\/figure>\n\t\t\t\t\t\t\t\t\n\t\t\t\t\t\t\t\t\t\t\t\t\t\t\t\t\t\t\t\n\t\t\t\t\t\t\t\t\t<h3 class=\"tg-module-title entry-title\">\n\t\t\t<a href=\"https:\/\/www.iforbes.cz\/index.php\/2026\/03\/02\/zaplatit-za-rande-kryptem-zajem-generace-z-roste-brzdi-ho-chybejici-terminaly-i-predsudky\/\">Zaplatit za rande kryptem? Z\u00e1jem generace Z roste, brzd\u00ed ho chyb\u011bj\u00edc\u00ed termin\u00e1ly i p\u0159edsudky<\/a>\n\t\t<\/h3>\n\t\t\t\t\t\t\t\t\t\t\t\t\t\t\n\t\t\t\t\t\t\t\n\t\t<div class=\"tg-module-meta\">\n\t\t\t\n\t\t\t<span class=\"tg-post-date entry-date\">\n\t\t\t\t<a href=\"https:\/\/www.iforbes.cz\/index.php\/2026\/03\/02\/zaplatit-za-rande-kryptem-zajem-generace-z-roste-brzdi-ho-chybejici-terminaly-i-predsudky\/\" rel=\"bookmark\"><time class=\"entry-date published\" datetime=\"2026-03-02T14:15:52+00:00\">2 b\u0159ezna, 2026<\/time><time class=\"updated\" datetime=\"2026-03-02T14:36:22+00:00\">2 b\u0159ezna, 2026<\/time><\/a>\t\t\t<\/span>\n\n\t\t\t<span class=\"tg-post-auther-name author vcard\">\n\t\t\t\t<a class=\"url fn n\" href=\"https:\/\/www.iforbes.cz\/index.php\/author\/iforbescz\/\">iforbescz<\/a>\t\t\t<\/span>\n\n\t\t\t\t\t\t\t<span class=\"tg-module-comments\">\n\t\t\t\t\t<a href=\"https:\/\/www.iforbes.cz\/index.php\/2026\/03\/02\/zaplatit-za-rande-kryptem-zajem-generace-z-roste-brzdi-ho-chybejici-terminaly-i-predsudky\/#respond\">0<\/a>\t\t\t\t<\/span>\n\t\t\t\t\t<\/div>\n\n\t\t\t\t\t\t\t\t\t\t\t\t\t\t\n\t\t\t\t\t\t\t\n\t\t\t\t\t\t\t<div class=\"tg-expert entry-content\">\n\t\t\t\t\t\t\t\t<p>Kryptom\u011bny postupn\u011b pronikaj\u00ed do sv\u011bta seznamov\u00e1n\u00ed a rand\u011bn\u00ed. Nov\u00fd pr\u016fzkum spole\u010dnosti Pollfish, zpracovan\u00fd pro kryptoburzu OKX, ukazuje, \u017ee \u010d\u00e1st mlad\u00e9<\/p>\n\t\t\t\t\t\t\t<\/div>\n\n\t\t\t\t\t\t<\/div>\n\t\t\t\t\t\t\t\t\t\t\t\t\t\t\t\t\t\t<\/div>\n\n\t\t\t\t\t\n\t\t\t\t\t<div class=\"tg-col-control\">\n\t\t\t\t\t\t<div class=\"tg_module_block tg-first-block\">\n\t\t\t\t\t\t\t\t\t\t\t\t\t\t\t\t\t\t\t\t\t\t\t\t\t\t<figure class=\"tg-module-thumb\">\n\t\t\t\t\t\t\t\t\t\t\t<a href=\"https:\/\/www.iforbes.cz\/index.php\/2026\/02\/26\/vyznam-prenatalni-pece-v-gynekologii-roste\/\" class=\"tg-thumb-link\">\n\t\t\t<img width=\"392\" height=\"272\" src=\"https:\/\/www.iforbes.cz\/wp-content\/uploads\/2026\/02\/Ilustrac\u030cni\u0301-foto-zdroj-Prenet-392x272.jpg\" class=\"attachment-colormag-highlighted-post size-colormag-highlighted-post wp-post-image\" alt=\"\" loading=\"lazy\" srcset=\"https:\/\/www.iforbes.cz\/wp-content\/uploads\/2026\/02\/Ilustrac\u030cni\u0301-foto-zdroj-Prenet-392x272.jpg 392w, https:\/\/www.iforbes.cz\/wp-content\/uploads\/2026\/02\/Ilustrac\u030cni\u0301-foto-zdroj-Prenet-130x90.jpg 130w, https:\/\/www.iforbes.cz\/wp-content\/uploads\/2026\/02\/Ilustrac\u030cni\u0301-foto-zdroj-Prenet-600x417.jpg 600w\" sizes=\"(max-width: 392px) 100vw, 392px\" \/>\t\t<\/a>\n\t\t<div class=\"tg-post-categories\"><a href=\"https:\/\/www.iforbes.cz\/index.php\/category\/life-style\/\" class=\"tg-post-category\" rel=\"category tag\">Life style<\/a>&nbsp;<\/div>\t\t\t\t\t\t\t\t<\/figure>\n\t\t\t\t\t\t\t\t\n\t\t\t\t\t\t\t\t\t\t\t\t\t\t\t\t\t\t\t\n\t\t\t\t\t\t\t\t\t<h3 class=\"tg-module-title entry-title\">\n\t\t\t<a href=\"https:\/\/www.iforbes.cz\/index.php\/2026\/02\/26\/vyznam-prenatalni-pece-v-gynekologii-roste\/\">V\u00fdznam prenat\u00e1ln\u00ed p\u00e9\u010de v gynekologii roste<\/a>\n\t\t<\/h3>\n\t\t\t\t\t\t\t\t\t\t\t\t\t\t\n\t\t\t\t\t\t\t\n\t\t<div class=\"tg-module-meta\">\n\t\t\t\n\t\t\t<span class=\"tg-post-date entry-date\">\n\t\t\t\t<a href=\"https:\/\/www.iforbes.cz\/index.php\/2026\/02\/26\/vyznam-prenatalni-pece-v-gynekologii-roste\/\" rel=\"bookmark\"><time class=\"entry-date published updated\" datetime=\"2026-02-26T10:08:02+00:00\">26 \u00fanora, 2026<\/time><\/a>\t\t\t<\/span>\n\n\t\t\t<span class=\"tg-post-auther-name author vcard\">\n\t\t\t\t<a class=\"url fn n\" href=\"https:\/\/www.iforbes.cz\/index.php\/author\/iforbescz\/\">iforbescz<\/a>\t\t\t<\/span>\n\n\t\t\t\t\t\t\t<span class=\"tg-module-comments\">\n\t\t\t\t\t<a href=\"https:\/\/www.iforbes.cz\/index.php\/2026\/02\/26\/vyznam-prenatalni-pece-v-gynekologii-roste\/#respond\">0<\/a>\t\t\t\t<\/span>\n\t\t\t\t\t<\/div>\n\n\t\t\t\t\t\t\t\t\t\t\t\t\t\t\n\t\t\t\t\t\t\t\n\t\t\t\t\t\t\t<div class=\"tg-expert entry-content\">\n\t\t\t\t\t\t\t\t<p>T\u011bhotenstv\u00ed dnes nen\u00ed jen obdob\u00edm o\u010dek\u00e1v\u00e1n\u00ed, ale i pe\u010dliv\u00e9ho sledov\u00e1n\u00ed v\u00fdvoje d\u00edt\u011bte. Modern\u00ed prenat\u00e1ln\u00ed p\u00e9\u010de dok\u00e1\u017ee v\u011bt\u0161in\u011b rodi\u010d\u016f zajistit p\u0159edev\u0161\u00edm<\/p>\n\t\t\t\t\t\t\t<\/div>\n\n\t\t\t\t\t\t<\/div>\n\t\t\t\t\t\t\t\t\t\t\t\t\t\t\t\t\t\t<\/div>\n\n\t\t\t\t\t\n\t\t\t\t\t<div class=\"tg-col-control\">\n\t\t\t\t\t\t<div class=\"tg_module_block tg-first-block\">\n\t\t\t\t\t\t\t\t\t\t\t\t\t\t\t\t\t\t\t\t\t\t\t\t\t\t<figure class=\"tg-module-thumb\">\n\t\t\t\t\t\t\t\t\t\t\t<a href=\"https:\/\/www.iforbes.cz\/index.php\/2026\/02\/10\/zakaznici-tesco-rozhodli-o-bonusovem-grantu-pro-mistni-projekt\/\" class=\"tg-thumb-link\">\n\t\t\t<img width=\"392\" height=\"272\" src=\"https:\/\/www.iforbes.cz\/wp-content\/uploads\/2026\/02\/DSC00195-392x272.jpg\" class=\"attachment-colormag-highlighted-post size-colormag-highlighted-post wp-post-image\" alt=\"\" loading=\"lazy\" srcset=\"https:\/\/www.iforbes.cz\/wp-content\/uploads\/2026\/02\/DSC00195-392x272.jpg 392w, https:\/\/www.iforbes.cz\/wp-content\/uploads\/2026\/02\/DSC00195-130x90.jpg 130w, https:\/\/www.iforbes.cz\/wp-content\/uploads\/2026\/02\/DSC00195-600x417.jpg 600w\" sizes=\"(max-width: 392px) 100vw, 392px\" \/>\t\t<\/a>\n\t\t<div class=\"tg-post-categories\"><a href=\"https:\/\/www.iforbes.cz\/index.php\/category\/life-style\/\" class=\"tg-post-category\" rel=\"category tag\">Life style<\/a>&nbsp;<\/div>\t\t\t\t\t\t\t\t<\/figure>\n\t\t\t\t\t\t\t\t\n\t\t\t\t\t\t\t\t\t\t\t\t\t\t\t\t\t\t\t\n\t\t\t\t\t\t\t\t\t<h3 class=\"tg-module-title entry-title\">\n\t\t\t<a href=\"https:\/\/www.iforbes.cz\/index.php\/2026\/02\/10\/zakaznici-tesco-rozhodli-o-bonusovem-grantu-pro-mistni-projekt\/\">Z\u00e1kazn\u00edci Tesco rozhodli o bonusov\u00e9m grantu pro m\u00edstn\u00ed projekt<\/a>\n\t\t<\/h3>\n\t\t\t\t\t\t\t\t\t\t\t\t\t\t\n\t\t\t\t\t\t\t\n\t\t<div class=\"tg-module-meta\">\n\t\t\t\n\t\t\t<span class=\"tg-post-date entry-date\">\n\t\t\t\t<a href=\"https:\/\/www.iforbes.cz\/index.php\/2026\/02\/10\/zakaznici-tesco-rozhodli-o-bonusovem-grantu-pro-mistni-projekt\/\" rel=\"bookmark\"><time class=\"entry-date published updated\" datetime=\"2026-02-10T14:45:36+00:00\">10 \u00fanora, 2026<\/time><\/a>\t\t\t<\/span>\n\n\t\t\t<span class=\"tg-post-auther-name author vcard\">\n\t\t\t\t<a class=\"url fn n\" href=\"https:\/\/www.iforbes.cz\/index.php\/author\/iforbescz\/\">iforbescz<\/a>\t\t\t<\/span>\n\n\t\t\t\t\t\t\t<span class=\"tg-module-comments\">\n\t\t\t\t\t<a href=\"https:\/\/www.iforbes.cz\/index.php\/2026\/02\/10\/zakaznici-tesco-rozhodli-o-bonusovem-grantu-pro-mistni-projekt\/#respond\">0<\/a>\t\t\t\t<\/span>\n\t\t\t\t\t<\/div>\n\n\t\t\t\t\t\t\t\t\t\t\t\t\t\t\n\t\t\t\t\t\t\t\n\t\t\t\t\t\t\t<div class=\"tg-expert entry-content\">\n\t\t\t\t\t\t\t\t<p>V sobotu 31. ledna prob\u011bhla vp\u011bti obchodech Tesco speci\u00e1ln\u00ed akce Zlat\u00fd \u017eeton v r\u00e1mci grantov\u00e9ho programu Spr\u00e1vn\u00fd start. Z\u00e1kazn\u00edci mohli<\/p>\n\t\t\t\t\t\t\t<\/div>\n\n\t\t\t\t\t\t<\/div>\n\t\t\t\t\t\t\t\t\t\t\t\t\t\t\t\t\t\t<\/div>\n\n\t\t\t\t\t\n\t\t\t\t\t<div class=\"tg-col-control\">\n\t\t\t\t\t\t<div class=\"tg_module_block tg-first-block\">\n\t\t\t\t\t\t\t\t\t\t\t\t\t\t\t\t\t\t\t\t\t\t\t\t\t\t<figure class=\"tg-module-thumb\">\n\t\t\t\t\t\t\t\t\t\t\t<a href=\"https:\/\/www.iforbes.cz\/index.php\/2026\/01\/18\/v-cem-tkvi-tajemstvi-antistresovych-luzkovin\/\" class=\"tg-thumb-link\">\n\t\t\t<img width=\"392\" height=\"272\" src=\"https:\/\/www.iforbes.cz\/wp-content\/uploads\/2026\/01\/Pols\u030cta\u0301r\u030ce-AntiStress-Brotex-od-208-Kc\u030c-392x272.jpg\" class=\"attachment-colormag-highlighted-post size-colormag-highlighted-post wp-post-image\" alt=\"\" loading=\"lazy\" srcset=\"https:\/\/www.iforbes.cz\/wp-content\/uploads\/2026\/01\/Pols\u030cta\u0301r\u030ce-AntiStress-Brotex-od-208-Kc\u030c-392x272.jpg 392w, https:\/\/www.iforbes.cz\/wp-content\/uploads\/2026\/01\/Pols\u030cta\u0301r\u030ce-AntiStress-Brotex-od-208-Kc\u030c-130x90.jpg 130w, https:\/\/www.iforbes.cz\/wp-content\/uploads\/2026\/01\/Pols\u030cta\u0301r\u030ce-AntiStress-Brotex-od-208-Kc\u030c-600x417.jpg 600w\" sizes=\"(max-width: 392px) 100vw, 392px\" \/>\t\t<\/a>\n\t\t<div class=\"tg-post-categories\"><a href=\"https:\/\/www.iforbes.cz\/index.php\/category\/life-style\/\" class=\"tg-post-category\" rel=\"category tag\">Life style<\/a>&nbsp;<\/div>\t\t\t\t\t\t\t\t<\/figure>\n\t\t\t\t\t\t\t\t\n\t\t\t\t\t\t\t\t\t\t\t\t\t\t\t\t\t\t\t\n\t\t\t\t\t\t\t\t\t<h3 class=\"tg-module-title entry-title\">\n\t\t\t<a href=\"https:\/\/www.iforbes.cz\/index.php\/2026\/01\/18\/v-cem-tkvi-tajemstvi-antistresovych-luzkovin\/\">V \u010dem tkv\u00ed tajemstv\u00ed antistresov\u00fdch l\u016f\u017ekovin?<\/a>\n\t\t<\/h3>\n\t\t\t\t\t\t\t\t\t\t\t\t\t\t\n\t\t\t\t\t\t\t\n\t\t<div class=\"tg-module-meta\">\n\t\t\t\n\t\t\t<span class=\"tg-post-date entry-date\">\n\t\t\t\t<a href=\"https:\/\/www.iforbes.cz\/index.php\/2026\/01\/18\/v-cem-tkvi-tajemstvi-antistresovych-luzkovin\/\" rel=\"bookmark\"><time class=\"entry-date published\" datetime=\"2026-01-18T14:49:56+00:00\">18 ledna, 2026<\/time><time class=\"updated\" datetime=\"2026-01-18T15:01:23+00:00\">18 ledna, 2026<\/time><\/a>\t\t\t<\/span>\n\n\t\t\t<span class=\"tg-post-auther-name author vcard\">\n\t\t\t\t<a class=\"url fn n\" href=\"https:\/\/www.iforbes.cz\/index.php\/author\/iforbescz\/\">iforbescz<\/a>\t\t\t<\/span>\n\n\t\t\t\t\t\t\t<span class=\"tg-module-comments\">\n\t\t\t\t\t<a href=\"https:\/\/www.iforbes.cz\/index.php\/2026\/01\/18\/v-cem-tkvi-tajemstvi-antistresovych-luzkovin\/#respond\">0<\/a>\t\t\t\t<\/span>\n\t\t\t\t\t<\/div>\n\n\t\t\t\t\t\t\t\t\t\t\t\t\t\t\n\t\t\t\t\t\t\t\n\t\t\t\t\t\t\t<div class=\"tg-expert entry-content\">\n\t\t\t\t\t\t\t\t<p>Stresu se \u010dlov\u011bk v&nbsp;dne\u0161n\u00ed usp\u011bchan\u00e9 dob\u011b zkr\u00e1tka nevyhne. A\u0165 u\u017e jde o pracovn\u00ed povinnosti, starost o dom\u00e1cnost, p\u00e9\u010di o d\u011bti<\/p>\n\t\t\t\t\t\t\t<\/div>\n\n\t\t\t\t\t\t<\/div>\n\t\t\t\t\t\t\t\t\t\t\t\t\t\t\t\t\t\t<\/div>\n\n\t\t\t\t\t\n\t\t\t\t\t<div class=\"tg-col-control\">\n\t\t\t\t\t\t<div class=\"tg_module_block tg-first-block\">\n\t\t\t\t\t\t\t\t\t\t\t\t\t\t\t\t\t\t\t\t\t\t\t\t\t\t<figure class=\"tg-module-thumb\">\n\t\t\t\t\t\t\t\t\t\t\t<a href=\"https:\/\/www.iforbes.cz\/index.php\/2026\/01\/18\/rok-2026-vstupuje-do-jednickove-energie-symbolizuje-to-nove-zacatku-a-odvahu\/\" class=\"tg-thumb-link\">\n\t\t\t<img width=\"392\" height=\"272\" src=\"https:\/\/www.iforbes.cz\/wp-content\/uploads\/2026\/01\/svetmineralu.cz-1-392x272.png\" class=\"attachment-colormag-highlighted-post size-colormag-highlighted-post wp-post-image\" alt=\"\" loading=\"lazy\" srcset=\"https:\/\/www.iforbes.cz\/wp-content\/uploads\/2026\/01\/svetmineralu.cz-1-392x272.png 392w, https:\/\/www.iforbes.cz\/wp-content\/uploads\/2026\/01\/svetmineralu.cz-1-130x90.png 130w, https:\/\/www.iforbes.cz\/wp-content\/uploads\/2026\/01\/svetmineralu.cz-1-600x417.png 600w\" sizes=\"(max-width: 392px) 100vw, 392px\" \/>\t\t<\/a>\n\t\t<div class=\"tg-post-categories\"><a href=\"https:\/\/www.iforbes.cz\/index.php\/category\/life-style\/\" class=\"tg-post-category\" rel=\"category tag\">Life style<\/a>&nbsp;<\/div>\t\t\t\t\t\t\t\t<\/figure>\n\t\t\t\t\t\t\t\t\n\t\t\t\t\t\t\t\t\t\t\t\t\t\t\t\t\t\t\t\n\t\t\t\t\t\t\t\t\t<h3 class=\"tg-module-title entry-title\">\n\t\t\t<a href=\"https:\/\/www.iforbes.cz\/index.php\/2026\/01\/18\/rok-2026-vstupuje-do-jednickove-energie-symbolizuje-to-nove-zacatku-a-odvahu\/\">Rok 2026 vstupuje do jedni\u010dkov\u00e9 energie. Symbolizuje to nov\u00e9 za\u010d\u00e1tku a odvahu<\/a>\n\t\t<\/h3>\n\t\t\t\t\t\t\t\t\t\t\t\t\t\t\n\t\t\t\t\t\t\t\n\t\t<div class=\"tg-module-meta\">\n\t\t\t\n\t\t\t<span class=\"tg-post-date entry-date\">\n\t\t\t\t<a href=\"https:\/\/www.iforbes.cz\/index.php\/2026\/01\/18\/rok-2026-vstupuje-do-jednickove-energie-symbolizuje-to-nove-zacatku-a-odvahu\/\" rel=\"bookmark\"><time class=\"entry-date published updated\" datetime=\"2026-01-18T14:44:25+00:00\">18 ledna, 2026<\/time><\/a>\t\t\t<\/span>\n\n\t\t\t<span class=\"tg-post-auther-name author vcard\">\n\t\t\t\t<a class=\"url fn n\" href=\"https:\/\/www.iforbes.cz\/index.php\/author\/iforbescz\/\">iforbescz<\/a>\t\t\t<\/span>\n\n\t\t\t\t\t\t\t<span class=\"tg-module-comments\">\n\t\t\t\t\t<a href=\"https:\/\/www.iforbes.cz\/index.php\/2026\/01\/18\/rok-2026-vstupuje-do-jednickove-energie-symbolizuje-to-nove-zacatku-a-odvahu\/#respond\">0<\/a>\t\t\t\t<\/span>\n\t\t\t\t\t<\/div>\n\n\t\t\t\t\t\t\t\t\t\t\t\t\t\t\n\t\t\t\t\t\t\t\n\t\t\t\t\t\t\t<div class=\"tg-expert entry-content\">\n\t\t\t\t\t\t\t\t<p>Rok 2025 byl podle numerologie dev\u00edtkov\u00fdm rokem \u2013 obdob\u00edm uzav\u00edr\u00e1n\u00ed, bilancov\u00e1n\u00ed a pou\u0161t\u011bn\u00ed star\u00fdch nefunk\u010dn\u00edch vzorc\u016f. Pro mnoho lid\u00ed byl<\/p>\n\t\t\t\t\t\t\t<\/div>\n\n\t\t\t\t\t\t<\/div>\n\t\t\t\t\t\t\t\t\t\t\t\t\t\t\t\t\t\t<\/div>\n\n\t\t\t\t\t\n\t\t\t\t\t<div class=\"tg-col-control\">\n\t\t\t\t\t\t<div class=\"tg_module_block tg-first-block\">\n\t\t\t\t\t\t\t\t\t\t\t\t\t\t\t\t\t\t\t\t\t\t\t\t\t\t<figure class=\"tg-module-thumb\">\n\t\t\t\t\t\t\t\t\t\t\t<a href=\"https:\/\/www.iforbes.cz\/index.php\/2026\/01\/14\/filmove-bradavice-uz-podruhe-hostily-soutez-elitnich-cukraru\/\" class=\"tg-thumb-link\">\n\t\t\t<img width=\"392\" height=\"272\" src=\"https:\/\/www.iforbes.cz\/wp-content\/uploads\/2026\/01\/judge-jozef-youssef-and-judge-carla-hall-with-guest-judge-afshan-azad-392x272.jpeg\" class=\"attachment-colormag-highlighted-post size-colormag-highlighted-post wp-post-image\" alt=\"\" loading=\"lazy\" srcset=\"https:\/\/www.iforbes.cz\/wp-content\/uploads\/2026\/01\/judge-jozef-youssef-and-judge-carla-hall-with-guest-judge-afshan-azad-392x272.jpeg 392w, https:\/\/www.iforbes.cz\/wp-content\/uploads\/2026\/01\/judge-jozef-youssef-and-judge-carla-hall-with-guest-judge-afshan-azad-130x90.jpeg 130w, https:\/\/www.iforbes.cz\/wp-content\/uploads\/2026\/01\/judge-jozef-youssef-and-judge-carla-hall-with-guest-judge-afshan-azad-600x417.jpeg 600w\" sizes=\"(max-width: 392px) 100vw, 392px\" \/>\t\t<\/a>\n\t\t<div class=\"tg-post-categories\"><a href=\"https:\/\/www.iforbes.cz\/index.php\/category\/life-style\/\" class=\"tg-post-category\" rel=\"category tag\">Life style<\/a>&nbsp;<\/div>\t\t\t\t\t\t\t\t<\/figure>\n\t\t\t\t\t\t\t\t\n\t\t\t\t\t\t\t\t\t\t\t\t\t\t\t\t\t\t\t\n\t\t\t\t\t\t\t\t\t<h3 class=\"tg-module-title entry-title\">\n\t\t\t<a href=\"https:\/\/www.iforbes.cz\/index.php\/2026\/01\/14\/filmove-bradavice-uz-podruhe-hostily-soutez-elitnich-cukraru\/\">Filmov\u00e9 Bradavice u\u017e podruh\u00e9 hostily sout\u011b\u017e elitn\u00edch cukr\u00e1\u0159\u016f<\/a>\n\t\t<\/h3>\n\t\t\t\t\t\t\t\t\t\t\t\t\t\t\n\t\t\t\t\t\t\t\n\t\t<div class=\"tg-module-meta\">\n\t\t\t\n\t\t\t<span class=\"tg-post-date entry-date\">\n\t\t\t\t<a href=\"https:\/\/www.iforbes.cz\/index.php\/2026\/01\/14\/filmove-bradavice-uz-podruhe-hostily-soutez-elitnich-cukraru\/\" rel=\"bookmark\"><time class=\"entry-date published updated\" datetime=\"2026-01-14T12:51:45+00:00\">14 ledna, 2026<\/time><\/a>\t\t\t<\/span>\n\n\t\t\t<span class=\"tg-post-auther-name author vcard\">\n\t\t\t\t<a class=\"url fn n\" href=\"https:\/\/www.iforbes.cz\/index.php\/author\/iforbescz\/\">iforbescz<\/a>\t\t\t<\/span>\n\n\t\t\t\t\t\t\t<span class=\"tg-module-comments\">\n\t\t\t\t\t<a href=\"https:\/\/www.iforbes.cz\/index.php\/2026\/01\/14\/filmove-bradavice-uz-podruhe-hostily-soutez-elitnich-cukraru\/#respond\">0<\/a>\t\t\t\t<\/span>\n\t\t\t\t\t<\/div>\n\n\t\t\t\t\t\t\t\t\t\t\t\t\t\t\n\t\t\t\t\t\t\t\n\t\t\t\t\t\t\t<div class=\"tg-expert entry-content\">\n\t\t\t\t\t\t\t\t<p>Tak\u00e9 pat\u0159\u00edte k t\u011bm, kte\u0159\u00ed u\u017e roky doufaj\u00ed, \u017ee jim jednoho dne sova doru\u010d\u00ed dopis o p\u0159ijet\u00ed na \u0160kolu \u010dar<\/p>\n\t\t\t\t\t\t\t<\/div>\n\n\t\t\t\t\t\t<\/div>\n\t\t\t\t\t\t\t\t\t\t\t\t\t\t\t\t\t\t<\/div>\n\n\t\t\t\t\t\n\t\t\t\t\t<div class=\"tg-col-control\">\n\t\t\t\t\t\t<div class=\"tg_module_block tg-first-block\">\n\t\t\t\t\t\t\t\t\t\t\t\t\t\t\t\t\t\t\t\t\t\t\t\t\t\t<figure class=\"tg-module-thumb\">\n\t\t\t\t\t\t\t\t\t\t\t<a href=\"https:\/\/www.iforbes.cz\/index.php\/2026\/01\/14\/numerologove-mluvi-o-zasadnim-obratu-v-roce-2026\/\" class=\"tg-thumb-link\">\n\t\t\t<img width=\"392\" height=\"272\" src=\"https:\/\/www.iforbes.cz\/wp-content\/uploads\/2026\/01\/svetmineralu.cz--392x272.png\" class=\"attachment-colormag-highlighted-post size-colormag-highlighted-post wp-post-image\" alt=\"\" loading=\"lazy\" srcset=\"https:\/\/www.iforbes.cz\/wp-content\/uploads\/2026\/01\/svetmineralu.cz--392x272.png 392w, https:\/\/www.iforbes.cz\/wp-content\/uploads\/2026\/01\/svetmineralu.cz--130x90.png 130w, https:\/\/www.iforbes.cz\/wp-content\/uploads\/2026\/01\/svetmineralu.cz--600x417.png 600w\" sizes=\"(max-width: 392px) 100vw, 392px\" \/>\t\t<\/a>\n\t\t<div class=\"tg-post-categories\"><a href=\"https:\/\/www.iforbes.cz\/index.php\/category\/life-style\/\" class=\"tg-post-category\" rel=\"category tag\">Life style<\/a>&nbsp;<\/div>\t\t\t\t\t\t\t\t<\/figure>\n\t\t\t\t\t\t\t\t\n\t\t\t\t\t\t\t\t\t\t\t\t\t\t\t\t\t\t\t\n\t\t\t\t\t\t\t\t\t<h3 class=\"tg-module-title entry-title\">\n\t\t\t<a href=\"https:\/\/www.iforbes.cz\/index.php\/2026\/01\/14\/numerologove-mluvi-o-zasadnim-obratu-v-roce-2026\/\">Numerologov\u00e9 mluv\u00ed o z\u00e1sadn\u00edm obratu v roce 2026<\/a>\n\t\t<\/h3>\n\t\t\t\t\t\t\t\t\t\t\t\t\t\t\n\t\t\t\t\t\t\t\n\t\t<div class=\"tg-module-meta\">\n\t\t\t\n\t\t\t<span class=\"tg-post-date entry-date\">\n\t\t\t\t<a href=\"https:\/\/www.iforbes.cz\/index.php\/2026\/01\/14\/numerologove-mluvi-o-zasadnim-obratu-v-roce-2026\/\" rel=\"bookmark\"><time class=\"entry-date published updated\" datetime=\"2026-01-14T12:46:01+00:00\">14 ledna, 2026<\/time><\/a>\t\t\t<\/span>\n\n\t\t\t<span class=\"tg-post-auther-name author vcard\">\n\t\t\t\t<a class=\"url fn n\" href=\"https:\/\/www.iforbes.cz\/index.php\/author\/iforbescz\/\">iforbescz<\/a>\t\t\t<\/span>\n\n\t\t\t\t\t\t\t<span class=\"tg-module-comments\">\n\t\t\t\t\t<a href=\"https:\/\/www.iforbes.cz\/index.php\/2026\/01\/14\/numerologove-mluvi-o-zasadnim-obratu-v-roce-2026\/#respond\">0<\/a>\t\t\t\t<\/span>\n\t\t\t\t\t<\/div>\n\n\t\t\t\t\t\t\t\t\t\t\t\t\t\t\n\t\t\t\t\t\t\t\n\t\t\t\t\t\t\t<div class=\"tg-expert entry-content\">\n\t\t\t\t\t\t\t\t<p>Rok 2025 se pro mnoho lid\u00ed stal jedn\u00edm z nejn\u00e1ro\u010dn\u011bj\u0161\u00edch obdob\u00ed posledn\u00edch let. Rozpady vztah\u016f, zm\u011bny pr\u00e1ce, vy\u010derp\u00e1n\u00ed, pocit chaosu<\/p>\n\t\t\t\t\t\t\t<\/div>\n\n\t\t\t\t\t\t<\/div>\n\t\t\t\t\t\t\t\t\t\t\t\t\t\t\t\t\t\t<\/div>\n\n\t\t\t\t\t\n\t\t\t\t\t<div class=\"tg-col-control\">\n\t\t\t\t\t\t<div class=\"tg_module_block tg-first-block\">\n\t\t\t\t\t\t\t\t\t\t\t\t\t\t\t\t\t\t\t\t\t\t\t\t\t\t<figure class=\"tg-module-thumb\">\n\t\t\t\t\t\t\t\t\t\t\t<a href=\"https:\/\/www.iforbes.cz\/index.php\/2025\/12\/18\/davali-jim-mene-nez-24-hodin-zivota-dnes-rodice-siamskych-dvojcat-celi-dalsimu-extremnimu-rozhodnuti\/\" class=\"tg-thumb-link\">\n\t\t\t<img width=\"392\" height=\"272\" src=\"https:\/\/www.iforbes.cz\/wp-content\/uploads\/2025\/12\/Conjoined-Twins-1-392x272.png\" class=\"attachment-colormag-highlighted-post size-colormag-highlighted-post wp-post-image\" alt=\"\" loading=\"lazy\" srcset=\"https:\/\/www.iforbes.cz\/wp-content\/uploads\/2025\/12\/Conjoined-Twins-1-392x272.png 392w, https:\/\/www.iforbes.cz\/wp-content\/uploads\/2025\/12\/Conjoined-Twins-1-130x90.png 130w, https:\/\/www.iforbes.cz\/wp-content\/uploads\/2025\/12\/Conjoined-Twins-1-600x417.png 600w\" sizes=\"(max-width: 392px) 100vw, 392px\" \/>\t\t<\/a>\n\t\t<div class=\"tg-post-categories\"><a href=\"https:\/\/www.iforbes.cz\/index.php\/category\/life-style\/\" class=\"tg-post-category\" rel=\"category tag\">Life style<\/a>&nbsp;<\/div>\t\t\t\t\t\t\t\t<\/figure>\n\t\t\t\t\t\t\t\t\n\t\t\t\t\t\t\t\t\t\t\t\t\t\t\t\t\t\t\t\n\t\t\t\t\t\t\t\t\t<h3 class=\"tg-module-title entry-title\">\n\t\t\t<a href=\"https:\/\/www.iforbes.cz\/index.php\/2025\/12\/18\/davali-jim-mene-nez-24-hodin-zivota-dnes-rodice-siamskych-dvojcat-celi-dalsimu-extremnimu-rozhodnuti\/\">D\u00e1vali jim m\u00e9n\u011b ne\u017e 24 hodin \u017eivota. Dnes rodi\u010de siamsk\u00fdch dvoj\u010dat \u010del\u00ed dal\u0161\u00edmu extr\u00e9mn\u00edmu rozhodnut\u00ed!<\/a>\n\t\t<\/h3>\n\t\t\t\t\t\t\t\t\t\t\t\t\t\t\n\t\t\t\t\t\t\t\n\t\t<div class=\"tg-module-meta\">\n\t\t\t\n\t\t\t<span class=\"tg-post-date entry-date\">\n\t\t\t\t<a href=\"https:\/\/www.iforbes.cz\/index.php\/2025\/12\/18\/davali-jim-mene-nez-24-hodin-zivota-dnes-rodice-siamskych-dvojcat-celi-dalsimu-extremnimu-rozhodnuti\/\" rel=\"bookmark\"><time class=\"entry-date published updated\" datetime=\"2025-12-18T15:40:28+00:00\">18 prosince, 2025<\/time><\/a>\t\t\t<\/span>\n\n\t\t\t<span class=\"tg-post-auther-name author vcard\">\n\t\t\t\t<a class=\"url fn n\" href=\"https:\/\/www.iforbes.cz\/index.php\/author\/iforbescz\/\">iforbescz<\/a>\t\t\t<\/span>\n\n\t\t\t\t\t\t\t<span class=\"tg-module-comments\">\n\t\t\t\t\t<a href=\"https:\/\/www.iforbes.cz\/index.php\/2025\/12\/18\/davali-jim-mene-nez-24-hodin-zivota-dnes-rodice-siamskych-dvojcat-celi-dalsimu-extremnimu-rozhodnuti\/#respond\">0<\/a>\t\t\t\t<\/span>\n\t\t\t\t\t<\/div>\n\n\t\t\t\t\t\t\t\t\t\t\t\t\t\t\n\t\t\t\t\t\t\t\n\t\t\t\t\t\t\t<div class=\"tg-expert entry-content\">\n\t\t\t\t\t\t\t\t<p>Rozd\u011blit, \u010di nerozd\u011blit? Pr\u00e1v\u011b tomuhle dilematu \u010del\u00ed rodina osmilet\u00fdch hol\u010di\u010dek Callie a Carter z&nbsp;americk\u00e9ho Idaha. D\u00edvky se narodily jako siamsk\u00e1<\/p>\n\t\t\t\t\t\t\t<\/div>\n\n\t\t\t\t\t\t<\/div>\n\t\t\t\t\t\t\t\t\t\t\t\t\t\t\t\t\t\t<\/div>\n\n\t\t\t\t\t\n\t\t\t\t\t<div class=\"tg-col-control\">\n\t\t\t\t\t\t<div class=\"tg_module_block tg-first-block\">\n\t\t\t\t\t\t\t\t\t\t\t\t\t\t\t\t\t\t\t\t\t\t\t\t\t\t<figure class=\"tg-module-thumb\">\n\t\t\t\t\t\t\t\t\t\t\t<a href=\"https:\/\/www.iforbes.cz\/index.php\/2025\/12\/18\/tesco-pred-svatky-nabizi-vse-prehledne-na-jednom-miste\/\" class=\"tg-thumb-link\">\n\t\t\t<img width=\"392\" height=\"272\" src=\"https:\/\/www.iforbes.cz\/wp-content\/uploads\/2025\/12\/Tesco-Online-Nakupy-budou-dorucovat-24.-12.-a-31.-12.-do-16-hodin-392x272.jpg\" class=\"attachment-colormag-highlighted-post size-colormag-highlighted-post wp-post-image\" alt=\"\" loading=\"lazy\" srcset=\"https:\/\/www.iforbes.cz\/wp-content\/uploads\/2025\/12\/Tesco-Online-Nakupy-budou-dorucovat-24.-12.-a-31.-12.-do-16-hodin-392x272.jpg 392w, https:\/\/www.iforbes.cz\/wp-content\/uploads\/2025\/12\/Tesco-Online-Nakupy-budou-dorucovat-24.-12.-a-31.-12.-do-16-hodin-130x90.jpg 130w, https:\/\/www.iforbes.cz\/wp-content\/uploads\/2025\/12\/Tesco-Online-Nakupy-budou-dorucovat-24.-12.-a-31.-12.-do-16-hodin-600x417.jpg 600w\" sizes=\"(max-width: 392px) 100vw, 392px\" \/>\t\t<\/a>\n\t\t<div class=\"tg-post-categories\"><a href=\"https:\/\/www.iforbes.cz\/index.php\/category\/life-style\/\" class=\"tg-post-category\" rel=\"category tag\">Life style<\/a>&nbsp;<\/div>\t\t\t\t\t\t\t\t<\/figure>\n\t\t\t\t\t\t\t\t\n\t\t\t\t\t\t\t\t\t\t\t\t\t\t\t\t\t\t\t\n\t\t\t\t\t\t\t\t\t<h3 class=\"tg-module-title entry-title\">\n\t\t\t<a href=\"https:\/\/www.iforbes.cz\/index.php\/2025\/12\/18\/tesco-pred-svatky-nabizi-vse-prehledne-na-jednom-miste\/\">Tesco p\u0159ed sv\u00e1tky nab\u00edz\u00ed v\u0161e p\u0159ehledn\u011b na jednom m\u00edst\u011b<\/a>\n\t\t<\/h3>\n\t\t\t\t\t\t\t\t\t\t\t\t\t\t\n\t\t\t\t\t\t\t\n\t\t<div class=\"tg-module-meta\">\n\t\t\t\n\t\t\t<span class=\"tg-post-date entry-date\">\n\t\t\t\t<a href=\"https:\/\/www.iforbes.cz\/index.php\/2025\/12\/18\/tesco-pred-svatky-nabizi-vse-prehledne-na-jednom-miste\/\" rel=\"bookmark\"><time class=\"entry-date published updated\" datetime=\"2025-12-18T12:28:09+00:00\">18 prosince, 2025<\/time><\/a>\t\t\t<\/span>\n\n\t\t\t<span class=\"tg-post-auther-name author vcard\">\n\t\t\t\t<a class=\"url fn n\" href=\"https:\/\/www.iforbes.cz\/index.php\/author\/iforbescz\/\">iforbescz<\/a>\t\t\t<\/span>\n\n\t\t\t\t\t\t\t<span class=\"tg-module-comments\">\n\t\t\t\t\t<a href=\"https:\/\/www.iforbes.cz\/index.php\/2025\/12\/18\/tesco-pred-svatky-nabizi-vse-prehledne-na-jednom-miste\/#respond\">0<\/a>\t\t\t\t<\/span>\n\t\t\t\t\t<\/div>\n\n\t\t\t\t\t\t\t\t\t\t\t\t\t\t\n\t\t\t\t\t\t\t\n\t\t\t\t\t\t\t<div class=\"tg-expert entry-content\">\n\t\t\t\t\t\t\t\t<p>V\u00e1noce a Silvestr se bl\u00ed\u017e\u00ed a v\u0161e pot\u0159ebn\u00e9 po\u0159\u00edd\u00edte snadno v prodejn\u00e1ch Tesco nebo na itesco.cz. Na jednom m\u00edst\u011b najdete<\/p>\n\t\t\t\t\t\t\t<\/div>\n\n\t\t\t\t\t\t<\/div>\n\t\t\t\t\t\t\t\t\t\t\t\t\t\t\t\t\t\t<\/div>\n\n\t\t\t\t\t\n\t\t\t\t\t<div class=\"tg-col-control\">\n\t\t\t\t\t\t<div class=\"tg_module_block tg-first-block\">\n\t\t\t\t\t\t\t\t\t\t\t\t\t\t\t\t\t\t\t\t\t\t\t\t\t\t<figure class=\"tg-module-thumb\">\n\t\t\t\t\t\t\t\t\t\t\t<a href=\"https:\/\/www.iforbes.cz\/index.php\/2025\/12\/05\/jake-mineraly-se-hodi-na-vanocni-stul-prehled-symbolu-pro-zdravi-hojnost-i-vztahy\/\" class=\"tg-thumb-link\">\n\t\t\t<img width=\"392\" height=\"272\" src=\"https:\/\/www.iforbes.cz\/wp-content\/uploads\/2025\/12\/Set-Ochrana-392x272.jpg\" class=\"attachment-colormag-highlighted-post size-colormag-highlighted-post wp-post-image\" alt=\"\" loading=\"lazy\" srcset=\"https:\/\/www.iforbes.cz\/wp-content\/uploads\/2025\/12\/Set-Ochrana-392x272.jpg 392w, https:\/\/www.iforbes.cz\/wp-content\/uploads\/2025\/12\/Set-Ochrana-130x90.jpg 130w, https:\/\/www.iforbes.cz\/wp-content\/uploads\/2025\/12\/Set-Ochrana-600x417.jpg 600w\" sizes=\"(max-width: 392px) 100vw, 392px\" \/>\t\t<\/a>\n\t\t<div class=\"tg-post-categories\"><a href=\"https:\/\/www.iforbes.cz\/index.php\/category\/life-style\/\" class=\"tg-post-category\" rel=\"category tag\">Life style<\/a>&nbsp;<\/div>\t\t\t\t\t\t\t\t<\/figure>\n\t\t\t\t\t\t\t\t\n\t\t\t\t\t\t\t\t\t\t\t\t\t\t\t\t\t\t\t\n\t\t\t\t\t\t\t\t\t<h3 class=\"tg-module-title entry-title\">\n\t\t\t<a href=\"https:\/\/www.iforbes.cz\/index.php\/2025\/12\/05\/jake-mineraly-se-hodi-na-vanocni-stul-prehled-symbolu-pro-zdravi-hojnost-i-vztahy\/\">Jak\u00e9 miner\u00e1ly se hod\u00ed na v\u00e1no\u010dn\u00ed st\u016fl? P\u0159ehled symbol\u016f pro zdrav\u00ed, hojnost i vztahy<\/a>\n\t\t<\/h3>\n\t\t\t\t\t\t\t\t\t\t\t\t\t\t\n\t\t\t\t\t\t\t\n\t\t<div class=\"tg-module-meta\">\n\t\t\t\n\t\t\t<span class=\"tg-post-date entry-date\">\n\t\t\t\t<a href=\"https:\/\/www.iforbes.cz\/index.php\/2025\/12\/05\/jake-mineraly-se-hodi-na-vanocni-stul-prehled-symbolu-pro-zdravi-hojnost-i-vztahy\/\" rel=\"bookmark\"><time class=\"entry-date published updated\" datetime=\"2025-12-05T10:48:44+00:00\">5 prosince, 2025<\/time><\/a>\t\t\t<\/span>\n\n\t\t\t<span class=\"tg-post-auther-name author vcard\">\n\t\t\t\t<a class=\"url fn n\" href=\"https:\/\/www.iforbes.cz\/index.php\/author\/iforbescz\/\">iforbescz<\/a>\t\t\t<\/span>\n\n\t\t\t\t\t\t\t<span class=\"tg-module-comments\">\n\t\t\t\t\t<a href=\"https:\/\/www.iforbes.cz\/index.php\/2025\/12\/05\/jake-mineraly-se-hodi-na-vanocni-stul-prehled-symbolu-pro-zdravi-hojnost-i-vztahy\/#respond\">0<\/a>\t\t\t\t<\/span>\n\t\t\t\t\t<\/div>\n\n\t\t\t\t\t\t\t\t\t\t\t\t\t\t\n\t\t\t\t\t\t\t\n\t\t\t\t\t\t\t<div class=\"tg-expert entry-content\">\n\t\t\t\t\t\t\t\t<p>V\u00e1noce jsou \u010dasem tradic, p\u0159\u00e1n\u00ed a drobn\u00fdch symbol\u016f, kter\u00e9 do domova p\u0159in\u00e1\u0161ej\u00ed klid, hojnost i pocit vz\u00e1jemnosti. Pokud letos hled\u00e1te<\/p>\n\t\t\t\t\t\t\t<\/div>\n\n\t\t\t\t\t\t<\/div>\n\t\t\t\t\t\t\t\t\t\t\t\t\t\t\t\t\t\t<\/div>\n\n\t\t\t\t\t\n\t\t\t\t\t<div class=\"tg-col-control\">\n\t\t\t\t\t\t<div class=\"tg_module_block tg-first-block\">\n\t\t\t\t\t\t\t\t\t\t\t\t\t\t\t\t\t\t\t\t\t\t\t\t\t\t<figure class=\"tg-module-thumb\">\n\t\t\t\t\t\t\t\t\t\t\t<a href=\"https:\/\/www.iforbes.cz\/index.php\/2025\/11\/13\/vila-kajetanka-zve-na-kajetanka-fest-2025-a-oslavy-sv-martina\/\" class=\"tg-thumb-link\">\n\t\t\t<img width=\"392\" height=\"272\" src=\"https:\/\/www.iforbes.cz\/wp-content\/uploads\/2025\/11\/568440379_1429793265817039_6510997498597383221_n-392x272.jpg\" class=\"attachment-colormag-highlighted-post size-colormag-highlighted-post wp-post-image\" alt=\"\" loading=\"lazy\" srcset=\"https:\/\/www.iforbes.cz\/wp-content\/uploads\/2025\/11\/568440379_1429793265817039_6510997498597383221_n-392x272.jpg 392w, https:\/\/www.iforbes.cz\/wp-content\/uploads\/2025\/11\/568440379_1429793265817039_6510997498597383221_n-130x90.jpg 130w, https:\/\/www.iforbes.cz\/wp-content\/uploads\/2025\/11\/568440379_1429793265817039_6510997498597383221_n-600x417.jpg 600w\" sizes=\"(max-width: 392px) 100vw, 392px\" \/>\t\t<\/a>\n\t\t<div class=\"tg-post-categories\"><a href=\"https:\/\/www.iforbes.cz\/index.php\/category\/life-style\/\" class=\"tg-post-category\" rel=\"category tag\">Life style<\/a>&nbsp;<\/div>\t\t\t\t\t\t\t\t<\/figure>\n\t\t\t\t\t\t\t\t\n\t\t\t\t\t\t\t\t\t\t\t\t\t\t\t\t\t\t\t\n\t\t\t\t\t\t\t\t\t<h3 class=\"tg-module-title entry-title\">\n\t\t\t<a href=\"https:\/\/www.iforbes.cz\/index.php\/2025\/11\/13\/vila-kajetanka-zve-na-kajetanka-fest-2025-a-oslavy-sv-martina\/\">Vila Kajet\u00e1nka zve na Kajet\u00e1nka Fest 2025 a oslavy sv. Martina<\/a>\n\t\t<\/h3>\n\t\t\t\t\t\t\t\t\t\t\t\t\t\t\n\t\t\t\t\t\t\t\n\t\t<div class=\"tg-module-meta\">\n\t\t\t\n\t\t\t<span class=\"tg-post-date entry-date\">\n\t\t\t\t<a href=\"https:\/\/www.iforbes.cz\/index.php\/2025\/11\/13\/vila-kajetanka-zve-na-kajetanka-fest-2025-a-oslavy-sv-martina\/\" rel=\"bookmark\"><time class=\"entry-date published updated\" datetime=\"2025-11-13T10:54:35+00:00\">13 listopadu, 2025<\/time><\/a>\t\t\t<\/span>\n\n\t\t\t<span class=\"tg-post-auther-name author vcard\">\n\t\t\t\t<a class=\"url fn n\" href=\"https:\/\/www.iforbes.cz\/index.php\/author\/iforbescz\/\">iforbescz<\/a>\t\t\t<\/span>\n\n\t\t\t\t\t\t\t<span class=\"tg-module-comments\">\n\t\t\t\t\t<a href=\"https:\/\/www.iforbes.cz\/index.php\/2025\/11\/13\/vila-kajetanka-zve-na-kajetanka-fest-2025-a-oslavy-sv-martina\/#respond\">0<\/a>\t\t\t\t<\/span>\n\t\t\t\t\t<\/div>\n\n\t\t\t\t\t\t\t\t\t\t\t\t\t\t\n\t\t\t\t\t\t\t\n\t\t\t\t\t\t\t<div class=\"tg-expert entry-content\">\n\t\t\t\t\t\t\t\t<p>Druh\u00fd ro\u010dn\u00edk Kajet\u00e1nka Festu se bl\u00ed\u017e\u00ed a Vila Kajet\u00e1nka v pra\u017esk\u00e9m B\u0159evnov\u011b znovu o\u017eije v\u016fn\u00ed svatomartinsk\u00fdch specialit, mlad\u00e9ho v\u00edna a<\/p>\n\t\t\t\t\t\t\t<\/div>\n\n\t\t\t\t\t\t<\/div>\n\t\t\t\t\t\t\t\t\t\t\t\t\t\t\t\t\t\t<\/div>\n\n\t\t\t\t\t\n\t\t\t\t\t<div class=\"tg-col-control\">\n\t\t\t\t\t\t<div class=\"tg_module_block tg-first-block\">\n\t\t\t\t\t\t\t\t\t\t\t\t\t\t\t\t\t\t\t\t\t\t\t\t\t\t<figure class=\"tg-module-thumb\">\n\t\t\t\t\t\t\t\t\t\t\t<a href=\"https:\/\/www.iforbes.cz\/index.php\/2025\/11\/10\/afirmacni-karty-jsou-klicem-k-laskavosti-k-sobe-i-ostatnim\/\" class=\"tg-thumb-link\">\n\t\t\t<img width=\"392\" height=\"272\" src=\"https:\/\/www.iforbes.cz\/wp-content\/uploads\/2025\/11\/afirmace_lepsi_ja_1MB_300dpi-392x272.jpg\" class=\"attachment-colormag-highlighted-post size-colormag-highlighted-post wp-post-image\" alt=\"\" loading=\"lazy\" srcset=\"https:\/\/www.iforbes.cz\/wp-content\/uploads\/2025\/11\/afirmace_lepsi_ja_1MB_300dpi-392x272.jpg 392w, https:\/\/www.iforbes.cz\/wp-content\/uploads\/2025\/11\/afirmace_lepsi_ja_1MB_300dpi-130x90.jpg 130w, https:\/\/www.iforbes.cz\/wp-content\/uploads\/2025\/11\/afirmace_lepsi_ja_1MB_300dpi-600x417.jpg 600w\" sizes=\"(max-width: 392px) 100vw, 392px\" \/>\t\t<\/a>\n\t\t<div class=\"tg-post-categories\"><a href=\"https:\/\/www.iforbes.cz\/index.php\/category\/life-style\/\" class=\"tg-post-category\" rel=\"category tag\">Life style<\/a>&nbsp;<\/div>\t\t\t\t\t\t\t\t<\/figure>\n\t\t\t\t\t\t\t\t\n\t\t\t\t\t\t\t\t\t\t\t\t\t\t\t\t\t\t\t\n\t\t\t\t\t\t\t\t\t<h3 class=\"tg-module-title entry-title\">\n\t\t\t<a href=\"https:\/\/www.iforbes.cz\/index.php\/2025\/11\/10\/afirmacni-karty-jsou-klicem-k-laskavosti-k-sobe-i-ostatnim\/\">Afirma\u010dn\u00ed karty jsou kl\u00ed\u010dem k laskavosti k sob\u011b i ostatn\u00edm<\/a>\n\t\t<\/h3>\n\t\t\t\t\t\t\t\t\t\t\t\t\t\t\n\t\t\t\t\t\t\t\n\t\t<div class=\"tg-module-meta\">\n\t\t\t\n\t\t\t<span class=\"tg-post-date entry-date\">\n\t\t\t\t<a href=\"https:\/\/www.iforbes.cz\/index.php\/2025\/11\/10\/afirmacni-karty-jsou-klicem-k-laskavosti-k-sobe-i-ostatnim\/\" rel=\"bookmark\"><time class=\"entry-date published updated\" datetime=\"2025-11-10T12:22:29+00:00\">10 listopadu, 2025<\/time><\/a>\t\t\t<\/span>\n\n\t\t\t<span class=\"tg-post-auther-name author vcard\">\n\t\t\t\t<a class=\"url fn n\" href=\"https:\/\/www.iforbes.cz\/index.php\/author\/iforbescz\/\">iforbescz<\/a>\t\t\t<\/span>\n\n\t\t\t\t\t\t\t<span class=\"tg-module-comments\">\n\t\t\t\t\t<a href=\"https:\/\/www.iforbes.cz\/index.php\/2025\/11\/10\/afirmacni-karty-jsou-klicem-k-laskavosti-k-sobe-i-ostatnim\/#respond\">0<\/a>\t\t\t\t<\/span>\n\t\t\t\t\t<\/div>\n\n\t\t\t\t\t\t\t\t\t\t\t\t\t\t\n\t\t\t\t\t\t\t\n\t\t\t\t\t\t\t<div class=\"tg-expert entry-content\">\n\t\t\t\t\t\t\t\t<p>13. listopadu si p\u0159ipom\u00edn\u00e1me Sv\u011btov\u00fd den laskavosti \u2013 den, kter\u00fd vyb\u00edz\u00ed ke klidu, ohleduplnosti a vd\u011b\u010dnosti. Laskavost ale neza\u010d\u00edn\u00e1 u<\/p>\n\t\t\t\t\t\t\t<\/div>\n\n\t\t\t\t\t\t<\/div>\n\t\t\t\t\t\t\t\t\t\t\t\t\t\t\t\t\t\t<\/div>\n\n\t\t\t\t\t\n\t\t\t\t\t<div class=\"tg-col-control\">\n\t\t\t\t\t\t<div class=\"tg_module_block tg-first-block\">\n\t\t\t\t\t\t\t\t\t\t\t\t\t\t\t\t\t\t\t\t\t\t\t\t\t\t<figure class=\"tg-module-thumb\">\n\t\t\t\t\t\t\t\t\t\t\t<a href=\"https:\/\/www.iforbes.cz\/index.php\/2025\/10\/30\/pilsner-urquell-the-original-beer-experience-je-nejlepsi-pivni-zazitkovou-prohlidkou-v-evrope\/\" class=\"tg-thumb-link\">\n\t\t\t<img width=\"392\" height=\"272\" src=\"https:\/\/www.iforbes.cz\/wp-content\/uploads\/2025\/10\/DSC09449-HERO-TA-392x272.jpg\" class=\"attachment-colormag-highlighted-post size-colormag-highlighted-post wp-post-image\" alt=\"\" loading=\"lazy\" srcset=\"https:\/\/www.iforbes.cz\/wp-content\/uploads\/2025\/10\/DSC09449-HERO-TA-392x272.jpg 392w, https:\/\/www.iforbes.cz\/wp-content\/uploads\/2025\/10\/DSC09449-HERO-TA-130x90.jpg 130w, https:\/\/www.iforbes.cz\/wp-content\/uploads\/2025\/10\/DSC09449-HERO-TA-600x417.jpg 600w\" sizes=\"(max-width: 392px) 100vw, 392px\" \/>\t\t<\/a>\n\t\t<div class=\"tg-post-categories\"><a href=\"https:\/\/www.iforbes.cz\/index.php\/category\/life-style\/\" class=\"tg-post-category\" rel=\"category tag\">Life style<\/a>&nbsp;<\/div>\t\t\t\t\t\t\t\t<\/figure>\n\t\t\t\t\t\t\t\t\n\t\t\t\t\t\t\t\t\t\t\t\t\t\t\t\t\t\t\t\n\t\t\t\t\t\t\t\t\t<h3 class=\"tg-module-title entry-title\">\n\t\t\t<a href=\"https:\/\/www.iforbes.cz\/index.php\/2025\/10\/30\/pilsner-urquell-the-original-beer-experience-je-nejlepsi-pivni-zazitkovou-prohlidkou-v-evrope\/\">Pilsner Urquell: The Original Beer Experience je nejlep\u0161\u00ed pivn\u00ed z\u00e1\u017eitkovou prohl\u00eddkou v Evrop\u011b<\/a>\n\t\t<\/h3>\n\t\t\t\t\t\t\t\t\t\t\t\t\t\t\n\t\t\t\t\t\t\t\n\t\t<div class=\"tg-module-meta\">\n\t\t\t\n\t\t\t<span class=\"tg-post-date entry-date\">\n\t\t\t\t<a href=\"https:\/\/www.iforbes.cz\/index.php\/2025\/10\/30\/pilsner-urquell-the-original-beer-experience-je-nejlepsi-pivni-zazitkovou-prohlidkou-v-evrope\/\" rel=\"bookmark\"><time class=\"entry-date published updated\" datetime=\"2025-10-30T10:39:16+00:00\">30 \u0159\u00edjna, 2025<\/time><\/a>\t\t\t<\/span>\n\n\t\t\t<span class=\"tg-post-auther-name author vcard\">\n\t\t\t\t<a class=\"url fn n\" href=\"https:\/\/www.iforbes.cz\/index.php\/author\/iforbescz\/\">iforbescz<\/a>\t\t\t<\/span>\n\n\t\t\t\t\t\t\t<span class=\"tg-module-comments\">\n\t\t\t\t\t<a href=\"https:\/\/www.iforbes.cz\/index.php\/2025\/10\/30\/pilsner-urquell-the-original-beer-experience-je-nejlepsi-pivni-zazitkovou-prohlidkou-v-evrope\/#respond\">0<\/a>\t\t\t\t<\/span>\n\t\t\t\t\t<\/div>\n\n\t\t\t\t\t\t\t\t\t\t\t\t\t\t\n\t\t\t\t\t\t\t\n\t\t\t\t\t\t\t<div class=\"tg-expert entry-content\">\n\t\t\t\t\t\t\t\t<p>Multimedi\u00e1ln\u00ed z\u00e1\u017eitkov\u00e1 expozice\u200b\u200b Pilsner Urquell: The Original Beer Experience z\u00edskala presti\u017en\u00ed ocen\u011bn\u00ed. Stala se nejlep\u0161\u00ed pivn\u00ed z\u00e1\u017eitkovou prohl\u00eddkou v Evrop\u011b.<\/p>\n\t\t\t\t\t\t\t<\/div>\n\n\t\t\t\t\t\t<\/div>\n\t\t\t\t\t\t\t\t\t\t\t\t\t\t\t\t\t\t<\/div>\n\n\t\t\t\t\t\n\t\t\t\t\t<div class=\"tg-col-control\">\n\t\t\t\t\t\t<div class=\"tg_module_block tg-first-block\">\n\t\t\t\t\t\t\t\t\t\t\t\t\t\t\t\t\t\t\t\t\t\t\t\t\t\t<figure class=\"tg-module-thumb\">\n\t\t\t\t\t\t\t\t\t\t\t<a href=\"https:\/\/www.iforbes.cz\/index.php\/2025\/10\/24\/signal-festival-2025-opet-ozivil-prahu\/\" class=\"tg-thumb-link\">\n\t\t\t<img width=\"392\" height=\"272\" src=\"https:\/\/www.iforbes.cz\/wp-content\/uploads\/2025\/10\/LW_251017_GLO_SIGNAL_FESTIVAL_PRAGUE_CZ_LQ_0001-392x272.jpg\" class=\"attachment-colormag-highlighted-post size-colormag-highlighted-post wp-post-image\" alt=\"\" loading=\"lazy\" srcset=\"https:\/\/www.iforbes.cz\/wp-content\/uploads\/2025\/10\/LW_251017_GLO_SIGNAL_FESTIVAL_PRAGUE_CZ_LQ_0001-392x272.jpg 392w, https:\/\/www.iforbes.cz\/wp-content\/uploads\/2025\/10\/LW_251017_GLO_SIGNAL_FESTIVAL_PRAGUE_CZ_LQ_0001-130x90.jpg 130w, https:\/\/www.iforbes.cz\/wp-content\/uploads\/2025\/10\/LW_251017_GLO_SIGNAL_FESTIVAL_PRAGUE_CZ_LQ_0001-600x417.jpg 600w\" sizes=\"(max-width: 392px) 100vw, 392px\" \/>\t\t<\/a>\n\t\t<div class=\"tg-post-categories\"><a href=\"https:\/\/www.iforbes.cz\/index.php\/category\/life-style\/\" class=\"tg-post-category\" rel=\"category tag\">Life style<\/a>&nbsp;<\/div>\t\t\t\t\t\t\t\t<\/figure>\n\t\t\t\t\t\t\t\t\n\t\t\t\t\t\t\t\t\t\t\t\t\t\t\t\t\t\t\t\n\t\t\t\t\t\t\t\t\t<h3 class=\"tg-module-title entry-title\">\n\t\t\t<a href=\"https:\/\/www.iforbes.cz\/index.php\/2025\/10\/24\/signal-festival-2025-opet-ozivil-prahu\/\">Signal Festival 2025 op\u011bt o\u017eivil Prahu<\/a>\n\t\t<\/h3>\n\t\t\t\t\t\t\t\t\t\t\t\t\t\t\n\t\t\t\t\t\t\t\n\t\t<div class=\"tg-module-meta\">\n\t\t\t\n\t\t\t<span class=\"tg-post-date entry-date\">\n\t\t\t\t<a href=\"https:\/\/www.iforbes.cz\/index.php\/2025\/10\/24\/signal-festival-2025-opet-ozivil-prahu\/\" rel=\"bookmark\"><time class=\"entry-date published updated\" datetime=\"2025-10-24T10:07:57+00:00\">24 \u0159\u00edjna, 2025<\/time><\/a>\t\t\t<\/span>\n\n\t\t\t<span class=\"tg-post-auther-name author vcard\">\n\t\t\t\t<a class=\"url fn n\" href=\"https:\/\/www.iforbes.cz\/index.php\/author\/iforbescz\/\">iforbescz<\/a>\t\t\t<\/span>\n\n\t\t\t\t\t\t\t<span class=\"tg-module-comments\">\n\t\t\t\t\t<a href=\"https:\/\/www.iforbes.cz\/index.php\/2025\/10\/24\/signal-festival-2025-opet-ozivil-prahu\/#respond\">0<\/a>\t\t\t\t<\/span>\n\t\t\t\t\t<\/div>\n\n\t\t\t\t\t\t\t\t\t\t\t\t\t\t\n\t\t\t\t\t\t\t\n\t\t\t\t\t\t\t<div class=\"tg-expert entry-content\">\n\t\t\t\t\t\t\t\t<p>Praha se b\u011bhem \u010dty\u0159 \u0159\u00edjnov\u00fdch dn\u016f op\u011bt prom\u011bnila v magickou galerii pod \u0161ir\u00fdm nebem. Signal Festival, nejv\u011bt\u0161\u00ed p\u0159ehl\u00eddka digit\u00e1ln\u00ed a<\/p>\n\t\t\t\t\t\t\t<\/div>\n\n\t\t\t\t\t\t<\/div>\n\t\t\t\t\t\t\t\t\t\t\t\t\t\t\t\t\t\t<\/div>\n\n\t\t\t\t\t\n\t\t\t\t\t<div class=\"tg-col-control\">\n\t\t\t\t\t\t<div class=\"tg_module_block tg-first-block\">\n\t\t\t\t\t\t\t\t\t\t\t\t\t\t\t\t\t\t\t\t\t\t\t\t\t\t<figure class=\"tg-module-thumb\">\n\t\t\t\t\t\t\t\t\t\t\t<a href=\"https:\/\/www.iforbes.cz\/index.php\/2025\/10\/20\/tesco-predstavilo-v-turnove-prvni-prodejnu-nove-generace\/\" class=\"tg-thumb-link\">\n\t\t\t<img width=\"392\" height=\"272\" src=\"https:\/\/www.iforbes.cz\/wp-content\/uploads\/2025\/10\/DSC09125-1-392x272.jpg\" class=\"attachment-colormag-highlighted-post size-colormag-highlighted-post wp-post-image\" alt=\"\" loading=\"lazy\" srcset=\"https:\/\/www.iforbes.cz\/wp-content\/uploads\/2025\/10\/DSC09125-1-392x272.jpg 392w, https:\/\/www.iforbes.cz\/wp-content\/uploads\/2025\/10\/DSC09125-1-130x90.jpg 130w, https:\/\/www.iforbes.cz\/wp-content\/uploads\/2025\/10\/DSC09125-1-600x417.jpg 600w\" sizes=\"(max-width: 392px) 100vw, 392px\" \/>\t\t<\/a>\n\t\t<div class=\"tg-post-categories\"><a href=\"https:\/\/www.iforbes.cz\/index.php\/category\/life-style\/\" class=\"tg-post-category\" rel=\"category tag\">Life style<\/a>&nbsp;<\/div>\t\t\t\t\t\t\t\t<\/figure>\n\t\t\t\t\t\t\t\t\n\t\t\t\t\t\t\t\t\t\t\t\t\t\t\t\t\t\t\t\n\t\t\t\t\t\t\t\t\t<h3 class=\"tg-module-title entry-title\">\n\t\t\t<a href=\"https:\/\/www.iforbes.cz\/index.php\/2025\/10\/20\/tesco-predstavilo-v-turnove-prvni-prodejnu-nove-generace\/\">Tesco p\u0159edstavilo v Turnov\u011b prvn\u00ed prodejnu nov\u00e9 generace<\/a>\n\t\t<\/h3>\n\t\t\t\t\t\t\t\t\t\t\t\t\t\t\n\t\t\t\t\t\t\t\n\t\t<div class=\"tg-module-meta\">\n\t\t\t\n\t\t\t<span class=\"tg-post-date entry-date\">\n\t\t\t\t<a href=\"https:\/\/www.iforbes.cz\/index.php\/2025\/10\/20\/tesco-predstavilo-v-turnove-prvni-prodejnu-nove-generace\/\" rel=\"bookmark\"><time class=\"entry-date published updated\" datetime=\"2025-10-20T08:36:20+00:00\">20 \u0159\u00edjna, 2025<\/time><\/a>\t\t\t<\/span>\n\n\t\t\t<span class=\"tg-post-auther-name author vcard\">\n\t\t\t\t<a class=\"url fn n\" href=\"https:\/\/www.iforbes.cz\/index.php\/author\/iforbescz\/\">iforbescz<\/a>\t\t\t<\/span>\n\n\t\t\t\t\t\t\t<span class=\"tg-module-comments\">\n\t\t\t\t\t<a href=\"https:\/\/www.iforbes.cz\/index.php\/2025\/10\/20\/tesco-predstavilo-v-turnove-prvni-prodejnu-nove-generace\/#respond\">0<\/a>\t\t\t\t<\/span>\n\t\t\t\t\t<\/div>\n\n\t\t\t\t\t\t\t\t\t\t\t\t\t\t\n\t\t\t\t\t\t\t\n\t\t\t\t\t\t\t<div class=\"tg-expert entry-content\">\n\t\t\t\t\t\t\t\t<p>Spole\u010dnost Tesco otev\u0159ela kompletn\u011b zrekonstruovanou prodejnu Tesco Expres v Turnov\u011b, kter\u00e1 je prvn\u00ed sv\u00e9ho druhu ve st\u0159edn\u00ed Evrop\u011b. Nov\u00fd koncept<\/p>\n\t\t\t\t\t\t\t<\/div>\n\n\t\t\t\t\t\t<\/div>\n\t\t\t\t\t\t\t\t\t\t\t\t\t\t\t\t\t\t<\/div>\n\n\t\t\t\t\t\n\t\t\t\t\t<div class=\"tg-col-control\">\n\t\t\t\t\t\t<div class=\"tg_module_block tg-first-block\">\n\t\t\t\t\t\t\t\t\t\t\t\t\t\t\t\t\t\t\t\t\t\t\t\t\t\t<figure class=\"tg-module-thumb\">\n\t\t\t\t\t\t\t\t\t\t\t<a href=\"https:\/\/www.iforbes.cz\/index.php\/2025\/10\/09\/rudolfinum-bude-hostit-poctu-eme-destinnove\/\" class=\"tg-thumb-link\">\n\t\t\t<img width=\"392\" height=\"272\" src=\"https:\/\/www.iforbes.cz\/wp-content\/uploads\/2025\/10\/D92I8142-392x272.jpg\" class=\"attachment-colormag-highlighted-post size-colormag-highlighted-post wp-post-image\" alt=\"\" loading=\"lazy\" srcset=\"https:\/\/www.iforbes.cz\/wp-content\/uploads\/2025\/10\/D92I8142-392x272.jpg 392w, https:\/\/www.iforbes.cz\/wp-content\/uploads\/2025\/10\/D92I8142-130x90.jpg 130w, https:\/\/www.iforbes.cz\/wp-content\/uploads\/2025\/10\/D92I8142-600x417.jpg 600w\" sizes=\"(max-width: 392px) 100vw, 392px\" \/>\t\t<\/a>\n\t\t<div class=\"tg-post-categories\"><a href=\"https:\/\/www.iforbes.cz\/index.php\/category\/life-style\/\" class=\"tg-post-category\" rel=\"category tag\">Life style<\/a>&nbsp;<\/div>\t\t\t\t\t\t\t\t<\/figure>\n\t\t\t\t\t\t\t\t\n\t\t\t\t\t\t\t\t\t\t\t\t\t\t\t\t\t\t\t\n\t\t\t\t\t\t\t\t\t<h3 class=\"tg-module-title entry-title\">\n\t\t\t<a href=\"https:\/\/www.iforbes.cz\/index.php\/2025\/10\/09\/rudolfinum-bude-hostit-poctu-eme-destinnove\/\">Rudolfinum bude hostit poctu Em\u011b Destinnov\u00e9<\/a>\n\t\t<\/h3>\n\t\t\t\t\t\t\t\t\t\t\t\t\t\t\n\t\t\t\t\t\t\t\n\t\t<div class=\"tg-module-meta\">\n\t\t\t\n\t\t\t<span class=\"tg-post-date entry-date\">\n\t\t\t\t<a href=\"https:\/\/www.iforbes.cz\/index.php\/2025\/10\/09\/rudolfinum-bude-hostit-poctu-eme-destinnove\/\" rel=\"bookmark\"><time class=\"entry-date published updated\" datetime=\"2025-10-09T09:58:16+00:00\">9 \u0159\u00edjna, 2025<\/time><\/a>\t\t\t<\/span>\n\n\t\t\t<span class=\"tg-post-auther-name author vcard\">\n\t\t\t\t<a class=\"url fn n\" href=\"https:\/\/www.iforbes.cz\/index.php\/author\/iforbescz\/\">iforbescz<\/a>\t\t\t<\/span>\n\n\t\t\t\t\t\t\t<span class=\"tg-module-comments\">\n\t\t\t\t\t<a href=\"https:\/\/www.iforbes.cz\/index.php\/2025\/10\/09\/rudolfinum-bude-hostit-poctu-eme-destinnove\/#respond\">0<\/a>\t\t\t\t<\/span>\n\t\t\t\t\t<\/div>\n\n\t\t\t\t\t\t\t\t\t\t\t\t\t\t\n\t\t\t\t\t\t\t\n\t\t\t\t\t\t\t<div class=\"tg-expert entry-content\">\n\t\t\t\t\t\t\t\t<p>V prostor\u00e1ch Dvo\u0159\u00e1kovy s\u00edn\u011b se 17. \u00fanora 2026 chyst\u00e1 v\u00fdjime\u010dn\u00fd ve\u010der: Zrozen\u00ed hv\u011bzdy: koncertn\u00ed pocta Em\u011b Destinnov\u00e9. Hudba, slovo a<\/p>\n\t\t\t\t\t\t\t<\/div>\n\n\t\t\t\t\t\t<\/div>\n\t\t\t\t\t\t\t\t\t\t\t\t\t\t\t\t\t\t<\/div>\n\n\t\t\t\t\t\n\t\t\t\t\t<div class=\"tg-col-control\">\n\t\t\t\t\t\t<div class=\"tg_module_block tg-first-block\">\n\t\t\t\t\t\t\t\t\t\t\t\t\t\t\t\t\t\t\t\t\t\t\t\t\t\t<figure class=\"tg-module-thumb\">\n\t\t\t\t\t\t\t\t\t\t\t<a href=\"https:\/\/www.iforbes.cz\/index.php\/2025\/10\/08\/karlos-vemola-doplnuje-obsazeni-filmu-bojovnik\/\" class=\"tg-thumb-link\">\n\t\t\t<img width=\"392\" height=\"272\" src=\"https:\/\/www.iforbes.cz\/wp-content\/uploads\/2025\/10\/Bojovnik_V-ambicioznim-dramatu-Bojovnik-si-zahraje-i-Karlos-Vemola_zdroj-Bontonfilm-392x272.jpg\" class=\"attachment-colormag-highlighted-post size-colormag-highlighted-post wp-post-image\" alt=\"\" loading=\"lazy\" srcset=\"https:\/\/www.iforbes.cz\/wp-content\/uploads\/2025\/10\/Bojovnik_V-ambicioznim-dramatu-Bojovnik-si-zahraje-i-Karlos-Vemola_zdroj-Bontonfilm-392x272.jpg 392w, https:\/\/www.iforbes.cz\/wp-content\/uploads\/2025\/10\/Bojovnik_V-ambicioznim-dramatu-Bojovnik-si-zahraje-i-Karlos-Vemola_zdroj-Bontonfilm-130x90.jpg 130w, https:\/\/www.iforbes.cz\/wp-content\/uploads\/2025\/10\/Bojovnik_V-ambicioznim-dramatu-Bojovnik-si-zahraje-i-Karlos-Vemola_zdroj-Bontonfilm-600x417.jpg 600w\" sizes=\"(max-width: 392px) 100vw, 392px\" \/>\t\t<\/a>\n\t\t<div class=\"tg-post-categories\"><a href=\"https:\/\/www.iforbes.cz\/index.php\/category\/life-style\/\" class=\"tg-post-category\" rel=\"category tag\">Life style<\/a>&nbsp;<\/div>\t\t\t\t\t\t\t\t<\/figure>\n\t\t\t\t\t\t\t\t\n\t\t\t\t\t\t\t\t\t\t\t\t\t\t\t\t\t\t\t\n\t\t\t\t\t\t\t\t\t<h3 class=\"tg-module-title entry-title\">\n\t\t\t<a href=\"https:\/\/www.iforbes.cz\/index.php\/2025\/10\/08\/karlos-vemola-doplnuje-obsazeni-filmu-bojovnik\/\">Karlos V\u00e9mola dopl\u0148uje obsazen\u00ed filmu Bojovn\u00edk<\/a>\n\t\t<\/h3>\n\t\t\t\t\t\t\t\t\t\t\t\t\t\t\n\t\t\t\t\t\t\t\n\t\t<div class=\"tg-module-meta\">\n\t\t\t\n\t\t\t<span class=\"tg-post-date entry-date\">\n\t\t\t\t<a href=\"https:\/\/www.iforbes.cz\/index.php\/2025\/10\/08\/karlos-vemola-doplnuje-obsazeni-filmu-bojovnik\/\" rel=\"bookmark\"><time class=\"entry-date published updated\" datetime=\"2025-10-08T09:12:46+00:00\">8 \u0159\u00edjna, 2025<\/time><\/a>\t\t\t<\/span>\n\n\t\t\t<span class=\"tg-post-auther-name author vcard\">\n\t\t\t\t<a class=\"url fn n\" href=\"https:\/\/www.iforbes.cz\/index.php\/author\/iforbescz\/\">iforbescz<\/a>\t\t\t<\/span>\n\n\t\t\t\t\t\t\t<span class=\"tg-module-comments\">\n\t\t\t\t\t<a href=\"https:\/\/www.iforbes.cz\/index.php\/2025\/10\/08\/karlos-vemola-doplnuje-obsazeni-filmu-bojovnik\/#respond\">0<\/a>\t\t\t\t<\/span>\n\t\t\t\t\t<\/div>\n\n\t\t\t\t\t\t\t\t\t\t\t\t\t\t\n\t\t\t\t\t\t\t\n\t\t\t\t\t\t\t<div class=\"tg-expert entry-content\">\n\t\t\t\t\t\t\t\t<p>V\u00fdjime\u010dn\u00e1 pod\u00edvan\u00e1 se naskytla v sobotu div\u00e1k\u016fm semifin\u00e1le evropsk\u00e9 MMA ligy mistr\u016f na bratislavsk\u00e9m Zimn\u00edm stadionu Ond\u0159eje Nepely. V po\u0159ad\u00ed<\/p>\n\t\t\t\t\t\t\t<\/div>\n\n\t\t\t\t\t\t<\/div>\n\t\t\t\t\t\t\t\t\t\t\t\t\t\t\t\t\t\t<\/div>\n\n\t\t\t\t\t\n\t\t\t\t\t<div class=\"tg-col-control\">\n\t\t\t\t\t\t<div class=\"tg_module_block tg-first-block\">\n\t\t\t\t\t\t\t\t\t\t\t\t\t\t\t\t\t\t\t\t\t\t\t\t\t\t<figure class=\"tg-module-thumb\">\n\t\t\t\t\t\t\t\t\t\t\t<a href=\"https:\/\/www.iforbes.cz\/index.php\/2025\/10\/07\/kapela-totalni-nasazeni-oslavi-narozeniny-v-prazske-lucerne\/\" class=\"tg-thumb-link\">\n\t\t\t<img width=\"392\" height=\"272\" src=\"https:\/\/www.iforbes.cz\/wp-content\/uploads\/2025\/10\/Totalni-nasazeni1-392x272.jpg\" class=\"attachment-colormag-highlighted-post size-colormag-highlighted-post wp-post-image\" alt=\"\" loading=\"lazy\" srcset=\"https:\/\/www.iforbes.cz\/wp-content\/uploads\/2025\/10\/Totalni-nasazeni1-392x272.jpg 392w, https:\/\/www.iforbes.cz\/wp-content\/uploads\/2025\/10\/Totalni-nasazeni1-130x90.jpg 130w, https:\/\/www.iforbes.cz\/wp-content\/uploads\/2025\/10\/Totalni-nasazeni1-600x417.jpg 600w\" sizes=\"(max-width: 392px) 100vw, 392px\" \/>\t\t<\/a>\n\t\t<div class=\"tg-post-categories\"><a href=\"https:\/\/www.iforbes.cz\/index.php\/category\/life-style\/\" class=\"tg-post-category\" rel=\"category tag\">Life style<\/a>&nbsp;<\/div>\t\t\t\t\t\t\t\t<\/figure>\n\t\t\t\t\t\t\t\t\n\t\t\t\t\t\t\t\t\t\t\t\t\t\t\t\t\t\t\t\n\t\t\t\t\t\t\t\t\t<h3 class=\"tg-module-title entry-title\">\n\t\t\t<a href=\"https:\/\/www.iforbes.cz\/index.php\/2025\/10\/07\/kapela-totalni-nasazeni-oslavi-narozeniny-v-prazske-lucerne\/\">Kapela Tot\u00e1ln\u00ed nasazen\u00ed oslav\u00ed narozeniny v pra\u017esk\u00e9 Lucern\u011b<\/a>\n\t\t<\/h3>\n\t\t\t\t\t\t\t\t\t\t\t\t\t\t\n\t\t\t\t\t\t\t\n\t\t<div class=\"tg-module-meta\">\n\t\t\t\n\t\t\t<span class=\"tg-post-date entry-date\">\n\t\t\t\t<a href=\"https:\/\/www.iforbes.cz\/index.php\/2025\/10\/07\/kapela-totalni-nasazeni-oslavi-narozeniny-v-prazske-lucerne\/\" rel=\"bookmark\"><time class=\"entry-date published updated\" datetime=\"2025-10-07T08:39:28+00:00\">7 \u0159\u00edjna, 2025<\/time><\/a>\t\t\t<\/span>\n\n\t\t\t<span class=\"tg-post-auther-name author vcard\">\n\t\t\t\t<a class=\"url fn n\" href=\"https:\/\/www.iforbes.cz\/index.php\/author\/iforbescz\/\">iforbescz<\/a>\t\t\t<\/span>\n\n\t\t\t\t\t\t\t<span class=\"tg-module-comments\">\n\t\t\t\t\t<a href=\"https:\/\/www.iforbes.cz\/index.php\/2025\/10\/07\/kapela-totalni-nasazeni-oslavi-narozeniny-v-prazske-lucerne\/#respond\">0<\/a>\t\t\t\t<\/span>\n\t\t\t\t\t<\/div>\n\n\t\t\t\t\t\t\t\t\t\t\t\t\t\t\n\t\t\t\t\t\t\t\n\t\t\t\t\t\t\t<div class=\"tg-expert entry-content\">\n\t\t\t\t\t\t\t\t<p>Sl\u00e1nsk\u00e1 punk-rockov\u00e1 parta TOT\u00c1LN\u00cd NASAZEN\u00cd slav\u00ed letos na podzim 35 let od sv\u00e9ho vzniku a proto\u017ee v\u00a0kapele v\u017edy panovaly velmi<\/p>\n\t\t\t\t\t\t\t<\/div>\n\n\t\t\t\t\t\t<\/div>\n\t\t\t\t\t\t\t\t\t\t\t\t\t\t\t\t\t\t<\/div>\n\n\t\t\t\t\t\n\t\t\t\t\t<div class=\"tg-col-control\">\n\t\t\t\t\t\t<div class=\"tg_module_block tg-first-block\">\n\t\t\t\t\t\t\t\t\t\t\t\t\t\t\t\t\t\t\t\t\t\t\t\t\t\t<figure class=\"tg-module-thumb\">\n\t\t\t\t\t\t\t\t\t\t\t<a href=\"https:\/\/www.iforbes.cz\/index.php\/2025\/09\/29\/kiosky-velo-x-skapa-friends-ozivily-verejny-prostor\/\" class=\"tg-thumb-link\">\n\t\t\t<img width=\"392\" height=\"272\" src=\"https:\/\/www.iforbes.cz\/wp-content\/uploads\/2025\/09\/VELO_TRAFIKA_PRAGUE_CZ_HQ_BOHNICE-392x272.jpg\" class=\"attachment-colormag-highlighted-post size-colormag-highlighted-post wp-post-image\" alt=\"\" loading=\"lazy\" srcset=\"https:\/\/www.iforbes.cz\/wp-content\/uploads\/2025\/09\/VELO_TRAFIKA_PRAGUE_CZ_HQ_BOHNICE-392x272.jpg 392w, https:\/\/www.iforbes.cz\/wp-content\/uploads\/2025\/09\/VELO_TRAFIKA_PRAGUE_CZ_HQ_BOHNICE-130x90.jpg 130w, https:\/\/www.iforbes.cz\/wp-content\/uploads\/2025\/09\/VELO_TRAFIKA_PRAGUE_CZ_HQ_BOHNICE-600x417.jpg 600w\" sizes=\"(max-width: 392px) 100vw, 392px\" \/>\t\t<\/a>\n\t\t<div class=\"tg-post-categories\"><a href=\"https:\/\/www.iforbes.cz\/index.php\/category\/life-style\/\" class=\"tg-post-category\" rel=\"category tag\">Life style<\/a>&nbsp;<\/div>\t\t\t\t\t\t\t\t<\/figure>\n\t\t\t\t\t\t\t\t\n\t\t\t\t\t\t\t\t\t\t\t\t\t\t\t\t\t\t\t\n\t\t\t\t\t\t\t\t\t<h3 class=\"tg-module-title entry-title\">\n\t\t\t<a href=\"https:\/\/www.iforbes.cz\/index.php\/2025\/09\/29\/kiosky-velo-x-skapa-friends-ozivily-verejny-prostor\/\">KIOSKY VELO x \u0160KAPA &#038; Friends o\u017eivily ve\u0159ejn\u00fd prostor<\/a>\n\t\t<\/h3>\n\t\t\t\t\t\t\t\t\t\t\t\t\t\t\n\t\t\t\t\t\t\t\n\t\t<div class=\"tg-module-meta\">\n\t\t\t\n\t\t\t<span class=\"tg-post-date entry-date\">\n\t\t\t\t<a href=\"https:\/\/www.iforbes.cz\/index.php\/2025\/09\/29\/kiosky-velo-x-skapa-friends-ozivily-verejny-prostor\/\" rel=\"bookmark\"><time class=\"entry-date published updated\" datetime=\"2025-09-29T10:12:11+00:00\">29 z\u00e1\u0159\u00ed, 2025<\/time><\/a>\t\t\t<\/span>\n\n\t\t\t<span class=\"tg-post-auther-name author vcard\">\n\t\t\t\t<a class=\"url fn n\" href=\"https:\/\/www.iforbes.cz\/index.php\/author\/iforbescz\/\">iforbescz<\/a>\t\t\t<\/span>\n\n\t\t\t\t\t\t\t<span class=\"tg-module-comments\">\n\t\t\t\t\t<a href=\"https:\/\/www.iforbes.cz\/index.php\/2025\/09\/29\/kiosky-velo-x-skapa-friends-ozivily-verejny-prostor\/#respond\">0<\/a>\t\t\t\t<\/span>\n\t\t\t\t\t<\/div>\n\n\t\t\t\t\t\t\t\t\t\t\t\t\t\t\n\t\t\t\t\t\t\t\n\t\t\t\t\t\t\t<div class=\"tg-expert entry-content\">\n\t\t\t\t\t\t\t\t<p>Zna\u010dka VELO pokra\u010duje ve sv\u00e9 misi propojovat sv\u011bt sou\u010dasn\u00e9ho um\u011bn\u00ed a m\u011bstsk\u00e9ho prost\u0159ed\u00ed s ka\u017edodenn\u00edm \u017eivotem. Po \u00fasp\u011b\u0161n\u00e9m startu spolupr\u00e1ce<\/p>\n\t\t\t\t\t\t\t<\/div>\n\n\t\t\t\t\t\t<\/div>\n\t\t\t\t\t\t\t\t\t\t\t\t\t\t\t\t\t\t<\/div>\n\n\t\t\t\t\t\n\t\t\t\t\t<div class=\"tg-col-control\">\n\t\t\t\t\t\t<div class=\"tg_module_block tg-first-block\">\n\t\t\t\t\t\t\t\t\t\t\t\t\t\t\t\t\t\t\t\t\t\t\t\t\t\t<figure class=\"tg-module-thumb\">\n\t\t\t\t\t\t\t\t\t\t\t<a href=\"https:\/\/www.iforbes.cz\/index.php\/2025\/09\/29\/tesco-online-nakupy-lze-nove-vyuzit-i-v-trutnove-a-ceskem-tesine\/\" class=\"tg-thumb-link\">\n\t\t\t<img width=\"392\" height=\"272\" src=\"https:\/\/www.iforbes.cz\/wp-content\/uploads\/2025\/09\/Tesco-Online-nakupy-nove-i-v-Trutnove-a-Ceskem-Tesine.-Zdroj-Tesco-392x272.jpg\" class=\"attachment-colormag-highlighted-post size-colormag-highlighted-post wp-post-image\" alt=\"\" loading=\"lazy\" srcset=\"https:\/\/www.iforbes.cz\/wp-content\/uploads\/2025\/09\/Tesco-Online-nakupy-nove-i-v-Trutnove-a-Ceskem-Tesine.-Zdroj-Tesco-392x272.jpg 392w, https:\/\/www.iforbes.cz\/wp-content\/uploads\/2025\/09\/Tesco-Online-nakupy-nove-i-v-Trutnove-a-Ceskem-Tesine.-Zdroj-Tesco-130x90.jpg 130w, https:\/\/www.iforbes.cz\/wp-content\/uploads\/2025\/09\/Tesco-Online-nakupy-nove-i-v-Trutnove-a-Ceskem-Tesine.-Zdroj-Tesco-600x417.jpg 600w\" sizes=\"(max-width: 392px) 100vw, 392px\" \/>\t\t<\/a>\n\t\t<div class=\"tg-post-categories\"><a href=\"https:\/\/www.iforbes.cz\/index.php\/category\/life-style\/\" class=\"tg-post-category\" rel=\"category tag\">Life style<\/a>&nbsp;<\/div>\t\t\t\t\t\t\t\t<\/figure>\n\t\t\t\t\t\t\t\t\n\t\t\t\t\t\t\t\t\t\t\t\t\t\t\t\t\t\t\t\n\t\t\t\t\t\t\t\t\t<h3 class=\"tg-module-title entry-title\">\n\t\t\t<a href=\"https:\/\/www.iforbes.cz\/index.php\/2025\/09\/29\/tesco-online-nakupy-lze-nove-vyuzit-i-v-trutnove-a-ceskem-tesine\/\">Tesco Online N\u00e1kupy lze nov\u011b vyu\u017e\u00edt i v Trutnov\u011b a \u010cesk\u00e9m T\u011b\u0161\u00edn\u011b<\/a>\n\t\t<\/h3>\n\t\t\t\t\t\t\t\t\t\t\t\t\t\t\n\t\t\t\t\t\t\t\n\t\t<div class=\"tg-module-meta\">\n\t\t\t\n\t\t\t<span class=\"tg-post-date entry-date\">\n\t\t\t\t<a href=\"https:\/\/www.iforbes.cz\/index.php\/2025\/09\/29\/tesco-online-nakupy-lze-nove-vyuzit-i-v-trutnove-a-ceskem-tesine\/\" rel=\"bookmark\"><time class=\"entry-date published updated\" datetime=\"2025-09-29T08:59:09+00:00\">29 z\u00e1\u0159\u00ed, 2025<\/time><\/a>\t\t\t<\/span>\n\n\t\t\t<span class=\"tg-post-auther-name author vcard\">\n\t\t\t\t<a class=\"url fn n\" href=\"https:\/\/www.iforbes.cz\/index.php\/author\/iforbescz\/\">iforbescz<\/a>\t\t\t<\/span>\n\n\t\t\t\t\t\t\t<span class=\"tg-module-comments\">\n\t\t\t\t\t<a href=\"https:\/\/www.iforbes.cz\/index.php\/2025\/09\/29\/tesco-online-nakupy-lze-nove-vyuzit-i-v-trutnove-a-ceskem-tesine\/#respond\">0<\/a>\t\t\t\t<\/span>\n\t\t\t\t\t<\/div>\n\n\t\t\t\t\t\t\t\t\t\t\t\t\t\t\n\t\t\t\t\t\t\t\n\t\t\t\t\t\t\t<div class=\"tg-expert entry-content\">\n\t\t\t\t\t\t\t\t<p>Tesco pokra\u010duje v roz\u0161i\u0159ov\u00e1n\u00ed sv\u00e9 slu\u017eby Tesco Online N\u00e1kupy. Od 23. 9. je nov\u011b dostupn\u00e1 i z\u00e1kazn\u00edk\u016fm v okol\u00ed Trutnova<\/p>\n\t\t\t\t\t\t\t<\/div>\n\n\t\t\t\t\t\t<\/div>\n\t\t\t\t\t\t\t\t\t\t\t\t\t\t\t\t\t\t<\/div>\n\n\t\t\t\t\t\n\t\t\t\t\t<div class=\"tg-col-control\">\n\t\t\t\t\t\t<div class=\"tg_module_block tg-first-block\">\n\t\t\t\t\t\t\t\t\t\t\t\t\t\t\t\t\t\t\t\t\t\t\t\t\t\t<figure class=\"tg-module-thumb\">\n\t\t\t\t\t\t\t\t\t\t\t<a href=\"https:\/\/www.iforbes.cz\/index.php\/2025\/09\/22\/odbornici-pri-debate-v-senatu-varovali-pred-dopady-rozvodove-novely\/\" class=\"tg-thumb-link\">\n\t\t\t<img width=\"392\" height=\"272\" src=\"https:\/\/www.iforbes.cz\/wp-content\/uploads\/2025\/09\/cxgmykrtorghosnqmcsobzrdsjmbxuah-392x272.jpg\" class=\"attachment-colormag-highlighted-post size-colormag-highlighted-post wp-post-image\" alt=\"\" loading=\"lazy\" srcset=\"https:\/\/www.iforbes.cz\/wp-content\/uploads\/2025\/09\/cxgmykrtorghosnqmcsobzrdsjmbxuah-392x272.jpg 392w, https:\/\/www.iforbes.cz\/wp-content\/uploads\/2025\/09\/cxgmykrtorghosnqmcsobzrdsjmbxuah-130x90.jpg 130w, https:\/\/www.iforbes.cz\/wp-content\/uploads\/2025\/09\/cxgmykrtorghosnqmcsobzrdsjmbxuah-600x417.jpg 600w\" sizes=\"(max-width: 392px) 100vw, 392px\" \/>\t\t<\/a>\n\t\t<div class=\"tg-post-categories\"><a href=\"https:\/\/www.iforbes.cz\/index.php\/category\/life-style\/\" class=\"tg-post-category\" rel=\"category tag\">Life style<\/a>&nbsp;<\/div>\t\t\t\t\t\t\t\t<\/figure>\n\t\t\t\t\t\t\t\t\n\t\t\t\t\t\t\t\t\t\t\t\t\t\t\t\t\t\t\t\n\t\t\t\t\t\t\t\t\t<h3 class=\"tg-module-title entry-title\">\n\t\t\t<a href=\"https:\/\/www.iforbes.cz\/index.php\/2025\/09\/22\/odbornici-pri-debate-v-senatu-varovali-pred-dopady-rozvodove-novely\/\">Odborn\u00edci p\u0159i debat\u011b v Sen\u00e1tu varovali p\u0159ed dopady rozvodov\u00e9 novely<\/a>\n\t\t<\/h3>\n\t\t\t\t\t\t\t\t\t\t\t\t\t\t\n\t\t\t\t\t\t\t\n\t\t<div class=\"tg-module-meta\">\n\t\t\t\n\t\t\t<span class=\"tg-post-date entry-date\">\n\t\t\t\t<a href=\"https:\/\/www.iforbes.cz\/index.php\/2025\/09\/22\/odbornici-pri-debate-v-senatu-varovali-pred-dopady-rozvodove-novely\/\" rel=\"bookmark\"><time class=\"entry-date published updated\" datetime=\"2025-09-22T08:20:36+00:00\">22 z\u00e1\u0159\u00ed, 2025<\/time><\/a>\t\t\t<\/span>\n\n\t\t\t<span class=\"tg-post-auther-name author vcard\">\n\t\t\t\t<a class=\"url fn n\" href=\"https:\/\/www.iforbes.cz\/index.php\/author\/iforbescz\/\">iforbescz<\/a>\t\t\t<\/span>\n\n\t\t\t\t\t\t\t<span class=\"tg-module-comments\">\n\t\t\t\t\t<a href=\"https:\/\/www.iforbes.cz\/index.php\/2025\/09\/22\/odbornici-pri-debate-v-senatu-varovali-pred-dopady-rozvodove-novely\/#respond\">0<\/a>\t\t\t\t<\/span>\n\t\t\t\t\t<\/div>\n\n\t\t\t\t\t\t\t\t\t\t\t\t\t\t\n\t\t\t\t\t\t\t\n\t\t\t\t\t\t\t<div class=\"tg-expert entry-content\">\n\t\t\t\t\t\t\t\t<p>V\u00fdbor pro soci\u00e1ln\u00ed politiku ve spolupr\u00e1ci se St\u00e1lou komis\u00ed pro rozvoj venkova uspo\u0159\u00e1dal v Sen\u00e1tu kulat\u00fd st\u016fl na t\u00e9ma \u201eD\u00edt\u011b<\/p>\n\t\t\t\t\t\t\t<\/div>\n\n\t\t\t\t\t\t<\/div>\n\t\t\t\t\t\t\t\t\t\t\t\t\t\t\t\t\t\t<\/div>\n\n\t\t\t\t\t\n\t\t\t\t\t<div class=\"tg-col-control\">\n\t\t\t\t\t\t<div class=\"tg_module_block tg-first-block\">\n\t\t\t\t\t\t\t\t\t\t\t\t\t\t\t\t\t\t\t\t\t\t\t\t\t\t<figure class=\"tg-module-thumb\">\n\t\t\t\t\t\t\t\t\t\t\t<a href=\"https:\/\/www.iforbes.cz\/index.php\/2025\/09\/19\/technologie-zahrivani-meni-pohled-na-uzivani-tabaku\/\" class=\"tg-thumb-link\">\n\t\t\t<img width=\"392\" height=\"272\" src=\"https:\/\/www.iforbes.cz\/wp-content\/uploads\/2025\/09\/glo-image-4-392x272.jpg\" class=\"attachment-colormag-highlighted-post size-colormag-highlighted-post wp-post-image\" alt=\"\" loading=\"lazy\" srcset=\"https:\/\/www.iforbes.cz\/wp-content\/uploads\/2025\/09\/glo-image-4-392x272.jpg 392w, https:\/\/www.iforbes.cz\/wp-content\/uploads\/2025\/09\/glo-image-4-130x90.jpg 130w, https:\/\/www.iforbes.cz\/wp-content\/uploads\/2025\/09\/glo-image-4-600x417.jpg 600w\" sizes=\"(max-width: 392px) 100vw, 392px\" \/>\t\t<\/a>\n\t\t<div class=\"tg-post-categories\"><a href=\"https:\/\/www.iforbes.cz\/index.php\/category\/life-style\/\" class=\"tg-post-category\" rel=\"category tag\">Life style<\/a>&nbsp;<\/div>\t\t\t\t\t\t\t\t<\/figure>\n\t\t\t\t\t\t\t\t\n\t\t\t\t\t\t\t\t\t\t\t\t\t\t\t\t\t\t\t\n\t\t\t\t\t\t\t\t\t<h3 class=\"tg-module-title entry-title\">\n\t\t\t<a href=\"https:\/\/www.iforbes.cz\/index.php\/2025\/09\/19\/technologie-zahrivani-meni-pohled-na-uzivani-tabaku\/\">Technologie zah\u0159\u00edv\u00e1n\u00ed m\u011bn\u00ed pohled na u\u017e\u00edv\u00e1n\u00ed tab\u00e1ku<\/a>\n\t\t<\/h3>\n\t\t\t\t\t\t\t\t\t\t\t\t\t\t\n\t\t\t\t\t\t\t\n\t\t<div class=\"tg-module-meta\">\n\t\t\t\n\t\t\t<span class=\"tg-post-date entry-date\">\n\t\t\t\t<a href=\"https:\/\/www.iforbes.cz\/index.php\/2025\/09\/19\/technologie-zahrivani-meni-pohled-na-uzivani-tabaku\/\" rel=\"bookmark\"><time class=\"entry-date published updated\" datetime=\"2025-09-19T08:47:45+00:00\">19 z\u00e1\u0159\u00ed, 2025<\/time><\/a>\t\t\t<\/span>\n\n\t\t\t<span class=\"tg-post-auther-name author vcard\">\n\t\t\t\t<a class=\"url fn n\" href=\"https:\/\/www.iforbes.cz\/index.php\/author\/iforbescz\/\">iforbescz<\/a>\t\t\t<\/span>\n\n\t\t\t\t\t\t\t<span class=\"tg-module-comments\">\n\t\t\t\t\t<a href=\"https:\/\/www.iforbes.cz\/index.php\/2025\/09\/19\/technologie-zahrivani-meni-pohled-na-uzivani-tabaku\/#respond\">0<\/a>\t\t\t\t<\/span>\n\t\t\t\t\t<\/div>\n\n\t\t\t\t\t\t\t\t\t\t\t\t\t\t\n\t\t\t\t\t\t\t\n\t\t\t\t\t\t\t<div class=\"tg-expert entry-content\">\n\t\t\t\t\t\t\t\t<p>Kou\u0159, \u0161tiplav\u00fd z\u00e1pach, popel a spole\u010densk\u00e9 stigma \u2013 to je realita spojen\u00e1 s u\u017e\u00edv\u00e1n\u00edm klasick\u00fdch cigaret, tak jak ji zn\u00e1me<\/p>\n\t\t\t\t\t\t\t<\/div>\n\n\t\t\t\t\t\t<\/div>\n\t\t\t\t\t\t\t\t\t\t\t\t\t\t\t\t\t\t<\/div>\n\n\t\t\t\t\t\n\t\t\t\t\t<div class=\"tg-col-control\">\n\t\t\t\t\t\t<div class=\"tg_module_block tg-first-block\">\n\t\t\t\t\t\t\t\t\t\t\t\t\t\t\t\t\t\t\t\t\t\t\t\t\t\t<figure class=\"tg-module-thumb\">\n\t\t\t\t\t\t\t\t\t\t\t<a href=\"https:\/\/www.iforbes.cz\/index.php\/2025\/09\/16\/signal-festival-pokracuje-v-uspesne-spolupraci-se-znackou-glo\/\" class=\"tg-thumb-link\">\n\t\t\t<img width=\"392\" height=\"272\" src=\"https:\/\/www.iforbes.cz\/wp-content\/uploads\/2025\/09\/Signal-festival-BAT03-392x272.jpg\" class=\"attachment-colormag-highlighted-post size-colormag-highlighted-post wp-post-image\" alt=\"\" loading=\"lazy\" srcset=\"https:\/\/www.iforbes.cz\/wp-content\/uploads\/2025\/09\/Signal-festival-BAT03-392x272.jpg 392w, https:\/\/www.iforbes.cz\/wp-content\/uploads\/2025\/09\/Signal-festival-BAT03-130x90.jpg 130w, https:\/\/www.iforbes.cz\/wp-content\/uploads\/2025\/09\/Signal-festival-BAT03-600x417.jpg 600w\" sizes=\"(max-width: 392px) 100vw, 392px\" \/>\t\t<\/a>\n\t\t<div class=\"tg-post-categories\"><a href=\"https:\/\/www.iforbes.cz\/index.php\/category\/life-style\/\" class=\"tg-post-category\" rel=\"category tag\">Life style<\/a>&nbsp;<\/div>\t\t\t\t\t\t\t\t<\/figure>\n\t\t\t\t\t\t\t\t\n\t\t\t\t\t\t\t\t\t\t\t\t\t\t\t\t\t\t\t\n\t\t\t\t\t\t\t\t\t<h3 class=\"tg-module-title entry-title\">\n\t\t\t<a href=\"https:\/\/www.iforbes.cz\/index.php\/2025\/09\/16\/signal-festival-pokracuje-v-uspesne-spolupraci-se-znackou-glo\/\">Signal Festival pokra\u010duje v \u00fasp\u011b\u0161n\u00e9 spolupr\u00e1ci se zna\u010dkou glo\u2122<\/a>\n\t\t<\/h3>\n\t\t\t\t\t\t\t\t\t\t\t\t\t\t\n\t\t\t\t\t\t\t\n\t\t<div class=\"tg-module-meta\">\n\t\t\t\n\t\t\t<span class=\"tg-post-date entry-date\">\n\t\t\t\t<a href=\"https:\/\/www.iforbes.cz\/index.php\/2025\/09\/16\/signal-festival-pokracuje-v-uspesne-spolupraci-se-znackou-glo\/\" rel=\"bookmark\"><time class=\"entry-date published updated\" datetime=\"2025-09-16T13:22:09+00:00\">16 z\u00e1\u0159\u00ed, 2025<\/time><\/a>\t\t\t<\/span>\n\n\t\t\t<span class=\"tg-post-auther-name author vcard\">\n\t\t\t\t<a class=\"url fn n\" href=\"https:\/\/www.iforbes.cz\/index.php\/author\/iforbescz\/\">iforbescz<\/a>\t\t\t<\/span>\n\n\t\t\t\t\t\t\t<span class=\"tg-module-comments\">\n\t\t\t\t\t<a href=\"https:\/\/www.iforbes.cz\/index.php\/2025\/09\/16\/signal-festival-pokracuje-v-uspesne-spolupraci-se-znackou-glo\/#respond\">0<\/a>\t\t\t\t<\/span>\n\t\t\t\t\t<\/div>\n\n\t\t\t\t\t\t\t\t\t\t\t\t\t\t\n\t\t\t\t\t\t\t\n\t\t\t\t\t\t\t<div class=\"tg-expert entry-content\">\n\t\t\t\t\t\t\t\t<p>Nejv\u011bt\u0161\u00ed p\u0159ehl\u00eddka digit\u00e1ln\u00ed a kreativn\u00ed kultury Signal Festival pokra\u010duje v \u00fasp\u011b\u0161n\u00e9 spolupr\u00e1ci se zna\u010dkou glo\u2122. D\u00edky tomu i letos doprovodn\u00fd<\/p>\n\t\t\t\t\t\t\t<\/div>\n\n\t\t\t\t\t\t<\/div>\n\t\t\t\t\t\t\t\t\t\t\t\t\t\t\t\t\t\t<\/div>\n\n\t\t\t\t\t\n\t\t\t\t\t<div class=\"tg-col-control\">\n\t\t\t\t\t\t<div class=\"tg_module_block tg-first-block\">\n\t\t\t\t\t\t\t\t\t\t\t\t\t\t\t\t\t\t\t\t\t\t\t\t\t\t<figure class=\"tg-module-thumb\">\n\t\t\t\t\t\t\t\t\t\t\t<a href=\"https:\/\/www.iforbes.cz\/index.php\/2025\/09\/12\/renata-vesecka-v-podcastu-slepa-spravedlnost-promluvila-o-temnych-kapitolach-sve-profesni-kariery\/\" class=\"tg-thumb-link\">\n\t\t\t<img width=\"392\" height=\"272\" src=\"https:\/\/www.iforbes.cz\/wp-content\/uploads\/2025\/09\/PXL_20250806_074724598.MP_-392x272.jpg\" class=\"attachment-colormag-highlighted-post size-colormag-highlighted-post wp-post-image\" alt=\"\" loading=\"lazy\" srcset=\"https:\/\/www.iforbes.cz\/wp-content\/uploads\/2025\/09\/PXL_20250806_074724598.MP_-392x272.jpg 392w, https:\/\/www.iforbes.cz\/wp-content\/uploads\/2025\/09\/PXL_20250806_074724598.MP_-130x90.jpg 130w, https:\/\/www.iforbes.cz\/wp-content\/uploads\/2025\/09\/PXL_20250806_074724598.MP_-600x417.jpg 600w\" sizes=\"(max-width: 392px) 100vw, 392px\" \/>\t\t<\/a>\n\t\t<div class=\"tg-post-categories\"><a href=\"https:\/\/www.iforbes.cz\/index.php\/category\/life-style\/\" class=\"tg-post-category\" rel=\"category tag\">Life style<\/a>&nbsp;<\/div>\t\t\t\t\t\t\t\t<\/figure>\n\t\t\t\t\t\t\t\t\n\t\t\t\t\t\t\t\t\t\t\t\t\t\t\t\t\t\t\t\n\t\t\t\t\t\t\t\t\t<h3 class=\"tg-module-title entry-title\">\n\t\t\t<a href=\"https:\/\/www.iforbes.cz\/index.php\/2025\/09\/12\/renata-vesecka-v-podcastu-slepa-spravedlnost-promluvila-o-temnych-kapitolach-sve-profesni-kariery\/\">Renata Veseck\u00e1 v podcastu Slep\u00e1 spravedlnost promluvila o temn\u00fdch kapitol\u00e1ch sv\u00e9 profesn\u00ed kari\u00e9ry<\/a>\n\t\t<\/h3>\n\t\t\t\t\t\t\t\t\t\t\t\t\t\t\n\t\t\t\t\t\t\t\n\t\t<div class=\"tg-module-meta\">\n\t\t\t\n\t\t\t<span class=\"tg-post-date entry-date\">\n\t\t\t\t<a href=\"https:\/\/www.iforbes.cz\/index.php\/2025\/09\/12\/renata-vesecka-v-podcastu-slepa-spravedlnost-promluvila-o-temnych-kapitolach-sve-profesni-kariery\/\" rel=\"bookmark\"><time class=\"entry-date published updated\" datetime=\"2025-09-12T13:54:05+00:00\">12 z\u00e1\u0159\u00ed, 2025<\/time><\/a>\t\t\t<\/span>\n\n\t\t\t<span class=\"tg-post-auther-name author vcard\">\n\t\t\t\t<a class=\"url fn n\" href=\"https:\/\/www.iforbes.cz\/index.php\/author\/iforbescz\/\">iforbescz<\/a>\t\t\t<\/span>\n\n\t\t\t\t\t\t\t<span class=\"tg-module-comments\">\n\t\t\t\t\t<a href=\"https:\/\/www.iforbes.cz\/index.php\/2025\/09\/12\/renata-vesecka-v-podcastu-slepa-spravedlnost-promluvila-o-temnych-kapitolach-sve-profesni-kariery\/#respond\">0<\/a>\t\t\t\t<\/span>\n\t\t\t\t\t<\/div>\n\n\t\t\t\t\t\t\t\t\t\t\t\t\t\t\n\t\t\t\t\t\t\t\n\t\t\t\t\t\t\t<div class=\"tg-expert entry-content\">\n\t\t\t\t\t\t\t\t<p>Renata Veseck\u00e1 p\u016fsobila na r\u016fzn\u00fdch \u00farovn\u00edch syst\u00e9mu st\u00e1tn\u00edho zastupitelstv\u00ed v dob\u011b, kdy justic\u00ed ot\u0159\u00e1saly nejv\u011bt\u0161\u00ed kauzy polistopadov\u00e9 \u00e9ry. V nov\u00e9m<\/p>\n\t\t\t\t\t\t\t<\/div>\n\n\t\t\t\t\t\t<\/div>\n\t\t\t\t\t\t\t\t\t\t\t\t\t\t\t\t\t\t<\/div>\n\n\t\t\t\t\t\n\t\t\t\t\t<div class=\"tg-col-control\">\n\t\t\t\t\t\t<div class=\"tg_module_block tg-first-block\">\n\t\t\t\t\t\t\t\t\t\t\t\t\t\t\t\t\t\t\t\t\t\t\t\t\t\t<figure class=\"tg-module-thumb\">\n\t\t\t\t\t\t\t\t\t\t\t<a href=\"https:\/\/www.iforbes.cz\/index.php\/2025\/09\/11\/dokumentarni-film-o-jarkovi-nohavicovi-boduje-po-cele-republice\/\" class=\"tg-thumb-link\">\n\t\t\t<img width=\"392\" height=\"272\" src=\"https:\/\/www.iforbes.cz\/wp-content\/uploads\/2025\/09\/JAREK_04_00009583-2-392x272.jpg\" class=\"attachment-colormag-highlighted-post size-colormag-highlighted-post wp-post-image\" alt=\"\" loading=\"lazy\" srcset=\"https:\/\/www.iforbes.cz\/wp-content\/uploads\/2025\/09\/JAREK_04_00009583-2-392x272.jpg 392w, https:\/\/www.iforbes.cz\/wp-content\/uploads\/2025\/09\/JAREK_04_00009583-2-130x90.jpg 130w, https:\/\/www.iforbes.cz\/wp-content\/uploads\/2025\/09\/JAREK_04_00009583-2-600x417.jpg 600w\" sizes=\"(max-width: 392px) 100vw, 392px\" \/>\t\t<\/a>\n\t\t<div class=\"tg-post-categories\"><a href=\"https:\/\/www.iforbes.cz\/index.php\/category\/life-style\/\" class=\"tg-post-category\" rel=\"category tag\">Life style<\/a>&nbsp;<\/div>\t\t\t\t\t\t\t\t<\/figure>\n\t\t\t\t\t\t\t\t\n\t\t\t\t\t\t\t\t\t\t\t\t\t\t\t\t\t\t\t\n\t\t\t\t\t\t\t\t\t<h3 class=\"tg-module-title entry-title\">\n\t\t\t<a href=\"https:\/\/www.iforbes.cz\/index.php\/2025\/09\/11\/dokumentarni-film-o-jarkovi-nohavicovi-boduje-po-cele-republice\/\">Dokument\u00e1rn\u00ed film o Jarkovi Nohavicovi boduje po cel\u00e9 republice<\/a>\n\t\t<\/h3>\n\t\t\t\t\t\t\t\t\t\t\t\t\t\t\n\t\t\t\t\t\t\t\n\t\t<div class=\"tg-module-meta\">\n\t\t\t\n\t\t\t<span class=\"tg-post-date entry-date\">\n\t\t\t\t<a href=\"https:\/\/www.iforbes.cz\/index.php\/2025\/09\/11\/dokumentarni-film-o-jarkovi-nohavicovi-boduje-po-cele-republice\/\" rel=\"bookmark\"><time class=\"entry-date published updated\" datetime=\"2025-09-11T14:04:37+00:00\">11 z\u00e1\u0159\u00ed, 2025<\/time><\/a>\t\t\t<\/span>\n\n\t\t\t<span class=\"tg-post-auther-name author vcard\">\n\t\t\t\t<a class=\"url fn n\" href=\"https:\/\/www.iforbes.cz\/index.php\/author\/iforbescz\/\">iforbescz<\/a>\t\t\t<\/span>\n\n\t\t\t\t\t\t\t<span class=\"tg-module-comments\">\n\t\t\t\t\t<a href=\"https:\/\/www.iforbes.cz\/index.php\/2025\/09\/11\/dokumentarni-film-o-jarkovi-nohavicovi-boduje-po-cele-republice\/#respond\">0<\/a>\t\t\t\t<\/span>\n\t\t\t\t\t<\/div>\n\n\t\t\t\t\t\t\t\t\t\t\t\t\t\t\n\t\t\t\t\t\t\t\n\t\t\t\t\t\t\t<div class=\"tg-expert entry-content\">\n\t\t\t\t\t\t\t\t<p>Dokument\u00e1rn\u00ed film Jarek o p\u00edsni\u010dk\u00e1\u0159i Jarom\u00edru Nohavicovi zaznamenal v z\u00e1\u0159\u00ed mimo\u0159\u00e1dn\u00fd \u00fasp\u011bch \u2013 krom\u011b poko\u0159en\u00ed n\u00e1v\u0161t\u011bvnick\u00e9ho rekordu karvinsk\u00e9ho letn\u00edho kina<\/p>\n\t\t\t\t\t\t\t<\/div>\n\n\t\t\t\t\t\t<\/div>\n\t\t\t\t\t\t\t\t\t\t\t\t\t\t\t\t\t\t<\/div>\n\n\t\t\t\t\t\n\t\t\t\t\t<div class=\"tg-col-control\">\n\t\t\t\t\t\t<div class=\"tg_module_block tg-first-block\">\n\t\t\t\t\t\t\t\t\t\t\t\t\t\t\t\t\t\t\t\t\t\t\t\t\t\t<figure class=\"tg-module-thumb\">\n\t\t\t\t\t\t\t\t\t\t\t<a href=\"https:\/\/www.iforbes.cz\/index.php\/2025\/09\/09\/podzim-se-blizi-posilnete-svou-imunitu-s-pomoci-mineralu\/\" class=\"tg-thumb-link\">\n\t\t\t<img width=\"392\" height=\"272\" src=\"https:\/\/www.iforbes.cz\/wp-content\/uploads\/2025\/09\/Harmonizujici-voda-energie-2-392x272.jpg\" class=\"attachment-colormag-highlighted-post size-colormag-highlighted-post wp-post-image\" alt=\"\" loading=\"lazy\" srcset=\"https:\/\/www.iforbes.cz\/wp-content\/uploads\/2025\/09\/Harmonizujici-voda-energie-2-392x272.jpg 392w, https:\/\/www.iforbes.cz\/wp-content\/uploads\/2025\/09\/Harmonizujici-voda-energie-2-130x90.jpg 130w, https:\/\/www.iforbes.cz\/wp-content\/uploads\/2025\/09\/Harmonizujici-voda-energie-2-600x417.jpg 600w\" sizes=\"(max-width: 392px) 100vw, 392px\" \/>\t\t<\/a>\n\t\t<div class=\"tg-post-categories\"><a href=\"https:\/\/www.iforbes.cz\/index.php\/category\/life-style\/\" class=\"tg-post-category\" rel=\"category tag\">Life style<\/a>&nbsp;<\/div>\t\t\t\t\t\t\t\t<\/figure>\n\t\t\t\t\t\t\t\t\n\t\t\t\t\t\t\t\t\t\t\t\t\t\t\t\t\t\t\t\n\t\t\t\t\t\t\t\t\t<h3 class=\"tg-module-title entry-title\">\n\t\t\t<a href=\"https:\/\/www.iforbes.cz\/index.php\/2025\/09\/09\/podzim-se-blizi-posilnete-svou-imunitu-s-pomoci-mineralu\/\">Podzim se bl\u00ed\u017e\u00ed. Posiln\u011bte svou imunitu s pomoc\u00ed miner\u00e1l\u016f<\/a>\n\t\t<\/h3>\n\t\t\t\t\t\t\t\t\t\t\t\t\t\t\n\t\t\t\t\t\t\t\n\t\t<div class=\"tg-module-meta\">\n\t\t\t\n\t\t\t<span class=\"tg-post-date entry-date\">\n\t\t\t\t<a href=\"https:\/\/www.iforbes.cz\/index.php\/2025\/09\/09\/podzim-se-blizi-posilnete-svou-imunitu-s-pomoci-mineralu\/\" rel=\"bookmark\"><time class=\"entry-date published updated\" datetime=\"2025-09-09T08:59:23+00:00\">9 z\u00e1\u0159\u00ed, 2025<\/time><\/a>\t\t\t<\/span>\n\n\t\t\t<span class=\"tg-post-auther-name author vcard\">\n\t\t\t\t<a class=\"url fn n\" href=\"https:\/\/www.iforbes.cz\/index.php\/author\/iforbescz\/\">iforbescz<\/a>\t\t\t<\/span>\n\n\t\t\t\t\t\t\t<span class=\"tg-module-comments\">\n\t\t\t\t\t<a href=\"https:\/\/www.iforbes.cz\/index.php\/2025\/09\/09\/podzim-se-blizi-posilnete-svou-imunitu-s-pomoci-mineralu\/#respond\">0<\/a>\t\t\t\t<\/span>\n\t\t\t\t\t<\/div>\n\n\t\t\t\t\t\t\t\t\t\t\t\t\t\t\n\t\t\t\t\t\t\t\n\t\t\t\t\t\t\t<div class=\"tg-expert entry-content\">\n\t\t\t\t\t\t\t\t<p>Z\u00e1\u0159\u00ed je tady a s n\u00edm i krat\u0161\u00ed dny, m\u00e9n\u011b slune\u010dn\u00edho sv\u011btla, chladn\u011bj\u0161\u00ed po\u010das\u00ed a nekone\u010dn\u00fd koloto\u010d povinnost\u00ed, kter\u00fd mnoh\u00e9<\/p>\n\t\t\t\t\t\t\t<\/div>\n\n\t\t\t\t\t\t<\/div>\n\t\t\t\t\t\t\t\t\t\t\t\t\t\t\t\t\t\t<\/div>\n\n\t\t\t\t\t\n\t\t\t\t\t<div class=\"tg-col-control\">\n\t\t\t\t\t\t<div class=\"tg_module_block tg-first-block\">\n\t\t\t\t\t\t\t\t\t\t\t\t\t\t\t\t\t\t\t\t\t\t\t\t\t\t<figure class=\"tg-module-thumb\">\n\t\t\t\t\t\t\t\t\t\t\t<a href=\"https:\/\/www.iforbes.cz\/index.php\/2025\/09\/02\/na-praze-7-otevrel-premiovy-butik-pro-psy-a-kocky\/\" class=\"tg-thumb-link\">\n\t\t\t<img width=\"392\" height=\"272\" src=\"https:\/\/www.iforbes.cz\/wp-content\/uploads\/2025\/09\/Pre\u0301miovy\u0301-butik-WE-LOVE-DOGS1-392x272.jpg\" class=\"attachment-colormag-highlighted-post size-colormag-highlighted-post wp-post-image\" alt=\"\" loading=\"lazy\" srcset=\"https:\/\/www.iforbes.cz\/wp-content\/uploads\/2025\/09\/Pre\u0301miovy\u0301-butik-WE-LOVE-DOGS1-392x272.jpg 392w, https:\/\/www.iforbes.cz\/wp-content\/uploads\/2025\/09\/Pre\u0301miovy\u0301-butik-WE-LOVE-DOGS1-130x90.jpg 130w, https:\/\/www.iforbes.cz\/wp-content\/uploads\/2025\/09\/Pre\u0301miovy\u0301-butik-WE-LOVE-DOGS1-600x417.jpg 600w\" sizes=\"(max-width: 392px) 100vw, 392px\" \/>\t\t<\/a>\n\t\t<div class=\"tg-post-categories\"><a href=\"https:\/\/www.iforbes.cz\/index.php\/category\/life-style\/\" class=\"tg-post-category\" rel=\"category tag\">Life style<\/a>&nbsp;<\/div>\t\t\t\t\t\t\t\t<\/figure>\n\t\t\t\t\t\t\t\t\n\t\t\t\t\t\t\t\t\t\t\t\t\t\t\t\t\t\t\t\n\t\t\t\t\t\t\t\t\t<h3 class=\"tg-module-title entry-title\">\n\t\t\t<a href=\"https:\/\/www.iforbes.cz\/index.php\/2025\/09\/02\/na-praze-7-otevrel-premiovy-butik-pro-psy-a-kocky\/\">Na Praze 7 otev\u0159el pr\u00e9miov\u00fd butik pro psy a ko\u010dky<\/a>\n\t\t<\/h3>\n\t\t\t\t\t\t\t\t\t\t\t\t\t\t\n\t\t\t\t\t\t\t\n\t\t<div class=\"tg-module-meta\">\n\t\t\t\n\t\t\t<span class=\"tg-post-date entry-date\">\n\t\t\t\t<a href=\"https:\/\/www.iforbes.cz\/index.php\/2025\/09\/02\/na-praze-7-otevrel-premiovy-butik-pro-psy-a-kocky\/\" rel=\"bookmark\"><time class=\"entry-date published updated\" datetime=\"2025-09-02T12:46:00+00:00\">2 z\u00e1\u0159\u00ed, 2025<\/time><\/a>\t\t\t<\/span>\n\n\t\t\t<span class=\"tg-post-auther-name author vcard\">\n\t\t\t\t<a class=\"url fn n\" href=\"https:\/\/www.iforbes.cz\/index.php\/author\/iforbescz\/\">iforbescz<\/a>\t\t\t<\/span>\n\n\t\t\t\t\t\t\t<span class=\"tg-module-comments\">\n\t\t\t\t\t<a href=\"https:\/\/www.iforbes.cz\/index.php\/2025\/09\/02\/na-praze-7-otevrel-premiovy-butik-pro-psy-a-kocky\/#respond\">0<\/a>\t\t\t\t<\/span>\n\t\t\t\t\t<\/div>\n\n\t\t\t\t\t\t\t\t\t\t\t\t\t\t\n\t\t\t\t\t\t\t\n\t\t\t\t\t\t\t<div class=\"tg-expert entry-content\">\n\t\t\t\t\t\t\t\t<p>Na adrese Veletr\u017en\u00ed 42 se otev\u00edr\u00e1 m\u00edsto, kde se design, kvalita a \u0161pi\u010dkov\u00e1 p\u00e9\u010de potk\u00e1vaj\u00ed s l\u00e1skou k mazl\u00ed\u010dk\u016fm. Nov\u00fd<\/p>\n\t\t\t\t\t\t\t<\/div>\n\n\t\t\t\t\t\t<\/div>\n\t\t\t\t\t\t\t\t\t\t\t\t\t\t\t\t\t\t<\/div>\n\n\t\t\t\t\t\n\t\t\t\t\t<div class=\"tg-col-control\">\n\t\t\t\t\t\t<div class=\"tg_module_block tg-first-block\">\n\t\t\t\t\t\t\t\t\t\t\t\t\t\t\t\t\t\t\t\t\t\t\t\t\t\t<figure class=\"tg-module-thumb\">\n\t\t\t\t\t\t\t\t\t\t\t<a href=\"https:\/\/www.iforbes.cz\/index.php\/2025\/08\/19\/slansky-open-air-valnik-vstupuje-do-druheho-ctvrtstoleti-s-30-kapelami\/\" class=\"tg-thumb-link\">\n\t\t\t<img width=\"392\" height=\"272\" src=\"https:\/\/www.iforbes.cz\/wp-content\/uploads\/2025\/08\/FFO-392x272.jpg\" class=\"attachment-colormag-highlighted-post size-colormag-highlighted-post wp-post-image\" alt=\"\" loading=\"lazy\" srcset=\"https:\/\/www.iforbes.cz\/wp-content\/uploads\/2025\/08\/FFO-392x272.jpg 392w, https:\/\/www.iforbes.cz\/wp-content\/uploads\/2025\/08\/FFO-130x90.jpg 130w, https:\/\/www.iforbes.cz\/wp-content\/uploads\/2025\/08\/FFO-600x417.jpg 600w\" sizes=\"(max-width: 392px) 100vw, 392px\" \/>\t\t<\/a>\n\t\t<div class=\"tg-post-categories\"><a href=\"https:\/\/www.iforbes.cz\/index.php\/category\/life-style\/\" class=\"tg-post-category\" rel=\"category tag\">Life style<\/a>&nbsp;<\/div>\t\t\t\t\t\t\t\t<\/figure>\n\t\t\t\t\t\t\t\t\n\t\t\t\t\t\t\t\t\t\t\t\t\t\t\t\t\t\t\t\n\t\t\t\t\t\t\t\t\t<h3 class=\"tg-module-title entry-title\">\n\t\t\t<a href=\"https:\/\/www.iforbes.cz\/index.php\/2025\/08\/19\/slansky-open-air-valnik-vstupuje-do-druheho-ctvrtstoleti-s-30-kapelami\/\">Sl\u00e1nsk\u00fd open air VALN\u00cdK vstupuje do druh\u00e9ho \u010dtvrtstolet\u00ed s 30 kapelami<\/a>\n\t\t<\/h3>\n\t\t\t\t\t\t\t\t\t\t\t\t\t\t\n\t\t\t\t\t\t\t\n\t\t<div class=\"tg-module-meta\">\n\t\t\t\n\t\t\t<span class=\"tg-post-date entry-date\">\n\t\t\t\t<a href=\"https:\/\/www.iforbes.cz\/index.php\/2025\/08\/19\/slansky-open-air-valnik-vstupuje-do-druheho-ctvrtstoleti-s-30-kapelami\/\" rel=\"bookmark\"><time class=\"entry-date published updated\" datetime=\"2025-08-19T07:57:51+00:00\">19 srpna, 2025<\/time><\/a>\t\t\t<\/span>\n\n\t\t\t<span class=\"tg-post-auther-name author vcard\">\n\t\t\t\t<a class=\"url fn n\" href=\"https:\/\/www.iforbes.cz\/index.php\/author\/iforbescz\/\">iforbescz<\/a>\t\t\t<\/span>\n\n\t\t\t\t\t\t\t<span class=\"tg-module-comments\">\n\t\t\t\t\t<a href=\"https:\/\/www.iforbes.cz\/index.php\/2025\/08\/19\/slansky-open-air-valnik-vstupuje-do-druheho-ctvrtstoleti-s-30-kapelami\/#respond\">0<\/a>\t\t\t\t<\/span>\n\t\t\t\t\t<\/div>\n\n\t\t\t\t\t\t\t\t\t\t\t\t\t\t\n\t\t\t\t\t\t\t\n\t\t\t\t\t\t\t<div class=\"tg-expert entry-content\">\n\t\t\t\t\t\t\t\t<p>Ji\u017e dvac\u00e1t\u00fd \u0161est\u00fd ro\u010dn\u00edk sl\u00e1nsk\u00e9ho hudebn\u00edho open air festivalu VALN\u00cdK se uskute\u010dn\u00ed jako ji\u017e obvykle p\u0159edposledn\u00ed srpnov\u00fd v\u00edkend v p\u0159\u00edjemn\u00e9m<\/p>\n\t\t\t\t\t\t\t<\/div>\n\n\t\t\t\t\t\t<\/div>\n\t\t\t\t\t\t\t\t\t\t\t\t\t\t\t\t\t\t<\/div>\n\n\t\t\t\t\t\n\t\t\t\t\t<div class=\"tg-col-control\">\n\t\t\t\t\t\t<div class=\"tg_module_block tg-first-block\">\n\t\t\t\t\t\t\t\t\t\t\t\t\t\t\t\t\t\t\t\t\t\t\t\t\t\t<figure class=\"tg-module-thumb\">\n\t\t\t\t\t\t\t\t\t\t\t<a href=\"https:\/\/www.iforbes.cz\/index.php\/2025\/08\/18\/usnadnete-detem-start-skolniho-roku-pomoci-mineralu\/\" class=\"tg-thumb-link\">\n\t\t\t<img width=\"392\" height=\"272\" src=\"https:\/\/www.iforbes.cz\/wp-content\/uploads\/2025\/08\/Citrin-troml-do-kapsy--392x272.jpg\" class=\"attachment-colormag-highlighted-post size-colormag-highlighted-post wp-post-image\" alt=\"\" loading=\"lazy\" srcset=\"https:\/\/www.iforbes.cz\/wp-content\/uploads\/2025\/08\/Citrin-troml-do-kapsy--392x272.jpg 392w, https:\/\/www.iforbes.cz\/wp-content\/uploads\/2025\/08\/Citrin-troml-do-kapsy--130x90.jpg 130w, https:\/\/www.iforbes.cz\/wp-content\/uploads\/2025\/08\/Citrin-troml-do-kapsy--600x417.jpg 600w\" sizes=\"(max-width: 392px) 100vw, 392px\" \/>\t\t<\/a>\n\t\t<div class=\"tg-post-categories\"><a href=\"https:\/\/www.iforbes.cz\/index.php\/category\/life-style\/\" class=\"tg-post-category\" rel=\"category tag\">Life style<\/a>&nbsp;<\/div>\t\t\t\t\t\t\t\t<\/figure>\n\t\t\t\t\t\t\t\t\n\t\t\t\t\t\t\t\t\t\t\t\t\t\t\t\t\t\t\t\n\t\t\t\t\t\t\t\t\t<h3 class=\"tg-module-title entry-title\">\n\t\t\t<a href=\"https:\/\/www.iforbes.cz\/index.php\/2025\/08\/18\/usnadnete-detem-start-skolniho-roku-pomoci-mineralu\/\">Usnadn\u011bte d\u011btem start \u0161koln\u00edho roku pomoc\u00ed miner\u00e1l\u016f<\/a>\n\t\t<\/h3>\n\t\t\t\t\t\t\t\t\t\t\t\t\t\t\n\t\t\t\t\t\t\t\n\t\t<div class=\"tg-module-meta\">\n\t\t\t\n\t\t\t<span class=\"tg-post-date entry-date\">\n\t\t\t\t<a href=\"https:\/\/www.iforbes.cz\/index.php\/2025\/08\/18\/usnadnete-detem-start-skolniho-roku-pomoci-mineralu\/\" rel=\"bookmark\"><time class=\"entry-date published updated\" datetime=\"2025-08-18T13:39:03+00:00\">18 srpna, 2025<\/time><\/a>\t\t\t<\/span>\n\n\t\t\t<span class=\"tg-post-auther-name author vcard\">\n\t\t\t\t<a class=\"url fn n\" href=\"https:\/\/www.iforbes.cz\/index.php\/author\/iforbescz\/\">iforbescz<\/a>\t\t\t<\/span>\n\n\t\t\t\t\t\t\t<span class=\"tg-module-comments\">\n\t\t\t\t\t<a href=\"https:\/\/www.iforbes.cz\/index.php\/2025\/08\/18\/usnadnete-detem-start-skolniho-roku-pomoci-mineralu\/#respond\">0<\/a>\t\t\t\t<\/span>\n\t\t\t\t\t<\/div>\n\n\t\t\t\t\t\t\t\t\t\t\t\t\t\t\n\t\t\t\t\t\t\t\n\t\t\t\t\t\t\t<div class=\"tg-expert entry-content\">\n\t\t\t\t\t\t\t\t<p>\u0160koln\u00ed rok u\u017e pomalu klepe na dve\u0159e a s n\u00edm p\u0159ich\u00e1z\u00ed i nov\u00e9 v\u00fdzvy \u2013 zm\u011bna re\u017eimu, zkou\u0161en\u00ed, kolektivn\u00ed stres,<\/p>\n\t\t\t\t\t\t\t<\/div>\n\n\t\t\t\t\t\t<\/div>\n\t\t\t\t\t\t\t\t\t\t\t\t\t\t\t\t\t\t<\/div>\n\n\t\t\t\t\t\n\t\t\t\t\t<div class=\"tg-col-control\">\n\t\t\t\t\t\t<div class=\"tg_module_block tg-first-block\">\n\t\t\t\t\t\t\t\t\t\t\t\t\t\t\t\t\t\t\t\t\t\t\t\t\t\t<figure class=\"tg-module-thumb\">\n\t\t\t\t\t\t\t\t\t\t\t<a href=\"https:\/\/www.iforbes.cz\/index.php\/2025\/08\/06\/atelier-janine-uvadi-novou-kolekci-s-dominikou-haskovou-a-filipem-prokopem\/\" class=\"tg-thumb-link\">\n\t\t\t<img width=\"392\" height=\"272\" src=\"https:\/\/www.iforbes.cz\/wp-content\/uploads\/2025\/08\/97-JanineVanguard-96-1-392x272.jpg\" class=\"attachment-colormag-highlighted-post size-colormag-highlighted-post wp-post-image\" alt=\"\" loading=\"lazy\" srcset=\"https:\/\/www.iforbes.cz\/wp-content\/uploads\/2025\/08\/97-JanineVanguard-96-1-392x272.jpg 392w, https:\/\/www.iforbes.cz\/wp-content\/uploads\/2025\/08\/97-JanineVanguard-96-1-130x90.jpg 130w, https:\/\/www.iforbes.cz\/wp-content\/uploads\/2025\/08\/97-JanineVanguard-96-1-600x417.jpg 600w\" sizes=\"(max-width: 392px) 100vw, 392px\" \/>\t\t<\/a>\n\t\t<div class=\"tg-post-categories\"><a href=\"https:\/\/www.iforbes.cz\/index.php\/category\/life-style\/\" class=\"tg-post-category\" rel=\"category tag\">Life style<\/a>&nbsp;<\/div>\t\t\t\t\t\t\t\t<\/figure>\n\t\t\t\t\t\t\t\t\n\t\t\t\t\t\t\t\t\t\t\t\t\t\t\t\t\t\t\t\n\t\t\t\t\t\t\t\t\t<h3 class=\"tg-module-title entry-title\">\n\t\t\t<a href=\"https:\/\/www.iforbes.cz\/index.php\/2025\/08\/06\/atelier-janine-uvadi-novou-kolekci-s-dominikou-haskovou-a-filipem-prokopem\/\">Ateli\u00e9r Janine uv\u00e1d\u00ed novou kolekci s Dominikou Ha\u0161kovou a Filipem Prokopem<\/a>\n\t\t<\/h3>\n\t\t\t\t\t\t\t\t\t\t\t\t\t\t\n\t\t\t\t\t\t\t\n\t\t<div class=\"tg-module-meta\">\n\t\t\t\n\t\t\t<span class=\"tg-post-date entry-date\">\n\t\t\t\t<a href=\"https:\/\/www.iforbes.cz\/index.php\/2025\/08\/06\/atelier-janine-uvadi-novou-kolekci-s-dominikou-haskovou-a-filipem-prokopem\/\" rel=\"bookmark\"><time class=\"entry-date published updated\" datetime=\"2025-08-06T12:57:50+00:00\">6 srpna, 2025<\/time><\/a>\t\t\t<\/span>\n\n\t\t\t<span class=\"tg-post-auther-name author vcard\">\n\t\t\t\t<a class=\"url fn n\" href=\"https:\/\/www.iforbes.cz\/index.php\/author\/iforbescz\/\">iforbescz<\/a>\t\t\t<\/span>\n\n\t\t\t\t\t\t\t<span class=\"tg-module-comments\">\n\t\t\t\t\t<a href=\"https:\/\/www.iforbes.cz\/index.php\/2025\/08\/06\/atelier-janine-uvadi-novou-kolekci-s-dominikou-haskovou-a-filipem-prokopem\/#respond\">0<\/a>\t\t\t\t<\/span>\n\t\t\t\t\t<\/div>\n\n\t\t\t\t\t\t\t\t\t\t\t\t\t\t\n\t\t\t\t\t\t\t\n\t\t\t\t\t\t\t<div class=\"tg-expert entry-content\">\n\t\t\t\t\t\t\t\t<p>Kolekce, kter\u00e1 balancuje na hran\u011b reality v\u0161edn\u00edch dn\u00ed a sn\u016f, kter\u00e9 si chceme dovolit. Mezi m\u011bstem a nebem p\u0159in\u00e1\u0161\u00ed autorsk\u00e9<\/p>\n\t\t\t\t\t\t\t<\/div>\n\n\t\t\t\t\t\t<\/div>\n\t\t\t\t\t\t\t\t\t\t\t\t\t\t\t\t\t\t<\/div>\n\n\t\t\t\t\t\n\t\t\t\t\t<div class=\"tg-col-control\">\n\t\t\t\t\t\t<div class=\"tg_module_block tg-first-block\">\n\t\t\t\t\t\t\t\t\t\t\t\t\t\t\t\t\t\t\t\t\t\t\t\t\t\t<figure class=\"tg-module-thumb\">\n\t\t\t\t\t\t\t\t\t\t\t<a href=\"https:\/\/www.iforbes.cz\/index.php\/2025\/06\/13\/gin-je-i-letos-bezesporu-letni-stalici\/\" class=\"tg-thumb-link\">\n\t\t\t<img width=\"392\" height=\"272\" src=\"https:\/\/www.iforbes.cz\/wp-content\/uploads\/2025\/06\/AdobeStock_99853642-392x272.jpeg\" class=\"attachment-colormag-highlighted-post size-colormag-highlighted-post wp-post-image\" alt=\"\" loading=\"lazy\" srcset=\"https:\/\/www.iforbes.cz\/wp-content\/uploads\/2025\/06\/AdobeStock_99853642-392x272.jpeg 392w, https:\/\/www.iforbes.cz\/wp-content\/uploads\/2025\/06\/AdobeStock_99853642-130x90.jpeg 130w, https:\/\/www.iforbes.cz\/wp-content\/uploads\/2025\/06\/AdobeStock_99853642-600x417.jpeg 600w\" sizes=\"(max-width: 392px) 100vw, 392px\" \/>\t\t<\/a>\n\t\t<div class=\"tg-post-categories\"><a href=\"https:\/\/www.iforbes.cz\/index.php\/category\/life-style\/\" class=\"tg-post-category\" rel=\"category tag\">Life style<\/a>&nbsp;<\/div>\t\t\t\t\t\t\t\t<\/figure>\n\t\t\t\t\t\t\t\t\n\t\t\t\t\t\t\t\t\t\t\t\t\t\t\t\t\t\t\t\n\t\t\t\t\t\t\t\t\t<h3 class=\"tg-module-title entry-title\">\n\t\t\t<a href=\"https:\/\/www.iforbes.cz\/index.php\/2025\/06\/13\/gin-je-i-letos-bezesporu-letni-stalici\/\">Gin je i letos bezesporu letn\u00ed st\u00e1lic\u00ed<\/a>\n\t\t<\/h3>\n\t\t\t\t\t\t\t\t\t\t\t\t\t\t\n\t\t\t\t\t\t\t\n\t\t<div class=\"tg-module-meta\">\n\t\t\t\n\t\t\t<span class=\"tg-post-date entry-date\">\n\t\t\t\t<a href=\"https:\/\/www.iforbes.cz\/index.php\/2025\/06\/13\/gin-je-i-letos-bezesporu-letni-stalici\/\" rel=\"bookmark\"><time class=\"entry-date published updated\" datetime=\"2025-06-13T11:36:43+00:00\">13 \u010dervna, 2025<\/time><\/a>\t\t\t<\/span>\n\n\t\t\t<span class=\"tg-post-auther-name author vcard\">\n\t\t\t\t<a class=\"url fn n\" href=\"https:\/\/www.iforbes.cz\/index.php\/author\/iforbescz\/\">iforbescz<\/a>\t\t\t<\/span>\n\n\t\t\t\t\t\t\t<span class=\"tg-module-comments\">\n\t\t\t\t\t<a href=\"https:\/\/www.iforbes.cz\/index.php\/2025\/06\/13\/gin-je-i-letos-bezesporu-letni-stalici\/#respond\">0<\/a>\t\t\t\t<\/span>\n\t\t\t\t\t<\/div>\n\n\t\t\t\t\t\t\t\t\t\t\t\t\t\t\n\t\t\t\t\t\t\t\n\t\t\t\t\t\t\t<div class=\"tg-expert entry-content\">\n\t\t\t\t\t\t\t\t<p>S prvn\u00edm tepl\u00fdm ve\u010derem se \u010desk\u00e9 terasy, zahrady i bary prom\u011bn\u00ed v r\u00e1j pro milovn\u00edky gin &amp; tonicu. Gin je<\/p>\n\t\t\t\t\t\t\t<\/div>\n\n\t\t\t\t\t\t<\/div>\n\t\t\t\t\t\t\t\t\t\t\t\t\t\t\t\t\t\t<\/div>\n\n\t\t\t\t\t\n\t\t\t\t\t<div class=\"tg-col-control\">\n\t\t\t\t\t\t<div class=\"tg_module_block tg-first-block\">\n\t\t\t\t\t\t\t\t\t\t\t\t\t\t\t\t\t\t\t\t\t\t\t\t\t\t<figure class=\"tg-module-thumb\">\n\t\t\t\t\t\t\t\t\t\t\t<a href=\"https:\/\/www.iforbes.cz\/index.php\/2025\/05\/30\/revoluce-technologii-prevraci-tabakovy-prumysl-naruby-rika-kingsley-wheaton-z-bat\/\" class=\"tg-thumb-link\">\n\t\t\t<img width=\"392\" height=\"272\" src=\"https:\/\/www.iforbes.cz\/wp-content\/uploads\/2025\/05\/Kingsley-Wheaton-2-392x272.jpg\" class=\"attachment-colormag-highlighted-post size-colormag-highlighted-post wp-post-image\" alt=\"\" loading=\"lazy\" srcset=\"https:\/\/www.iforbes.cz\/wp-content\/uploads\/2025\/05\/Kingsley-Wheaton-2-392x272.jpg 392w, https:\/\/www.iforbes.cz\/wp-content\/uploads\/2025\/05\/Kingsley-Wheaton-2-130x90.jpg 130w, https:\/\/www.iforbes.cz\/wp-content\/uploads\/2025\/05\/Kingsley-Wheaton-2-600x417.jpg 600w\" sizes=\"(max-width: 392px) 100vw, 392px\" \/>\t\t<\/a>\n\t\t<div class=\"tg-post-categories\"><a href=\"https:\/\/www.iforbes.cz\/index.php\/category\/life-style\/\" class=\"tg-post-category\" rel=\"category tag\">Life style<\/a>&nbsp;<\/div>\t\t\t\t\t\t\t\t<\/figure>\n\t\t\t\t\t\t\t\t\n\t\t\t\t\t\t\t\t\t\t\t\t\t\t\t\t\t\t\t\n\t\t\t\t\t\t\t\t\t<h3 class=\"tg-module-title entry-title\">\n\t\t\t<a href=\"https:\/\/www.iforbes.cz\/index.php\/2025\/05\/30\/revoluce-technologii-prevraci-tabakovy-prumysl-naruby-rika-kingsley-wheaton-z-bat\/\">Revoluce technologi\u00ed p\u0159evrac\u00ed tab\u00e1kov\u00fd pr\u016fmysl naruby, \u0159\u00edk\u00e1 Kingsley Wheaton z BAT<\/a>\n\t\t<\/h3>\n\t\t\t\t\t\t\t\t\t\t\t\t\t\t\n\t\t\t\t\t\t\t\n\t\t<div class=\"tg-module-meta\">\n\t\t\t\n\t\t\t<span class=\"tg-post-date entry-date\">\n\t\t\t\t<a href=\"https:\/\/www.iforbes.cz\/index.php\/2025\/05\/30\/revoluce-technologii-prevraci-tabakovy-prumysl-naruby-rika-kingsley-wheaton-z-bat\/\" rel=\"bookmark\"><time class=\"entry-date published updated\" datetime=\"2025-05-30T09:07:46+00:00\">30 kv\u011btna, 2025<\/time><\/a>\t\t\t<\/span>\n\n\t\t\t<span class=\"tg-post-auther-name author vcard\">\n\t\t\t\t<a class=\"url fn n\" href=\"https:\/\/www.iforbes.cz\/index.php\/author\/iforbescz\/\">iforbescz<\/a>\t\t\t<\/span>\n\n\t\t\t\t\t\t\t<span class=\"tg-module-comments\">\n\t\t\t\t\t<a href=\"https:\/\/www.iforbes.cz\/index.php\/2025\/05\/30\/revoluce-technologii-prevraci-tabakovy-prumysl-naruby-rika-kingsley-wheaton-z-bat\/#respond\">0<\/a>\t\t\t\t<\/span>\n\t\t\t\t\t<\/div>\n\n\t\t\t\t\t\t\t\t\t\t\t\t\t\t\n\t\t\t\t\t\t\t\n\t\t\t\t\t\t\t<div class=\"tg-expert entry-content\">\n\t\t\t\t\t\t\t\t<p>Elektronick\u00e9 cigarety, zah\u0159\u00edvan\u00fd tab\u00e1k a nikotinov\u00e9 s\u00e1\u010dky \u2013 je\u0161t\u011b p\u0159ed dv\u011bma dek\u00e1dami science-fiction, dnes ka\u017edodenn\u00ed realita pro miliony dosp\u011bl\u00fdch ku\u0159\u00e1k\u016f.<\/p>\n\t\t\t\t\t\t\t<\/div>\n\n\t\t\t\t\t\t<\/div>\n\t\t\t\t\t\t\t\t\t\t\t\t\t\t\t\t\t\t<\/div>\n\n\t\t\t\t\t\n\t\t\t\t\t<div class=\"tg-col-control\">\n\t\t\t\t\t\t<div class=\"tg_module_block tg-first-block\">\n\t\t\t\t\t\t\t\t\t\t\t\t\t\t\t\t\t\t\t\t\t\t\t\t\t\t<figure class=\"tg-module-thumb\">\n\t\t\t\t\t\t\t\t\t\t\t<a href=\"https:\/\/www.iforbes.cz\/index.php\/2025\/05\/21\/hostem-podcastu-slepa-spravedlnost-byl-byvaly-vojensky-prokurator-karel-bruckler\/\" class=\"tg-thumb-link\">\n\t\t\t<img width=\"392\" height=\"272\" src=\"https:\/\/www.iforbes.cz\/wp-content\/uploads\/2025\/05\/image003-392x272.png\" class=\"attachment-colormag-highlighted-post size-colormag-highlighted-post wp-post-image\" alt=\"\" loading=\"lazy\" srcset=\"https:\/\/www.iforbes.cz\/wp-content\/uploads\/2025\/05\/image003-392x272.png 392w, https:\/\/www.iforbes.cz\/wp-content\/uploads\/2025\/05\/image003-130x90.png 130w, https:\/\/www.iforbes.cz\/wp-content\/uploads\/2025\/05\/image003-600x417.png 600w\" sizes=\"(max-width: 392px) 100vw, 392px\" \/>\t\t<\/a>\n\t\t<div class=\"tg-post-categories\"><a href=\"https:\/\/www.iforbes.cz\/index.php\/category\/life-style\/\" class=\"tg-post-category\" rel=\"category tag\">Life style<\/a>&nbsp;<\/div>\t\t\t\t\t\t\t\t<\/figure>\n\t\t\t\t\t\t\t\t\n\t\t\t\t\t\t\t\t\t\t\t\t\t\t\t\t\t\t\t\n\t\t\t\t\t\t\t\t\t<h3 class=\"tg-module-title entry-title\">\n\t\t\t<a href=\"https:\/\/www.iforbes.cz\/index.php\/2025\/05\/21\/hostem-podcastu-slepa-spravedlnost-byl-byvaly-vojensky-prokurator-karel-bruckler\/\">Hostem podcastu Slep\u00e1 spravedlnost byl b\u00fdval\u00fd vojensk\u00fd prokur\u00e1tor Karel Br\u00fcckler<\/a>\n\t\t<\/h3>\n\t\t\t\t\t\t\t\t\t\t\t\t\t\t\n\t\t\t\t\t\t\t\n\t\t<div class=\"tg-module-meta\">\n\t\t\t\n\t\t\t<span class=\"tg-post-date entry-date\">\n\t\t\t\t<a href=\"https:\/\/www.iforbes.cz\/index.php\/2025\/05\/21\/hostem-podcastu-slepa-spravedlnost-byl-byvaly-vojensky-prokurator-karel-bruckler\/\" rel=\"bookmark\"><time class=\"entry-date published updated\" datetime=\"2025-05-21T07:28:47+00:00\">21 kv\u011btna, 2025<\/time><\/a>\t\t\t<\/span>\n\n\t\t\t<span class=\"tg-post-auther-name author vcard\">\n\t\t\t\t<a class=\"url fn n\" href=\"https:\/\/www.iforbes.cz\/index.php\/author\/iforbescz\/\">iforbescz<\/a>\t\t\t<\/span>\n\n\t\t\t\t\t\t\t<span class=\"tg-module-comments\">\n\t\t\t\t\t<a href=\"https:\/\/www.iforbes.cz\/index.php\/2025\/05\/21\/hostem-podcastu-slepa-spravedlnost-byl-byvaly-vojensky-prokurator-karel-bruckler\/#respond\">0<\/a>\t\t\t\t<\/span>\n\t\t\t\t\t<\/div>\n\n\t\t\t\t\t\t\t\t\t\t\t\t\t\t\n\t\t\t\t\t\t\t\n\t\t\t\t\t\t\t<div class=\"tg-expert entry-content\">\n\t\t\t\t\t\t\t\t<p>\u010ctve\u0159ice \u010desk\u00fdch voj\u00e1k\u016f \u010del\u00ed ob\u017ealob\u011b kv\u016fli smrti afgh\u00e1nsk\u00e9ho zajatce, k n\u00ed\u017e do\u0161lo po \u00fatoku na jejich jednotku v roce 2018.<\/p>\n\t\t\t\t\t\t\t<\/div>\n\n\t\t\t\t\t\t<\/div>\n\t\t\t\t\t\t\t\t\t\t\t\t\t\t\t\t\t\t<\/div>\n\n\t\t\t\t\t\n\t\t\t\t\t<div class=\"tg-col-control\">\n\t\t\t\t\t\t<div class=\"tg_module_block tg-first-block\">\n\t\t\t\t\t\t\t\t\t\t\t\t\t\t\t\t\t\t\t\t\t\t\t\t\t\t<figure class=\"tg-module-thumb\">\n\t\t\t\t\t\t\t\t\t\t\t<a href=\"https:\/\/www.iforbes.cz\/index.php\/2025\/04\/30\/rytmus-na-majalesu-v-praze-potvrdil-pozici-milovnika-luxusu-a-okazalosti\/\" class=\"tg-thumb-link\">\n\t\t\t<img width=\"392\" height=\"272\" src=\"https:\/\/www.iforbes.cz\/wp-content\/uploads\/2025\/04\/492045292_1220859019396806_7484648847792925136_n-392x272.jpg\" class=\"attachment-colormag-highlighted-post size-colormag-highlighted-post wp-post-image\" alt=\"\" loading=\"lazy\" srcset=\"https:\/\/www.iforbes.cz\/wp-content\/uploads\/2025\/04\/492045292_1220859019396806_7484648847792925136_n-392x272.jpg 392w, https:\/\/www.iforbes.cz\/wp-content\/uploads\/2025\/04\/492045292_1220859019396806_7484648847792925136_n-130x90.jpg 130w, https:\/\/www.iforbes.cz\/wp-content\/uploads\/2025\/04\/492045292_1220859019396806_7484648847792925136_n-600x417.jpg 600w\" sizes=\"(max-width: 392px) 100vw, 392px\" \/>\t\t<\/a>\n\t\t<div class=\"tg-post-categories\"><a href=\"https:\/\/www.iforbes.cz\/index.php\/category\/life-style\/\" class=\"tg-post-category\" rel=\"category tag\">Life style<\/a>&nbsp;<\/div>\t\t\t\t\t\t\t\t<\/figure>\n\t\t\t\t\t\t\t\t\n\t\t\t\t\t\t\t\t\t\t\t\t\t\t\t\t\t\t\t\n\t\t\t\t\t\t\t\t\t<h3 class=\"tg-module-title entry-title\">\n\t\t\t<a href=\"https:\/\/www.iforbes.cz\/index.php\/2025\/04\/30\/rytmus-na-majalesu-v-praze-potvrdil-pozici-milovnika-luxusu-a-okazalosti\/\">Rytmus na Maj\u00e1lesu v Praze potvrdil pozici milovn\u00edka luxusu a ok\u00e1zalosti<\/a>\n\t\t<\/h3>\n\t\t\t\t\t\t\t\t\t\t\t\t\t\t\n\t\t\t\t\t\t\t\n\t\t<div class=\"tg-module-meta\">\n\t\t\t\n\t\t\t<span class=\"tg-post-date entry-date\">\n\t\t\t\t<a href=\"https:\/\/www.iforbes.cz\/index.php\/2025\/04\/30\/rytmus-na-majalesu-v-praze-potvrdil-pozici-milovnika-luxusu-a-okazalosti\/\" rel=\"bookmark\"><time class=\"entry-date published\" datetime=\"2025-04-30T09:56:59+00:00\">30 dubna, 2025<\/time><time class=\"updated\" datetime=\"2025-04-30T10:04:56+00:00\">30 dubna, 2025<\/time><\/a>\t\t\t<\/span>\n\n\t\t\t<span class=\"tg-post-auther-name author vcard\">\n\t\t\t\t<a class=\"url fn n\" href=\"https:\/\/www.iforbes.cz\/index.php\/author\/iforbescz\/\">iforbescz<\/a>\t\t\t<\/span>\n\n\t\t\t\t\t\t\t<span class=\"tg-module-comments\">\n\t\t\t\t\t<a href=\"https:\/\/www.iforbes.cz\/index.php\/2025\/04\/30\/rytmus-na-majalesu-v-praze-potvrdil-pozici-milovnika-luxusu-a-okazalosti\/#respond\">0<\/a>\t\t\t\t<\/span>\n\t\t\t\t\t<\/div>\n\n\t\t\t\t\t\t\t\t\t\t\t\t\t\t\n\t\t\t\t\t\t\t\n\t\t\t\t\t\t\t<div class=\"tg-expert entry-content\">\n\t\t\t\t\t\t\t\t<p>Slovensk\u00fd raper Rytmus, op\u011bt potvrdil svou pozici milovn\u00edka luxusu a ok\u00e1zalosti. Na leto\u0161n\u00edm pra\u017esk\u00e9m Maj\u00e1lesu, kde o uplynul\u00e9m v\u00edkendu vystoupil<\/p>\n\t\t\t\t\t\t\t<\/div>\n\n\t\t\t\t\t\t<\/div>\n\t\t\t\t\t\t\t\t\t\t\t\t\t\t\t\t\t\t<\/div>\n\n\t\t\t\t\t\n\t\t\t\t\t<div class=\"tg-col-control\">\n\t\t\t\t\t\t<div class=\"tg_module_block tg-first-block\">\n\t\t\t\t\t\t\t\t\t\t\t\t\t\t\t\t\t\t\t\t\t\t\t\t\t\t<figure class=\"tg-module-thumb\">\n\t\t\t\t\t\t\t\t\t\t\t<a href=\"https:\/\/www.iforbes.cz\/index.php\/2025\/04\/28\/s-kvalitnim-alkoholem-si-i-doma-muzete-namichat-koktejl-jako-v-luxusnim-baru\/\" class=\"tg-thumb-link\">\n\t\t\t<img width=\"392\" height=\"272\" src=\"https:\/\/www.iforbes.cz\/wp-content\/uploads\/2025\/04\/AdobeStock_134519730-392x272.jpeg\" class=\"attachment-colormag-highlighted-post size-colormag-highlighted-post wp-post-image\" alt=\"\" loading=\"lazy\" srcset=\"https:\/\/www.iforbes.cz\/wp-content\/uploads\/2025\/04\/AdobeStock_134519730-392x272.jpeg 392w, https:\/\/www.iforbes.cz\/wp-content\/uploads\/2025\/04\/AdobeStock_134519730-130x90.jpeg 130w, https:\/\/www.iforbes.cz\/wp-content\/uploads\/2025\/04\/AdobeStock_134519730-600x417.jpeg 600w\" sizes=\"(max-width: 392px) 100vw, 392px\" \/>\t\t<\/a>\n\t\t<div class=\"tg-post-categories\"><a href=\"https:\/\/www.iforbes.cz\/index.php\/category\/life-style\/\" class=\"tg-post-category\" rel=\"category tag\">Life style<\/a>&nbsp;<\/div>\t\t\t\t\t\t\t\t<\/figure>\n\t\t\t\t\t\t\t\t\n\t\t\t\t\t\t\t\t\t\t\t\t\t\t\t\t\t\t\t\n\t\t\t\t\t\t\t\t\t<h3 class=\"tg-module-title entry-title\">\n\t\t\t<a href=\"https:\/\/www.iforbes.cz\/index.php\/2025\/04\/28\/s-kvalitnim-alkoholem-si-i-doma-muzete-namichat-koktejl-jako-v-luxusnim-baru\/\">S kvalitn\u00edm alkoholem si i doma m\u016f\u017eete nam\u00edchat koktejl jako v luxusn\u00edm baru<\/a>\n\t\t<\/h3>\n\t\t\t\t\t\t\t\t\t\t\t\t\t\t\n\t\t\t\t\t\t\t\n\t\t<div class=\"tg-module-meta\">\n\t\t\t\n\t\t\t<span class=\"tg-post-date entry-date\">\n\t\t\t\t<a href=\"https:\/\/www.iforbes.cz\/index.php\/2025\/04\/28\/s-kvalitnim-alkoholem-si-i-doma-muzete-namichat-koktejl-jako-v-luxusnim-baru\/\" rel=\"bookmark\"><time class=\"entry-date published updated\" datetime=\"2025-04-28T09:59:49+00:00\">28 dubna, 2025<\/time><\/a>\t\t\t<\/span>\n\n\t\t\t<span class=\"tg-post-auther-name author vcard\">\n\t\t\t\t<a class=\"url fn n\" href=\"https:\/\/www.iforbes.cz\/index.php\/author\/iforbescz\/\">iforbescz<\/a>\t\t\t<\/span>\n\n\t\t\t\t\t\t\t<span class=\"tg-module-comments\">\n\t\t\t\t\t<a href=\"https:\/\/www.iforbes.cz\/index.php\/2025\/04\/28\/s-kvalitnim-alkoholem-si-i-doma-muzete-namichat-koktejl-jako-v-luxusnim-baru\/#respond\">0<\/a>\t\t\t\t<\/span>\n\t\t\t\t\t<\/div>\n\n\t\t\t\t\t\t\t\t\t\t\t\t\t\t\n\t\t\t\t\t\t\t\n\t\t\t\t\t\t\t<div class=\"tg-expert entry-content\">\n\t\t\t\t\t\t\t\t<p>S p\u0159\u00edchodem tepl\u00fdch dn\u00ed nast\u00e1v\u00e1 ide\u00e1ln\u00ed \u010das na osv\u011b\u017euj\u00edc\u00ed drinky, kter\u00e9 v\u00e1s pot\u011b\u0161\u00ed nejen chut\u00ed, ale i vzhledem. Filip Str\u00e1nsk\u00fd,<\/p>\n\t\t\t\t\t\t\t<\/div>\n\n\t\t\t\t\t\t<\/div>\n\t\t\t\t\t\t\t\t\t\t\t\t\t\t\t\t\t\t<\/div>\n\n\t\t\t\t\t\n\t\t\t\t\t<div class=\"tg-col-control\">\n\t\t\t\t\t\t<div class=\"tg_module_block tg-first-block\">\n\t\t\t\t\t\t\t\t\t\t\t\t\t\t\t\t\t\t\t\t\t\t\t\t\t\t<figure class=\"tg-module-thumb\">\n\t\t\t\t\t\t\t\t\t\t\t<a href=\"https:\/\/www.iforbes.cz\/index.php\/2025\/04\/25\/na-trhu-jsou-k-dostani-prvni-ceske-bublinky\/\" class=\"tg-thumb-link\">\n\t\t\t<img width=\"392\" height=\"272\" src=\"https:\/\/www.iforbes.cz\/wp-content\/uploads\/2025\/04\/Bublinky-Vajbar_Zdroj_-Vinarsky-fond-392x272.jpg\" class=\"attachment-colormag-highlighted-post size-colormag-highlighted-post wp-post-image\" alt=\"\" loading=\"lazy\" srcset=\"https:\/\/www.iforbes.cz\/wp-content\/uploads\/2025\/04\/Bublinky-Vajbar_Zdroj_-Vinarsky-fond-392x272.jpg 392w, https:\/\/www.iforbes.cz\/wp-content\/uploads\/2025\/04\/Bublinky-Vajbar_Zdroj_-Vinarsky-fond-130x90.jpg 130w, https:\/\/www.iforbes.cz\/wp-content\/uploads\/2025\/04\/Bublinky-Vajbar_Zdroj_-Vinarsky-fond-600x417.jpg 600w\" sizes=\"(max-width: 392px) 100vw, 392px\" \/>\t\t<\/a>\n\t\t<div class=\"tg-post-categories\"><a href=\"https:\/\/www.iforbes.cz\/index.php\/category\/life-style\/\" class=\"tg-post-category\" rel=\"category tag\">Life style<\/a>&nbsp;<\/div>\t\t\t\t\t\t\t\t<\/figure>\n\t\t\t\t\t\t\t\t\n\t\t\t\t\t\t\t\t\t\t\t\t\t\t\t\t\t\t\t\n\t\t\t\t\t\t\t\t\t<h3 class=\"tg-module-title entry-title\">\n\t\t\t<a href=\"https:\/\/www.iforbes.cz\/index.php\/2025\/04\/25\/na-trhu-jsou-k-dostani-prvni-ceske-bublinky\/\">Na trhu jsou k dost\u00e1n\u00ed prvn\u00ed \u010desk\u00e9 \u201ebublinky\u201c<\/a>\n\t\t<\/h3>\n\t\t\t\t\t\t\t\t\t\t\t\t\t\t\n\t\t\t\t\t\t\t\n\t\t<div class=\"tg-module-meta\">\n\t\t\t\n\t\t\t<span class=\"tg-post-date entry-date\">\n\t\t\t\t<a href=\"https:\/\/www.iforbes.cz\/index.php\/2025\/04\/25\/na-trhu-jsou-k-dostani-prvni-ceske-bublinky\/\" rel=\"bookmark\"><time class=\"entry-date published updated\" datetime=\"2025-04-25T13:35:58+00:00\">25 dubna, 2025<\/time><\/a>\t\t\t<\/span>\n\n\t\t\t<span class=\"tg-post-auther-name author vcard\">\n\t\t\t\t<a class=\"url fn n\" href=\"https:\/\/www.iforbes.cz\/index.php\/author\/iforbescz\/\">iforbescz<\/a>\t\t\t<\/span>\n\n\t\t\t\t\t\t\t<span class=\"tg-module-comments\">\n\t\t\t\t\t<a href=\"https:\/\/www.iforbes.cz\/index.php\/2025\/04\/25\/na-trhu-jsou-k-dostani-prvni-ceske-bublinky\/#respond\">0<\/a>\t\t\t\t<\/span>\n\t\t\t\t\t<\/div>\n\n\t\t\t\t\t\t\t\t\t\t\t\t\t\t\n\t\t\t\t\t\t\t\n\t\t\t\t\t\t\t<div class=\"tg-expert entry-content\">\n\t\t\t\t\t\t\t\t<p>Vina\u0159i uvedli na trh prvn\u00ed v\u00edna pod novou n\u00e1rodn\u00ed zna\u010dkou \u201ebublinky\u201c. Jedn\u00e1 se o perliv\u00e1 v\u00edna vyr\u00e1b\u011bn\u00e1 v\u00fdhradn\u011b z&nbsp;moravsk\u00fdch a<\/p>\n\t\t\t\t\t\t\t<\/div>\n\n\t\t\t\t\t\t<\/div>\n\t\t\t\t\t\t\t\t\t\t\t\t\t\t\t\t\t\t<\/div>\n\n\t\t\t\t\t\n\t\t\t\t\t<div class=\"tg-col-control\">\n\t\t\t\t\t\t<div class=\"tg_module_block tg-first-block\">\n\t\t\t\t\t\t\t\t\t\t\t\t\t\t\t\t\t\t\t\t\t\t\t\t\t\t<figure class=\"tg-module-thumb\">\n\t\t\t\t\t\t\t\t\t\t\t<a href=\"https:\/\/www.iforbes.cz\/index.php\/2025\/04\/24\/lovesong-orchestra-naposledy-rozezni-cafe-nona-balkanskou-dechovkou\/\" class=\"tg-thumb-link\">\n\t\t\t<img width=\"392\" height=\"272\" src=\"https:\/\/www.iforbes.cz\/wp-content\/uploads\/2025\/04\/LO-photo-II-392x272.png\" class=\"attachment-colormag-highlighted-post size-colormag-highlighted-post wp-post-image\" alt=\"\" loading=\"lazy\" srcset=\"https:\/\/www.iforbes.cz\/wp-content\/uploads\/2025\/04\/LO-photo-II-392x272.png 392w, https:\/\/www.iforbes.cz\/wp-content\/uploads\/2025\/04\/LO-photo-II-300x208.png 300w, https:\/\/www.iforbes.cz\/wp-content\/uploads\/2025\/04\/LO-photo-II-1024x709.png 1024w, https:\/\/www.iforbes.cz\/wp-content\/uploads\/2025\/04\/LO-photo-II-768x532.png 768w, https:\/\/www.iforbes.cz\/wp-content\/uploads\/2025\/04\/LO-photo-II-130x90.png 130w, https:\/\/www.iforbes.cz\/wp-content\/uploads\/2025\/04\/LO-photo-II-600x417.png 600w, https:\/\/www.iforbes.cz\/wp-content\/uploads\/2025\/04\/LO-photo-II.png 1456w\" sizes=\"(max-width: 392px) 100vw, 392px\" \/>\t\t<\/a>\n\t\t<div class=\"tg-post-categories\"><a href=\"https:\/\/www.iforbes.cz\/index.php\/category\/life-style\/\" class=\"tg-post-category\" rel=\"category tag\">Life style<\/a>&nbsp;<\/div>\t\t\t\t\t\t\t\t<\/figure>\n\t\t\t\t\t\t\t\t\n\t\t\t\t\t\t\t\t\t\t\t\t\t\t\t\t\t\t\t\n\t\t\t\t\t\t\t\t\t<h3 class=\"tg-module-title entry-title\">\n\t\t\t<a href=\"https:\/\/www.iforbes.cz\/index.php\/2025\/04\/24\/lovesong-orchestra-naposledy-rozezni-cafe-nona-balkanskou-dechovkou\/\">Lovesong Orchestra naposledy rozezn\u00ed Caf\u00e9 Nona balk\u00e1nskou dechovkou<\/a>\n\t\t<\/h3>\n\t\t\t\t\t\t\t\t\t\t\t\t\t\t\n\t\t\t\t\t\t\t\n\t\t<div class=\"tg-module-meta\">\n\t\t\t\n\t\t\t<span class=\"tg-post-date entry-date\">\n\t\t\t\t<a href=\"https:\/\/www.iforbes.cz\/index.php\/2025\/04\/24\/lovesong-orchestra-naposledy-rozezni-cafe-nona-balkanskou-dechovkou\/\" rel=\"bookmark\"><time class=\"entry-date published updated\" datetime=\"2025-04-24T12:56:55+00:00\">24 dubna, 2025<\/time><\/a>\t\t\t<\/span>\n\n\t\t\t<span class=\"tg-post-auther-name author vcard\">\n\t\t\t\t<a class=\"url fn n\" href=\"https:\/\/www.iforbes.cz\/index.php\/author\/iforbescz\/\">iforbescz<\/a>\t\t\t<\/span>\n\n\t\t\t\t\t\t\t<span class=\"tg-module-comments\">\n\t\t\t\t\t<a href=\"https:\/\/www.iforbes.cz\/index.php\/2025\/04\/24\/lovesong-orchestra-naposledy-rozezni-cafe-nona-balkanskou-dechovkou\/#respond\">0<\/a>\t\t\t\t<\/span>\n\t\t\t\t\t<\/div>\n\n\t\t\t\t\t\t\t\t\t\t\t\t\t\t\n\t\t\t\t\t\t\t\n\t\t\t\t\t\t\t<div class=\"tg-expert entry-content\">\n\t\t\t\t\t\t\t\t<p>Neopakovateln\u00fd ve\u010der pln\u00fd hudby, v\u00e1\u0161n\u011b a tance se bl\u00ed\u017e\u00ed! V sobotu 26. dubna 2025 se v prostor\u00e1ch Caf\u00e9 Nona\u00a0na N\u00e1rodn\u00ed<\/p>\n\t\t\t\t\t\t\t<\/div>\n\n\t\t\t\t\t\t<\/div>\n\t\t\t\t\t\t\t\t\t\t\t\t\t\t\t\t\t\t<\/div>\n\n\t\t\t\t\t\n\t\t\t\t\t<div class=\"tg-col-control\">\n\t\t\t\t\t\t<div class=\"tg_module_block tg-first-block\">\n\t\t\t\t\t\t\t\t\t\t\t\t\t\t\t\t\t\t\t\t\t\t\t\t\t\t<figure class=\"tg-module-thumb\">\n\t\t\t\t\t\t\t\t\t\t\t<a href=\"https:\/\/www.iforbes.cz\/index.php\/2025\/04\/15\/velo-stage-se-letos-na-majalesech-ponese-v-rytmu-hip-hopu-a-rapu\/\" class=\"tg-thumb-link\">\n\t\t\t<img width=\"392\" height=\"272\" src=\"https:\/\/www.iforbes.cz\/wp-content\/uploads\/2025\/04\/Title-foto_VELO_MAJALES_PRAGUE-2024-392x272.jpg\" class=\"attachment-colormag-highlighted-post size-colormag-highlighted-post wp-post-image\" alt=\"\" loading=\"lazy\" srcset=\"https:\/\/www.iforbes.cz\/wp-content\/uploads\/2025\/04\/Title-foto_VELO_MAJALES_PRAGUE-2024-392x272.jpg 392w, https:\/\/www.iforbes.cz\/wp-content\/uploads\/2025\/04\/Title-foto_VELO_MAJALES_PRAGUE-2024-130x90.jpg 130w, https:\/\/www.iforbes.cz\/wp-content\/uploads\/2025\/04\/Title-foto_VELO_MAJALES_PRAGUE-2024-600x417.jpg 600w\" sizes=\"(max-width: 392px) 100vw, 392px\" \/>\t\t<\/a>\n\t\t<div class=\"tg-post-categories\"><a href=\"https:\/\/www.iforbes.cz\/index.php\/category\/life-style\/\" class=\"tg-post-category\" rel=\"category tag\">Life style<\/a>&nbsp;<\/div>\t\t\t\t\t\t\t\t<\/figure>\n\t\t\t\t\t\t\t\t\n\t\t\t\t\t\t\t\t\t\t\t\t\t\t\t\t\t\t\t\n\t\t\t\t\t\t\t\t\t<h3 class=\"tg-module-title entry-title\">\n\t\t\t<a href=\"https:\/\/www.iforbes.cz\/index.php\/2025\/04\/15\/velo-stage-se-letos-na-majalesech-ponese-v-rytmu-hip-hopu-a-rapu\/\">VELO stage se letos na Maj\u00e1lesech ponese v rytmu hip hopu a rapu<\/a>\n\t\t<\/h3>\n\t\t\t\t\t\t\t\t\t\t\t\t\t\t\n\t\t\t\t\t\t\t\n\t\t<div class=\"tg-module-meta\">\n\t\t\t\n\t\t\t<span class=\"tg-post-date entry-date\">\n\t\t\t\t<a href=\"https:\/\/www.iforbes.cz\/index.php\/2025\/04\/15\/velo-stage-se-letos-na-majalesech-ponese-v-rytmu-hip-hopu-a-rapu\/\" rel=\"bookmark\"><time class=\"entry-date published updated\" datetime=\"2025-04-15T12:16:06+00:00\">15 dubna, 2025<\/time><\/a>\t\t\t<\/span>\n\n\t\t\t<span class=\"tg-post-auther-name author vcard\">\n\t\t\t\t<a class=\"url fn n\" href=\"https:\/\/www.iforbes.cz\/index.php\/author\/iforbescz\/\">iforbescz<\/a>\t\t\t<\/span>\n\n\t\t\t\t\t\t\t<span class=\"tg-module-comments\">\n\t\t\t\t\t<a href=\"https:\/\/www.iforbes.cz\/index.php\/2025\/04\/15\/velo-stage-se-letos-na-majalesech-ponese-v-rytmu-hip-hopu-a-rapu\/#respond\">0<\/a>\t\t\t\t<\/span>\n\t\t\t\t\t<\/div>\n\n\t\t\t\t\t\t\t\t\t\t\t\t\t\t\n\t\t\t\t\t\t\t\n\t\t\t\t\t\t\t<div class=\"tg-expert entry-content\">\n\t\t\t\t\t\t\t\t<p>Vizu\u00e1ln\u011b strhuj\u00edc\u00ed a hudebn\u011b na\u0161lapan\u00e1. P\u0159esn\u011b takovou show nab\u00eddne na \u010dty\u0159ech zast\u00e1vk\u00e1ch leto\u0161n\u00edho Maj\u00e1lesu program VELO stage, kterou na m\u00edru<\/p>\n\t\t\t\t\t\t\t<\/div>\n\n\t\t\t\t\t\t<\/div>\n\t\t\t\t\t\t\t\t\t\t\t\t\t\t\t\t\t\t<\/div>\n\n\t\t\t\t\t\n\t\t\t\t\t<div class=\"tg-col-control\">\n\t\t\t\t\t\t<div class=\"tg_module_block tg-first-block\">\n\t\t\t\t\t\t\t\t\t\t\t\t\t\t\t\t\t\t\t\t\t\t\t\t\t\t<figure class=\"tg-module-thumb\">\n\t\t\t\t\t\t\t\t\t\t\t<a href=\"https:\/\/www.iforbes.cz\/index.php\/2025\/04\/07\/ministerstvo-obrany-odstartovalo-kampan-protoze-80\/\" class=\"tg-thumb-link\">\n\t\t\t<img width=\"392\" height=\"272\" src=\"https:\/\/www.iforbes.cz\/wp-content\/uploads\/2025\/04\/banner-80-let-konce-wwii-2025-final-b-bez-textu300-392x272.jpg\" class=\"attachment-colormag-highlighted-post size-colormag-highlighted-post wp-post-image\" alt=\"\" loading=\"lazy\" srcset=\"https:\/\/www.iforbes.cz\/wp-content\/uploads\/2025\/04\/banner-80-let-konce-wwii-2025-final-b-bez-textu300-392x272.jpg 392w, https:\/\/www.iforbes.cz\/wp-content\/uploads\/2025\/04\/banner-80-let-konce-wwii-2025-final-b-bez-textu300-130x90.jpg 130w, https:\/\/www.iforbes.cz\/wp-content\/uploads\/2025\/04\/banner-80-let-konce-wwii-2025-final-b-bez-textu300-600x417.jpg 600w\" sizes=\"(max-width: 392px) 100vw, 392px\" \/>\t\t<\/a>\n\t\t<div class=\"tg-post-categories\"><a href=\"https:\/\/www.iforbes.cz\/index.php\/category\/life-style\/\" class=\"tg-post-category\" rel=\"category tag\">Life style<\/a>&nbsp;<\/div>\t\t\t\t\t\t\t\t<\/figure>\n\t\t\t\t\t\t\t\t\n\t\t\t\t\t\t\t\t\t\t\t\t\t\t\t\t\t\t\t\n\t\t\t\t\t\t\t\t\t<h3 class=\"tg-module-title entry-title\">\n\t\t\t<a href=\"https:\/\/www.iforbes.cz\/index.php\/2025\/04\/07\/ministerstvo-obrany-odstartovalo-kampan-protoze-80\/\">Ministerstvo obrany odstartovalo kampa\u0148 Proto\u017ee 80<\/a>\n\t\t<\/h3>\n\t\t\t\t\t\t\t\t\t\t\t\t\t\t\n\t\t\t\t\t\t\t\n\t\t<div class=\"tg-module-meta\">\n\t\t\t\n\t\t\t<span class=\"tg-post-date entry-date\">\n\t\t\t\t<a href=\"https:\/\/www.iforbes.cz\/index.php\/2025\/04\/07\/ministerstvo-obrany-odstartovalo-kampan-protoze-80\/\" rel=\"bookmark\"><time class=\"entry-date published updated\" datetime=\"2025-04-07T13:42:03+00:00\">7 dubna, 2025<\/time><\/a>\t\t\t<\/span>\n\n\t\t\t<span class=\"tg-post-auther-name author vcard\">\n\t\t\t\t<a class=\"url fn n\" href=\"https:\/\/www.iforbes.cz\/index.php\/author\/iforbescz\/\">iforbescz<\/a>\t\t\t<\/span>\n\n\t\t\t\t\t\t\t<span class=\"tg-module-comments\">\n\t\t\t\t\t<a href=\"https:\/\/www.iforbes.cz\/index.php\/2025\/04\/07\/ministerstvo-obrany-odstartovalo-kampan-protoze-80\/#respond\">0<\/a>\t\t\t\t<\/span>\n\t\t\t\t\t<\/div>\n\n\t\t\t\t\t\t\t\t\t\t\t\t\t\t\n\t\t\t\t\t\t\t\n\t\t\t\t\t\t\t<div class=\"tg-expert entry-content\">\n\t\t\t\t\t\t\t\t<p>Osmdes\u00e1t let od konce druh\u00e9 sv\u011btov\u00e9 v\u00e1lky je d\u016fvodem k vd\u011b\u010dnosti i zamy\u0161len\u00ed. Kampa\u0148 \u201eProto\u017ee 80\u201c, kter\u00e1 pob\u011b\u017e\u00ed cel\u00fd m\u011bs\u00edc<\/p>\n\t\t\t\t\t\t\t<\/div>\n\n\t\t\t\t\t\t<\/div>\n\t\t\t\t\t\t\t\t\t\t\t\t\t\t\t\t\t\t<\/div>\n\n\t\t\t\t\t\n\t\t\t\t\t<div class=\"tg-col-control\">\n\t\t\t\t\t\t<div class=\"tg_module_block tg-first-block\">\n\t\t\t\t\t\t\t\t\t\t\t\t\t\t\t\t\t\t\t\t\t\t\t\t\t\t<figure class=\"tg-module-thumb\">\n\t\t\t\t\t\t\t\t\t\t\t<a href=\"https:\/\/www.iforbes.cz\/index.php\/2025\/04\/07\/tesco-laka-spotrebitele-na-velikonocni-akce\/\" class=\"tg-thumb-link\">\n\t\t\t<img width=\"392\" height=\"272\" src=\"https:\/\/www.iforbes.cz\/wp-content\/uploads\/2025\/04\/Drzitele-vernostni-karty-Clubcard-navic-usetri-jeste-vice.-392x272.jpg\" class=\"attachment-colormag-highlighted-post size-colormag-highlighted-post wp-post-image\" alt=\"\" loading=\"lazy\" srcset=\"https:\/\/www.iforbes.cz\/wp-content\/uploads\/2025\/04\/Drzitele-vernostni-karty-Clubcard-navic-usetri-jeste-vice.-392x272.jpg 392w, https:\/\/www.iforbes.cz\/wp-content\/uploads\/2025\/04\/Drzitele-vernostni-karty-Clubcard-navic-usetri-jeste-vice.-130x90.jpg 130w, https:\/\/www.iforbes.cz\/wp-content\/uploads\/2025\/04\/Drzitele-vernostni-karty-Clubcard-navic-usetri-jeste-vice.-600x417.jpg 600w\" sizes=\"(max-width: 392px) 100vw, 392px\" \/>\t\t<\/a>\n\t\t<div class=\"tg-post-categories\"><a href=\"https:\/\/www.iforbes.cz\/index.php\/category\/life-style\/\" class=\"tg-post-category\" rel=\"category tag\">Life style<\/a>&nbsp;<\/div>\t\t\t\t\t\t\t\t<\/figure>\n\t\t\t\t\t\t\t\t\n\t\t\t\t\t\t\t\t\t\t\t\t\t\t\t\t\t\t\t\n\t\t\t\t\t\t\t\t\t<h3 class=\"tg-module-title entry-title\">\n\t\t\t<a href=\"https:\/\/www.iforbes.cz\/index.php\/2025\/04\/07\/tesco-laka-spotrebitele-na-velikonocni-akce\/\">Tesco l\u00e1k\u00e1 spot\u0159ebitele na velikono\u010dn\u00ed akce<\/a>\n\t\t<\/h3>\n\t\t\t\t\t\t\t\t\t\t\t\t\t\t\n\t\t\t\t\t\t\t\n\t\t<div class=\"tg-module-meta\">\n\t\t\t\n\t\t\t<span class=\"tg-post-date entry-date\">\n\t\t\t\t<a href=\"https:\/\/www.iforbes.cz\/index.php\/2025\/04\/07\/tesco-laka-spotrebitele-na-velikonocni-akce\/\" rel=\"bookmark\"><time class=\"entry-date published updated\" datetime=\"2025-04-07T08:16:55+00:00\">7 dubna, 2025<\/time><\/a>\t\t\t<\/span>\n\n\t\t\t<span class=\"tg-post-auther-name author vcard\">\n\t\t\t\t<a class=\"url fn n\" href=\"https:\/\/www.iforbes.cz\/index.php\/author\/iforbescz\/\">iforbescz<\/a>\t\t\t<\/span>\n\n\t\t\t\t\t\t\t<span class=\"tg-module-comments\">\n\t\t\t\t\t<a href=\"https:\/\/www.iforbes.cz\/index.php\/2025\/04\/07\/tesco-laka-spotrebitele-na-velikonocni-akce\/#respond\">0<\/a>\t\t\t\t<\/span>\n\t\t\t\t\t<\/div>\n\n\t\t\t\t\t\t\t\t\t\t\t\t\t\t\n\t\t\t\t\t\t\t\n\t\t\t\t\t\t\t<div class=\"tg-expert entry-content\">\n\t\t\t\t\t\t\t\t<p>Tesco p\u0159ich\u00e1z\u00ed s bohatou nab\u00eddkou produkt\u016f, kter\u00e1 pom\u016f\u017ee z\u00e1kazn\u00edk\u016fm pro\u017e\u00edt radostn\u00e9 a nezapomenuteln\u00e9 Velikonoce. Od d\u00e1rk\u016f, sladkost\u00ed pro koledn\u00edky, dekorac\u00ed<\/p>\n\t\t\t\t\t\t\t<\/div>\n\n\t\t\t\t\t\t<\/div>\n\t\t\t\t\t\t\t\t\t\t\t\t\t\t\t\t\t\t<\/div>\n\n\t\t\t\t\t\n\t\t\t\t\t<div class=\"tg-col-control\">\n\t\t\t\t\t\t<div class=\"tg_module_block tg-first-block\">\n\t\t\t\t\t\t\t\t\t\t\t\t\t\t\t\t\t\t\t\t\t\t\t\t\t\t<figure class=\"tg-module-thumb\">\n\t\t\t\t\t\t\t\t\t\t\t<a href=\"https:\/\/www.iforbes.cz\/index.php\/2025\/03\/26\/strategie-tobacco-harm-reduction-by-v-cesku-mohla-do-roku-2060-zachranit-280-tisic-zivotu-tvrdi-studie\/\" class=\"tg-thumb-link\">\n\t\t\t<img width=\"392\" height=\"272\" src=\"https:\/\/www.iforbes.cz\/wp-content\/uploads\/2025\/03\/AdobeStock_461298239-392x272.jpeg\" class=\"attachment-colormag-highlighted-post size-colormag-highlighted-post wp-post-image\" alt=\"\" loading=\"lazy\" srcset=\"https:\/\/www.iforbes.cz\/wp-content\/uploads\/2025\/03\/AdobeStock_461298239-392x272.jpeg 392w, https:\/\/www.iforbes.cz\/wp-content\/uploads\/2025\/03\/AdobeStock_461298239-130x90.jpeg 130w, https:\/\/www.iforbes.cz\/wp-content\/uploads\/2025\/03\/AdobeStock_461298239-600x417.jpeg 600w\" sizes=\"(max-width: 392px) 100vw, 392px\" \/>\t\t<\/a>\n\t\t<div class=\"tg-post-categories\"><a href=\"https:\/\/www.iforbes.cz\/index.php\/category\/life-style\/\" class=\"tg-post-category\" rel=\"category tag\">Life style<\/a>&nbsp;<\/div>\t\t\t\t\t\t\t\t<\/figure>\n\t\t\t\t\t\t\t\t\n\t\t\t\t\t\t\t\t\t\t\t\t\t\t\t\t\t\t\t\n\t\t\t\t\t\t\t\t\t<h3 class=\"tg-module-title entry-title\">\n\t\t\t<a href=\"https:\/\/www.iforbes.cz\/index.php\/2025\/03\/26\/strategie-tobacco-harm-reduction-by-v-cesku-mohla-do-roku-2060-zachranit-280-tisic-zivotu-tvrdi-studie\/\">Strategie Tobacco Harm Reduction by v \u010cesku mohla do roku 2060 zachr\u00e1nit 280 tis\u00edc \u017eivot\u016f, tvrd\u00ed studie<\/a>\n\t\t<\/h3>\n\t\t\t\t\t\t\t\t\t\t\t\t\t\t\n\t\t\t\t\t\t\t\n\t\t<div class=\"tg-module-meta\">\n\t\t\t\n\t\t\t<span class=\"tg-post-date entry-date\">\n\t\t\t\t<a href=\"https:\/\/www.iforbes.cz\/index.php\/2025\/03\/26\/strategie-tobacco-harm-reduction-by-v-cesku-mohla-do-roku-2060-zachranit-280-tisic-zivotu-tvrdi-studie\/\" rel=\"bookmark\"><time class=\"entry-date published\" datetime=\"2025-03-26T15:05:38+00:00\">26 b\u0159ezna, 2025<\/time><time class=\"updated\" datetime=\"2025-03-27T15:15:40+00:00\">27 b\u0159ezna, 2025<\/time><\/a>\t\t\t<\/span>\n\n\t\t\t<span class=\"tg-post-auther-name author vcard\">\n\t\t\t\t<a class=\"url fn n\" href=\"https:\/\/www.iforbes.cz\/index.php\/author\/iforbescz\/\">iforbescz<\/a>\t\t\t<\/span>\n\n\t\t\t\t\t\t\t<span class=\"tg-module-comments\">\n\t\t\t\t\t<a href=\"https:\/\/www.iforbes.cz\/index.php\/2025\/03\/26\/strategie-tobacco-harm-reduction-by-v-cesku-mohla-do-roku-2060-zachranit-280-tisic-zivotu-tvrdi-studie\/#respond\">0<\/a>\t\t\t\t<\/span>\n\t\t\t\t\t<\/div>\n\n\t\t\t\t\t\t\t\t\t\t\t\t\t\t\n\t\t\t\t\t\t\t\n\t\t\t\t\t\t\t<div class=\"tg-expert entry-content\">\n\t\t\t\t\t\t\t\t<p>V \u010cesk\u00e9 republice je kou\u0159en\u00ed st\u00e1le jedn\u00edm z hlavn\u00edch rizikov\u00fdch faktor\u016f pro \u0159adu z\u00e1va\u017en\u00fdch onemocn\u011bn\u00ed. I p\u0159esto, \u017ee pod\u00edl ku\u0159\u00e1k\u016f<\/p>\n\t\t\t\t\t\t\t<\/div>\n\n\t\t\t\t\t\t<\/div>\n\t\t\t\t\t\t\t\t\t\t\t\t\t\t\t\t\t\t<\/div>\n\n\t\t\t\t\t\n\t\t\t\t\t<div class=\"tg-col-control\">\n\t\t\t\t\t\t<div class=\"tg_module_block tg-first-block\">\n\t\t\t\t\t\t\t\t\t\t\t\t\t\t\t\t\t\t\t\t\t\t\t\t\t\t<figure class=\"tg-module-thumb\">\n\t\t\t\t\t\t\t\t\t\t\t<a href=\"https:\/\/www.iforbes.cz\/index.php\/2025\/03\/24\/ochutnejte-duppy-share-moderni-karibsky-rum-s-tajemnym-pribehem\/\" class=\"tg-thumb-link\">\n\t\t\t<img width=\"392\" height=\"272\" src=\"https:\/\/www.iforbes.cz\/wp-content\/uploads\/2025\/03\/Duppy_Share_277-392x272.jpg\" class=\"attachment-colormag-highlighted-post size-colormag-highlighted-post wp-post-image\" alt=\"\" loading=\"lazy\" srcset=\"https:\/\/www.iforbes.cz\/wp-content\/uploads\/2025\/03\/Duppy_Share_277-392x272.jpg 392w, https:\/\/www.iforbes.cz\/wp-content\/uploads\/2025\/03\/Duppy_Share_277-130x90.jpg 130w, https:\/\/www.iforbes.cz\/wp-content\/uploads\/2025\/03\/Duppy_Share_277-600x417.jpg 600w\" sizes=\"(max-width: 392px) 100vw, 392px\" \/>\t\t<\/a>\n\t\t<div class=\"tg-post-categories\"><a href=\"https:\/\/www.iforbes.cz\/index.php\/category\/life-style\/\" class=\"tg-post-category\" rel=\"category tag\">Life style<\/a>&nbsp;<\/div>\t\t\t\t\t\t\t\t<\/figure>\n\t\t\t\t\t\t\t\t\n\t\t\t\t\t\t\t\t\t\t\t\t\t\t\t\t\t\t\t\n\t\t\t\t\t\t\t\t\t<h3 class=\"tg-module-title entry-title\">\n\t\t\t<a href=\"https:\/\/www.iforbes.cz\/index.php\/2025\/03\/24\/ochutnejte-duppy-share-moderni-karibsky-rum-s-tajemnym-pribehem\/\">Ochutnejte Duppy Share &#8211; modern\u00ed karibsk\u00fd rum s tajemn\u00fdm p\u0159\u00edb\u011bhem<\/a>\n\t\t<\/h3>\n\t\t\t\t\t\t\t\t\t\t\t\t\t\t\n\t\t\t\t\t\t\t\n\t\t<div class=\"tg-module-meta\">\n\t\t\t\n\t\t\t<span class=\"tg-post-date entry-date\">\n\t\t\t\t<a href=\"https:\/\/www.iforbes.cz\/index.php\/2025\/03\/24\/ochutnejte-duppy-share-moderni-karibsky-rum-s-tajemnym-pribehem\/\" rel=\"bookmark\"><time class=\"entry-date published\" datetime=\"2025-03-24T13:21:33+00:00\">24 b\u0159ezna, 2025<\/time><time class=\"updated\" datetime=\"2025-03-24T13:21:35+00:00\">24 b\u0159ezna, 2025<\/time><\/a>\t\t\t<\/span>\n\n\t\t\t<span class=\"tg-post-auther-name author vcard\">\n\t\t\t\t<a class=\"url fn n\" href=\"https:\/\/www.iforbes.cz\/index.php\/author\/iforbescz\/\">iforbescz<\/a>\t\t\t<\/span>\n\n\t\t\t\t\t\t\t<span class=\"tg-module-comments\">\n\t\t\t\t\t<a href=\"https:\/\/www.iforbes.cz\/index.php\/2025\/03\/24\/ochutnejte-duppy-share-moderni-karibsky-rum-s-tajemnym-pribehem\/#respond\">0<\/a>\t\t\t\t<\/span>\n\t\t\t\t\t<\/div>\n\n\t\t\t\t\t\t\t\t\t\t\t\t\t\t\n\t\t\t\t\t\t\t\n\t\t\t\t\t\t\t<div class=\"tg-expert entry-content\">\n\t\t\t\t\t\t\t\t<p>A\u0165 u\u017e pl\u00e1nujete klidn\u00fd ve\u010der na terase s p\u0159\u00e1teli nebo hled\u00e1te n\u011bco, co vnese jaru v\u00fdjime\u010dnou atmosf\u00e9ru, Duppy Share XO<\/p>\n\t\t\t\t\t\t\t<\/div>\n\n\t\t\t\t\t\t<\/div>\n\t\t\t\t\t\t\t\t\t\t\t\t\t\t\t\t\t\t<\/div>\n\n\t\t\t\t\t\n\t\t\t\t\t<div class=\"tg-col-control\">\n\t\t\t\t\t\t<div class=\"tg_module_block tg-first-block\">\n\t\t\t\t\t\t\t\t\t\t\t\t\t\t\t\t\t\t\t\t\t\t\t\t\t\t<figure class=\"tg-module-thumb\">\n\t\t\t\t\t\t\t\t\t\t\t<a href=\"https:\/\/www.iforbes.cz\/index.php\/2025\/03\/04\/cesi-objevuji-kouzlo-premiovych-destilatu\/\" class=\"tg-thumb-link\">\n\t\t\t<img width=\"392\" height=\"272\" src=\"https:\/\/www.iforbes.cz\/wp-content\/uploads\/2025\/03\/Cesi-objevuji-kouzlo-premiovych-destilatu-\u2013-kdyz-mene-je-vice--392x272.jpeg\" class=\"attachment-colormag-highlighted-post size-colormag-highlighted-post wp-post-image\" alt=\"\" loading=\"lazy\" srcset=\"https:\/\/www.iforbes.cz\/wp-content\/uploads\/2025\/03\/Cesi-objevuji-kouzlo-premiovych-destilatu-\u2013-kdyz-mene-je-vice--392x272.jpeg 392w, https:\/\/www.iforbes.cz\/wp-content\/uploads\/2025\/03\/Cesi-objevuji-kouzlo-premiovych-destilatu-\u2013-kdyz-mene-je-vice--130x90.jpeg 130w, https:\/\/www.iforbes.cz\/wp-content\/uploads\/2025\/03\/Cesi-objevuji-kouzlo-premiovych-destilatu-\u2013-kdyz-mene-je-vice--600x417.jpeg 600w\" sizes=\"(max-width: 392px) 100vw, 392px\" \/>\t\t<\/a>\n\t\t<div class=\"tg-post-categories\"><a href=\"https:\/\/www.iforbes.cz\/index.php\/category\/life-style\/\" class=\"tg-post-category\" rel=\"category tag\">Life style<\/a>&nbsp;<\/div>\t\t\t\t\t\t\t\t<\/figure>\n\t\t\t\t\t\t\t\t\n\t\t\t\t\t\t\t\t\t\t\t\t\t\t\t\t\t\t\t\n\t\t\t\t\t\t\t\t\t<h3 class=\"tg-module-title entry-title\">\n\t\t\t<a href=\"https:\/\/www.iforbes.cz\/index.php\/2025\/03\/04\/cesi-objevuji-kouzlo-premiovych-destilatu\/\">\u010ce\u0161i objevuj\u00ed kouzlo pr\u00e9miov\u00fdch destil\u00e1t\u016f<\/a>\n\t\t<\/h3>\n\t\t\t\t\t\t\t\t\t\t\t\t\t\t\n\t\t\t\t\t\t\t\n\t\t<div class=\"tg-module-meta\">\n\t\t\t\n\t\t\t<span class=\"tg-post-date entry-date\">\n\t\t\t\t<a href=\"https:\/\/www.iforbes.cz\/index.php\/2025\/03\/04\/cesi-objevuji-kouzlo-premiovych-destilatu\/\" rel=\"bookmark\"><time class=\"entry-date published\" datetime=\"2025-03-04T12:44:35+00:00\">4 b\u0159ezna, 2025<\/time><time class=\"updated\" datetime=\"2025-03-04T12:44:37+00:00\">4 b\u0159ezna, 2025<\/time><\/a>\t\t\t<\/span>\n\n\t\t\t<span class=\"tg-post-auther-name author vcard\">\n\t\t\t\t<a class=\"url fn n\" href=\"https:\/\/www.iforbes.cz\/index.php\/author\/iforbescz\/\">iforbescz<\/a>\t\t\t<\/span>\n\n\t\t\t\t\t\t\t<span class=\"tg-module-comments\">\n\t\t\t\t\t<a href=\"https:\/\/www.iforbes.cz\/index.php\/2025\/03\/04\/cesi-objevuji-kouzlo-premiovych-destilatu\/#respond\">0<\/a>\t\t\t\t<\/span>\n\t\t\t\t\t<\/div>\n\n\t\t\t\t\t\t\t\t\t\t\t\t\t\t\n\t\t\t\t\t\t\t\n\t\t\t\t\t\t\t<div class=\"tg-expert entry-content\">\n\t\t\t\t\t\t\t\t<p>\u010ce\u0161i postupn\u011b m\u011bn\u00ed sv\u016fj p\u0159\u00edstup k alkoholu. St\u00e1le v\u00edce z&nbsp;nich d\u00e1v\u00e1 p\u0159ednost kvalit\u011b p\u0159ed kvantitou a objevuje kouzlo pr\u00e9miov\u00fdch destil\u00e1t\u016f.<\/p>\n\t\t\t\t\t\t\t<\/div>\n\n\t\t\t\t\t\t<\/div>\n\t\t\t\t\t\t\t\t\t\t\t\t\t\t\t\t\t\t<\/div>\n\n\t\t\t\t\t\t\t\t<\/div>\n\t\t<\/div>\n\n\t\t\t\t<\/div>\n\t\t\t\t<\/div>\n\t\t\t\t\t\t<\/div>\n\t\t\t\t\t<\/div>\n\t\t<\/div>\n\t\t\t\t\t\t\t\t<\/div>\n\t\t\t\t\t<\/div>\n\t\t<\/section>\n\t\t\t\t\t\t<\/div>\n\t\t\t\t\t\t<\/div>\n\t\t\t\t\t<\/div>\n\t\t","protected":false},"excerpt":{"rendered":"<p>Lifestyle Life style&nbsp; Raper Erick Mati p\u0159edstavuje sv\u016fj prvn\u00ed videoklip nazvan\u00fd 23 Crew 20 ledna, 202120 ledna, 2021 iforbescz 0<\/p>\n","protected":false},"author":1,"featured_media":0,"parent":0,"menu_order":0,"comment_status":"closed","ping_status":"closed","template":"page-templates\/page-builder.php","meta":{"colormag_page_container_layout":"no_sidebar_full_width","colormag_page_sidebar_layout":"no_sidebar"},"_links":{"self":[{"href":"https:\/\/www.iforbes.cz\/index.php\/wp-json\/wp\/v2\/pages\/162"}],"collection":[{"href":"https:\/\/www.iforbes.cz\/index.php\/wp-json\/wp\/v2\/pages"}],"about":[{"href":"https:\/\/www.iforbes.cz\/index.php\/wp-json\/wp\/v2\/types\/page"}],"author":[{"embeddable":true,"href":"https:\/\/www.iforbes.cz\/index.php\/wp-json\/wp\/v2\/users\/1"}],"replies":[{"embeddable":true,"href":"https:\/\/www.iforbes.cz\/index.php\/wp-json\/wp\/v2\/comments?post=162"}],"version-history":[{"count":15,"href":"https:\/\/www.iforbes.cz\/index.php\/wp-json\/wp\/v2\/pages\/162\/revisions"}],"predecessor-version":[{"id":1736,"href":"https:\/\/www.iforbes.cz\/index.php\/wp-json\/wp\/v2\/pages\/162\/revisions\/1736"}],"wp:attachment":[{"href":"https:\/\/www.iforbes.cz\/index.php\/wp-json\/wp\/v2\/media?parent=162"}],"curies":[{"name":"wp","href":"https:\/\/api.w.org\/{rel}","templated":true}]}}