{"id":215,"date":"2017-12-11T15:58:19","date_gmt":"2017-12-11T15:58:19","guid":{"rendered":"https:\/\/demo.themegrill.com\/colormag-beauty-blog\/?page_id=215"},"modified":"2021-02-04T13:23:06","modified_gmt":"2021-02-04T13:23:06","slug":"byznys","status":"publish","type":"page","link":"https:\/\/www.iforbes.cz\/index.php\/byznys\/","title":{"rendered":"Byznys"},"content":{"rendered":"\t\t<div data-elementor-type=\"wp-post\" data-elementor-id=\"215\" class=\"elementor elementor-215\" data-elementor-settings=\"[]\">\n\t\t\t\t\t\t<div class=\"elementor-inner\">\n\t\t\t\t\t\t\t<div class=\"elementor-section-wrap\">\n\t\t\t\t\t\t\t<section class=\"elementor-section elementor-top-section elementor-element elementor-element-6288eeef elementor-section-boxed elementor-section-height-default elementor-section-height-default\" data-id=\"6288eeef\" data-element_type=\"section\">\n\t\t\t\t\t\t<div class=\"elementor-container elementor-column-gap-default\">\n\t\t\t\t\t\t\t<div class=\"elementor-row\">\n\t\t\t\t\t<div class=\"elementor-column elementor-col-100 elementor-top-column elementor-element elementor-element-2647f528\" data-id=\"2647f528\" data-element_type=\"column\">\n\t\t\t<div class=\"elementor-column-wrap elementor-element-populated\">\n\t\t\t\t\t\t\t<div class=\"elementor-widget-wrap\">\n\t\t\t\t\t\t<div class=\"elementor-element elementor-element-4eb62bc elementor-widget elementor-widget-heading\" data-id=\"4eb62bc\" data-element_type=\"widget\" data-widget_type=\"heading.default\">\n\t\t\t\t<div class=\"elementor-widget-container\">\n\t\t\t<h1 class=\"elementor-heading-title elementor-size-medium\"><u>Byznys<\/u><\/h1>\t\t<\/div>\n\t\t\t\t<\/div>\n\t\t\t\t\t\t<\/div>\n\t\t\t\t\t<\/div>\n\t\t<\/div>\n\t\t\t\t\t\t\t\t<\/div>\n\t\t\t\t\t<\/div>\n\t\t<\/section>\n\t\t\t\t<section class=\"elementor-section elementor-top-section elementor-element elementor-element-e20994b elementor-section-boxed elementor-section-height-default elementor-section-height-default\" data-id=\"e20994b\" data-element_type=\"section\">\n\t\t\t\t\t\t<div class=\"elementor-container elementor-column-gap-default\">\n\t\t\t\t\t\t\t<div class=\"elementor-row\">\n\t\t\t\t\t<div class=\"elementor-column elementor-col-100 elementor-top-column elementor-element elementor-element-df283d6\" data-id=\"df283d6\" data-element_type=\"column\">\n\t\t\t<div class=\"elementor-column-wrap\">\n\t\t\t\t\t\t\t<div class=\"elementor-widget-wrap\">\n\t\t\t\t\t\t\t\t<\/div>\n\t\t\t\t\t<\/div>\n\t\t<\/div>\n\t\t\t\t\t\t\t\t<\/div>\n\t\t\t\t\t<\/div>\n\t\t<\/section>\n\t\t\t\t<section class=\"elementor-section elementor-top-section elementor-element elementor-element-dfa9bbc elementor-section-boxed elementor-section-height-default elementor-section-height-default\" data-id=\"dfa9bbc\" data-element_type=\"section\">\n\t\t\t\t\t\t<div class=\"elementor-container elementor-column-gap-default\">\n\t\t\t\t\t\t\t<div class=\"elementor-row\">\n\t\t\t\t\t<div class=\"elementor-column elementor-col-100 elementor-top-column elementor-element elementor-element-9308cf2\" data-id=\"9308cf2\" data-element_type=\"column\">\n\t\t\t<div class=\"elementor-column-wrap elementor-element-populated\">\n\t\t\t\t\t\t\t<div class=\"elementor-widget-wrap\">\n\t\t\t\t\t\t<div class=\"elementor-element elementor-element-9d562ba elementor-widget elementor-widget-ColorMag-Posts-Block-2\" data-id=\"9d562ba\" data-element_type=\"widget\" data-widget_type=\"ColorMag-Posts-Block-2.default\">\n\t\t\t\t<div class=\"elementor-widget-container\">\n\t\t\t\n\t\t<div class=\"tg-module-block tg-module-wrapper tg-module-block--style-2\">\n\t\t\t\n\t\t\t<div class=\"tg-row\">\n\t\t\t\t\n\t\t\t\t\t<div class=\"tg-col-control\">\n\t\t\t\t\t\t<div class=\"tg_module_block tg-first-block\">\n\t\t\t\t\t\t\t\t\t\t\t\t\t\t\t\t\t\t\t\t\t\t\t\t\t\t<figure class=\"tg-module-thumb\">\n\t\t\t\t\t\t\t\t\t\t\t<a href=\"https:\/\/www.iforbes.cz\/index.php\/2026\/04\/22\/ey-je-opet-hrdym-podporovatelem-mezinarodniho-filmoveho-festivalu-karlovy-vary\/\" class=\"tg-thumb-link\">\n\t\t\t<img width=\"392\" height=\"272\" src=\"https:\/\/www.iforbes.cz\/wp-content\/uploads\/2026\/04\/MFF-Karlovy-Vary-2025_EY-Party_Martina-Kneiflova-392x272.jpg\" class=\"attachment-colormag-highlighted-post size-colormag-highlighted-post wp-post-image\" alt=\"\" loading=\"lazy\" srcset=\"https:\/\/www.iforbes.cz\/wp-content\/uploads\/2026\/04\/MFF-Karlovy-Vary-2025_EY-Party_Martina-Kneiflova-392x272.jpg 392w, https:\/\/www.iforbes.cz\/wp-content\/uploads\/2026\/04\/MFF-Karlovy-Vary-2025_EY-Party_Martina-Kneiflova-130x90.jpg 130w, https:\/\/www.iforbes.cz\/wp-content\/uploads\/2026\/04\/MFF-Karlovy-Vary-2025_EY-Party_Martina-Kneiflova-600x417.jpg 600w\" sizes=\"(max-width: 392px) 100vw, 392px\" \/>\t\t<\/a>\n\t\t<div class=\"tg-post-categories\"><a href=\"https:\/\/www.iforbes.cz\/index.php\/category\/byznys\/\" class=\"tg-post-category\" rel=\"category tag\">Byznys<\/a>&nbsp;<\/div>\t\t\t\t\t\t\t\t<\/figure>\n\t\t\t\t\t\t\t\t\n\t\t\t\t\t\t\t\t\t\t\t\t\t\t\t\t\t\t\t\n\t\t\t\t\t\t\t\t\t<h3 class=\"tg-module-title entry-title\">\n\t\t\t<a href=\"https:\/\/www.iforbes.cz\/index.php\/2026\/04\/22\/ey-je-opet-hrdym-podporovatelem-mezinarodniho-filmoveho-festivalu-karlovy-vary\/\">EY je op\u011bt hrd\u00fdm podporovatelem Mezin\u00e1rodn\u00edho filmov\u00e9ho festivalu Karlovy Vary<\/a>\n\t\t<\/h3>\n\t\t\t\t\t\t\t\t\t\t\t\t\t\t\n\t\t\t\t\t\t\t\n\t\t<div class=\"tg-module-meta\">\n\t\t\t\n\t\t\t<span class=\"tg-post-date entry-date\">\n\t\t\t\t<a href=\"https:\/\/www.iforbes.cz\/index.php\/2026\/04\/22\/ey-je-opet-hrdym-podporovatelem-mezinarodniho-filmoveho-festivalu-karlovy-vary\/\" rel=\"bookmark\"><time class=\"entry-date published updated\" datetime=\"2026-04-22T08:28:57+00:00\">22 dubna, 2026<\/time><\/a>\t\t\t<\/span>\n\n\t\t\t<span class=\"tg-post-auther-name author vcard\">\n\t\t\t\t<a class=\"url fn n\" href=\"https:\/\/www.iforbes.cz\/index.php\/author\/iforbescz\/\">iforbescz<\/a>\t\t\t<\/span>\n\n\t\t\t\t\t\t\t<span class=\"tg-module-comments\">\n\t\t\t\t\t<a href=\"https:\/\/www.iforbes.cz\/index.php\/2026\/04\/22\/ey-je-opet-hrdym-podporovatelem-mezinarodniho-filmoveho-festivalu-karlovy-vary\/#respond\">0<\/a>\t\t\t\t<\/span>\n\t\t\t\t\t<\/div>\n\n\t\t\t\t\t\t\t\t\t\t\t\t\t\t\n\t\t\t\t\t\t\t\n\t\t\t\t\t\t\t<div class=\"tg-expert entry-content\">\n\t\t\t\t\t\t\t\t<p>Poradensk\u00e1 spole\u010dnost EY potvrzuje svou roli ofici\u00e1ln\u00edho podporovatele Mezin\u00e1rodn\u00edho filmov\u00e9ho festivalu Karlovy Vary i pro nadch\u00e1zej\u00edc\u00ed jubilejn\u00ed 60. ro\u010dn\u00edk. Jde<\/p>\n\t\t\t\t\t\t\t<\/div>\n\n\t\t\t\t\t\t<\/div>\n\t\t\t\t\t\t\t\t\t\t\t\t\t\t\t\t\t\t<\/div>\n\n\t\t\t\t\t\n\t\t\t\t\t<div class=\"tg-col-control\">\n\t\t\t\t\t\t<div class=\"tg_module_block tg-first-block\">\n\t\t\t\t\t\t\t\t\t\t\t\t\t\t\t\t\t\t\t\t\t\t\t\t\t\t<figure class=\"tg-module-thumb\">\n\t\t\t\t\t\t\t\t\t\t\t<a href=\"https:\/\/www.iforbes.cz\/index.php\/2026\/04\/16\/lvmh-soumrak-luxusu-nebo-nakupni-prilezitost\/\" class=\"tg-thumb-link\">\n\t\t\t<img width=\"392\" height=\"272\" src=\"https:\/\/www.iforbes.cz\/wp-content\/uploads\/2026\/04\/Anna-Suhajdova_CapitalMarkets-392x272.jpg\" class=\"attachment-colormag-highlighted-post size-colormag-highlighted-post wp-post-image\" alt=\"\" loading=\"lazy\" srcset=\"https:\/\/www.iforbes.cz\/wp-content\/uploads\/2026\/04\/Anna-Suhajdova_CapitalMarkets-392x272.jpg 392w, https:\/\/www.iforbes.cz\/wp-content\/uploads\/2026\/04\/Anna-Suhajdova_CapitalMarkets-130x90.jpg 130w, https:\/\/www.iforbes.cz\/wp-content\/uploads\/2026\/04\/Anna-Suhajdova_CapitalMarkets-600x417.jpg 600w\" sizes=\"(max-width: 392px) 100vw, 392px\" \/>\t\t<\/a>\n\t\t<div class=\"tg-post-categories\"><a href=\"https:\/\/www.iforbes.cz\/index.php\/category\/byznys\/\" class=\"tg-post-category\" rel=\"category tag\">Byznys<\/a>&nbsp;<\/div>\t\t\t\t\t\t\t\t<\/figure>\n\t\t\t\t\t\t\t\t\n\t\t\t\t\t\t\t\t\t\t\t\t\t\t\t\t\t\t\t\n\t\t\t\t\t\t\t\t\t<h3 class=\"tg-module-title entry-title\">\n\t\t\t<a href=\"https:\/\/www.iforbes.cz\/index.php\/2026\/04\/16\/lvmh-soumrak-luxusu-nebo-nakupni-prilezitost\/\">LVMH: Soumrak luxusu, nebo n\u00e1kupn\u00ed p\u0159\u00edle\u017eitost?<\/a>\n\t\t<\/h3>\n\t\t\t\t\t\t\t\t\t\t\t\t\t\t\n\t\t\t\t\t\t\t\n\t\t<div class=\"tg-module-meta\">\n\t\t\t\n\t\t\t<span class=\"tg-post-date entry-date\">\n\t\t\t\t<a href=\"https:\/\/www.iforbes.cz\/index.php\/2026\/04\/16\/lvmh-soumrak-luxusu-nebo-nakupni-prilezitost\/\" rel=\"bookmark\"><time class=\"entry-date published updated\" datetime=\"2026-04-16T13:12:21+00:00\">16 dubna, 2026<\/time><\/a>\t\t\t<\/span>\n\n\t\t\t<span class=\"tg-post-auther-name author vcard\">\n\t\t\t\t<a class=\"url fn n\" href=\"https:\/\/www.iforbes.cz\/index.php\/author\/iforbescz\/\">iforbescz<\/a>\t\t\t<\/span>\n\n\t\t\t\t\t\t\t<span class=\"tg-module-comments\">\n\t\t\t\t\t<a href=\"https:\/\/www.iforbes.cz\/index.php\/2026\/04\/16\/lvmh-soumrak-luxusu-nebo-nakupni-prilezitost\/#respond\">0<\/a>\t\t\t\t<\/span>\n\t\t\t\t\t<\/div>\n\n\t\t\t\t\t\t\t\t\t\t\t\t\t\t\n\t\t\t\t\t\t\t\n\t\t\t\t\t\t\t<div class=\"tg-expert entry-content\">\n\t\t\t\t\t\t\t\t<p>LVMH, dlouhodob\u00fd barometr luxusn\u00edho sektoru, tentokr\u00e1t zklamalo. Organick\u00fd r\u016fst na \u00farovni 1 % zaostal za o\u010dek\u00e1v\u00e1n\u00edmi, tr\u017eby dos\u00e1hly 19,1 miliardy<\/p>\n\t\t\t\t\t\t\t<\/div>\n\n\t\t\t\t\t\t<\/div>\n\t\t\t\t\t\t\t\t\t\t\t\t\t\t\t\t\t\t<\/div>\n\n\t\t\t\t\t\n\t\t\t\t\t<div class=\"tg-col-control\">\n\t\t\t\t\t\t<div class=\"tg_module_block tg-first-block\">\n\t\t\t\t\t\t\t\t\t\t\t\t\t\t\t\t\t\t\t\t\t\t\t\t\t\t<figure class=\"tg-module-thumb\">\n\t\t\t\t\t\t\t\t\t\t\t<a href=\"https:\/\/www.iforbes.cz\/index.php\/2026\/04\/16\/apple-oslavil-padesatku-jak-se-dostal-z-temer-zkrachovale-firmy-k-jedne-z-nejhodnotnejsich-na-svete\/\" class=\"tg-thumb-link\">\n\t\t\t<img width=\"392\" height=\"272\" src=\"https:\/\/www.iforbes.cz\/wp-content\/uploads\/2026\/03\/Diana_Fatikova-392x272.jpg\" class=\"attachment-colormag-highlighted-post size-colormag-highlighted-post wp-post-image\" alt=\"\" loading=\"lazy\" srcset=\"https:\/\/www.iforbes.cz\/wp-content\/uploads\/2026\/03\/Diana_Fatikova-392x272.jpg 392w, https:\/\/www.iforbes.cz\/wp-content\/uploads\/2026\/03\/Diana_Fatikova-130x90.jpg 130w, https:\/\/www.iforbes.cz\/wp-content\/uploads\/2026\/03\/Diana_Fatikova-600x417.jpg 600w\" sizes=\"(max-width: 392px) 100vw, 392px\" \/>\t\t<\/a>\n\t\t<div class=\"tg-post-categories\"><a href=\"https:\/\/www.iforbes.cz\/index.php\/category\/byznys\/\" class=\"tg-post-category\" rel=\"category tag\">Byznys<\/a>&nbsp;<\/div>\t\t\t\t\t\t\t\t<\/figure>\n\t\t\t\t\t\t\t\t\n\t\t\t\t\t\t\t\t\t\t\t\t\t\t\t\t\t\t\t\n\t\t\t\t\t\t\t\t\t<h3 class=\"tg-module-title entry-title\">\n\t\t\t<a href=\"https:\/\/www.iforbes.cz\/index.php\/2026\/04\/16\/apple-oslavil-padesatku-jak-se-dostal-z-temer-zkrachovale-firmy-k-jedne-z-nejhodnotnejsich-na-svete\/\">Apple oslavil pades\u00e1tku. Jak se dostal z t\u00e9m\u011b\u0159 zkrachoval\u00e9 firmy k jedn\u00e9 z nejhodnotn\u011bj\u0161\u00edch na sv\u011bt\u011b<\/a>\n\t\t<\/h3>\n\t\t\t\t\t\t\t\t\t\t\t\t\t\t\n\t\t\t\t\t\t\t\n\t\t<div class=\"tg-module-meta\">\n\t\t\t\n\t\t\t<span class=\"tg-post-date entry-date\">\n\t\t\t\t<a href=\"https:\/\/www.iforbes.cz\/index.php\/2026\/04\/16\/apple-oslavil-padesatku-jak-se-dostal-z-temer-zkrachovale-firmy-k-jedne-z-nejhodnotnejsich-na-svete\/\" rel=\"bookmark\"><time class=\"entry-date published updated\" datetime=\"2026-04-16T07:02:37+00:00\">16 dubna, 2026<\/time><\/a>\t\t\t<\/span>\n\n\t\t\t<span class=\"tg-post-auther-name author vcard\">\n\t\t\t\t<a class=\"url fn n\" href=\"https:\/\/www.iforbes.cz\/index.php\/author\/iforbescz\/\">iforbescz<\/a>\t\t\t<\/span>\n\n\t\t\t\t\t\t\t<span class=\"tg-module-comments\">\n\t\t\t\t\t<a href=\"https:\/\/www.iforbes.cz\/index.php\/2026\/04\/16\/apple-oslavil-padesatku-jak-se-dostal-z-temer-zkrachovale-firmy-k-jedne-z-nejhodnotnejsich-na-svete\/#respond\">0<\/a>\t\t\t\t<\/span>\n\t\t\t\t\t<\/div>\n\n\t\t\t\t\t\t\t\t\t\t\t\t\t\t\n\t\t\t\t\t\t\t\n\t\t\t\t\t\t\t<div class=\"tg-expert entry-content\">\n\t\t\t\t\t\t\t\t<p>Spole\u010dnost Apple ned\u00e1vno oslavila sv\u00e9 50. v\u00fdro\u010d\u00ed jako jedna z nejhodnotn\u011bj\u0161\u00edch firem na sv\u011bt\u011b, av\u0161ak cesta k tomuto \u00fasp\u011bchu byla<\/p>\n\t\t\t\t\t\t\t<\/div>\n\n\t\t\t\t\t\t<\/div>\n\t\t\t\t\t\t\t\t\t\t\t\t\t\t\t\t\t\t<\/div>\n\n\t\t\t\t\t\n\t\t\t\t\t<div class=\"tg-col-control\">\n\t\t\t\t\t\t<div class=\"tg_module_block tg-first-block\">\n\t\t\t\t\t\t\t\t\t\t\t\t\t\t\t\t\t\t\t\t\t\t\t\t\t\t<figure class=\"tg-module-thumb\">\n\t\t\t\t\t\t\t\t\t\t\t<a href=\"https:\/\/www.iforbes.cz\/index.php\/2026\/04\/14\/olivia-lacenova-jak-vojensky-konflikt-na-blizkem-vychode-urychluje-novou-eru-globalni-mobility\/\" class=\"tg-thumb-link\">\n\t\t\t<img width=\"392\" height=\"272\" src=\"https:\/\/www.iforbes.cz\/wp-content\/uploads\/2026\/04\/Olivia_Lacenova_photo-392x272.jpg\" class=\"attachment-colormag-highlighted-post size-colormag-highlighted-post wp-post-image\" alt=\"\" loading=\"lazy\" srcset=\"https:\/\/www.iforbes.cz\/wp-content\/uploads\/2026\/04\/Olivia_Lacenova_photo-392x272.jpg 392w, https:\/\/www.iforbes.cz\/wp-content\/uploads\/2026\/04\/Olivia_Lacenova_photo-130x90.jpg 130w, https:\/\/www.iforbes.cz\/wp-content\/uploads\/2026\/04\/Olivia_Lacenova_photo-600x417.jpg 600w\" sizes=\"(max-width: 392px) 100vw, 392px\" \/>\t\t<\/a>\n\t\t<div class=\"tg-post-categories\"><a href=\"https:\/\/www.iforbes.cz\/index.php\/category\/byznys\/\" class=\"tg-post-category\" rel=\"category tag\">Byznys<\/a>&nbsp;<\/div>\t\t\t\t\t\t\t\t<\/figure>\n\t\t\t\t\t\t\t\t\n\t\t\t\t\t\t\t\t\t\t\t\t\t\t\t\t\t\t\t\n\t\t\t\t\t\t\t\t\t<h3 class=\"tg-module-title entry-title\">\n\t\t\t<a href=\"https:\/\/www.iforbes.cz\/index.php\/2026\/04\/14\/olivia-lacenova-jak-vojensky-konflikt-na-blizkem-vychode-urychluje-novou-eru-globalni-mobility\/\">Ol\u00edvia Lacenov\u00e1: Jak vojensk\u00fd konflikt na Bl\u00edzk\u00e9m v\u00fdchod\u011b urychluje novou \u00e9ru glob\u00e1ln\u00ed mobility?<\/a>\n\t\t<\/h3>\n\t\t\t\t\t\t\t\t\t\t\t\t\t\t\n\t\t\t\t\t\t\t\n\t\t<div class=\"tg-module-meta\">\n\t\t\t\n\t\t\t<span class=\"tg-post-date entry-date\">\n\t\t\t\t<a href=\"https:\/\/www.iforbes.cz\/index.php\/2026\/04\/14\/olivia-lacenova-jak-vojensky-konflikt-na-blizkem-vychode-urychluje-novou-eru-globalni-mobility\/\" rel=\"bookmark\"><time class=\"entry-date published updated\" datetime=\"2026-04-14T12:21:12+00:00\">14 dubna, 2026<\/time><\/a>\t\t\t<\/span>\n\n\t\t\t<span class=\"tg-post-auther-name author vcard\">\n\t\t\t\t<a class=\"url fn n\" href=\"https:\/\/www.iforbes.cz\/index.php\/author\/iforbescz\/\">iforbescz<\/a>\t\t\t<\/span>\n\n\t\t\t\t\t\t\t<span class=\"tg-module-comments\">\n\t\t\t\t\t<a href=\"https:\/\/www.iforbes.cz\/index.php\/2026\/04\/14\/olivia-lacenova-jak-vojensky-konflikt-na-blizkem-vychode-urychluje-novou-eru-globalni-mobility\/#respond\">0<\/a>\t\t\t\t<\/span>\n\t\t\t\t\t<\/div>\n\n\t\t\t\t\t\t\t\t\t\t\t\t\t\t\n\t\t\t\t\t\t\t\n\t\t\t\t\t\t\t<div class=\"tg-expert entry-content\">\n\t\t\t\t\t\t\t\t<p>Stane se \u00edr\u00e1nsk\u00fd konflikt a blok\u00e1da Hormuzsk\u00e9ho pr\u016flivu v roce 2026 bodem zlomu, kdy stav energetick\u00e9ho sektoru za\u010dne naru\u0161ovat v\u011brnost<\/p>\n\t\t\t\t\t\t\t<\/div>\n\n\t\t\t\t\t\t<\/div>\n\t\t\t\t\t\t\t\t\t\t\t\t\t\t\t\t\t\t<\/div>\n\n\t\t\t\t\t\n\t\t\t\t\t<div class=\"tg-col-control\">\n\t\t\t\t\t\t<div class=\"tg_module_block tg-first-block\">\n\t\t\t\t\t\t\t\t\t\t\t\t\t\t\t\t\t\t\t\t\t\t\t\t\t\t<figure class=\"tg-module-thumb\">\n\t\t\t\t\t\t\t\t\t\t\t<a href=\"https:\/\/www.iforbes.cz\/index.php\/2026\/04\/13\/megafuze-paramountu-a-warner-bros-za-110-miliard-usd-meni-hollywood-a-prinasi-rizika\/\" class=\"tg-thumb-link\">\n\t\t\t<img width=\"392\" height=\"272\" src=\"https:\/\/www.iforbes.cz\/wp-content\/uploads\/2026\/04\/Adam_Austera-392x272.jpg\" class=\"attachment-colormag-highlighted-post size-colormag-highlighted-post wp-post-image\" alt=\"\" loading=\"lazy\" srcset=\"https:\/\/www.iforbes.cz\/wp-content\/uploads\/2026\/04\/Adam_Austera-392x272.jpg 392w, https:\/\/www.iforbes.cz\/wp-content\/uploads\/2026\/04\/Adam_Austera-130x90.jpg 130w, https:\/\/www.iforbes.cz\/wp-content\/uploads\/2026\/04\/Adam_Austera-600x417.jpg 600w\" sizes=\"(max-width: 392px) 100vw, 392px\" \/>\t\t<\/a>\n\t\t<div class=\"tg-post-categories\"><a href=\"https:\/\/www.iforbes.cz\/index.php\/category\/byznys\/\" class=\"tg-post-category\" rel=\"category tag\">Byznys<\/a>&nbsp;<\/div>\t\t\t\t\t\t\t\t<\/figure>\n\t\t\t\t\t\t\t\t\n\t\t\t\t\t\t\t\t\t\t\t\t\t\t\t\t\t\t\t\n\t\t\t\t\t\t\t\t\t<h3 class=\"tg-module-title entry-title\">\n\t\t\t<a href=\"https:\/\/www.iforbes.cz\/index.php\/2026\/04\/13\/megafuze-paramountu-a-warner-bros-za-110-miliard-usd-meni-hollywood-a-prinasi-rizika\/\">Megaf\u00faze Paramountu a Warner Bros. za 110 miliard USD m\u011bn\u00ed Hollywood a p\u0159in\u00e1\u0161\u00ed rizika<\/a>\n\t\t<\/h3>\n\t\t\t\t\t\t\t\t\t\t\t\t\t\t\n\t\t\t\t\t\t\t\n\t\t<div class=\"tg-module-meta\">\n\t\t\t\n\t\t\t<span class=\"tg-post-date entry-date\">\n\t\t\t\t<a href=\"https:\/\/www.iforbes.cz\/index.php\/2026\/04\/13\/megafuze-paramountu-a-warner-bros-za-110-miliard-usd-meni-hollywood-a-prinasi-rizika\/\" rel=\"bookmark\"><time class=\"entry-date published updated\" datetime=\"2026-04-13T11:01:50+00:00\">13 dubna, 2026<\/time><\/a>\t\t\t<\/span>\n\n\t\t\t<span class=\"tg-post-auther-name author vcard\">\n\t\t\t\t<a class=\"url fn n\" href=\"https:\/\/www.iforbes.cz\/index.php\/author\/iforbescz\/\">iforbescz<\/a>\t\t\t<\/span>\n\n\t\t\t\t\t\t\t<span class=\"tg-module-comments\">\n\t\t\t\t\t<a href=\"https:\/\/www.iforbes.cz\/index.php\/2026\/04\/13\/megafuze-paramountu-a-warner-bros-za-110-miliard-usd-meni-hollywood-a-prinasi-rizika\/#respond\">0<\/a>\t\t\t\t<\/span>\n\t\t\t\t\t<\/div>\n\n\t\t\t\t\t\t\t\t\t\t\t\t\t\t\n\t\t\t\t\t\t\t\n\t\t\t\t\t\t\t<div class=\"tg-expert entry-content\">\n\t\t\t\t\t\t\t\t<p>Medi\u00e1ln\u00ed sektor vstoupil do nov\u00e9ho t\u00fddne s jednou z nejv\u011bt\u0161\u00edch transakc\u00ed posledn\u00edch let, kdy\u017e spole\u010dnost Paramount Skydance podepsala definitivn\u00ed dohodu<\/p>\n\t\t\t\t\t\t\t<\/div>\n\n\t\t\t\t\t\t<\/div>\n\t\t\t\t\t\t\t\t\t\t\t\t\t\t\t\t\t\t<\/div>\n\n\t\t\t\t\t\n\t\t\t\t\t<div class=\"tg-col-control\">\n\t\t\t\t\t\t<div class=\"tg_module_block tg-first-block\">\n\t\t\t\t\t\t\t\t\t\t\t\t\t\t\t\t\t\t\t\t\t\t\t\t\t\t<figure class=\"tg-module-thumb\">\n\t\t\t\t\t\t\t\t\t\t\t<a href=\"https:\/\/www.iforbes.cz\/index.php\/2026\/04\/09\/pet-hrisniku-bez-eura-proc-petice-zemi-vcetne-ceska-otali-s-prijetim-spolecne-evropske-meny\/\" class=\"tg-thumb-link\">\n\t\t\t<img width=\"392\" height=\"272\" src=\"https:\/\/www.iforbes.cz\/wp-content\/uploads\/2026\/04\/Roman_Vykouril-392x272.jpg\" class=\"attachment-colormag-highlighted-post size-colormag-highlighted-post wp-post-image\" alt=\"\" loading=\"lazy\" srcset=\"https:\/\/www.iforbes.cz\/wp-content\/uploads\/2026\/04\/Roman_Vykouril-392x272.jpg 392w, https:\/\/www.iforbes.cz\/wp-content\/uploads\/2026\/04\/Roman_Vykouril-130x90.jpg 130w, https:\/\/www.iforbes.cz\/wp-content\/uploads\/2026\/04\/Roman_Vykouril-600x417.jpg 600w\" sizes=\"(max-width: 392px) 100vw, 392px\" \/>\t\t<\/a>\n\t\t<div class=\"tg-post-categories\"><a href=\"https:\/\/www.iforbes.cz\/index.php\/category\/byznys\/\" class=\"tg-post-category\" rel=\"category tag\">Byznys<\/a>&nbsp;<\/div>\t\t\t\t\t\t\t\t<\/figure>\n\t\t\t\t\t\t\t\t\n\t\t\t\t\t\t\t\t\t\t\t\t\t\t\t\t\t\t\t\n\t\t\t\t\t\t\t\t\t<h3 class=\"tg-module-title entry-title\">\n\t\t\t<a href=\"https:\/\/www.iforbes.cz\/index.php\/2026\/04\/09\/pet-hrisniku-bez-eura-proc-petice-zemi-vcetne-ceska-otali-s-prijetim-spolecne-evropske-meny\/\">P\u011bt h\u0159\u00ed\u0161n\u00edk\u016f bez eura: Pro\u010d p\u011btice zem\u00ed v\u010detn\u011b \u010ceska ot\u00e1l\u00ed s p\u0159ijet\u00edm spole\u010dn\u00e9 evropsk\u00e9 m\u011bny<\/a>\n\t\t<\/h3>\n\t\t\t\t\t\t\t\t\t\t\t\t\t\t\n\t\t\t\t\t\t\t\n\t\t<div class=\"tg-module-meta\">\n\t\t\t\n\t\t\t<span class=\"tg-post-date entry-date\">\n\t\t\t\t<a href=\"https:\/\/www.iforbes.cz\/index.php\/2026\/04\/09\/pet-hrisniku-bez-eura-proc-petice-zemi-vcetne-ceska-otali-s-prijetim-spolecne-evropske-meny\/\" rel=\"bookmark\"><time class=\"entry-date published updated\" datetime=\"2026-04-09T07:27:22+00:00\">9 dubna, 2026<\/time><\/a>\t\t\t<\/span>\n\n\t\t\t<span class=\"tg-post-auther-name author vcard\">\n\t\t\t\t<a class=\"url fn n\" href=\"https:\/\/www.iforbes.cz\/index.php\/author\/iforbescz\/\">iforbescz<\/a>\t\t\t<\/span>\n\n\t\t\t\t\t\t\t<span class=\"tg-module-comments\">\n\t\t\t\t\t<a href=\"https:\/\/www.iforbes.cz\/index.php\/2026\/04\/09\/pet-hrisniku-bez-eura-proc-petice-zemi-vcetne-ceska-otali-s-prijetim-spolecne-evropske-meny\/#respond\">0<\/a>\t\t\t\t<\/span>\n\t\t\t\t\t<\/div>\n\n\t\t\t\t\t\t\t\t\t\t\t\t\t\t\n\t\t\t\t\t\t\t\n\t\t\t\t\t\t\t<div class=\"tg-expert entry-content\">\n\t\t\t\t\t\t\t\t<p>T\u00e9ma p\u0159ijet\u00ed spole\u010dn\u00e9 evropsk\u00e9 m\u011bny euro se se \u017eeleznou pravidelnost\u00ed objevuje nejen v&nbsp;\u010desk\u00e9 ve\u0159ejn\u00e9 debat\u011b. Ve st\u00ednu politick\u00fdch polemik \u010dasto<\/p>\n\t\t\t\t\t\t\t<\/div>\n\n\t\t\t\t\t\t<\/div>\n\t\t\t\t\t\t\t\t\t\t\t\t\t\t\t\t\t\t<\/div>\n\n\t\t\t\t\t\n\t\t\t\t\t<div class=\"tg-col-control\">\n\t\t\t\t\t\t<div class=\"tg_module_block tg-first-block\">\n\t\t\t\t\t\t\t\t\t\t\t\t\t\t\t\t\t\t\t\t\t\t\t\t\t\t<figure class=\"tg-module-thumb\">\n\t\t\t\t\t\t\t\t\t\t\t<a href=\"https:\/\/www.iforbes.cz\/index.php\/2026\/04\/01\/micron-silne-vysledky-a-jeste-silnejsi-vyhledy-smeruje-k-vitezstvi-v-oblasti-ai\/\" class=\"tg-thumb-link\">\n\t\t\t<img width=\"392\" height=\"272\" src=\"https:\/\/www.iforbes.cz\/wp-content\/uploads\/2026\/04\/Adam_Austera-392x272.jpg\" class=\"attachment-colormag-highlighted-post size-colormag-highlighted-post wp-post-image\" alt=\"\" loading=\"lazy\" srcset=\"https:\/\/www.iforbes.cz\/wp-content\/uploads\/2026\/04\/Adam_Austera-392x272.jpg 392w, https:\/\/www.iforbes.cz\/wp-content\/uploads\/2026\/04\/Adam_Austera-130x90.jpg 130w, https:\/\/www.iforbes.cz\/wp-content\/uploads\/2026\/04\/Adam_Austera-600x417.jpg 600w\" sizes=\"(max-width: 392px) 100vw, 392px\" \/>\t\t<\/a>\n\t\t<div class=\"tg-post-categories\"><a href=\"https:\/\/www.iforbes.cz\/index.php\/category\/byznys\/\" class=\"tg-post-category\" rel=\"category tag\">Byznys<\/a>&nbsp;<\/div>\t\t\t\t\t\t\t\t<\/figure>\n\t\t\t\t\t\t\t\t\n\t\t\t\t\t\t\t\t\t\t\t\t\t\t\t\t\t\t\t\n\t\t\t\t\t\t\t\t\t<h3 class=\"tg-module-title entry-title\">\n\t\t\t<a href=\"https:\/\/www.iforbes.cz\/index.php\/2026\/04\/01\/micron-silne-vysledky-a-jeste-silnejsi-vyhledy-smeruje-k-vitezstvi-v-oblasti-ai\/\">Micron: Siln\u00e9 v\u00fdsledky a je\u0161t\u011b siln\u011bj\u0161\u00ed v\u00fdhledy. Sm\u011b\u0159uje k v\u00edt\u011bzstv\u00ed v oblasti AI?<\/a>\n\t\t<\/h3>\n\t\t\t\t\t\t\t\t\t\t\t\t\t\t\n\t\t\t\t\t\t\t\n\t\t<div class=\"tg-module-meta\">\n\t\t\t\n\t\t\t<span class=\"tg-post-date entry-date\">\n\t\t\t\t<a href=\"https:\/\/www.iforbes.cz\/index.php\/2026\/04\/01\/micron-silne-vysledky-a-jeste-silnejsi-vyhledy-smeruje-k-vitezstvi-v-oblasti-ai\/\" rel=\"bookmark\"><time class=\"entry-date published\" datetime=\"2026-04-01T11:46:00+00:00\">1 dubna, 2026<\/time><time class=\"updated\" datetime=\"2026-04-08T08:49:30+00:00\">8 dubna, 2026<\/time><\/a>\t\t\t<\/span>\n\n\t\t\t<span class=\"tg-post-auther-name author vcard\">\n\t\t\t\t<a class=\"url fn n\" href=\"https:\/\/www.iforbes.cz\/index.php\/author\/iforbescz\/\">iforbescz<\/a>\t\t\t<\/span>\n\n\t\t\t\t\t\t\t<span class=\"tg-module-comments\">\n\t\t\t\t\t<a href=\"https:\/\/www.iforbes.cz\/index.php\/2026\/04\/01\/micron-silne-vysledky-a-jeste-silnejsi-vyhledy-smeruje-k-vitezstvi-v-oblasti-ai\/#respond\">0<\/a>\t\t\t\t<\/span>\n\t\t\t\t\t<\/div>\n\n\t\t\t\t\t\t\t\t\t\t\t\t\t\t\n\t\t\t\t\t\t\t\n\t\t\t\t\t\t\t<div class=\"tg-expert entry-content\">\n\t\t\t\t\t\t\t\t<p>Micron op\u011bt uk\u00e1zal, pro\u010d pat\u0159\u00ed mezi nejsledovan\u011bj\u0161\u00ed jm\u00e9na v odv\u011btv\u00ed polovodi\u010d\u016f. Spole\u010dnost p\u0159i\u0161la s v\u00fdsledky, kter\u00e9 potvrdily silnou popt\u00e1vku po<\/p>\n\t\t\t\t\t\t\t<\/div>\n\n\t\t\t\t\t\t<\/div>\n\t\t\t\t\t\t\t\t\t\t\t\t\t\t\t\t\t\t<\/div>\n\n\t\t\t\t\t\n\t\t\t\t\t<div class=\"tg-col-control\">\n\t\t\t\t\t\t<div class=\"tg_module_block tg-first-block\">\n\t\t\t\t\t\t\t\t\t\t\t\t\t\t\t\t\t\t\t\t\t\t\t\t\t\t<figure class=\"tg-module-thumb\">\n\t\t\t\t\t\t\t\t\t\t\t<a href=\"https:\/\/www.iforbes.cz\/index.php\/2026\/03\/31\/diana-fatikova-upada-slava-plysoveho-fenomenu-labubu-obavy-zastinily-solidni-vysledky-jeho-vyrobce\/\" class=\"tg-thumb-link\">\n\t\t\t<img width=\"392\" height=\"272\" src=\"https:\/\/www.iforbes.cz\/wp-content\/uploads\/2026\/03\/Diana_Fatikova-392x272.jpg\" class=\"attachment-colormag-highlighted-post size-colormag-highlighted-post wp-post-image\" alt=\"\" loading=\"lazy\" srcset=\"https:\/\/www.iforbes.cz\/wp-content\/uploads\/2026\/03\/Diana_Fatikova-392x272.jpg 392w, https:\/\/www.iforbes.cz\/wp-content\/uploads\/2026\/03\/Diana_Fatikova-130x90.jpg 130w, https:\/\/www.iforbes.cz\/wp-content\/uploads\/2026\/03\/Diana_Fatikova-600x417.jpg 600w\" sizes=\"(max-width: 392px) 100vw, 392px\" \/>\t\t<\/a>\n\t\t<div class=\"tg-post-categories\"><a href=\"https:\/\/www.iforbes.cz\/index.php\/category\/byznys\/\" class=\"tg-post-category\" rel=\"category tag\">Byznys<\/a>&nbsp;<\/div>\t\t\t\t\t\t\t\t<\/figure>\n\t\t\t\t\t\t\t\t\n\t\t\t\t\t\t\t\t\t\t\t\t\t\t\t\t\t\t\t\n\t\t\t\t\t\t\t\t\t<h3 class=\"tg-module-title entry-title\">\n\t\t\t<a href=\"https:\/\/www.iforbes.cz\/index.php\/2026\/03\/31\/diana-fatikova-upada-slava-plysoveho-fenomenu-labubu-obavy-zastinily-solidni-vysledky-jeho-vyrobce\/\">Diana Fatikov\u00e1: Upad\u00e1 sl\u00e1va ply\u0161ov\u00e9ho fenom\u00e9nu Labubu? Obavy zast\u00ednily solidn\u00ed v\u00fdsledky jeho v\u00fdrobce<\/a>\n\t\t<\/h3>\n\t\t\t\t\t\t\t\t\t\t\t\t\t\t\n\t\t\t\t\t\t\t\n\t\t<div class=\"tg-module-meta\">\n\t\t\t\n\t\t\t<span class=\"tg-post-date entry-date\">\n\t\t\t\t<a href=\"https:\/\/www.iforbes.cz\/index.php\/2026\/03\/31\/diana-fatikova-upada-slava-plysoveho-fenomenu-labubu-obavy-zastinily-solidni-vysledky-jeho-vyrobce\/\" rel=\"bookmark\"><time class=\"entry-date published\" datetime=\"2026-03-31T14:13:00+00:00\">31 b\u0159ezna, 2026<\/time><time class=\"updated\" datetime=\"2026-04-07T13:15:43+00:00\">7 dubna, 2026<\/time><\/a>\t\t\t<\/span>\n\n\t\t\t<span class=\"tg-post-auther-name author vcard\">\n\t\t\t\t<a class=\"url fn n\" href=\"https:\/\/www.iforbes.cz\/index.php\/author\/iforbescz\/\">iforbescz<\/a>\t\t\t<\/span>\n\n\t\t\t\t\t\t\t<span class=\"tg-module-comments\">\n\t\t\t\t\t<a href=\"https:\/\/www.iforbes.cz\/index.php\/2026\/03\/31\/diana-fatikova-upada-slava-plysoveho-fenomenu-labubu-obavy-zastinily-solidni-vysledky-jeho-vyrobce\/#respond\">0<\/a>\t\t\t\t<\/span>\n\t\t\t\t\t<\/div>\n\n\t\t\t\t\t\t\t\t\t\t\t\t\t\t\n\t\t\t\t\t\t\t\n\t\t\t\t\t\t\t<div class=\"tg-expert entry-content\">\n\t\t\t\t\t\t\t\t<p>P\u0159\u00edb\u011bh kolem postavi\u010dky Labubu je uk\u00e1zkou, jak se z mal\u00e9 hra\u010dky m\u016f\u017ee st\u00e1t glob\u00e1ln\u00ed fenom\u00e9n a sb\u011bratelsk\u00fd kousek, za kter\u00fd<\/p>\n\t\t\t\t\t\t\t<\/div>\n\n\t\t\t\t\t\t<\/div>\n\t\t\t\t\t\t\t\t\t\t\t\t\t\t\t\t\t\t<\/div>\n\n\t\t\t\t\t\n\t\t\t\t\t<div class=\"tg-col-control\">\n\t\t\t\t\t\t<div class=\"tg_module_block tg-first-block\">\n\t\t\t\t\t\t\t\t\t\t\t\t\t\t\t\t\t\t\t\t\t\t\t\t\t\t<figure class=\"tg-module-thumb\">\n\t\t\t\t\t\t\t\t\t\t\t<a href=\"https:\/\/www.iforbes.cz\/index.php\/2026\/03\/31\/czechskills-2026-znaji-viteze-finale-navstivila-i-prvni-dama-eva-pavlova\/\" class=\"tg-thumb-link\">\n\t\t\t<img width=\"392\" height=\"272\" src=\"https:\/\/www.iforbes.cz\/wp-content\/uploads\/2026\/03\/DSC_2821-392x272.jpg\" class=\"attachment-colormag-highlighted-post size-colormag-highlighted-post wp-post-image\" alt=\"\" loading=\"lazy\" srcset=\"https:\/\/www.iforbes.cz\/wp-content\/uploads\/2026\/03\/DSC_2821-392x272.jpg 392w, https:\/\/www.iforbes.cz\/wp-content\/uploads\/2026\/03\/DSC_2821-130x90.jpg 130w, https:\/\/www.iforbes.cz\/wp-content\/uploads\/2026\/03\/DSC_2821-600x417.jpg 600w\" sizes=\"(max-width: 392px) 100vw, 392px\" \/>\t\t<\/a>\n\t\t<div class=\"tg-post-categories\"><a href=\"https:\/\/www.iforbes.cz\/index.php\/category\/byznys\/\" class=\"tg-post-category\" rel=\"category tag\">Byznys<\/a>&nbsp;<\/div>\t\t\t\t\t\t\t\t<\/figure>\n\t\t\t\t\t\t\t\t\n\t\t\t\t\t\t\t\t\t\t\t\t\t\t\t\t\t\t\t\n\t\t\t\t\t\t\t\t\t<h3 class=\"tg-module-title entry-title\">\n\t\t\t<a href=\"https:\/\/www.iforbes.cz\/index.php\/2026\/03\/31\/czechskills-2026-znaji-viteze-finale-navstivila-i-prvni-dama-eva-pavlova\/\">CzechSkills 2026 znaj\u00ed v\u00edt\u011bze, fin\u00e1le nav\u0161t\u00edvila i prvn\u00ed d\u00e1ma Eva Pavlov\u00e1<\/a>\n\t\t<\/h3>\n\t\t\t\t\t\t\t\t\t\t\t\t\t\t\n\t\t\t\t\t\t\t\n\t\t<div class=\"tg-module-meta\">\n\t\t\t\n\t\t\t<span class=\"tg-post-date entry-date\">\n\t\t\t\t<a href=\"https:\/\/www.iforbes.cz\/index.php\/2026\/03\/31\/czechskills-2026-znaji-viteze-finale-navstivila-i-prvni-dama-eva-pavlova\/\" rel=\"bookmark\"><time class=\"entry-date published updated\" datetime=\"2026-03-31T09:49:43+00:00\">31 b\u0159ezna, 2026<\/time><\/a>\t\t\t<\/span>\n\n\t\t\t<span class=\"tg-post-auther-name author vcard\">\n\t\t\t\t<a class=\"url fn n\" href=\"https:\/\/www.iforbes.cz\/index.php\/author\/iforbescz\/\">iforbescz<\/a>\t\t\t<\/span>\n\n\t\t\t\t\t\t\t<span class=\"tg-module-comments\">\n\t\t\t\t\t<a href=\"https:\/\/www.iforbes.cz\/index.php\/2026\/03\/31\/czechskills-2026-znaji-viteze-finale-navstivila-i-prvni-dama-eva-pavlova\/#respond\">0<\/a>\t\t\t\t<\/span>\n\t\t\t\t\t<\/div>\n\n\t\t\t\t\t\t\t\t\t\t\t\t\t\t\n\t\t\t\t\t\t\t\n\t\t\t\t\t\t\t<div class=\"tg-expert entry-content\">\n\t\t\t\t\t\t\t\t<p>N\u00e1rodn\u00ed mistrovstv\u00ed odborn\u00fdch dovednost\u00ed CzechSkills 2026 zn\u00e1 sv\u00e9 v\u00edt\u011bze. Po t\u0159ech dnech sout\u011b\u017een\u00ed dokon\u010dilo v sobotu v poledne na 150<\/p>\n\t\t\t\t\t\t\t<\/div>\n\n\t\t\t\t\t\t<\/div>\n\t\t\t\t\t\t\t\t\t\t\t\t\t\t\t\t\t\t<\/div>\n\n\t\t\t\t\t\n\t\t\t\t\t<div class=\"tg-col-control\">\n\t\t\t\t\t\t<div class=\"tg_module_block tg-first-block\">\n\t\t\t\t\t\t\t\t\t\t\t\t\t\t\t\t\t\t\t\t\t\t\t\t\t\t<figure class=\"tg-module-thumb\">\n\t\t\t\t\t\t\t\t\t\t\t<a href=\"https:\/\/www.iforbes.cz\/index.php\/2026\/03\/27\/investori-stahuji-bitcoin-z-burz-trh-muze-stat-pred-zasadnim-zlomem\/\" class=\"tg-thumb-link\">\n\t\t\t<img width=\"392\" height=\"272\" src=\"https:\/\/www.iforbes.cz\/wp-content\/uploads\/2026\/04\/AdobeStock_313247854-392x272.jpeg\" class=\"attachment-colormag-highlighted-post size-colormag-highlighted-post wp-post-image\" alt=\"\" loading=\"lazy\" srcset=\"https:\/\/www.iforbes.cz\/wp-content\/uploads\/2026\/04\/AdobeStock_313247854-392x272.jpeg 392w, https:\/\/www.iforbes.cz\/wp-content\/uploads\/2026\/04\/AdobeStock_313247854-130x90.jpeg 130w, https:\/\/www.iforbes.cz\/wp-content\/uploads\/2026\/04\/AdobeStock_313247854-600x417.jpeg 600w\" sizes=\"(max-width: 392px) 100vw, 392px\" \/>\t\t<\/a>\n\t\t<div class=\"tg-post-categories\"><a href=\"https:\/\/www.iforbes.cz\/index.php\/category\/byznys\/\" class=\"tg-post-category\" rel=\"category tag\">Byznys<\/a>&nbsp;<\/div>\t\t\t\t\t\t\t\t<\/figure>\n\t\t\t\t\t\t\t\t\n\t\t\t\t\t\t\t\t\t\t\t\t\t\t\t\t\t\t\t\n\t\t\t\t\t\t\t\t\t<h3 class=\"tg-module-title entry-title\">\n\t\t\t<a href=\"https:\/\/www.iforbes.cz\/index.php\/2026\/03\/27\/investori-stahuji-bitcoin-z-burz-trh-muze-stat-pred-zasadnim-zlomem\/\">Investo\u0159i stahuj\u00ed bitcoin z burz. Trh m\u016f\u017ee st\u00e1t p\u0159ed z\u00e1sadn\u00edm zlomem<\/a>\n\t\t<\/h3>\n\t\t\t\t\t\t\t\t\t\t\t\t\t\t\n\t\t\t\t\t\t\t\n\t\t<div class=\"tg-module-meta\">\n\t\t\t\n\t\t\t<span class=\"tg-post-date entry-date\">\n\t\t\t\t<a href=\"https:\/\/www.iforbes.cz\/index.php\/2026\/03\/27\/investori-stahuji-bitcoin-z-burz-trh-muze-stat-pred-zasadnim-zlomem\/\" rel=\"bookmark\"><time class=\"entry-date published\" datetime=\"2026-03-27T16:01:00+00:00\">27 b\u0159ezna, 2026<\/time><time class=\"updated\" datetime=\"2026-04-06T16:02:52+00:00\">6 dubna, 2026<\/time><\/a>\t\t\t<\/span>\n\n\t\t\t<span class=\"tg-post-auther-name author vcard\">\n\t\t\t\t<a class=\"url fn n\" href=\"https:\/\/www.iforbes.cz\/index.php\/author\/iforbescz\/\">iforbescz<\/a>\t\t\t<\/span>\n\n\t\t\t\t\t\t\t<span class=\"tg-module-comments\">\n\t\t\t\t\t<a href=\"https:\/\/www.iforbes.cz\/index.php\/2026\/03\/27\/investori-stahuji-bitcoin-z-burz-trh-muze-stat-pred-zasadnim-zlomem\/#respond\">0<\/a>\t\t\t\t<\/span>\n\t\t\t\t\t<\/div>\n\n\t\t\t\t\t\t\t\t\t\t\t\t\t\t\n\t\t\t\t\t\t\t\n\t\t\t\t\t\t\t<div class=\"tg-expert entry-content\">\n\t\t\t\t\t\t\t\t<p>Bitcoin se v posledn\u00edch t\u00fddnech pohybuje v relativn\u011b \u00fazk\u00e9m cenov\u00e9m p\u00e1smu, co\u017e m\u016f\u017ee na prvn\u00ed pohled p\u016fsobit jako stagnace. Pod<\/p>\n\t\t\t\t\t\t\t<\/div>\n\n\t\t\t\t\t\t<\/div>\n\t\t\t\t\t\t\t\t\t\t\t\t\t\t\t\t\t\t<\/div>\n\n\t\t\t\t\t\n\t\t\t\t\t<div class=\"tg-col-control\">\n\t\t\t\t\t\t<div class=\"tg_module_block tg-first-block\">\n\t\t\t\t\t\t\t\t\t\t\t\t\t\t\t\t\t\t\t\t\t\t\t\t\t\t<figure class=\"tg-module-thumb\">\n\t\t\t\t\t\t\t\t\t\t\t<a href=\"https:\/\/www.iforbes.cz\/index.php\/2026\/03\/26\/czechskills-2026-chteji-inspirovat-mlade-lidi-k-profesim-ktere-maji-budoucnost\/\" class=\"tg-thumb-link\">\n\t\t\t<img width=\"392\" height=\"272\" src=\"https:\/\/www.iforbes.cz\/wp-content\/uploads\/2026\/03\/638726154_1250667553932504_8908332493668925053_n-392x272.png\" class=\"attachment-colormag-highlighted-post size-colormag-highlighted-post wp-post-image\" alt=\"\" loading=\"lazy\" srcset=\"https:\/\/www.iforbes.cz\/wp-content\/uploads\/2026\/03\/638726154_1250667553932504_8908332493668925053_n-392x272.png 392w, https:\/\/www.iforbes.cz\/wp-content\/uploads\/2026\/03\/638726154_1250667553932504_8908332493668925053_n-130x90.png 130w, https:\/\/www.iforbes.cz\/wp-content\/uploads\/2026\/03\/638726154_1250667553932504_8908332493668925053_n-600x417.png 600w\" sizes=\"(max-width: 392px) 100vw, 392px\" \/>\t\t<\/a>\n\t\t<div class=\"tg-post-categories\"><a href=\"https:\/\/www.iforbes.cz\/index.php\/category\/byznys\/\" class=\"tg-post-category\" rel=\"category tag\">Byznys<\/a>&nbsp;<\/div>\t\t\t\t\t\t\t\t<\/figure>\n\t\t\t\t\t\t\t\t\n\t\t\t\t\t\t\t\t\t\t\t\t\t\t\t\t\t\t\t\n\t\t\t\t\t\t\t\t\t<h3 class=\"tg-module-title entry-title\">\n\t\t\t<a href=\"https:\/\/www.iforbes.cz\/index.php\/2026\/03\/26\/czechskills-2026-chteji-inspirovat-mlade-lidi-k-profesim-ktere-maji-budoucnost\/\">CzechSkills 2026 cht\u011bj\u00ed inspirovat mlad\u00e9 lidi k profes\u00edm, kter\u00e9 maj\u00ed budoucnost<\/a>\n\t\t<\/h3>\n\t\t\t\t\t\t\t\t\t\t\t\t\t\t\n\t\t\t\t\t\t\t\n\t\t<div class=\"tg-module-meta\">\n\t\t\t\n\t\t\t<span class=\"tg-post-date entry-date\">\n\t\t\t\t<a href=\"https:\/\/www.iforbes.cz\/index.php\/2026\/03\/26\/czechskills-2026-chteji-inspirovat-mlade-lidi-k-profesim-ktere-maji-budoucnost\/\" rel=\"bookmark\"><time class=\"entry-date published updated\" datetime=\"2026-03-26T10:07:10+00:00\">26 b\u0159ezna, 2026<\/time><\/a>\t\t\t<\/span>\n\n\t\t\t<span class=\"tg-post-auther-name author vcard\">\n\t\t\t\t<a class=\"url fn n\" href=\"https:\/\/www.iforbes.cz\/index.php\/author\/iforbescz\/\">iforbescz<\/a>\t\t\t<\/span>\n\n\t\t\t\t\t\t\t<span class=\"tg-module-comments\">\n\t\t\t\t\t<a href=\"https:\/\/www.iforbes.cz\/index.php\/2026\/03\/26\/czechskills-2026-chteji-inspirovat-mlade-lidi-k-profesim-ktere-maji-budoucnost\/#respond\">0<\/a>\t\t\t\t<\/span>\n\t\t\t\t\t<\/div>\n\n\t\t\t\t\t\t\t\t\t\t\t\t\t\t\n\t\t\t\t\t\t\t\n\t\t\t\t\t\t\t<div class=\"tg-expert entry-content\">\n\t\t\t\t\t\t\t\t<p>Emoce, nap\u011bt\u00ed sout\u011b\u017ee a mlad\u00ed talenti ve v\u011bku 17\u201324 let, kte\u0159\u00ed v\u011b\u0159\u00ed sv\u00fdm dovednostem a ukazuj\u00ed perspektivn\u00ed budoucnost \u010desk\u00e9ho pr\u016fmyslu<\/p>\n\t\t\t\t\t\t\t<\/div>\n\n\t\t\t\t\t\t<\/div>\n\t\t\t\t\t\t\t\t\t\t\t\t\t\t\t\t\t\t<\/div>\n\n\t\t\t\t\t\n\t\t\t\t\t<div class=\"tg-col-control\">\n\t\t\t\t\t\t<div class=\"tg_module_block tg-first-block\">\n\t\t\t\t\t\t\t\t\t\t\t\t\t\t\t\t\t\t\t\t\t\t\t\t\t\t<figure class=\"tg-module-thumb\">\n\t\t\t\t\t\t\t\t\t\t\t<a href=\"https:\/\/www.iforbes.cz\/index.php\/2026\/03\/24\/investovani-v-cesku-miri-k-masove-zalezitosti-bez-nej-nebude-dustojna-penze-rika-ceo-fondee\/\" class=\"tg-thumb-link\">\n\t\t\t<img width=\"392\" height=\"272\" src=\"https:\/\/www.iforbes.cz\/wp-content\/uploads\/2026\/04\/AdobeStock_435436717-392x272.jpeg\" class=\"attachment-colormag-highlighted-post size-colormag-highlighted-post wp-post-image\" alt=\"\" loading=\"lazy\" srcset=\"https:\/\/www.iforbes.cz\/wp-content\/uploads\/2026\/04\/AdobeStock_435436717-392x272.jpeg 392w, https:\/\/www.iforbes.cz\/wp-content\/uploads\/2026\/04\/AdobeStock_435436717-130x90.jpeg 130w, https:\/\/www.iforbes.cz\/wp-content\/uploads\/2026\/04\/AdobeStock_435436717-600x417.jpeg 600w\" sizes=\"(max-width: 392px) 100vw, 392px\" \/>\t\t<\/a>\n\t\t<div class=\"tg-post-categories\"><a href=\"https:\/\/www.iforbes.cz\/index.php\/category\/byznys\/\" class=\"tg-post-category\" rel=\"category tag\">Byznys<\/a>&nbsp;<\/div>\t\t\t\t\t\t\t\t<\/figure>\n\t\t\t\t\t\t\t\t\n\t\t\t\t\t\t\t\t\t\t\t\t\t\t\t\t\t\t\t\n\t\t\t\t\t\t\t\t\t<h3 class=\"tg-module-title entry-title\">\n\t\t\t<a href=\"https:\/\/www.iforbes.cz\/index.php\/2026\/03\/24\/investovani-v-cesku-miri-k-masove-zalezitosti-bez-nej-nebude-dustojna-penze-rika-ceo-fondee\/\">Investov\u00e1n\u00ed v \u010cesku m\u00ed\u0159\u00ed k masov\u00e9 z\u00e1le\u017eitosti. Bez n\u011bj nebude d\u016fstojn\u00e1 penze, \u0159\u00edk\u00e1 CEO Fondee<\/a>\n\t\t<\/h3>\n\t\t\t\t\t\t\t\t\t\t\t\t\t\t\n\t\t\t\t\t\t\t\n\t\t<div class=\"tg-module-meta\">\n\t\t\t\n\t\t\t<span class=\"tg-post-date entry-date\">\n\t\t\t\t<a href=\"https:\/\/www.iforbes.cz\/index.php\/2026\/03\/24\/investovani-v-cesku-miri-k-masove-zalezitosti-bez-nej-nebude-dustojna-penze-rika-ceo-fondee\/\" rel=\"bookmark\"><time class=\"entry-date published\" datetime=\"2026-03-24T16:03:00+00:00\">24 b\u0159ezna, 2026<\/time><time class=\"updated\" datetime=\"2026-04-06T16:06:46+00:00\">6 dubna, 2026<\/time><\/a>\t\t\t<\/span>\n\n\t\t\t<span class=\"tg-post-auther-name author vcard\">\n\t\t\t\t<a class=\"url fn n\" href=\"https:\/\/www.iforbes.cz\/index.php\/author\/iforbescz\/\">iforbescz<\/a>\t\t\t<\/span>\n\n\t\t\t\t\t\t\t<span class=\"tg-module-comments\">\n\t\t\t\t\t<a href=\"https:\/\/www.iforbes.cz\/index.php\/2026\/03\/24\/investovani-v-cesku-miri-k-masove-zalezitosti-bez-nej-nebude-dustojna-penze-rika-ceo-fondee\/#respond\">0<\/a>\t\t\t\t<\/span>\n\t\t\t\t\t<\/div>\n\n\t\t\t\t\t\t\t\t\t\t\t\t\t\t\n\t\t\t\t\t\t\t\n\t\t\t\t\t\t\t<div class=\"tg-expert entry-content\">\n\t\t\t\t\t\t\t\t<p>Investov\u00e1n\u00ed se v \u010cesku postupn\u011b p\u0159esouv\u00e1 z okraje finan\u010dn\u00edho chov\u00e1n\u00ed do jeho hlavn\u00edho proudu. Zat\u00edmco je\u0161t\u011b p\u0159ed deseti lety bylo<\/p>\n\t\t\t\t\t\t\t<\/div>\n\n\t\t\t\t\t\t<\/div>\n\t\t\t\t\t\t\t\t\t\t\t\t\t\t\t\t\t\t<\/div>\n\n\t\t\t\t\t\n\t\t\t\t\t<div class=\"tg-col-control\">\n\t\t\t\t\t\t<div class=\"tg_module_block tg-first-block\">\n\t\t\t\t\t\t\t\t\t\t\t\t\t\t\t\t\t\t\t\t\t\t\t\t\t\t<figure class=\"tg-module-thumb\">\n\t\t\t\t\t\t\t\t\t\t\t<a href=\"https:\/\/www.iforbes.cz\/index.php\/2026\/03\/24\/cesko-celi-rekordnimu-objemu-padelanych-cigaret\/\" class=\"tg-thumb-link\">\n\t\t\t<img width=\"392\" height=\"272\" src=\"https:\/\/www.iforbes.cz\/wp-content\/uploads\/2026\/03\/foto1-10-392x272.jpg\" class=\"attachment-colormag-highlighted-post size-colormag-highlighted-post wp-post-image\" alt=\"\" loading=\"lazy\" srcset=\"https:\/\/www.iforbes.cz\/wp-content\/uploads\/2026\/03\/foto1-10-392x272.jpg 392w, https:\/\/www.iforbes.cz\/wp-content\/uploads\/2026\/03\/foto1-10-130x90.jpg 130w, https:\/\/www.iforbes.cz\/wp-content\/uploads\/2026\/03\/foto1-10-600x417.jpg 600w\" sizes=\"(max-width: 392px) 100vw, 392px\" \/>\t\t<\/a>\n\t\t<div class=\"tg-post-categories\"><a href=\"https:\/\/www.iforbes.cz\/index.php\/category\/byznys\/\" class=\"tg-post-category\" rel=\"category tag\">Byznys<\/a>&nbsp;<\/div>\t\t\t\t\t\t\t\t<\/figure>\n\t\t\t\t\t\t\t\t\n\t\t\t\t\t\t\t\t\t\t\t\t\t\t\t\t\t\t\t\n\t\t\t\t\t\t\t\t\t<h3 class=\"tg-module-title entry-title\">\n\t\t\t<a href=\"https:\/\/www.iforbes.cz\/index.php\/2026\/03\/24\/cesko-celi-rekordnimu-objemu-padelanych-cigaret\/\">\u010cesko \u010del\u00ed rekordn\u00edmu objemu pad\u011blan\u00fdch cigaret<\/a>\n\t\t<\/h3>\n\t\t\t\t\t\t\t\t\t\t\t\t\t\t\n\t\t\t\t\t\t\t\n\t\t<div class=\"tg-module-meta\">\n\t\t\t\n\t\t\t<span class=\"tg-post-date entry-date\">\n\t\t\t\t<a href=\"https:\/\/www.iforbes.cz\/index.php\/2026\/03\/24\/cesko-celi-rekordnimu-objemu-padelanych-cigaret\/\" rel=\"bookmark\"><time class=\"entry-date published updated\" datetime=\"2026-03-24T10:15:29+00:00\">24 b\u0159ezna, 2026<\/time><\/a>\t\t\t<\/span>\n\n\t\t\t<span class=\"tg-post-auther-name author vcard\">\n\t\t\t\t<a class=\"url fn n\" href=\"https:\/\/www.iforbes.cz\/index.php\/author\/iforbescz\/\">iforbescz<\/a>\t\t\t<\/span>\n\n\t\t\t\t\t\t\t<span class=\"tg-module-comments\">\n\t\t\t\t\t<a href=\"https:\/\/www.iforbes.cz\/index.php\/2026\/03\/24\/cesko-celi-rekordnimu-objemu-padelanych-cigaret\/#respond\">0<\/a>\t\t\t\t<\/span>\n\t\t\t\t\t<\/div>\n\n\t\t\t\t\t\t\t\t\t\t\t\t\t\t\n\t\t\t\t\t\t\t\n\t\t\t\t\t\t\t<div class=\"tg-expert entry-content\">\n\t\t\t\t\t\t\t\t<p>Pod\u00edl pad\u011blan\u00fdch cigaret na \u010desk\u00e9m trhu dos\u00e1hl ve \u010dtvrt\u00e9m \u010dtvrtlet\u00ed roku 2025 rekordn\u00edch 6,5 %, co\u017e p\u0159edstavuje 800 milion\u016f kus\u016f.<\/p>\n\t\t\t\t\t\t\t<\/div>\n\n\t\t\t\t\t\t<\/div>\n\t\t\t\t\t\t\t\t\t\t\t\t\t\t\t\t\t\t<\/div>\n\n\t\t\t\t\t\n\t\t\t\t\t<div class=\"tg-col-control\">\n\t\t\t\t\t\t<div class=\"tg_module_block tg-first-block\">\n\t\t\t\t\t\t\t\t\t\t\t\t\t\t\t\t\t\t\t\t\t\t\t\t\t\t<figure class=\"tg-module-thumb\">\n\t\t\t\t\t\t\t\t\t\t\t<a href=\"https:\/\/www.iforbes.cz\/index.php\/2026\/03\/12\/broker-neni-vas-nepritel-proc-za-ztraty-na-burze-nemuze-platforma\/\" class=\"tg-thumb-link\">\n\t\t\t<img width=\"392\" height=\"272\" src=\"https:\/\/www.iforbes.cz\/wp-content\/uploads\/2026\/03\/David-Matulay-392x272.jpg\" class=\"attachment-colormag-highlighted-post size-colormag-highlighted-post wp-post-image\" alt=\"\" loading=\"lazy\" srcset=\"https:\/\/www.iforbes.cz\/wp-content\/uploads\/2026\/03\/David-Matulay-392x272.jpg 392w, https:\/\/www.iforbes.cz\/wp-content\/uploads\/2026\/03\/David-Matulay-130x90.jpg 130w, https:\/\/www.iforbes.cz\/wp-content\/uploads\/2026\/03\/David-Matulay-600x417.jpg 600w\" sizes=\"(max-width: 392px) 100vw, 392px\" \/>\t\t<\/a>\n\t\t<div class=\"tg-post-categories\"><a href=\"https:\/\/www.iforbes.cz\/index.php\/category\/byznys\/\" class=\"tg-post-category\" rel=\"category tag\">Byznys<\/a>&nbsp;<\/div>\t\t\t\t\t\t\t\t<\/figure>\n\t\t\t\t\t\t\t\t\n\t\t\t\t\t\t\t\t\t\t\t\t\t\t\t\t\t\t\t\n\t\t\t\t\t\t\t\t\t<h3 class=\"tg-module-title entry-title\">\n\t\t\t<a href=\"https:\/\/www.iforbes.cz\/index.php\/2026\/03\/12\/broker-neni-vas-nepritel-proc-za-ztraty-na-burze-nemuze-platforma\/\">Broker nen\u00ed v\u00e1\u0161 nep\u0159\u00edtel: Pro\u010d za ztr\u00e1ty na burze (ne)m\u016f\u017ee platforma<\/a>\n\t\t<\/h3>\n\t\t\t\t\t\t\t\t\t\t\t\t\t\t\n\t\t\t\t\t\t\t\n\t\t<div class=\"tg-module-meta\">\n\t\t\t\n\t\t\t<span class=\"tg-post-date entry-date\">\n\t\t\t\t<a href=\"https:\/\/www.iforbes.cz\/index.php\/2026\/03\/12\/broker-neni-vas-nepritel-proc-za-ztraty-na-burze-nemuze-platforma\/\" rel=\"bookmark\"><time class=\"entry-date published updated\" datetime=\"2026-03-12T09:05:34+00:00\">12 b\u0159ezna, 2026<\/time><\/a>\t\t\t<\/span>\n\n\t\t\t<span class=\"tg-post-auther-name author vcard\">\n\t\t\t\t<a class=\"url fn n\" href=\"https:\/\/www.iforbes.cz\/index.php\/author\/iforbescz\/\">iforbescz<\/a>\t\t\t<\/span>\n\n\t\t\t\t\t\t\t<span class=\"tg-module-comments\">\n\t\t\t\t\t<a href=\"https:\/\/www.iforbes.cz\/index.php\/2026\/03\/12\/broker-neni-vas-nepritel-proc-za-ztraty-na-burze-nemuze-platforma\/#respond\">0<\/a>\t\t\t\t<\/span>\n\t\t\t\t\t<\/div>\n\n\t\t\t\t\t\t\t\t\t\t\t\t\t\t\n\t\t\t\t\t\t\t\n\t\t\t\t\t\t\t<div class=\"tg-expert entry-content\">\n\t\t\t\t\t\t\t\t<p>V roce 2026 je investov\u00e1n\u00ed dostupn\u011bj\u0161\u00ed ne\u017e kdy d\u0159\u00edve. D\u00edky mobiln\u00edm aplikac\u00edm a nulov\u00fdm poplatk\u016fm se do sv\u011bta kapit\u00e1lov\u00fdch trh\u016f<\/p>\n\t\t\t\t\t\t\t<\/div>\n\n\t\t\t\t\t\t<\/div>\n\t\t\t\t\t\t\t\t\t\t\t\t\t\t\t\t\t\t<\/div>\n\n\t\t\t\t\t\n\t\t\t\t\t<div class=\"tg-col-control\">\n\t\t\t\t\t\t<div class=\"tg_module_block tg-first-block\">\n\t\t\t\t\t\t\t\t\t\t\t\t\t\t\t\t\t\t\t\t\t\t\t\t\t\t<figure class=\"tg-module-thumb\">\n\t\t\t\t\t\t\t\t\t\t\t<a href=\"https:\/\/www.iforbes.cz\/index.php\/2026\/03\/05\/vr-group-rozsiruje-sve-portfolio-wargamingovych-her\/\" class=\"tg-thumb-link\">\n\t\t\t<img width=\"392\" height=\"272\" src=\"https:\/\/www.iforbes.cz\/wp-content\/uploads\/2026\/03\/Ogmia-1-1-392x272.jpeg\" class=\"attachment-colormag-highlighted-post size-colormag-highlighted-post wp-post-image\" alt=\"\" loading=\"lazy\" srcset=\"https:\/\/www.iforbes.cz\/wp-content\/uploads\/2026\/03\/Ogmia-1-1-392x272.jpeg 392w, https:\/\/www.iforbes.cz\/wp-content\/uploads\/2026\/03\/Ogmia-1-1-130x90.jpeg 130w, https:\/\/www.iforbes.cz\/wp-content\/uploads\/2026\/03\/Ogmia-1-1-600x417.jpeg 600w\" sizes=\"(max-width: 392px) 100vw, 392px\" \/>\t\t<\/a>\n\t\t<div class=\"tg-post-categories\"><a href=\"https:\/\/www.iforbes.cz\/index.php\/category\/byznys\/\" class=\"tg-post-category\" rel=\"category tag\">Byznys<\/a>&nbsp;<\/div>\t\t\t\t\t\t\t\t<\/figure>\n\t\t\t\t\t\t\t\t\n\t\t\t\t\t\t\t\t\t\t\t\t\t\t\t\t\t\t\t\n\t\t\t\t\t\t\t\t\t<h3 class=\"tg-module-title entry-title\">\n\t\t\t<a href=\"https:\/\/www.iforbes.cz\/index.php\/2026\/03\/05\/vr-group-rozsiruje-sve-portfolio-wargamingovych-her\/\">VR Group roz\u0161i\u0159uje sv\u00e9 portfolio wargamingov\u00fdch her<\/a>\n\t\t<\/h3>\n\t\t\t\t\t\t\t\t\t\t\t\t\t\t\n\t\t\t\t\t\t\t\n\t\t<div class=\"tg-module-meta\">\n\t\t\t\n\t\t\t<span class=\"tg-post-date entry-date\">\n\t\t\t\t<a href=\"https:\/\/www.iforbes.cz\/index.php\/2026\/03\/05\/vr-group-rozsiruje-sve-portfolio-wargamingovych-her\/\" rel=\"bookmark\"><time class=\"entry-date published updated\" datetime=\"2026-03-05T15:09:50+00:00\">5 b\u0159ezna, 2026<\/time><\/a>\t\t\t<\/span>\n\n\t\t\t<span class=\"tg-post-auther-name author vcard\">\n\t\t\t\t<a class=\"url fn n\" href=\"https:\/\/www.iforbes.cz\/index.php\/author\/iforbescz\/\">iforbescz<\/a>\t\t\t<\/span>\n\n\t\t\t\t\t\t\t<span class=\"tg-module-comments\">\n\t\t\t\t\t<a href=\"https:\/\/www.iforbes.cz\/index.php\/2026\/03\/05\/vr-group-rozsiruje-sve-portfolio-wargamingovych-her\/#respond\">0<\/a>\t\t\t\t<\/span>\n\t\t\t\t\t<\/div>\n\n\t\t\t\t\t\t\t\t\t\t\t\t\t\t\n\t\t\t\t\t\t\t\n\t\t\t\t\t\t\t<div class=\"tg-expert entry-content\">\n\t\t\t\t\t\t\t\t<p>Wargaming v posledn\u00edch letech za\u017e\u00edv\u00e1 glob\u00e1ln\u00ed n\u00e1vrat jako praktick\u00fd n\u00e1stroj pro v\u00fdcvik, anal\u00fdzu sc\u00e9n\u00e1\u0159\u016f a rozvoj rozhodov\u00e1n\u00ed v situac\u00edch, kter\u00e9<\/p>\n\t\t\t\t\t\t\t<\/div>\n\n\t\t\t\t\t\t<\/div>\n\t\t\t\t\t\t\t\t\t\t\t\t\t\t\t\t\t\t<\/div>\n\n\t\t\t\t\t\n\t\t\t\t\t<div class=\"tg-col-control\">\n\t\t\t\t\t\t<div class=\"tg_module_block tg-first-block\">\n\t\t\t\t\t\t\t\t\t\t\t\t\t\t\t\t\t\t\t\t\t\t\t\t\t\t<figure class=\"tg-module-thumb\">\n\t\t\t\t\t\t\t\t\t\t\t<a href=\"https:\/\/www.iforbes.cz\/index.php\/2026\/02\/27\/investicni-horecka-v-cesku-polovina-lidi-posila-penize-na-trhy-strategie-casto-chybi\/\" class=\"tg-thumb-link\">\n\t\t\t<img width=\"392\" height=\"272\" src=\"https:\/\/www.iforbes.cz\/wp-content\/uploads\/2026\/03\/investovani-v-cesku-tradeinfo-cz-392x272.jpeg\" class=\"attachment-colormag-highlighted-post size-colormag-highlighted-post wp-post-image\" alt=\"\" loading=\"lazy\" srcset=\"https:\/\/www.iforbes.cz\/wp-content\/uploads\/2026\/03\/investovani-v-cesku-tradeinfo-cz-392x272.jpeg 392w, https:\/\/www.iforbes.cz\/wp-content\/uploads\/2026\/03\/investovani-v-cesku-tradeinfo-cz-130x90.jpeg 130w, https:\/\/www.iforbes.cz\/wp-content\/uploads\/2026\/03\/investovani-v-cesku-tradeinfo-cz-600x417.jpeg 600w\" sizes=\"(max-width: 392px) 100vw, 392px\" \/>\t\t<\/a>\n\t\t<div class=\"tg-post-categories\"><a href=\"https:\/\/www.iforbes.cz\/index.php\/category\/byznys\/\" class=\"tg-post-category\" rel=\"category tag\">Byznys<\/a>&nbsp;<\/div>\t\t\t\t\t\t\t\t<\/figure>\n\t\t\t\t\t\t\t\t\n\t\t\t\t\t\t\t\t\t\t\t\t\t\t\t\t\t\t\t\n\t\t\t\t\t\t\t\t\t<h3 class=\"tg-module-title entry-title\">\n\t\t\t<a href=\"https:\/\/www.iforbes.cz\/index.php\/2026\/02\/27\/investicni-horecka-v-cesku-polovina-lidi-posila-penize-na-trhy-strategie-casto-chybi\/\">Investi\u010dn\u00ed hore\u010dka v \u010cesku: Polovina lid\u00ed pos\u00edl\u00e1 pen\u00edze na trhy. Strategie \u010dasto chyb\u00ed<\/a>\n\t\t<\/h3>\n\t\t\t\t\t\t\t\t\t\t\t\t\t\t\n\t\t\t\t\t\t\t\n\t\t<div class=\"tg-module-meta\">\n\t\t\t\n\t\t\t<span class=\"tg-post-date entry-date\">\n\t\t\t\t<a href=\"https:\/\/www.iforbes.cz\/index.php\/2026\/02\/27\/investicni-horecka-v-cesku-polovina-lidi-posila-penize-na-trhy-strategie-casto-chybi\/\" rel=\"bookmark\"><time class=\"entry-date published\" datetime=\"2026-02-27T14:18:00+00:00\">27 \u00fanora, 2026<\/time><time class=\"updated\" datetime=\"2026-03-02T14:36:37+00:00\">2 b\u0159ezna, 2026<\/time><\/a>\t\t\t<\/span>\n\n\t\t\t<span class=\"tg-post-auther-name author vcard\">\n\t\t\t\t<a class=\"url fn n\" href=\"https:\/\/www.iforbes.cz\/index.php\/author\/iforbescz\/\">iforbescz<\/a>\t\t\t<\/span>\n\n\t\t\t\t\t\t\t<span class=\"tg-module-comments\">\n\t\t\t\t\t<a href=\"https:\/\/www.iforbes.cz\/index.php\/2026\/02\/27\/investicni-horecka-v-cesku-polovina-lidi-posila-penize-na-trhy-strategie-casto-chybi\/#respond\">0<\/a>\t\t\t\t<\/span>\n\t\t\t\t\t<\/div>\n\n\t\t\t\t\t\t\t\t\t\t\t\t\t\t\n\t\t\t\t\t\t\t\n\t\t\t\t\t\t\t<div class=\"tg-expert entry-content\">\n\t\t\t\t\t\t\t\t<p>Investov\u00e1n\u00ed se v \u010cesku st\u00e1v\u00e1 b\u011b\u017enou sou\u010d\u00e1st\u00ed osobn\u00edch financ\u00ed. Aktivita, kter\u00e1 byla je\u0161t\u011b p\u0159ed n\u011bkolika lety dom\u00e9nou movit\u011bj\u0161\u00edch a finan\u010dn\u011b<\/p>\n\t\t\t\t\t\t\t<\/div>\n\n\t\t\t\t\t\t<\/div>\n\t\t\t\t\t\t\t\t\t\t\t\t\t\t\t\t\t\t<\/div>\n\n\t\t\t\t\t\n\t\t\t\t\t<div class=\"tg-col-control\">\n\t\t\t\t\t\t<div class=\"tg_module_block tg-first-block\">\n\t\t\t\t\t\t\t\t\t\t\t\t\t\t\t\t\t\t\t\t\t\t\t\t\t\t<figure class=\"tg-module-thumb\">\n\t\t\t\t\t\t\t\t\t\t\t<a href=\"https:\/\/www.iforbes.cz\/index.php\/2026\/02\/26\/advokat-petr-zabransky-postupuje-v-rowan-legal-na-pozici-counsel\/\" class=\"tg-thumb-link\">\n\t\t\t<img width=\"392\" height=\"272\" src=\"https:\/\/www.iforbes.cz\/wp-content\/uploads\/2026\/02\/Petr-Zabransky-392x272.jpg\" class=\"attachment-colormag-highlighted-post size-colormag-highlighted-post wp-post-image\" alt=\"\" loading=\"lazy\" srcset=\"https:\/\/www.iforbes.cz\/wp-content\/uploads\/2026\/02\/Petr-Zabransky-392x272.jpg 392w, https:\/\/www.iforbes.cz\/wp-content\/uploads\/2026\/02\/Petr-Zabransky-130x90.jpg 130w, https:\/\/www.iforbes.cz\/wp-content\/uploads\/2026\/02\/Petr-Zabransky-600x417.jpg 600w\" sizes=\"(max-width: 392px) 100vw, 392px\" \/>\t\t<\/a>\n\t\t<div class=\"tg-post-categories\"><a href=\"https:\/\/www.iforbes.cz\/index.php\/category\/byznys\/\" class=\"tg-post-category\" rel=\"category tag\">Byznys<\/a>&nbsp;<\/div>\t\t\t\t\t\t\t\t<\/figure>\n\t\t\t\t\t\t\t\t\n\t\t\t\t\t\t\t\t\t\t\t\t\t\t\t\t\t\t\t\n\t\t\t\t\t\t\t\t\t<h3 class=\"tg-module-title entry-title\">\n\t\t\t<a href=\"https:\/\/www.iforbes.cz\/index.php\/2026\/02\/26\/advokat-petr-zabransky-postupuje-v-rowan-legal-na-pozici-counsel\/\">Advok\u00e1t Petr Z\u00e1bransk\u00fd postupuje v ROWAN LEGAL na pozici Counsel<\/a>\n\t\t<\/h3>\n\t\t\t\t\t\t\t\t\t\t\t\t\t\t\n\t\t\t\t\t\t\t\n\t\t<div class=\"tg-module-meta\">\n\t\t\t\n\t\t\t<span class=\"tg-post-date entry-date\">\n\t\t\t\t<a href=\"https:\/\/www.iforbes.cz\/index.php\/2026\/02\/26\/advokat-petr-zabransky-postupuje-v-rowan-legal-na-pozici-counsel\/\" rel=\"bookmark\"><time class=\"entry-date published updated\" datetime=\"2026-02-26T10:14:41+00:00\">26 \u00fanora, 2026<\/time><\/a>\t\t\t<\/span>\n\n\t\t\t<span class=\"tg-post-auther-name author vcard\">\n\t\t\t\t<a class=\"url fn n\" href=\"https:\/\/www.iforbes.cz\/index.php\/author\/iforbescz\/\">iforbescz<\/a>\t\t\t<\/span>\n\n\t\t\t\t\t\t\t<span class=\"tg-module-comments\">\n\t\t\t\t\t<a href=\"https:\/\/www.iforbes.cz\/index.php\/2026\/02\/26\/advokat-petr-zabransky-postupuje-v-rowan-legal-na-pozici-counsel\/#respond\">0<\/a>\t\t\t\t<\/span>\n\t\t\t\t\t<\/div>\n\n\t\t\t\t\t\t\t\t\t\t\t\t\t\t\n\t\t\t\t\t\t\t\n\t\t\t\t\t\t\t<div class=\"tg-expert entry-content\">\n\t\t\t\t\t\t\t\t<p>Advok\u00e1tn\u00ed kancel\u00e1\u0159 ROWAN LEGAL oznamuje pov\u00fd\u0161en\u00ed Petra Z\u00e1bransk\u00e9ho, odborn\u00edka na litigace a spr\u00e1vn\u00ed pr\u00e1vo. Mgr. Petr Z\u00e1bransk\u00fd se specializuje na<\/p>\n\t\t\t\t\t\t\t<\/div>\n\n\t\t\t\t\t\t<\/div>\n\t\t\t\t\t\t\t\t\t\t\t\t\t\t\t\t\t\t<\/div>\n\n\t\t\t\t\t\n\t\t\t\t\t<div class=\"tg-col-control\">\n\t\t\t\t\t\t<div class=\"tg_module_block tg-first-block\">\n\t\t\t\t\t\t\t\t\t\t\t\t\t\t\t\t\t\t\t\t\t\t\t\t\t\t<figure class=\"tg-module-thumb\">\n\t\t\t\t\t\t\t\t\t\t\t<a href=\"https:\/\/www.iforbes.cz\/index.php\/2026\/02\/24\/warner-bros-discovery-ma-za-sebou-rekordni-olympiadu\/\" class=\"tg-thumb-link\">\n\t\t\t<img width=\"392\" height=\"272\" src=\"https:\/\/www.iforbes.cz\/wp-content\/uploads\/2026\/02\/GettyImages-2198141806-1-1-392x272.jpg\" class=\"attachment-colormag-highlighted-post size-colormag-highlighted-post wp-post-image\" alt=\"\" loading=\"lazy\" srcset=\"https:\/\/www.iforbes.cz\/wp-content\/uploads\/2026\/02\/GettyImages-2198141806-1-1-392x272.jpg 392w, https:\/\/www.iforbes.cz\/wp-content\/uploads\/2026\/02\/GettyImages-2198141806-1-1-130x90.jpg 130w, https:\/\/www.iforbes.cz\/wp-content\/uploads\/2026\/02\/GettyImages-2198141806-1-1-600x417.jpg 600w\" sizes=\"(max-width: 392px) 100vw, 392px\" \/>\t\t<\/a>\n\t\t<div class=\"tg-post-categories\"><a href=\"https:\/\/www.iforbes.cz\/index.php\/category\/byznys\/\" class=\"tg-post-category\" rel=\"category tag\">Byznys<\/a>&nbsp;<\/div>\t\t\t\t\t\t\t\t<\/figure>\n\t\t\t\t\t\t\t\t\n\t\t\t\t\t\t\t\t\t\t\t\t\t\t\t\t\t\t\t\n\t\t\t\t\t\t\t\t\t<h3 class=\"tg-module-title entry-title\">\n\t\t\t<a href=\"https:\/\/www.iforbes.cz\/index.php\/2026\/02\/24\/warner-bros-discovery-ma-za-sebou-rekordni-olympiadu\/\">Warner Bros. Discovery m\u00e1 za sebou rekordn\u00ed olympi\u00e1du<\/a>\n\t\t<\/h3>\n\t\t\t\t\t\t\t\t\t\t\t\t\t\t\n\t\t\t\t\t\t\t\n\t\t<div class=\"tg-module-meta\">\n\t\t\t\n\t\t\t<span class=\"tg-post-date entry-date\">\n\t\t\t\t<a href=\"https:\/\/www.iforbes.cz\/index.php\/2026\/02\/24\/warner-bros-discovery-ma-za-sebou-rekordni-olympiadu\/\" rel=\"bookmark\"><time class=\"entry-date published updated\" datetime=\"2026-02-24T13:31:33+00:00\">24 \u00fanora, 2026<\/time><\/a>\t\t\t<\/span>\n\n\t\t\t<span class=\"tg-post-auther-name author vcard\">\n\t\t\t\t<a class=\"url fn n\" href=\"https:\/\/www.iforbes.cz\/index.php\/author\/iforbescz\/\">iforbescz<\/a>\t\t\t<\/span>\n\n\t\t\t\t\t\t\t<span class=\"tg-module-comments\">\n\t\t\t\t\t<a href=\"https:\/\/www.iforbes.cz\/index.php\/2026\/02\/24\/warner-bros-discovery-ma-za-sebou-rekordni-olympiadu\/#respond\">0<\/a>\t\t\t\t<\/span>\n\t\t\t\t\t<\/div>\n\n\t\t\t\t\t\t\t\t\t\t\t\t\t\t\n\t\t\t\t\t\t\t\n\t\t\t\t\t\t\t<div class=\"tg-expert entry-content\">\n\t\t\t\t\t\t\t\t<p>Zimn\u00ed olympijsk\u00e9 hry Mil\u00e1n\u2013Cortina 2026 jsou u konce. Medi\u00e1ln\u00ed spole\u010dnost Warner Bros. Discovery (WBD) proto po slavnostn\u00edm z\u00e1v\u011bre\u010dn\u00e9m ceremoni\u00e1lu zve\u0159ejnila<\/p>\n\t\t\t\t\t\t\t<\/div>\n\n\t\t\t\t\t\t<\/div>\n\t\t\t\t\t\t\t\t\t\t\t\t\t\t\t\t\t\t<\/div>\n\n\t\t\t\t\t\n\t\t\t\t\t<div class=\"tg-col-control\">\n\t\t\t\t\t\t<div class=\"tg_module_block tg-first-block\">\n\t\t\t\t\t\t\t\t\t\t\t\t\t\t\t\t\t\t\t\t\t\t\t\t\t\t<figure class=\"tg-module-thumb\">\n\t\t\t\t\t\t\t\t\t\t\t<a href=\"https:\/\/www.iforbes.cz\/index.php\/2026\/01\/15\/evropska-obranna-strategie-jako-staro-novy-investicni-pilir\/\" class=\"tg-thumb-link\">\n\t\t\t<img width=\"392\" height=\"272\" src=\"https:\/\/www.iforbes.cz\/wp-content\/uploads\/2026\/01\/AdobeStock_1719930165-392x272.jpeg\" class=\"attachment-colormag-highlighted-post size-colormag-highlighted-post wp-post-image\" alt=\"\" loading=\"lazy\" srcset=\"https:\/\/www.iforbes.cz\/wp-content\/uploads\/2026\/01\/AdobeStock_1719930165-392x272.jpeg 392w, https:\/\/www.iforbes.cz\/wp-content\/uploads\/2026\/01\/AdobeStock_1719930165-130x90.jpeg 130w, https:\/\/www.iforbes.cz\/wp-content\/uploads\/2026\/01\/AdobeStock_1719930165-600x417.jpeg 600w\" sizes=\"(max-width: 392px) 100vw, 392px\" \/>\t\t<\/a>\n\t\t<div class=\"tg-post-categories\"><a href=\"https:\/\/www.iforbes.cz\/index.php\/category\/byznys\/\" class=\"tg-post-category\" rel=\"category tag\">Byznys<\/a>&nbsp;<\/div>\t\t\t\t\t\t\t\t<\/figure>\n\t\t\t\t\t\t\t\t\n\t\t\t\t\t\t\t\t\t\t\t\t\t\t\t\t\t\t\t\n\t\t\t\t\t\t\t\t\t<h3 class=\"tg-module-title entry-title\">\n\t\t\t<a href=\"https:\/\/www.iforbes.cz\/index.php\/2026\/01\/15\/evropska-obranna-strategie-jako-staro-novy-investicni-pilir\/\">Evropsk\u00e1 obrann\u00e1 strategie jako staro-nov\u00fd investi\u010dn\u00ed pil\u00ed\u0159<\/a>\n\t\t<\/h3>\n\t\t\t\t\t\t\t\t\t\t\t\t\t\t\n\t\t\t\t\t\t\t\n\t\t<div class=\"tg-module-meta\">\n\t\t\t\n\t\t\t<span class=\"tg-post-date entry-date\">\n\t\t\t\t<a href=\"https:\/\/www.iforbes.cz\/index.php\/2026\/01\/15\/evropska-obranna-strategie-jako-staro-novy-investicni-pilir\/\" rel=\"bookmark\"><time class=\"entry-date published updated\" datetime=\"2026-01-15T12:33:12+00:00\">15 ledna, 2026<\/time><\/a>\t\t\t<\/span>\n\n\t\t\t<span class=\"tg-post-auther-name author vcard\">\n\t\t\t\t<a class=\"url fn n\" href=\"https:\/\/www.iforbes.cz\/index.php\/author\/iforbescz\/\">iforbescz<\/a>\t\t\t<\/span>\n\n\t\t\t\t\t\t\t<span class=\"tg-module-comments\">\n\t\t\t\t\t<a href=\"https:\/\/www.iforbes.cz\/index.php\/2026\/01\/15\/evropska-obranna-strategie-jako-staro-novy-investicni-pilir\/#respond\">0<\/a>\t\t\t\t<\/span>\n\t\t\t\t\t<\/div>\n\n\t\t\t\t\t\t\t\t\t\t\t\t\t\t\n\t\t\t\t\t\t\t\n\t\t\t\t\t\t\t<div class=\"tg-expert entry-content\">\n\t\t\t\t\t\t\t\t<p>V\u00fddaje Evropsk\u00e9 unie na obranu se v posledn\u00edm obdob\u00ed definitivn\u011b p\u0159esunuly z okraje politick\u00e9ho i investi\u010dn\u00edho z\u00e1jmu do centra pozornosti.<\/p>\n\t\t\t\t\t\t\t<\/div>\n\n\t\t\t\t\t\t<\/div>\n\t\t\t\t\t\t\t\t\t\t\t\t\t\t\t\t\t\t<\/div>\n\n\t\t\t\t\t\n\t\t\t\t\t<div class=\"tg-col-control\">\n\t\t\t\t\t\t<div class=\"tg_module_block tg-first-block\">\n\t\t\t\t\t\t\t\t\t\t\t\t\t\t\t\t\t\t\t\t\t\t\t\t\t\t<figure class=\"tg-module-thumb\">\n\t\t\t\t\t\t\t\t\t\t\t<a href=\"https:\/\/www.iforbes.cz\/index.php\/2026\/01\/15\/apple-sazi-na-google-gemini-se-stane-mozkem-nove-siri\/\" class=\"tg-thumb-link\">\n\t\t\t<img width=\"392\" height=\"272\" src=\"https:\/\/www.iforbes.cz\/wp-content\/uploads\/2026\/01\/AdobeStock_689366087_Editorial_Use_Only-392x272.jpeg\" class=\"attachment-colormag-highlighted-post size-colormag-highlighted-post wp-post-image\" alt=\"\" loading=\"lazy\" srcset=\"https:\/\/www.iforbes.cz\/wp-content\/uploads\/2026\/01\/AdobeStock_689366087_Editorial_Use_Only-392x272.jpeg 392w, https:\/\/www.iforbes.cz\/wp-content\/uploads\/2026\/01\/AdobeStock_689366087_Editorial_Use_Only-130x90.jpeg 130w, https:\/\/www.iforbes.cz\/wp-content\/uploads\/2026\/01\/AdobeStock_689366087_Editorial_Use_Only-600x417.jpeg 600w\" sizes=\"(max-width: 392px) 100vw, 392px\" \/>\t\t<\/a>\n\t\t<div class=\"tg-post-categories\"><a href=\"https:\/\/www.iforbes.cz\/index.php\/category\/byznys\/\" class=\"tg-post-category\" rel=\"category tag\">Byznys<\/a>&nbsp;<\/div>\t\t\t\t\t\t\t\t<\/figure>\n\t\t\t\t\t\t\t\t\n\t\t\t\t\t\t\t\t\t\t\t\t\t\t\t\t\t\t\t\n\t\t\t\t\t\t\t\t\t<h3 class=\"tg-module-title entry-title\">\n\t\t\t<a href=\"https:\/\/www.iforbes.cz\/index.php\/2026\/01\/15\/apple-sazi-na-google-gemini-se-stane-mozkem-nove-siri\/\">Apple s\u00e1z\u00ed na Google. Gemini se stane mozkem nov\u00e9 Siri<\/a>\n\t\t<\/h3>\n\t\t\t\t\t\t\t\t\t\t\t\t\t\t\n\t\t\t\t\t\t\t\n\t\t<div class=\"tg-module-meta\">\n\t\t\t\n\t\t\t<span class=\"tg-post-date entry-date\">\n\t\t\t\t<a href=\"https:\/\/www.iforbes.cz\/index.php\/2026\/01\/15\/apple-sazi-na-google-gemini-se-stane-mozkem-nove-siri\/\" rel=\"bookmark\"><time class=\"entry-date published updated\" datetime=\"2026-01-15T12:30:23+00:00\">15 ledna, 2026<\/time><\/a>\t\t\t<\/span>\n\n\t\t\t<span class=\"tg-post-auther-name author vcard\">\n\t\t\t\t<a class=\"url fn n\" href=\"https:\/\/www.iforbes.cz\/index.php\/author\/iforbescz\/\">iforbescz<\/a>\t\t\t<\/span>\n\n\t\t\t\t\t\t\t<span class=\"tg-module-comments\">\n\t\t\t\t\t<a href=\"https:\/\/www.iforbes.cz\/index.php\/2026\/01\/15\/apple-sazi-na-google-gemini-se-stane-mozkem-nove-siri\/#respond\">0<\/a>\t\t\t\t<\/span>\n\t\t\t\t\t<\/div>\n\n\t\t\t\t\t\t\t\t\t\t\t\t\t\t\n\t\t\t\t\t\t\t\n\t\t\t\t\t\t\t<div class=\"tg-expert entry-content\">\n\t\t\t\t\t\t\t\t<p>Apple za\u010d\u00e1tkem t\u00fddne potvrdil v\u00edceletou dohodu s Googlem, v n\u00ed\u017e se modely Gemini stanou z\u00e1kladem pro p\u0159epracovanou Siri pl\u00e1novanou na<\/p>\n\t\t\t\t\t\t\t<\/div>\n\n\t\t\t\t\t\t<\/div>\n\t\t\t\t\t\t\t\t\t\t\t\t\t\t\t\t\t\t<\/div>\n\n\t\t\t\t\t\n\t\t\t\t\t<div class=\"tg-col-control\">\n\t\t\t\t\t\t<div class=\"tg_module_block tg-first-block\">\n\t\t\t\t\t\t\t\t\t\t\t\t\t\t\t\t\t\t\t\t\t\t\t\t\t\t<figure class=\"tg-module-thumb\">\n\t\t\t\t\t\t\t\t\t\t\t<a href=\"https:\/\/www.iforbes.cz\/index.php\/2025\/12\/12\/advokatni-kancelar-chrenek-toman-kotrba-otevrela-novou-pobocku-v-ostrave\/\" class=\"tg-thumb-link\">\n\t\t\t<img width=\"392\" height=\"272\" src=\"https:\/\/www.iforbes.cz\/wp-content\/uploads\/2025\/12\/kariera-opti-392x272.jpg\" class=\"attachment-colormag-highlighted-post size-colormag-highlighted-post wp-post-image\" alt=\"\" loading=\"lazy\" srcset=\"https:\/\/www.iforbes.cz\/wp-content\/uploads\/2025\/12\/kariera-opti-392x272.jpg 392w, https:\/\/www.iforbes.cz\/wp-content\/uploads\/2025\/12\/kariera-opti-130x90.jpg 130w\" sizes=\"(max-width: 392px) 100vw, 392px\" \/>\t\t<\/a>\n\t\t<div class=\"tg-post-categories\"><a href=\"https:\/\/www.iforbes.cz\/index.php\/category\/byznys\/\" class=\"tg-post-category\" rel=\"category tag\">Byznys<\/a>&nbsp;<\/div>\t\t\t\t\t\t\t\t<\/figure>\n\t\t\t\t\t\t\t\t\n\t\t\t\t\t\t\t\t\t\t\t\t\t\t\t\t\t\t\t\n\t\t\t\t\t\t\t\t\t<h3 class=\"tg-module-title entry-title\">\n\t\t\t<a href=\"https:\/\/www.iforbes.cz\/index.php\/2025\/12\/12\/advokatni-kancelar-chrenek-toman-kotrba-otevrela-novou-pobocku-v-ostrave\/\">Advok\u00e1tn\u00ed kancel\u00e1\u0159 Chrenek, Toman, Kotrba otev\u0159ela novou pobo\u010dku v Ostrav\u011b<\/a>\n\t\t<\/h3>\n\t\t\t\t\t\t\t\t\t\t\t\t\t\t\n\t\t\t\t\t\t\t\n\t\t<div class=\"tg-module-meta\">\n\t\t\t\n\t\t\t<span class=\"tg-post-date entry-date\">\n\t\t\t\t<a href=\"https:\/\/www.iforbes.cz\/index.php\/2025\/12\/12\/advokatni-kancelar-chrenek-toman-kotrba-otevrela-novou-pobocku-v-ostrave\/\" rel=\"bookmark\"><time class=\"entry-date published updated\" datetime=\"2025-12-12T08:55:23+00:00\">12 prosince, 2025<\/time><\/a>\t\t\t<\/span>\n\n\t\t\t<span class=\"tg-post-auther-name author vcard\">\n\t\t\t\t<a class=\"url fn n\" href=\"https:\/\/www.iforbes.cz\/index.php\/author\/iforbescz\/\">iforbescz<\/a>\t\t\t<\/span>\n\n\t\t\t\t\t\t\t<span class=\"tg-module-comments\">\n\t\t\t\t\t<a href=\"https:\/\/www.iforbes.cz\/index.php\/2025\/12\/12\/advokatni-kancelar-chrenek-toman-kotrba-otevrela-novou-pobocku-v-ostrave\/#respond\">0<\/a>\t\t\t\t<\/span>\n\t\t\t\t\t<\/div>\n\n\t\t\t\t\t\t\t\t\t\t\t\t\t\t\n\t\t\t\t\t\t\t\n\t\t\t\t\t\t\t<div class=\"tg-expert entry-content\">\n\t\t\t\t\t\t\t\t<p>Advok\u00e1tn\u00ed kancel\u00e1\u0159 Chrenek, Toman, Kotrba za\u010d\u00e1tkem prosince 2025 otev\u0159ela svou novou pobo\u010dku v Ostrav\u011b a roz\u0161i\u0159uje tak sv\u00e9 p\u016fsoben\u00ed do<\/p>\n\t\t\t\t\t\t\t<\/div>\n\n\t\t\t\t\t\t<\/div>\n\t\t\t\t\t\t\t\t\t\t\t\t\t\t\t\t\t\t<\/div>\n\n\t\t\t\t\t\n\t\t\t\t\t<div class=\"tg-col-control\">\n\t\t\t\t\t\t<div class=\"tg_module_block tg-first-block\">\n\t\t\t\t\t\t\t\t\t\t\t\t\t\t\t\t\t\t\t\t\t\t\t\t\t\t<figure class=\"tg-module-thumb\">\n\t\t\t\t\t\t\t\t\t\t\t<a href=\"https:\/\/www.iforbes.cz\/index.php\/2025\/12\/12\/tesco-rozsiruje-sit-v-neratovicich-otevrelo-novou-uspornou-prodejnu\/\" class=\"tg-thumb-link\">\n\t\t\t<img width=\"392\" height=\"272\" src=\"https:\/\/www.iforbes.cz\/wp-content\/uploads\/2025\/12\/DSC06313-392x272.jpg\" class=\"attachment-colormag-highlighted-post size-colormag-highlighted-post wp-post-image\" alt=\"\" loading=\"lazy\" srcset=\"https:\/\/www.iforbes.cz\/wp-content\/uploads\/2025\/12\/DSC06313-392x272.jpg 392w, https:\/\/www.iforbes.cz\/wp-content\/uploads\/2025\/12\/DSC06313-130x90.jpg 130w, https:\/\/www.iforbes.cz\/wp-content\/uploads\/2025\/12\/DSC06313-600x417.jpg 600w\" sizes=\"(max-width: 392px) 100vw, 392px\" \/>\t\t<\/a>\n\t\t<div class=\"tg-post-categories\"><a href=\"https:\/\/www.iforbes.cz\/index.php\/category\/byznys\/\" class=\"tg-post-category\" rel=\"category tag\">Byznys<\/a>&nbsp;<\/div>\t\t\t\t\t\t\t\t<\/figure>\n\t\t\t\t\t\t\t\t\n\t\t\t\t\t\t\t\t\t\t\t\t\t\t\t\t\t\t\t\n\t\t\t\t\t\t\t\t\t<h3 class=\"tg-module-title entry-title\">\n\t\t\t<a href=\"https:\/\/www.iforbes.cz\/index.php\/2025\/12\/12\/tesco-rozsiruje-sit-v-neratovicich-otevrelo-novou-uspornou-prodejnu\/\">Tesco roz\u0161i\u0159uje s\u00ed\u0165. V Neratovic\u00edch otev\u0159elo novou \u00faspornou prodejnu<\/a>\n\t\t<\/h3>\n\t\t\t\t\t\t\t\t\t\t\t\t\t\t\n\t\t\t\t\t\t\t\n\t\t<div class=\"tg-module-meta\">\n\t\t\t\n\t\t\t<span class=\"tg-post-date entry-date\">\n\t\t\t\t<a href=\"https:\/\/www.iforbes.cz\/index.php\/2025\/12\/12\/tesco-rozsiruje-sit-v-neratovicich-otevrelo-novou-uspornou-prodejnu\/\" rel=\"bookmark\"><time class=\"entry-date published updated\" datetime=\"2025-12-12T08:49:02+00:00\">12 prosince, 2025<\/time><\/a>\t\t\t<\/span>\n\n\t\t\t<span class=\"tg-post-auther-name author vcard\">\n\t\t\t\t<a class=\"url fn n\" href=\"https:\/\/www.iforbes.cz\/index.php\/author\/iforbescz\/\">iforbescz<\/a>\t\t\t<\/span>\n\n\t\t\t\t\t\t\t<span class=\"tg-module-comments\">\n\t\t\t\t\t<a href=\"https:\/\/www.iforbes.cz\/index.php\/2025\/12\/12\/tesco-rozsiruje-sit-v-neratovicich-otevrelo-novou-uspornou-prodejnu\/#respond\">0<\/a>\t\t\t\t<\/span>\n\t\t\t\t\t<\/div>\n\n\t\t\t\t\t\t\t\t\t\t\t\t\t\t\n\t\t\t\t\t\t\t\n\t\t\t\t\t\t\t<div class=\"tg-expert entry-content\">\n\t\t\t\t\t\t\t\t<p>Maloobchodn\u00ed \u0159et\u011bzec Tesco otev\u0159el v Neratovic\u00edch dal\u0161\u00ed prodejnu a d\u00e1l tak roz\u0161i\u0159uje svou s\u00ed\u0165 v region\u00e1ln\u00edch m\u011bstech. Pro Neratovice jde<\/p>\n\t\t\t\t\t\t\t<\/div>\n\n\t\t\t\t\t\t<\/div>\n\t\t\t\t\t\t\t\t\t\t\t\t\t\t\t\t\t\t<\/div>\n\n\t\t\t\t\t\n\t\t\t\t\t<div class=\"tg-col-control\">\n\t\t\t\t\t\t<div class=\"tg_module_block tg-first-block\">\n\t\t\t\t\t\t\t\t\t\t\t\t\t\t\t\t\t\t\t\t\t\t\t\t\t\t<figure class=\"tg-module-thumb\">\n\t\t\t\t\t\t\t\t\t\t\t<a href=\"https:\/\/www.iforbes.cz\/index.php\/2025\/12\/09\/rekordni-black-friday-prinesl-prodeje-v-miliardach-dolaru-ale-obsah-kosiku-se-zmensil\/\" class=\"tg-thumb-link\">\n\t\t\t<img width=\"392\" height=\"272\" src=\"https:\/\/www.iforbes.cz\/wp-content\/uploads\/2025\/12\/AdobeStock_1754447957-392x272.jpeg\" class=\"attachment-colormag-highlighted-post size-colormag-highlighted-post wp-post-image\" alt=\"\" loading=\"lazy\" srcset=\"https:\/\/www.iforbes.cz\/wp-content\/uploads\/2025\/12\/AdobeStock_1754447957-392x272.jpeg 392w, https:\/\/www.iforbes.cz\/wp-content\/uploads\/2025\/12\/AdobeStock_1754447957-130x90.jpeg 130w, https:\/\/www.iforbes.cz\/wp-content\/uploads\/2025\/12\/AdobeStock_1754447957-600x417.jpeg 600w\" sizes=\"(max-width: 392px) 100vw, 392px\" \/>\t\t<\/a>\n\t\t<div class=\"tg-post-categories\"><a href=\"https:\/\/www.iforbes.cz\/index.php\/category\/byznys\/\" class=\"tg-post-category\" rel=\"category tag\">Byznys<\/a>&nbsp;<\/div>\t\t\t\t\t\t\t\t<\/figure>\n\t\t\t\t\t\t\t\t\n\t\t\t\t\t\t\t\t\t\t\t\t\t\t\t\t\t\t\t\n\t\t\t\t\t\t\t\t\t<h3 class=\"tg-module-title entry-title\">\n\t\t\t<a href=\"https:\/\/www.iforbes.cz\/index.php\/2025\/12\/09\/rekordni-black-friday-prinesl-prodeje-v-miliardach-dolaru-ale-obsah-kosiku-se-zmensil\/\">Rekordn\u00ed Black Friday p\u0159inesl prodeje v miliard\u00e1ch dolar\u016f, ale obsah ko\u0161\u00edk\u016f se zmen\u0161il<\/a>\n\t\t<\/h3>\n\t\t\t\t\t\t\t\t\t\t\t\t\t\t\n\t\t\t\t\t\t\t\n\t\t<div class=\"tg-module-meta\">\n\t\t\t\n\t\t\t<span class=\"tg-post-date entry-date\">\n\t\t\t\t<a href=\"https:\/\/www.iforbes.cz\/index.php\/2025\/12\/09\/rekordni-black-friday-prinesl-prodeje-v-miliardach-dolaru-ale-obsah-kosiku-se-zmensil\/\" rel=\"bookmark\"><time class=\"entry-date published updated\" datetime=\"2025-12-09T11:22:07+00:00\">9 prosince, 2025<\/time><\/a>\t\t\t<\/span>\n\n\t\t\t<span class=\"tg-post-auther-name author vcard\">\n\t\t\t\t<a class=\"url fn n\" href=\"https:\/\/www.iforbes.cz\/index.php\/author\/iforbescz\/\">iforbescz<\/a>\t\t\t<\/span>\n\n\t\t\t\t\t\t\t<span class=\"tg-module-comments\">\n\t\t\t\t\t<a href=\"https:\/\/www.iforbes.cz\/index.php\/2025\/12\/09\/rekordni-black-friday-prinesl-prodeje-v-miliardach-dolaru-ale-obsah-kosiku-se-zmensil\/#respond\">0<\/a>\t\t\t\t<\/span>\n\t\t\t\t\t<\/div>\n\n\t\t\t\t\t\t\t\t\t\t\t\t\t\t\n\t\t\t\t\t\t\t\n\t\t\t\t\t\t\t<div class=\"tg-expert entry-content\">\n\t\t\t\t\t\t\t\t<p>Listopadov\u00fd n\u00e1kupn\u00ed \u0161\u00edlenstv\u00ed zn\u00e1m\u00e9 jako Black Friday op\u011bt uk\u00e1zalo svou s\u00edlu nejv\u011bt\u0161\u00ed ud\u00e1losti roku, ale tak\u00e9 pouk\u00e1zalo na zm\u011bnu spot\u0159ebitelsk\u00e9ho<\/p>\n\t\t\t\t\t\t\t<\/div>\n\n\t\t\t\t\t\t<\/div>\n\t\t\t\t\t\t\t\t\t\t\t\t\t\t\t\t\t\t<\/div>\n\n\t\t\t\t\t\n\t\t\t\t\t<div class=\"tg-col-control\">\n\t\t\t\t\t\t<div class=\"tg_module_block tg-first-block\">\n\t\t\t\t\t\t\t\t\t\t\t\t\t\t\t\t\t\t\t\t\t\t\t\t\t\t<figure class=\"tg-module-thumb\">\n\t\t\t\t\t\t\t\t\t\t\t<a href=\"https:\/\/www.iforbes.cz\/index.php\/2025\/12\/09\/eli-lilly-snizuje-ceny-zepboundu-oslabi-tento-krok-vysledne-trzby\/\" class=\"tg-thumb-link\">\n\t\t\t<img width=\"392\" height=\"272\" src=\"https:\/\/www.iforbes.cz\/wp-content\/uploads\/2025\/12\/AdobeStock_485222085_Editorial_Use_Only-392x272.jpeg\" class=\"attachment-colormag-highlighted-post size-colormag-highlighted-post wp-post-image\" alt=\"\" loading=\"lazy\" srcset=\"https:\/\/www.iforbes.cz\/wp-content\/uploads\/2025\/12\/AdobeStock_485222085_Editorial_Use_Only-392x272.jpeg 392w, https:\/\/www.iforbes.cz\/wp-content\/uploads\/2025\/12\/AdobeStock_485222085_Editorial_Use_Only-130x90.jpeg 130w, https:\/\/www.iforbes.cz\/wp-content\/uploads\/2025\/12\/AdobeStock_485222085_Editorial_Use_Only-600x417.jpeg 600w\" sizes=\"(max-width: 392px) 100vw, 392px\" \/>\t\t<\/a>\n\t\t<div class=\"tg-post-categories\"><a href=\"https:\/\/www.iforbes.cz\/index.php\/category\/byznys\/\" class=\"tg-post-category\" rel=\"category tag\">Byznys<\/a>&nbsp;<\/div>\t\t\t\t\t\t\t\t<\/figure>\n\t\t\t\t\t\t\t\t\n\t\t\t\t\t\t\t\t\t\t\t\t\t\t\t\t\t\t\t\n\t\t\t\t\t\t\t\t\t<h3 class=\"tg-module-title entry-title\">\n\t\t\t<a href=\"https:\/\/www.iforbes.cz\/index.php\/2025\/12\/09\/eli-lilly-snizuje-ceny-zepboundu-oslabi-tento-krok-vysledne-trzby\/\">Eli Lilly sni\u017euje ceny Zepboundu. Oslab\u00ed tento krok v\u00fdsledn\u00e9 tr\u017eby?<\/a>\n\t\t<\/h3>\n\t\t\t\t\t\t\t\t\t\t\t\t\t\t\n\t\t\t\t\t\t\t\n\t\t<div class=\"tg-module-meta\">\n\t\t\t\n\t\t\t<span class=\"tg-post-date entry-date\">\n\t\t\t\t<a href=\"https:\/\/www.iforbes.cz\/index.php\/2025\/12\/09\/eli-lilly-snizuje-ceny-zepboundu-oslabi-tento-krok-vysledne-trzby\/\" rel=\"bookmark\"><time class=\"entry-date published updated\" datetime=\"2025-12-09T11:18:58+00:00\">9 prosince, 2025<\/time><\/a>\t\t\t<\/span>\n\n\t\t\t<span class=\"tg-post-auther-name author vcard\">\n\t\t\t\t<a class=\"url fn n\" href=\"https:\/\/www.iforbes.cz\/index.php\/author\/iforbescz\/\">iforbescz<\/a>\t\t\t<\/span>\n\n\t\t\t\t\t\t\t<span class=\"tg-module-comments\">\n\t\t\t\t\t<a href=\"https:\/\/www.iforbes.cz\/index.php\/2025\/12\/09\/eli-lilly-snizuje-ceny-zepboundu-oslabi-tento-krok-vysledne-trzby\/#respond\">0<\/a>\t\t\t\t<\/span>\n\t\t\t\t\t<\/div>\n\n\t\t\t\t\t\t\t\t\t\t\t\t\t\t\n\t\t\t\t\t\t\t\n\t\t\t\t\t\t\t<div class=\"tg-expert entry-content\">\n\t\t\t\t\t\t\t\t<p>Na poli rychle rostouc\u00edho trhu s l\u00e9ky na obezitu provedla Eli Lilly, nejhodnotn\u011bj\u0161\u00ed zdravotnick\u00e1 firma na sv\u011bt\u011b, dal\u0161\u00ed v\u00fdznamn\u00fd krok.<\/p>\n\t\t\t\t\t\t\t<\/div>\n\n\t\t\t\t\t\t<\/div>\n\t\t\t\t\t\t\t\t\t\t\t\t\t\t\t\t\t\t<\/div>\n\n\t\t\t\t\t\n\t\t\t\t\t<div class=\"tg-col-control\">\n\t\t\t\t\t\t<div class=\"tg_module_block tg-first-block\">\n\t\t\t\t\t\t\t\t\t\t\t\t\t\t\t\t\t\t\t\t\t\t\t\t\t\t<figure class=\"tg-module-thumb\">\n\t\t\t\t\t\t\t\t\t\t\t<a href=\"https:\/\/www.iforbes.cz\/index.php\/2025\/12\/09\/ai-asistence-a-zmeny-spotrebitelskeho-chovani-co-prinesl-black-friday-2025\/\" class=\"tg-thumb-link\">\n\t\t\t<img width=\"392\" height=\"272\" src=\"https:\/\/www.iforbes.cz\/wp-content\/uploads\/2025\/12\/AdobeStock_291630046-392x272.jpeg\" class=\"attachment-colormag-highlighted-post size-colormag-highlighted-post wp-post-image\" alt=\"\" loading=\"lazy\" srcset=\"https:\/\/www.iforbes.cz\/wp-content\/uploads\/2025\/12\/AdobeStock_291630046-392x272.jpeg 392w, https:\/\/www.iforbes.cz\/wp-content\/uploads\/2025\/12\/AdobeStock_291630046-130x90.jpeg 130w, https:\/\/www.iforbes.cz\/wp-content\/uploads\/2025\/12\/AdobeStock_291630046-600x417.jpeg 600w\" sizes=\"(max-width: 392px) 100vw, 392px\" \/>\t\t<\/a>\n\t\t<div class=\"tg-post-categories\"><a href=\"https:\/\/www.iforbes.cz\/index.php\/category\/byznys\/\" class=\"tg-post-category\" rel=\"category tag\">Byznys<\/a>&nbsp;<\/div>\t\t\t\t\t\t\t\t<\/figure>\n\t\t\t\t\t\t\t\t\n\t\t\t\t\t\t\t\t\t\t\t\t\t\t\t\t\t\t\t\n\t\t\t\t\t\t\t\t\t<h3 class=\"tg-module-title entry-title\">\n\t\t\t<a href=\"https:\/\/www.iforbes.cz\/index.php\/2025\/12\/09\/ai-asistence-a-zmeny-spotrebitelskeho-chovani-co-prinesl-black-friday-2025\/\">AI asistence a zm\u011bny spot\u0159ebitelsk\u00e9ho chov\u00e1n\u00ed. Co p\u0159inesl Black Friday 2025?<\/a>\n\t\t<\/h3>\n\t\t\t\t\t\t\t\t\t\t\t\t\t\t\n\t\t\t\t\t\t\t\n\t\t<div class=\"tg-module-meta\">\n\t\t\t\n\t\t\t<span class=\"tg-post-date entry-date\">\n\t\t\t\t<a href=\"https:\/\/www.iforbes.cz\/index.php\/2025\/12\/09\/ai-asistence-a-zmeny-spotrebitelskeho-chovani-co-prinesl-black-friday-2025\/\" rel=\"bookmark\"><time class=\"entry-date published updated\" datetime=\"2025-12-09T11:16:02+00:00\">9 prosince, 2025<\/time><\/a>\t\t\t<\/span>\n\n\t\t\t<span class=\"tg-post-auther-name author vcard\">\n\t\t\t\t<a class=\"url fn n\" href=\"https:\/\/www.iforbes.cz\/index.php\/author\/iforbescz\/\">iforbescz<\/a>\t\t\t<\/span>\n\n\t\t\t\t\t\t\t<span class=\"tg-module-comments\">\n\t\t\t\t\t<a href=\"https:\/\/www.iforbes.cz\/index.php\/2025\/12\/09\/ai-asistence-a-zmeny-spotrebitelskeho-chovani-co-prinesl-black-friday-2025\/#respond\">0<\/a>\t\t\t\t<\/span>\n\t\t\t\t\t<\/div>\n\n\t\t\t\t\t\t\t\t\t\t\t\t\t\t\n\t\t\t\t\t\t\t\n\t\t\t\t\t\t\t<div class=\"tg-expert entry-content\">\n\t\t\t\t\t\t\t\t<p>Listopadov\u00e1 n\u00e1kupn\u00ed hore\u010dka zn\u00e1m\u00e1 jako Black Friday podle p\u0159edb\u011b\u017en\u00fdch \u00fadaj\u016f dos\u00e1hla nov\u00fdch rekord\u016f. Dominance online prodeje, v\u00fdrazn\u00fd n\u00e1stup um\u011bl\u00e9 inteligence<\/p>\n\t\t\t\t\t\t\t<\/div>\n\n\t\t\t\t\t\t<\/div>\n\t\t\t\t\t\t\t\t\t\t\t\t\t\t\t\t\t\t<\/div>\n\n\t\t\t\t\t\n\t\t\t\t\t<div class=\"tg-col-control\">\n\t\t\t\t\t\t<div class=\"tg_module_block tg-first-block\">\n\t\t\t\t\t\t\t\t\t\t\t\t\t\t\t\t\t\t\t\t\t\t\t\t\t\t<figure class=\"tg-module-thumb\">\n\t\t\t\t\t\t\t\t\t\t\t<a href=\"https:\/\/www.iforbes.cz\/index.php\/2025\/12\/09\/palantir-pod-tlakem-korekce-a-napeti-mezi-valuacemi-a-ocekavanimi-trhu\/\" class=\"tg-thumb-link\">\n\t\t\t<img width=\"392\" height=\"272\" src=\"https:\/\/www.iforbes.cz\/wp-content\/uploads\/2025\/12\/AdobeStock_399042298_Editorial_Use_Only-392x272.jpeg\" class=\"attachment-colormag-highlighted-post size-colormag-highlighted-post wp-post-image\" alt=\"\" loading=\"lazy\" srcset=\"https:\/\/www.iforbes.cz\/wp-content\/uploads\/2025\/12\/AdobeStock_399042298_Editorial_Use_Only-392x272.jpeg 392w, https:\/\/www.iforbes.cz\/wp-content\/uploads\/2025\/12\/AdobeStock_399042298_Editorial_Use_Only-130x90.jpeg 130w, https:\/\/www.iforbes.cz\/wp-content\/uploads\/2025\/12\/AdobeStock_399042298_Editorial_Use_Only-600x417.jpeg 600w\" sizes=\"(max-width: 392px) 100vw, 392px\" \/>\t\t<\/a>\n\t\t<div class=\"tg-post-categories\"><a href=\"https:\/\/www.iforbes.cz\/index.php\/category\/byznys\/\" class=\"tg-post-category\" rel=\"category tag\">Byznys<\/a>&nbsp;<\/div>\t\t\t\t\t\t\t\t<\/figure>\n\t\t\t\t\t\t\t\t\n\t\t\t\t\t\t\t\t\t\t\t\t\t\t\t\t\t\t\t\n\t\t\t\t\t\t\t\t\t<h3 class=\"tg-module-title entry-title\">\n\t\t\t<a href=\"https:\/\/www.iforbes.cz\/index.php\/2025\/12\/09\/palantir-pod-tlakem-korekce-a-napeti-mezi-valuacemi-a-ocekavanimi-trhu\/\">Palantir pod tlakem. Korekce a nap\u011bt\u00ed mezi valuacemi a o\u010dek\u00e1v\u00e1n\u00edmi trhu<\/a>\n\t\t<\/h3>\n\t\t\t\t\t\t\t\t\t\t\t\t\t\t\n\t\t\t\t\t\t\t\n\t\t<div class=\"tg-module-meta\">\n\t\t\t\n\t\t\t<span class=\"tg-post-date entry-date\">\n\t\t\t\t<a href=\"https:\/\/www.iforbes.cz\/index.php\/2025\/12\/09\/palantir-pod-tlakem-korekce-a-napeti-mezi-valuacemi-a-ocekavanimi-trhu\/\" rel=\"bookmark\"><time class=\"entry-date published updated\" datetime=\"2025-12-09T11:11:37+00:00\">9 prosince, 2025<\/time><\/a>\t\t\t<\/span>\n\n\t\t\t<span class=\"tg-post-auther-name author vcard\">\n\t\t\t\t<a class=\"url fn n\" href=\"https:\/\/www.iforbes.cz\/index.php\/author\/iforbescz\/\">iforbescz<\/a>\t\t\t<\/span>\n\n\t\t\t\t\t\t\t<span class=\"tg-module-comments\">\n\t\t\t\t\t<a href=\"https:\/\/www.iforbes.cz\/index.php\/2025\/12\/09\/palantir-pod-tlakem-korekce-a-napeti-mezi-valuacemi-a-ocekavanimi-trhu\/#respond\">0<\/a>\t\t\t\t<\/span>\n\t\t\t\t\t<\/div>\n\n\t\t\t\t\t\t\t\t\t\t\t\t\t\t\n\t\t\t\t\t\t\t\n\t\t\t\t\t\t\t<div class=\"tg-expert entry-content\">\n\t\t\t\t\t\t\t\t<p>Technologick\u00fd sektor za\u017eil v listopadu citeln\u00e9 ochlazen\u00ed, p\u0159i\u010dem\u017e jednou z nejviditeln\u011bj\u0161\u00edch ob\u011bt\u00ed korekce se stal Palantir. Spole\u010dnost, prezentuj\u00edc\u00ed se v<\/p>\n\t\t\t\t\t\t\t<\/div>\n\n\t\t\t\t\t\t<\/div>\n\t\t\t\t\t\t\t\t\t\t\t\t\t\t\t\t\t\t<\/div>\n\n\t\t\t\t\t\n\t\t\t\t\t<div class=\"tg-col-control\">\n\t\t\t\t\t\t<div class=\"tg_module_block tg-first-block\">\n\t\t\t\t\t\t\t\t\t\t\t\t\t\t\t\t\t\t\t\t\t\t\t\t\t\t<figure class=\"tg-module-thumb\">\n\t\t\t\t\t\t\t\t\t\t\t<a href=\"https:\/\/www.iforbes.cz\/index.php\/2025\/12\/09\/apple-po-14-letech-miri-na-post-globalniho-lidra-samsung-bude-druhy\/\" class=\"tg-thumb-link\">\n\t\t\t<img width=\"392\" height=\"272\" src=\"https:\/\/www.iforbes.cz\/wp-content\/uploads\/2025\/12\/AdobeStock_519789647_Editorial_Use_Only-392x272.jpeg\" class=\"attachment-colormag-highlighted-post size-colormag-highlighted-post wp-post-image\" alt=\"\" loading=\"lazy\" srcset=\"https:\/\/www.iforbes.cz\/wp-content\/uploads\/2025\/12\/AdobeStock_519789647_Editorial_Use_Only-392x272.jpeg 392w, https:\/\/www.iforbes.cz\/wp-content\/uploads\/2025\/12\/AdobeStock_519789647_Editorial_Use_Only-130x90.jpeg 130w, https:\/\/www.iforbes.cz\/wp-content\/uploads\/2025\/12\/AdobeStock_519789647_Editorial_Use_Only-600x417.jpeg 600w\" sizes=\"(max-width: 392px) 100vw, 392px\" \/>\t\t<\/a>\n\t\t<div class=\"tg-post-categories\"><a href=\"https:\/\/www.iforbes.cz\/index.php\/category\/byznys\/\" class=\"tg-post-category\" rel=\"category tag\">Byznys<\/a>&nbsp;<\/div>\t\t\t\t\t\t\t\t<\/figure>\n\t\t\t\t\t\t\t\t\n\t\t\t\t\t\t\t\t\t\t\t\t\t\t\t\t\t\t\t\n\t\t\t\t\t\t\t\t\t<h3 class=\"tg-module-title entry-title\">\n\t\t\t<a href=\"https:\/\/www.iforbes.cz\/index.php\/2025\/12\/09\/apple-po-14-letech-miri-na-post-globalniho-lidra-samsung-bude-druhy\/\">Apple po 14 letech m\u00ed\u0159\u00ed na post glob\u00e1ln\u00edho l\u00eddra. Samsung bude druh\u00fd<\/a>\n\t\t<\/h3>\n\t\t\t\t\t\t\t\t\t\t\t\t\t\t\n\t\t\t\t\t\t\t\n\t\t<div class=\"tg-module-meta\">\n\t\t\t\n\t\t\t<span class=\"tg-post-date entry-date\">\n\t\t\t\t<a href=\"https:\/\/www.iforbes.cz\/index.php\/2025\/12\/09\/apple-po-14-letech-miri-na-post-globalniho-lidra-samsung-bude-druhy\/\" rel=\"bookmark\"><time class=\"entry-date published updated\" datetime=\"2025-12-09T11:08:35+00:00\">9 prosince, 2025<\/time><\/a>\t\t\t<\/span>\n\n\t\t\t<span class=\"tg-post-auther-name author vcard\">\n\t\t\t\t<a class=\"url fn n\" href=\"https:\/\/www.iforbes.cz\/index.php\/author\/iforbescz\/\">iforbescz<\/a>\t\t\t<\/span>\n\n\t\t\t\t\t\t\t<span class=\"tg-module-comments\">\n\t\t\t\t\t<a href=\"https:\/\/www.iforbes.cz\/index.php\/2025\/12\/09\/apple-po-14-letech-miri-na-post-globalniho-lidra-samsung-bude-druhy\/#respond\">0<\/a>\t\t\t\t<\/span>\n\t\t\t\t\t<\/div>\n\n\t\t\t\t\t\t\t\t\t\t\t\t\t\t\n\t\t\t\t\t\t\t\n\t\t\t\t\t\t\t<div class=\"tg-expert entry-content\">\n\t\t\t\t\t\t\t\t<p>Podle analytik\u016f z Counterpoint Research bude rok 2025 na glob\u00e1ln\u00edm trhu se smartphony kl\u00ed\u010dov\u00fdm miln\u00edkem. Poprv\u00e9 po 14 letech se<\/p>\n\t\t\t\t\t\t\t<\/div>\n\n\t\t\t\t\t\t<\/div>\n\t\t\t\t\t\t\t\t\t\t\t\t\t\t\t\t\t\t<\/div>\n\n\t\t\t\t\t\n\t\t\t\t\t<div class=\"tg-col-control\">\n\t\t\t\t\t\t<div class=\"tg_module_block tg-first-block\">\n\t\t\t\t\t\t\t\t\t\t\t\t\t\t\t\t\t\t\t\t\t\t\t\t\t\t<figure class=\"tg-module-thumb\">\n\t\t\t\t\t\t\t\t\t\t\t<a href=\"https:\/\/www.iforbes.cz\/index.php\/2025\/12\/01\/hospodarska-komora-se-na-prioritach-s-budouci-vladou-shoduje\/\" class=\"tg-thumb-link\">\n\t\t\t<img width=\"392\" height=\"272\" src=\"https:\/\/www.iforbes.cz\/wp-content\/uploads\/2025\/12\/Podnikatele-s-HK-CR-diskutovali-s-kandidaty-na-ministry-5-392x272.jpg\" class=\"attachment-colormag-highlighted-post size-colormag-highlighted-post wp-post-image\" alt=\"\" loading=\"lazy\" srcset=\"https:\/\/www.iforbes.cz\/wp-content\/uploads\/2025\/12\/Podnikatele-s-HK-CR-diskutovali-s-kandidaty-na-ministry-5-392x272.jpg 392w, https:\/\/www.iforbes.cz\/wp-content\/uploads\/2025\/12\/Podnikatele-s-HK-CR-diskutovali-s-kandidaty-na-ministry-5-130x90.jpg 130w, https:\/\/www.iforbes.cz\/wp-content\/uploads\/2025\/12\/Podnikatele-s-HK-CR-diskutovali-s-kandidaty-na-ministry-5-600x417.jpg 600w\" sizes=\"(max-width: 392px) 100vw, 392px\" \/>\t\t<\/a>\n\t\t<div class=\"tg-post-categories\"><a href=\"https:\/\/www.iforbes.cz\/index.php\/category\/byznys\/\" class=\"tg-post-category\" rel=\"category tag\">Byznys<\/a>&nbsp;<\/div>\t\t\t\t\t\t\t\t<\/figure>\n\t\t\t\t\t\t\t\t\n\t\t\t\t\t\t\t\t\t\t\t\t\t\t\t\t\t\t\t\n\t\t\t\t\t\t\t\t\t<h3 class=\"tg-module-title entry-title\">\n\t\t\t<a href=\"https:\/\/www.iforbes.cz\/index.php\/2025\/12\/01\/hospodarska-komora-se-na-prioritach-s-budouci-vladou-shoduje\/\">Hospod\u00e1\u0159sk\u00e1 komora se na priorit\u00e1ch s budouc\u00ed vl\u00e1dou shoduje<\/a>\n\t\t<\/h3>\n\t\t\t\t\t\t\t\t\t\t\t\t\t\t\n\t\t\t\t\t\t\t\n\t\t<div class=\"tg-module-meta\">\n\t\t\t\n\t\t\t<span class=\"tg-post-date entry-date\">\n\t\t\t\t<a href=\"https:\/\/www.iforbes.cz\/index.php\/2025\/12\/01\/hospodarska-komora-se-na-prioritach-s-budouci-vladou-shoduje\/\" rel=\"bookmark\"><time class=\"entry-date published updated\" datetime=\"2025-12-01T12:57:05+00:00\">1 prosince, 2025<\/time><\/a>\t\t\t<\/span>\n\n\t\t\t<span class=\"tg-post-auther-name author vcard\">\n\t\t\t\t<a class=\"url fn n\" href=\"https:\/\/www.iforbes.cz\/index.php\/author\/iforbescz\/\">iforbescz<\/a>\t\t\t<\/span>\n\n\t\t\t\t\t\t\t<span class=\"tg-module-comments\">\n\t\t\t\t\t<a href=\"https:\/\/www.iforbes.cz\/index.php\/2025\/12\/01\/hospodarska-komora-se-na-prioritach-s-budouci-vladou-shoduje\/#respond\">0<\/a>\t\t\t\t<\/span>\n\t\t\t\t\t<\/div>\n\n\t\t\t\t\t\t\t\t\t\t\t\t\t\t\n\t\t\t\t\t\t\t\n\t\t\t\t\t\t\t<div class=\"tg-expert entry-content\">\n\t\t\t\t\t\t\t\t<p>Hospod\u00e1\u0159sk\u00e1 komora \u010cesk\u00e9 republiky (HK \u010cR) na dne\u0161n\u00ed celokomorov\u00e9 porad\u011b v&nbsp;T\u0159eb\u00ed\u010di otev\u0159ela za \u00fa\u010dasti z\u00e1stupc\u016f budouc\u00ed vl\u00e1dy Karla Havl\u00ed\u010dka a<\/p>\n\t\t\t\t\t\t\t<\/div>\n\n\t\t\t\t\t\t<\/div>\n\t\t\t\t\t\t\t\t\t\t\t\t\t\t\t\t\t\t<\/div>\n\n\t\t\t\t\t\n\t\t\t\t\t<div class=\"tg-col-control\">\n\t\t\t\t\t\t<div class=\"tg_module_block tg-first-block\">\n\t\t\t\t\t\t\t\t\t\t\t\t\t\t\t\t\t\t\t\t\t\t\t\t\t\t<figure class=\"tg-module-thumb\">\n\t\t\t\t\t\t\t\t\t\t\t<a href=\"https:\/\/www.iforbes.cz\/index.php\/2025\/11\/27\/elon-musk-a-tesla-odmenovaci-program-v-hodnote-1-bilionu-usd\/\" class=\"tg-thumb-link\">\n\t\t\t<img width=\"392\" height=\"272\" src=\"https:\/\/www.iforbes.cz\/wp-content\/uploads\/2025\/11\/AdobeStock_313352416_Editorial_Use_Only-392x272.jpeg\" class=\"attachment-colormag-highlighted-post size-colormag-highlighted-post wp-post-image\" alt=\"\" loading=\"lazy\" srcset=\"https:\/\/www.iforbes.cz\/wp-content\/uploads\/2025\/11\/AdobeStock_313352416_Editorial_Use_Only-392x272.jpeg 392w, https:\/\/www.iforbes.cz\/wp-content\/uploads\/2025\/11\/AdobeStock_313352416_Editorial_Use_Only-130x90.jpeg 130w, https:\/\/www.iforbes.cz\/wp-content\/uploads\/2025\/11\/AdobeStock_313352416_Editorial_Use_Only-600x417.jpeg 600w\" sizes=\"(max-width: 392px) 100vw, 392px\" \/>\t\t<\/a>\n\t\t<div class=\"tg-post-categories\"><a href=\"https:\/\/www.iforbes.cz\/index.php\/category\/byznys\/\" class=\"tg-post-category\" rel=\"category tag\">Byznys<\/a>&nbsp;<\/div>\t\t\t\t\t\t\t\t<\/figure>\n\t\t\t\t\t\t\t\t\n\t\t\t\t\t\t\t\t\t\t\t\t\t\t\t\t\t\t\t\n\t\t\t\t\t\t\t\t\t<h3 class=\"tg-module-title entry-title\">\n\t\t\t<a href=\"https:\/\/www.iforbes.cz\/index.php\/2025\/11\/27\/elon-musk-a-tesla-odmenovaci-program-v-hodnote-1-bilionu-usd\/\">Elon Musk a Tesla: Odm\u011b\u0148ovac\u00ed program v hodnot\u011b 1 bilionu USD<\/a>\n\t\t<\/h3>\n\t\t\t\t\t\t\t\t\t\t\t\t\t\t\n\t\t\t\t\t\t\t\n\t\t<div class=\"tg-module-meta\">\n\t\t\t\n\t\t\t<span class=\"tg-post-date entry-date\">\n\t\t\t\t<a href=\"https:\/\/www.iforbes.cz\/index.php\/2025\/11\/27\/elon-musk-a-tesla-odmenovaci-program-v-hodnote-1-bilionu-usd\/\" rel=\"bookmark\"><time class=\"entry-date published updated\" datetime=\"2025-11-27T13:47:16+00:00\">27 listopadu, 2025<\/time><\/a>\t\t\t<\/span>\n\n\t\t\t<span class=\"tg-post-auther-name author vcard\">\n\t\t\t\t<a class=\"url fn n\" href=\"https:\/\/www.iforbes.cz\/index.php\/author\/iforbescz\/\">iforbescz<\/a>\t\t\t<\/span>\n\n\t\t\t\t\t\t\t<span class=\"tg-module-comments\">\n\t\t\t\t\t<a href=\"https:\/\/www.iforbes.cz\/index.php\/2025\/11\/27\/elon-musk-a-tesla-odmenovaci-program-v-hodnote-1-bilionu-usd\/#respond\">0<\/a>\t\t\t\t<\/span>\n\t\t\t\t\t<\/div>\n\n\t\t\t\t\t\t\t\t\t\t\t\t\t\t\n\t\t\t\t\t\t\t\n\t\t\t\t\t\t\t<div class=\"tg-expert entry-content\">\n\t\t\t\t\t\t\t\t<p>V austinsk\u00e9m s\u00eddle Tesly zavl\u00e1dla euforie, ale z\u00e1rove\u0148 nap\u011bt\u00ed. Akcion\u00e1\u0159i Tesly na v\u00fdro\u010dn\u00ed valn\u00e9 hromad\u011b schv\u00e1lili nejv\u011bt\u0161\u00ed odm\u011b\u0148ovac\u00ed bal\u00ed\u010dek v<\/p>\n\t\t\t\t\t\t\t<\/div>\n\n\t\t\t\t\t\t<\/div>\n\t\t\t\t\t\t\t\t\t\t\t\t\t\t\t\t\t\t<\/div>\n\n\t\t\t\t\t\n\t\t\t\t\t<div class=\"tg-col-control\">\n\t\t\t\t\t\t<div class=\"tg_module_block tg-first-block\">\n\t\t\t\t\t\t\t\t\t\t\t\t\t\t\t\t\t\t\t\t\t\t\t\t\t\t<figure class=\"tg-module-thumb\">\n\t\t\t\t\t\t\t\t\t\t\t<a href=\"https:\/\/www.iforbes.cz\/index.php\/2025\/11\/27\/fintech-pod-tlakem-jpmorgan-zavadi-placeny-pristup-k-datum-klientu\/\" class=\"tg-thumb-link\">\n\t\t\t<img width=\"392\" height=\"272\" src=\"https:\/\/www.iforbes.cz\/wp-content\/uploads\/2025\/11\/AdobeStock_771014153_Editorial_Use_Only-392x272.jpeg\" class=\"attachment-colormag-highlighted-post size-colormag-highlighted-post wp-post-image\" alt=\"\" loading=\"lazy\" srcset=\"https:\/\/www.iforbes.cz\/wp-content\/uploads\/2025\/11\/AdobeStock_771014153_Editorial_Use_Only-392x272.jpeg 392w, https:\/\/www.iforbes.cz\/wp-content\/uploads\/2025\/11\/AdobeStock_771014153_Editorial_Use_Only-130x90.jpeg 130w, https:\/\/www.iforbes.cz\/wp-content\/uploads\/2025\/11\/AdobeStock_771014153_Editorial_Use_Only-600x417.jpeg 600w\" sizes=\"(max-width: 392px) 100vw, 392px\" \/>\t\t<\/a>\n\t\t<div class=\"tg-post-categories\"><a href=\"https:\/\/www.iforbes.cz\/index.php\/category\/byznys\/\" class=\"tg-post-category\" rel=\"category tag\">Byznys<\/a>&nbsp;<\/div>\t\t\t\t\t\t\t\t<\/figure>\n\t\t\t\t\t\t\t\t\n\t\t\t\t\t\t\t\t\t\t\t\t\t\t\t\t\t\t\t\n\t\t\t\t\t\t\t\t\t<h3 class=\"tg-module-title entry-title\">\n\t\t\t<a href=\"https:\/\/www.iforbes.cz\/index.php\/2025\/11\/27\/fintech-pod-tlakem-jpmorgan-zavadi-placeny-pristup-k-datum-klientu\/\">Fintech pod tlakem. JPMorgan zav\u00e1d\u00ed placen\u00fd p\u0159\u00edstup k dat\u016fm klient\u016f<\/a>\n\t\t<\/h3>\n\t\t\t\t\t\t\t\t\t\t\t\t\t\t\n\t\t\t\t\t\t\t\n\t\t<div class=\"tg-module-meta\">\n\t\t\t\n\t\t\t<span class=\"tg-post-date entry-date\">\n\t\t\t\t<a href=\"https:\/\/www.iforbes.cz\/index.php\/2025\/11\/27\/fintech-pod-tlakem-jpmorgan-zavadi-placeny-pristup-k-datum-klientu\/\" rel=\"bookmark\"><time class=\"entry-date published updated\" datetime=\"2025-11-27T13:45:13+00:00\">27 listopadu, 2025<\/time><\/a>\t\t\t<\/span>\n\n\t\t\t<span class=\"tg-post-auther-name author vcard\">\n\t\t\t\t<a class=\"url fn n\" href=\"https:\/\/www.iforbes.cz\/index.php\/author\/iforbescz\/\">iforbescz<\/a>\t\t\t<\/span>\n\n\t\t\t\t\t\t\t<span class=\"tg-module-comments\">\n\t\t\t\t\t<a href=\"https:\/\/www.iforbes.cz\/index.php\/2025\/11\/27\/fintech-pod-tlakem-jpmorgan-zavadi-placeny-pristup-k-datum-klientu\/#respond\">0<\/a>\t\t\t\t<\/span>\n\t\t\t\t\t<\/div>\n\n\t\t\t\t\t\t\t\t\t\t\t\t\t\t\n\t\t\t\t\t\t\t\n\t\t\t\t\t\t\t<div class=\"tg-expert entry-content\">\n\t\t\t\t\t\t\t\t<p>V srdci Manhattanu se ned\u00e1vno odehr\u00e1l relativn\u011b nen\u00e1padn\u00fd, ale o to z\u00e1sadn\u011bj\u0161\u00ed moment, kter\u00fd m\u016f\u017ee p\u0159edefinovat budoucnost americk\u00e9ho finan\u010dn\u00edho sektoru.<\/p>\n\t\t\t\t\t\t\t<\/div>\n\n\t\t\t\t\t\t<\/div>\n\t\t\t\t\t\t\t\t\t\t\t\t\t\t\t\t\t\t<\/div>\n\n\t\t\t\t\t\n\t\t\t\t\t<div class=\"tg-col-control\">\n\t\t\t\t\t\t<div class=\"tg_module_block tg-first-block\">\n\t\t\t\t\t\t\t\t\t\t\t\t\t\t\t\t\t\t\t\t\t\t\t\t\t\t<figure class=\"tg-module-thumb\">\n\t\t\t\t\t\t\t\t\t\t\t<a href=\"https:\/\/www.iforbes.cz\/index.php\/2025\/11\/27\/cisco-po-serii-neuspesnych-kvartalu-opet-roste-podari-se-mu-toto-tempo-udrzet\/\" class=\"tg-thumb-link\">\n\t\t\t<img width=\"392\" height=\"272\" src=\"https:\/\/www.iforbes.cz\/wp-content\/uploads\/2025\/11\/AdobeStock_327843709_Editorial_Use_Only-392x272.jpeg\" class=\"attachment-colormag-highlighted-post size-colormag-highlighted-post wp-post-image\" alt=\"\" loading=\"lazy\" srcset=\"https:\/\/www.iforbes.cz\/wp-content\/uploads\/2025\/11\/AdobeStock_327843709_Editorial_Use_Only-392x272.jpeg 392w, https:\/\/www.iforbes.cz\/wp-content\/uploads\/2025\/11\/AdobeStock_327843709_Editorial_Use_Only-130x90.jpeg 130w, https:\/\/www.iforbes.cz\/wp-content\/uploads\/2025\/11\/AdobeStock_327843709_Editorial_Use_Only-600x417.jpeg 600w\" sizes=\"(max-width: 392px) 100vw, 392px\" \/>\t\t<\/a>\n\t\t<div class=\"tg-post-categories\"><a href=\"https:\/\/www.iforbes.cz\/index.php\/category\/byznys\/\" class=\"tg-post-category\" rel=\"category tag\">Byznys<\/a>&nbsp;<\/div>\t\t\t\t\t\t\t\t<\/figure>\n\t\t\t\t\t\t\t\t\n\t\t\t\t\t\t\t\t\t\t\t\t\t\t\t\t\t\t\t\n\t\t\t\t\t\t\t\t\t<h3 class=\"tg-module-title entry-title\">\n\t\t\t<a href=\"https:\/\/www.iforbes.cz\/index.php\/2025\/11\/27\/cisco-po-serii-neuspesnych-kvartalu-opet-roste-podari-se-mu-toto-tempo-udrzet\/\">Cisco po s\u00e9rii ne\u00fasp\u011b\u0161n\u00fdch kvart\u00e1l\u016f op\u011bt roste. Poda\u0159\u00ed se mu toto tempo udr\u017eet?<\/a>\n\t\t<\/h3>\n\t\t\t\t\t\t\t\t\t\t\t\t\t\t\n\t\t\t\t\t\t\t\n\t\t<div class=\"tg-module-meta\">\n\t\t\t\n\t\t\t<span class=\"tg-post-date entry-date\">\n\t\t\t\t<a href=\"https:\/\/www.iforbes.cz\/index.php\/2025\/11\/27\/cisco-po-serii-neuspesnych-kvartalu-opet-roste-podari-se-mu-toto-tempo-udrzet\/\" rel=\"bookmark\"><time class=\"entry-date published updated\" datetime=\"2025-11-27T13:42:26+00:00\">27 listopadu, 2025<\/time><\/a>\t\t\t<\/span>\n\n\t\t\t<span class=\"tg-post-auther-name author vcard\">\n\t\t\t\t<a class=\"url fn n\" href=\"https:\/\/www.iforbes.cz\/index.php\/author\/iforbescz\/\">iforbescz<\/a>\t\t\t<\/span>\n\n\t\t\t\t\t\t\t<span class=\"tg-module-comments\">\n\t\t\t\t\t<a href=\"https:\/\/www.iforbes.cz\/index.php\/2025\/11\/27\/cisco-po-serii-neuspesnych-kvartalu-opet-roste-podari-se-mu-toto-tempo-udrzet\/#respond\">0<\/a>\t\t\t\t<\/span>\n\t\t\t\t\t<\/div>\n\n\t\t\t\t\t\t\t\t\t\t\t\t\t\t\n\t\t\t\t\t\t\t\n\t\t\t\t\t\t\t<div class=\"tg-expert entry-content\">\n\t\t\t\t\t\t\t\t<p>V Silicon Valley moment\u00e1ln\u011b panuje nezpochybniteln\u00fd optimismus, p\u0159i\u010dem\u017e Cisco dokazuje, \u017ee tato euforie se net\u00fdk\u00e1 jen AI startup\u016f nebo \u0161pi\u010dky<\/p>\n\t\t\t\t\t\t\t<\/div>\n\n\t\t\t\t\t\t<\/div>\n\t\t\t\t\t\t\t\t\t\t\t\t\t\t\t\t\t\t<\/div>\n\n\t\t\t\t\t\n\t\t\t\t\t<div class=\"tg-col-control\">\n\t\t\t\t\t\t<div class=\"tg_module_block tg-first-block\">\n\t\t\t\t\t\t\t\t\t\t\t\t\t\t\t\t\t\t\t\t\t\t\t\t\t\t<figure class=\"tg-module-thumb\">\n\t\t\t\t\t\t\t\t\t\t\t<a href=\"https:\/\/www.iforbes.cz\/index.php\/2025\/11\/27\/luxus-v-cine-opet-nabira-na-sile-nasvedcuji-tomu-i-vysledky-premiovych-znacek\/\" class=\"tg-thumb-link\">\n\t\t\t<img width=\"392\" height=\"272\" src=\"https:\/\/www.iforbes.cz\/wp-content\/uploads\/2025\/11\/AdobeStock_69173554-392x272.jpeg\" class=\"attachment-colormag-highlighted-post size-colormag-highlighted-post wp-post-image\" alt=\"\" loading=\"lazy\" srcset=\"https:\/\/www.iforbes.cz\/wp-content\/uploads\/2025\/11\/AdobeStock_69173554-392x272.jpeg 392w, https:\/\/www.iforbes.cz\/wp-content\/uploads\/2025\/11\/AdobeStock_69173554-130x90.jpeg 130w, https:\/\/www.iforbes.cz\/wp-content\/uploads\/2025\/11\/AdobeStock_69173554-600x417.jpeg 600w\" sizes=\"(max-width: 392px) 100vw, 392px\" \/>\t\t<\/a>\n\t\t<div class=\"tg-post-categories\"><a href=\"https:\/\/www.iforbes.cz\/index.php\/category\/byznys\/\" class=\"tg-post-category\" rel=\"category tag\">Byznys<\/a>&nbsp;<\/div>\t\t\t\t\t\t\t\t<\/figure>\n\t\t\t\t\t\t\t\t\n\t\t\t\t\t\t\t\t\t\t\t\t\t\t\t\t\t\t\t\n\t\t\t\t\t\t\t\t\t<h3 class=\"tg-module-title entry-title\">\n\t\t\t<a href=\"https:\/\/www.iforbes.cz\/index.php\/2025\/11\/27\/luxus-v-cine-opet-nabira-na-sile-nasvedcuji-tomu-i-vysledky-premiovych-znacek\/\">Luxus v \u010c\u00edn\u011b op\u011bt nab\u00edr\u00e1 na s\u00edle. Nasv\u011bd\u010duj\u00ed tomu i v\u00fdsledky pr\u00e9miov\u00fdch zna\u010dek<\/a>\n\t\t<\/h3>\n\t\t\t\t\t\t\t\t\t\t\t\t\t\t\n\t\t\t\t\t\t\t\n\t\t<div class=\"tg-module-meta\">\n\t\t\t\n\t\t\t<span class=\"tg-post-date entry-date\">\n\t\t\t\t<a href=\"https:\/\/www.iforbes.cz\/index.php\/2025\/11\/27\/luxus-v-cine-opet-nabira-na-sile-nasvedcuji-tomu-i-vysledky-premiovych-znacek\/\" rel=\"bookmark\"><time class=\"entry-date published updated\" datetime=\"2025-11-27T13:39:55+00:00\">27 listopadu, 2025<\/time><\/a>\t\t\t<\/span>\n\n\t\t\t<span class=\"tg-post-auther-name author vcard\">\n\t\t\t\t<a class=\"url fn n\" href=\"https:\/\/www.iforbes.cz\/index.php\/author\/iforbescz\/\">iforbescz<\/a>\t\t\t<\/span>\n\n\t\t\t\t\t\t\t<span class=\"tg-module-comments\">\n\t\t\t\t\t<a href=\"https:\/\/www.iforbes.cz\/index.php\/2025\/11\/27\/luxus-v-cine-opet-nabira-na-sile-nasvedcuji-tomu-i-vysledky-premiovych-znacek\/#respond\">0<\/a>\t\t\t\t<\/span>\n\t\t\t\t\t<\/div>\n\n\t\t\t\t\t\t\t\t\t\t\t\t\t\t\n\t\t\t\t\t\t\t\n\t\t\t\t\t\t\t<div class=\"tg-expert entry-content\">\n\t\t\t\t\t\t\t\t<p>V\u00e1\u017en\u00e9 ekonomick\u00e9 probl\u00e9my p\u0159ed p\u00e1r lety zas\u00e1hly jeden z nejv\u011bt\u0161\u00edch glob\u00e1ln\u00edch trh\u016f na sv\u011bt\u011b, \u010c\u00ednu. Hospod\u00e1\u0159sk\u00fd r\u016fst zem\u011b se v\u00fdrazn\u011b<\/p>\n\t\t\t\t\t\t\t<\/div>\n\n\t\t\t\t\t\t<\/div>\n\t\t\t\t\t\t\t\t\t\t\t\t\t\t\t\t\t\t<\/div>\n\n\t\t\t\t\t\n\t\t\t\t\t<div class=\"tg-col-control\">\n\t\t\t\t\t\t<div class=\"tg_module_block tg-first-block\">\n\t\t\t\t\t\t\t\t\t\t\t\t\t\t\t\t\t\t\t\t\t\t\t\t\t\t<figure class=\"tg-module-thumb\">\n\t\t\t\t\t\t\t\t\t\t\t<a href=\"https:\/\/www.iforbes.cz\/index.php\/2025\/11\/27\/buffettova-berkshire-hathaway-koupila-tohoto-technologickeho-giganta-proc\/\" class=\"tg-thumb-link\">\n\t\t\t<img width=\"392\" height=\"272\" src=\"https:\/\/www.iforbes.cz\/wp-content\/uploads\/2025\/11\/AdobeStock_1462697567-392x272.jpeg\" class=\"attachment-colormag-highlighted-post size-colormag-highlighted-post wp-post-image\" alt=\"\" loading=\"lazy\" srcset=\"https:\/\/www.iforbes.cz\/wp-content\/uploads\/2025\/11\/AdobeStock_1462697567-392x272.jpeg 392w, https:\/\/www.iforbes.cz\/wp-content\/uploads\/2025\/11\/AdobeStock_1462697567-130x90.jpeg 130w, https:\/\/www.iforbes.cz\/wp-content\/uploads\/2025\/11\/AdobeStock_1462697567-600x417.jpeg 600w\" sizes=\"(max-width: 392px) 100vw, 392px\" \/>\t\t<\/a>\n\t\t<div class=\"tg-post-categories\"><a href=\"https:\/\/www.iforbes.cz\/index.php\/category\/byznys\/\" class=\"tg-post-category\" rel=\"category tag\">Byznys<\/a>&nbsp;<\/div>\t\t\t\t\t\t\t\t<\/figure>\n\t\t\t\t\t\t\t\t\n\t\t\t\t\t\t\t\t\t\t\t\t\t\t\t\t\t\t\t\n\t\t\t\t\t\t\t\t\t<h3 class=\"tg-module-title entry-title\">\n\t\t\t<a href=\"https:\/\/www.iforbes.cz\/index.php\/2025\/11\/27\/buffettova-berkshire-hathaway-koupila-tohoto-technologickeho-giganta-proc\/\">Buffettova Berkshire Hathaway koupila tohoto technologick\u00e9ho giganta. Pro\u010d?<\/a>\n\t\t<\/h3>\n\t\t\t\t\t\t\t\t\t\t\t\t\t\t\n\t\t\t\t\t\t\t\n\t\t<div class=\"tg-module-meta\">\n\t\t\t\n\t\t\t<span class=\"tg-post-date entry-date\">\n\t\t\t\t<a href=\"https:\/\/www.iforbes.cz\/index.php\/2025\/11\/27\/buffettova-berkshire-hathaway-koupila-tohoto-technologickeho-giganta-proc\/\" rel=\"bookmark\"><time class=\"entry-date published\" datetime=\"2025-11-27T13:36:37+00:00\">27 listopadu, 2025<\/time><time class=\"updated\" datetime=\"2025-11-27T13:48:25+00:00\">27 listopadu, 2025<\/time><\/a>\t\t\t<\/span>\n\n\t\t\t<span class=\"tg-post-auther-name author vcard\">\n\t\t\t\t<a class=\"url fn n\" href=\"https:\/\/www.iforbes.cz\/index.php\/author\/iforbescz\/\">iforbescz<\/a>\t\t\t<\/span>\n\n\t\t\t\t\t\t\t<span class=\"tg-module-comments\">\n\t\t\t\t\t<a href=\"https:\/\/www.iforbes.cz\/index.php\/2025\/11\/27\/buffettova-berkshire-hathaway-koupila-tohoto-technologickeho-giganta-proc\/#respond\">0<\/a>\t\t\t\t<\/span>\n\t\t\t\t\t<\/div>\n\n\t\t\t\t\t\t\t\t\t\t\t\t\t\t\n\t\t\t\t\t\t\t\n\t\t\t\t\t\t\t<div class=\"tg-expert entry-content\">\n\t\t\t\t\t\t\t\t<p>Investo\u0159i si v posledn\u00edch letech zvykli na to, \u017ee Warren Buffett, legend\u00e1rn\u00ed gener\u00e1ln\u00ed \u0159editel spole\u010dnosti Berkshire Hathaway, nerealizuje \u017e\u00e1dn\u00e9 velk\u00e9<\/p>\n\t\t\t\t\t\t\t<\/div>\n\n\t\t\t\t\t\t<\/div>\n\t\t\t\t\t\t\t\t\t\t\t\t\t\t\t\t\t\t<\/div>\n\n\t\t\t\t\t\n\t\t\t\t\t<div class=\"tg-col-control\">\n\t\t\t\t\t\t<div class=\"tg_module_block tg-first-block\">\n\t\t\t\t\t\t\t\t\t\t\t\t\t\t\t\t\t\t\t\t\t\t\t\t\t\t<figure class=\"tg-module-thumb\">\n\t\t\t\t\t\t\t\t\t\t\t<a href=\"https:\/\/www.iforbes.cz\/index.php\/2025\/11\/26\/ghc-genetics-slavi-18-let-na-trhu\/\" class=\"tg-thumb-link\">\n\t\t\t<img width=\"392\" height=\"272\" src=\"https:\/\/www.iforbes.cz\/wp-content\/uploads\/2025\/11\/Ty\u0301m-GHC-Genetics-zdroj-GHC-Genetics-392x272.jpg\" class=\"attachment-colormag-highlighted-post size-colormag-highlighted-post wp-post-image\" alt=\"\" loading=\"lazy\" srcset=\"https:\/\/www.iforbes.cz\/wp-content\/uploads\/2025\/11\/Ty\u0301m-GHC-Genetics-zdroj-GHC-Genetics-392x272.jpg 392w, https:\/\/www.iforbes.cz\/wp-content\/uploads\/2025\/11\/Ty\u0301m-GHC-Genetics-zdroj-GHC-Genetics-130x90.jpg 130w, https:\/\/www.iforbes.cz\/wp-content\/uploads\/2025\/11\/Ty\u0301m-GHC-Genetics-zdroj-GHC-Genetics-600x417.jpg 600w\" sizes=\"(max-width: 392px) 100vw, 392px\" \/>\t\t<\/a>\n\t\t<div class=\"tg-post-categories\"><a href=\"https:\/\/www.iforbes.cz\/index.php\/category\/byznys\/\" class=\"tg-post-category\" rel=\"category tag\">Byznys<\/a>&nbsp;<\/div>\t\t\t\t\t\t\t\t<\/figure>\n\t\t\t\t\t\t\t\t\n\t\t\t\t\t\t\t\t\t\t\t\t\t\t\t\t\t\t\t\n\t\t\t\t\t\t\t\t\t<h3 class=\"tg-module-title entry-title\">\n\t\t\t<a href=\"https:\/\/www.iforbes.cz\/index.php\/2025\/11\/26\/ghc-genetics-slavi-18-let-na-trhu\/\">GHC Genetics slav\u00ed 18 let na trhu<\/a>\n\t\t<\/h3>\n\t\t\t\t\t\t\t\t\t\t\t\t\t\t\n\t\t\t\t\t\t\t\n\t\t<div class=\"tg-module-meta\">\n\t\t\t\n\t\t\t<span class=\"tg-post-date entry-date\">\n\t\t\t\t<a href=\"https:\/\/www.iforbes.cz\/index.php\/2025\/11\/26\/ghc-genetics-slavi-18-let-na-trhu\/\" rel=\"bookmark\"><time class=\"entry-date published updated\" datetime=\"2025-11-26T16:02:10+00:00\">26 listopadu, 2025<\/time><\/a>\t\t\t<\/span>\n\n\t\t\t<span class=\"tg-post-auther-name author vcard\">\n\t\t\t\t<a class=\"url fn n\" href=\"https:\/\/www.iforbes.cz\/index.php\/author\/iforbescz\/\">iforbescz<\/a>\t\t\t<\/span>\n\n\t\t\t\t\t\t\t<span class=\"tg-module-comments\">\n\t\t\t\t\t<a href=\"https:\/\/www.iforbes.cz\/index.php\/2025\/11\/26\/ghc-genetics-slavi-18-let-na-trhu\/#respond\">0<\/a>\t\t\t\t<\/span>\n\t\t\t\t\t<\/div>\n\n\t\t\t\t\t\t\t\t\t\t\t\t\t\t\n\t\t\t\t\t\t\t\n\t\t\t\t\t\t\t<div class=\"tg-expert entry-content\">\n\t\t\t\t\t\t\t\t<p>Kdy\u017e Viktor Furman v roce 2007 zakl\u00e1dal GHC Genetics, cht\u011bl dok\u00e1zat, \u017ee genetika nab\u00edz\u00ed n\u011bco pro ka\u017ed\u00e9ho, kdo tou\u017e\u00ed l\u00e9pe<\/p>\n\t\t\t\t\t\t\t<\/div>\n\n\t\t\t\t\t\t<\/div>\n\t\t\t\t\t\t\t\t\t\t\t\t\t\t\t\t\t\t<\/div>\n\n\t\t\t\t\t\n\t\t\t\t\t<div class=\"tg-col-control\">\n\t\t\t\t\t\t<div class=\"tg_module_block tg-first-block\">\n\t\t\t\t\t\t\t\t\t\t\t\t\t\t\t\t\t\t\t\t\t\t\t\t\t\t<figure class=\"tg-module-thumb\">\n\t\t\t\t\t\t\t\t\t\t\t<a href=\"https:\/\/www.iforbes.cz\/index.php\/2025\/10\/23\/jan-hrbacek-ve-slepe-spravedlnosti-poodhalil-jaka-je-cena-za-novinarskou-odvahu\/\" class=\"tg-thumb-link\">\n\t\t\t<img width=\"392\" height=\"272\" src=\"https:\/\/www.iforbes.cz\/wp-content\/uploads\/2025\/10\/PXL_20251007_075921654.MP_-392x272.jpg\" class=\"attachment-colormag-highlighted-post size-colormag-highlighted-post wp-post-image\" alt=\"\" loading=\"lazy\" srcset=\"https:\/\/www.iforbes.cz\/wp-content\/uploads\/2025\/10\/PXL_20251007_075921654.MP_-392x272.jpg 392w, https:\/\/www.iforbes.cz\/wp-content\/uploads\/2025\/10\/PXL_20251007_075921654.MP_-130x90.jpg 130w, https:\/\/www.iforbes.cz\/wp-content\/uploads\/2025\/10\/PXL_20251007_075921654.MP_-600x417.jpg 600w\" sizes=\"(max-width: 392px) 100vw, 392px\" \/>\t\t<\/a>\n\t\t<div class=\"tg-post-categories\"><a href=\"https:\/\/www.iforbes.cz\/index.php\/category\/byznys\/\" class=\"tg-post-category\" rel=\"category tag\">Byznys<\/a>&nbsp;<\/div>\t\t\t\t\t\t\t\t<\/figure>\n\t\t\t\t\t\t\t\t\n\t\t\t\t\t\t\t\t\t\t\t\t\t\t\t\t\t\t\t\n\t\t\t\t\t\t\t\t\t<h3 class=\"tg-module-title entry-title\">\n\t\t\t<a href=\"https:\/\/www.iforbes.cz\/index.php\/2025\/10\/23\/jan-hrbacek-ve-slepe-spravedlnosti-poodhalil-jaka-je-cena-za-novinarskou-odvahu\/\">Jan Hrb\u00e1\u010dek ve Slep\u00e9 spravedlnosti poodhalil, jak\u00e1 je cena za novin\u00e1\u0159skou odvahu<\/a>\n\t\t<\/h3>\n\t\t\t\t\t\t\t\t\t\t\t\t\t\t\n\t\t\t\t\t\t\t\n\t\t<div class=\"tg-module-meta\">\n\t\t\t\n\t\t\t<span class=\"tg-post-date entry-date\">\n\t\t\t\t<a href=\"https:\/\/www.iforbes.cz\/index.php\/2025\/10\/23\/jan-hrbacek-ve-slepe-spravedlnosti-poodhalil-jaka-je-cena-za-novinarskou-odvahu\/\" rel=\"bookmark\"><time class=\"entry-date published updated\" datetime=\"2025-10-23T13:52:02+00:00\">23 \u0159\u00edjna, 2025<\/time><\/a>\t\t\t<\/span>\n\n\t\t\t<span class=\"tg-post-auther-name author vcard\">\n\t\t\t\t<a class=\"url fn n\" href=\"https:\/\/www.iforbes.cz\/index.php\/author\/iforbescz\/\">iforbescz<\/a>\t\t\t<\/span>\n\n\t\t\t\t\t\t\t<span class=\"tg-module-comments\">\n\t\t\t\t\t<a href=\"https:\/\/www.iforbes.cz\/index.php\/2025\/10\/23\/jan-hrbacek-ve-slepe-spravedlnosti-poodhalil-jaka-je-cena-za-novinarskou-odvahu\/#respond\">0<\/a>\t\t\t\t<\/span>\n\t\t\t\t\t<\/div>\n\n\t\t\t\t\t\t\t\t\t\t\t\t\t\t\n\t\t\t\t\t\t\t\n\t\t\t\t\t\t\t<div class=\"tg-expert entry-content\">\n\t\t\t\t\t\t\t\t<p>Co novin\u00e1\u0159 ch\u00e1pe jako slu\u017ebu ve\u0159ejnosti, m\u016f\u017ee pr\u00e1vn\u00edk ozna\u010dit za trestn\u00fd \u010din. Na t\u00e9to tenk\u00e9 hranici balancuje celou svoji kari\u00e9ru<\/p>\n\t\t\t\t\t\t\t<\/div>\n\n\t\t\t\t\t\t<\/div>\n\t\t\t\t\t\t\t\t\t\t\t\t\t\t\t\t\t\t<\/div>\n\n\t\t\t\t\t\n\t\t\t\t\t<div class=\"tg-col-control\">\n\t\t\t\t\t\t<div class=\"tg_module_block tg-first-block\">\n\t\t\t\t\t\t\t\t\t\t\t\t\t\t\t\t\t\t\t\t\t\t\t\t\t\t<figure class=\"tg-module-thumb\">\n\t\t\t\t\t\t\t\t\t\t\t<a href=\"https:\/\/www.iforbes.cz\/index.php\/2025\/10\/20\/amd-a-openai-partnerstvi-ktere-muze-prepsat-dejiny-trhu-s-ai-cipy\/\" class=\"tg-thumb-link\">\n\t\t\t<img width=\"392\" height=\"272\" src=\"https:\/\/www.iforbes.cz\/wp-content\/uploads\/2025\/10\/AdobeStock_564087424_Editorial_Use_Only-392x272.jpeg\" class=\"attachment-colormag-highlighted-post size-colormag-highlighted-post wp-post-image\" alt=\"\" loading=\"lazy\" srcset=\"https:\/\/www.iforbes.cz\/wp-content\/uploads\/2025\/10\/AdobeStock_564087424_Editorial_Use_Only-392x272.jpeg 392w, https:\/\/www.iforbes.cz\/wp-content\/uploads\/2025\/10\/AdobeStock_564087424_Editorial_Use_Only-130x90.jpeg 130w, https:\/\/www.iforbes.cz\/wp-content\/uploads\/2025\/10\/AdobeStock_564087424_Editorial_Use_Only-600x417.jpeg 600w\" sizes=\"(max-width: 392px) 100vw, 392px\" \/>\t\t<\/a>\n\t\t<div class=\"tg-post-categories\"><a href=\"https:\/\/www.iforbes.cz\/index.php\/category\/byznys\/\" class=\"tg-post-category\" rel=\"category tag\">Byznys<\/a>&nbsp;<\/div>\t\t\t\t\t\t\t\t<\/figure>\n\t\t\t\t\t\t\t\t\n\t\t\t\t\t\t\t\t\t\t\t\t\t\t\t\t\t\t\t\n\t\t\t\t\t\t\t\t\t<h3 class=\"tg-module-title entry-title\">\n\t\t\t<a href=\"https:\/\/www.iforbes.cz\/index.php\/2025\/10\/20\/amd-a-openai-partnerstvi-ktere-muze-prepsat-dejiny-trhu-s-ai-cipy\/\">AMD a OpenAI. Partnerstv\u00ed, kter\u00e9 m\u016f\u017ee p\u0159epsat d\u011bjiny trhu s AI \u010dipy<\/a>\n\t\t<\/h3>\n\t\t\t\t\t\t\t\t\t\t\t\t\t\t\n\t\t\t\t\t\t\t\n\t\t<div class=\"tg-module-meta\">\n\t\t\t\n\t\t\t<span class=\"tg-post-date entry-date\">\n\t\t\t\t<a href=\"https:\/\/www.iforbes.cz\/index.php\/2025\/10\/20\/amd-a-openai-partnerstvi-ktere-muze-prepsat-dejiny-trhu-s-ai-cipy\/\" rel=\"bookmark\"><time class=\"entry-date published updated\" datetime=\"2025-10-20T08:46:04+00:00\">20 \u0159\u00edjna, 2025<\/time><\/a>\t\t\t<\/span>\n\n\t\t\t<span class=\"tg-post-auther-name author vcard\">\n\t\t\t\t<a class=\"url fn n\" href=\"https:\/\/www.iforbes.cz\/index.php\/author\/iforbescz\/\">iforbescz<\/a>\t\t\t<\/span>\n\n\t\t\t\t\t\t\t<span class=\"tg-module-comments\">\n\t\t\t\t\t<a href=\"https:\/\/www.iforbes.cz\/index.php\/2025\/10\/20\/amd-a-openai-partnerstvi-ktere-muze-prepsat-dejiny-trhu-s-ai-cipy\/#respond\">0<\/a>\t\t\t\t<\/span>\n\t\t\t\t\t<\/div>\n\n\t\t\t\t\t\t\t\t\t\t\t\t\t\t\n\t\t\t\t\t\t\t\n\t\t\t\t\t\t\t<div class=\"tg-expert entry-content\">\n\t\t\t\t\t\t\t\t<p>Finan\u010dn\u00ed trhy za\u017eily 6. \u0159\u00edjna 2025 jeden z nejv\u00fdrazn\u011bj\u0161\u00edch pohyb\u016f posledn\u00edch let. Akcie technologick\u00e9ho giganta AMD prudce pos\u00edlily pot\u00e9, co<\/p>\n\t\t\t\t\t\t\t<\/div>\n\n\t\t\t\t\t\t<\/div>\n\t\t\t\t\t\t\t\t\t\t\t\t\t\t\t\t\t\t<\/div>\n\n\t\t\t\t\t\n\t\t\t\t\t<div class=\"tg-col-control\">\n\t\t\t\t\t\t<div class=\"tg_module_block tg-first-block\">\n\t\t\t\t\t\t\t\t\t\t\t\t\t\t\t\t\t\t\t\t\t\t\t\t\t\t<figure class=\"tg-module-thumb\">\n\t\t\t\t\t\t\t\t\t\t\t<a href=\"https:\/\/www.iforbes.cz\/index.php\/2025\/10\/20\/amd-uzavrelo-partnerstvi-s-openai-dozene-diky-tomu-nvidii\/\" class=\"tg-thumb-link\">\n\t\t\t<img width=\"392\" height=\"272\" src=\"https:\/\/www.iforbes.cz\/wp-content\/uploads\/2025\/10\/AdobeStock_516076390_Editorial_Use_Only-392x272.jpeg\" class=\"attachment-colormag-highlighted-post size-colormag-highlighted-post wp-post-image\" alt=\"\" loading=\"lazy\" srcset=\"https:\/\/www.iforbes.cz\/wp-content\/uploads\/2025\/10\/AdobeStock_516076390_Editorial_Use_Only-392x272.jpeg 392w, https:\/\/www.iforbes.cz\/wp-content\/uploads\/2025\/10\/AdobeStock_516076390_Editorial_Use_Only-130x90.jpeg 130w, https:\/\/www.iforbes.cz\/wp-content\/uploads\/2025\/10\/AdobeStock_516076390_Editorial_Use_Only-600x417.jpeg 600w\" sizes=\"(max-width: 392px) 100vw, 392px\" \/>\t\t<\/a>\n\t\t<div class=\"tg-post-categories\"><a href=\"https:\/\/www.iforbes.cz\/index.php\/category\/byznys\/\" class=\"tg-post-category\" rel=\"category tag\">Byznys<\/a>&nbsp;<\/div>\t\t\t\t\t\t\t\t<\/figure>\n\t\t\t\t\t\t\t\t\n\t\t\t\t\t\t\t\t\t\t\t\t\t\t\t\t\t\t\t\n\t\t\t\t\t\t\t\t\t<h3 class=\"tg-module-title entry-title\">\n\t\t\t<a href=\"https:\/\/www.iforbes.cz\/index.php\/2025\/10\/20\/amd-uzavrelo-partnerstvi-s-openai-dozene-diky-tomu-nvidii\/\">AMD uzav\u0159elo partnerstv\u00ed s OpenAI. Do\u017eene d\u00edky tomu Nvidii?<\/a>\n\t\t<\/h3>\n\t\t\t\t\t\t\t\t\t\t\t\t\t\t\n\t\t\t\t\t\t\t\n\t\t<div class=\"tg-module-meta\">\n\t\t\t\n\t\t\t<span class=\"tg-post-date entry-date\">\n\t\t\t\t<a href=\"https:\/\/www.iforbes.cz\/index.php\/2025\/10\/20\/amd-uzavrelo-partnerstvi-s-openai-dozene-diky-tomu-nvidii\/\" rel=\"bookmark\"><time class=\"entry-date published updated\" datetime=\"2025-10-20T08:43:10+00:00\">20 \u0159\u00edjna, 2025<\/time><\/a>\t\t\t<\/span>\n\n\t\t\t<span class=\"tg-post-auther-name author vcard\">\n\t\t\t\t<a class=\"url fn n\" href=\"https:\/\/www.iforbes.cz\/index.php\/author\/iforbescz\/\">iforbescz<\/a>\t\t\t<\/span>\n\n\t\t\t\t\t\t\t<span class=\"tg-module-comments\">\n\t\t\t\t\t<a href=\"https:\/\/www.iforbes.cz\/index.php\/2025\/10\/20\/amd-uzavrelo-partnerstvi-s-openai-dozene-diky-tomu-nvidii\/#respond\">0<\/a>\t\t\t\t<\/span>\n\t\t\t\t\t<\/div>\n\n\t\t\t\t\t\t\t\t\t\t\t\t\t\t\n\t\t\t\t\t\t\t\n\t\t\t\t\t\t\t<div class=\"tg-expert entry-content\">\n\t\t\t\t\t\t\t\t<p>Trh s \u010dipy pro um\u011blou inteligenci za\u017e\u00edv\u00e1 dal\u0161\u00ed z\u00e1sadn\u00ed posun. Spole\u010dnosti OpenAI a AMD spole\u010dn\u011b ozn\u00e1mily strategickou dohodu, na jej\u00edm\u017e<\/p>\n\t\t\t\t\t\t\t<\/div>\n\n\t\t\t\t\t\t<\/div>\n\t\t\t\t\t\t\t\t\t\t\t\t\t\t\t\t\t\t<\/div>\n\n\t\t\t\t\t\n\t\t\t\t\t<div class=\"tg-col-control\">\n\t\t\t\t\t\t<div class=\"tg_module_block tg-first-block\">\n\t\t\t\t\t\t\t\t\t\t\t\t\t\t\t\t\t\t\t\t\t\t\t\t\t\t<figure class=\"tg-module-thumb\">\n\t\t\t\t\t\t\t\t\t\t\t<a href=\"https:\/\/www.iforbes.cz\/index.php\/2025\/10\/20\/korejske-cipy-na-vzestupu-openai-uzavrelo-spolupraci-se-samsungem-a-sk-hynix\/\" class=\"tg-thumb-link\">\n\t\t\t<img width=\"392\" height=\"272\" src=\"https:\/\/www.iforbes.cz\/wp-content\/uploads\/2025\/10\/AdobeStock_708116093_Editorial_Use_Only-392x272.jpeg\" class=\"attachment-colormag-highlighted-post size-colormag-highlighted-post wp-post-image\" alt=\"\" loading=\"lazy\" srcset=\"https:\/\/www.iforbes.cz\/wp-content\/uploads\/2025\/10\/AdobeStock_708116093_Editorial_Use_Only-392x272.jpeg 392w, https:\/\/www.iforbes.cz\/wp-content\/uploads\/2025\/10\/AdobeStock_708116093_Editorial_Use_Only-130x90.jpeg 130w, https:\/\/www.iforbes.cz\/wp-content\/uploads\/2025\/10\/AdobeStock_708116093_Editorial_Use_Only-600x417.jpeg 600w\" sizes=\"(max-width: 392px) 100vw, 392px\" \/>\t\t<\/a>\n\t\t<div class=\"tg-post-categories\"><a href=\"https:\/\/www.iforbes.cz\/index.php\/category\/byznys\/\" class=\"tg-post-category\" rel=\"category tag\">Byznys<\/a>&nbsp;<\/div>\t\t\t\t\t\t\t\t<\/figure>\n\t\t\t\t\t\t\t\t\n\t\t\t\t\t\t\t\t\t\t\t\t\t\t\t\t\t\t\t\n\t\t\t\t\t\t\t\t\t<h3 class=\"tg-module-title entry-title\">\n\t\t\t<a href=\"https:\/\/www.iforbes.cz\/index.php\/2025\/10\/20\/korejske-cipy-na-vzestupu-openai-uzavrelo-spolupraci-se-samsungem-a-sk-hynix\/\">Korejsk\u00e9 \u010dipy na vzestupu. OpenAI uzav\u0159elo spolupr\u00e1ci se Samsungem a SK Hynix<\/a>\n\t\t<\/h3>\n\t\t\t\t\t\t\t\t\t\t\t\t\t\t\n\t\t\t\t\t\t\t\n\t\t<div class=\"tg-module-meta\">\n\t\t\t\n\t\t\t<span class=\"tg-post-date entry-date\">\n\t\t\t\t<a href=\"https:\/\/www.iforbes.cz\/index.php\/2025\/10\/20\/korejske-cipy-na-vzestupu-openai-uzavrelo-spolupraci-se-samsungem-a-sk-hynix\/\" rel=\"bookmark\"><time class=\"entry-date published\" datetime=\"2025-10-20T08:40:01+00:00\">20 \u0159\u00edjna, 2025<\/time><time class=\"updated\" datetime=\"2025-10-20T08:40:36+00:00\">20 \u0159\u00edjna, 2025<\/time><\/a>\t\t\t<\/span>\n\n\t\t\t<span class=\"tg-post-auther-name author vcard\">\n\t\t\t\t<a class=\"url fn n\" href=\"https:\/\/www.iforbes.cz\/index.php\/author\/iforbescz\/\">iforbescz<\/a>\t\t\t<\/span>\n\n\t\t\t\t\t\t\t<span class=\"tg-module-comments\">\n\t\t\t\t\t<a href=\"https:\/\/www.iforbes.cz\/index.php\/2025\/10\/20\/korejske-cipy-na-vzestupu-openai-uzavrelo-spolupraci-se-samsungem-a-sk-hynix\/#respond\">0<\/a>\t\t\t\t<\/span>\n\t\t\t\t\t<\/div>\n\n\t\t\t\t\t\t\t\t\t\t\t\t\t\t\n\t\t\t\t\t\t\t\n\t\t\t\t\t\t\t<div class=\"tg-expert entry-content\">\n\t\t\t\t\t\t\t\t<p>Trhem ned\u00e1vno ot\u0159\u00e1sla zpr\u00e1va o spolupr\u00e1ci Nvidie a OpenAI v hodnot\u011b 100 miliard USD, a nyn\u00ed tv\u016frce modelu ChatGPT ozn\u00e1mil<\/p>\n\t\t\t\t\t\t\t<\/div>\n\n\t\t\t\t\t\t<\/div>\n\t\t\t\t\t\t\t\t\t\t\t\t\t\t\t\t\t\t<\/div>\n\n\t\t\t\t\t\n\t\t\t\t\t<div class=\"tg-col-control\">\n\t\t\t\t\t\t<div class=\"tg_module_block tg-first-block\">\n\t\t\t\t\t\t\t\t\t\t\t\t\t\t\t\t\t\t\t\t\t\t\t\t\t\t<figure class=\"tg-module-thumb\">\n\t\t\t\t\t\t\t\t\t\t\t<a href=\"https:\/\/www.iforbes.cz\/index.php\/2025\/10\/13\/electronic-arts-miri-do-rukou-novych-investoru-akcionari-dostanou-210-usd-za-akcii\/\" class=\"tg-thumb-link\">\n\t\t\t<img width=\"392\" height=\"272\" src=\"https:\/\/www.iforbes.cz\/wp-content\/uploads\/2025\/10\/AdobeStock_1485213103_Editorial_Use_Only-392x272.jpeg\" class=\"attachment-colormag-highlighted-post size-colormag-highlighted-post wp-post-image\" alt=\"\" loading=\"lazy\" srcset=\"https:\/\/www.iforbes.cz\/wp-content\/uploads\/2025\/10\/AdobeStock_1485213103_Editorial_Use_Only-392x272.jpeg 392w, https:\/\/www.iforbes.cz\/wp-content\/uploads\/2025\/10\/AdobeStock_1485213103_Editorial_Use_Only-130x90.jpeg 130w, https:\/\/www.iforbes.cz\/wp-content\/uploads\/2025\/10\/AdobeStock_1485213103_Editorial_Use_Only-600x417.jpeg 600w\" sizes=\"(max-width: 392px) 100vw, 392px\" \/>\t\t<\/a>\n\t\t<div class=\"tg-post-categories\"><a href=\"https:\/\/www.iforbes.cz\/index.php\/category\/byznys\/\" class=\"tg-post-category\" rel=\"category tag\">Byznys<\/a>&nbsp;<\/div>\t\t\t\t\t\t\t\t<\/figure>\n\t\t\t\t\t\t\t\t\n\t\t\t\t\t\t\t\t\t\t\t\t\t\t\t\t\t\t\t\n\t\t\t\t\t\t\t\t\t<h3 class=\"tg-module-title entry-title\">\n\t\t\t<a href=\"https:\/\/www.iforbes.cz\/index.php\/2025\/10\/13\/electronic-arts-miri-do-rukou-novych-investoru-akcionari-dostanou-210-usd-za-akcii\/\">Electronic Arts m\u00ed\u0159\u00ed do rukou nov\u00fdch investor\u016f. Akcion\u00e1\u0159i dostanou 210 USD za akcii<\/a>\n\t\t<\/h3>\n\t\t\t\t\t\t\t\t\t\t\t\t\t\t\n\t\t\t\t\t\t\t\n\t\t<div class=\"tg-module-meta\">\n\t\t\t\n\t\t\t<span class=\"tg-post-date entry-date\">\n\t\t\t\t<a href=\"https:\/\/www.iforbes.cz\/index.php\/2025\/10\/13\/electronic-arts-miri-do-rukou-novych-investoru-akcionari-dostanou-210-usd-za-akcii\/\" rel=\"bookmark\"><time class=\"entry-date published updated\" datetime=\"2025-10-13T13:28:25+00:00\">13 \u0159\u00edjna, 2025<\/time><\/a>\t\t\t<\/span>\n\n\t\t\t<span class=\"tg-post-auther-name author vcard\">\n\t\t\t\t<a class=\"url fn n\" href=\"https:\/\/www.iforbes.cz\/index.php\/author\/iforbescz\/\">iforbescz<\/a>\t\t\t<\/span>\n\n\t\t\t\t\t\t\t<span class=\"tg-module-comments\">\n\t\t\t\t\t<a href=\"https:\/\/www.iforbes.cz\/index.php\/2025\/10\/13\/electronic-arts-miri-do-rukou-novych-investoru-akcionari-dostanou-210-usd-za-akcii\/#respond\">0<\/a>\t\t\t\t<\/span>\n\t\t\t\t\t<\/div>\n\n\t\t\t\t\t\t\t\t\t\t\t\t\t\t\n\t\t\t\t\t\t\t\n\t\t\t\t\t\t\t<div class=\"tg-expert entry-content\">\n\t\t\t\t\t\t\t\t<p>Wall Street Journal v p\u00e1tek jako prvn\u00ed p\u0159edb\u011b\u017en\u011b informoval o tom, \u017ee Electronic Arts (EA) pravd\u011bpodobn\u011b opust\u00ed burzu, p\u0159i\u010dem\u017e vlastnictv\u00ed<\/p>\n\t\t\t\t\t\t\t<\/div>\n\n\t\t\t\t\t\t<\/div>\n\t\t\t\t\t\t\t\t\t\t\t\t\t\t\t\t\t\t<\/div>\n\n\t\t\t\t\t\n\t\t\t\t\t<div class=\"tg-col-control\">\n\t\t\t\t\t\t<div class=\"tg_module_block tg-first-block\">\n\t\t\t\t\t\t\t\t\t\t\t\t\t\t\t\t\t\t\t\t\t\t\t\t\t\t<figure class=\"tg-module-thumb\">\n\t\t\t\t\t\t\t\t\t\t\t<a href=\"https:\/\/www.iforbes.cz\/index.php\/2025\/10\/13\/astrazeneca-meni-americkou-burzu-co-to-znamena-pro-evropskeho-investora\/\" class=\"tg-thumb-link\">\n\t\t\t<img width=\"392\" height=\"272\" src=\"https:\/\/www.iforbes.cz\/wp-content\/uploads\/2025\/10\/AdobeStock_414218664_Editorial_Use_Only-1-392x272.jpeg\" class=\"attachment-colormag-highlighted-post size-colormag-highlighted-post wp-post-image\" alt=\"\" loading=\"lazy\" srcset=\"https:\/\/www.iforbes.cz\/wp-content\/uploads\/2025\/10\/AdobeStock_414218664_Editorial_Use_Only-1-392x272.jpeg 392w, https:\/\/www.iforbes.cz\/wp-content\/uploads\/2025\/10\/AdobeStock_414218664_Editorial_Use_Only-1-130x90.jpeg 130w, https:\/\/www.iforbes.cz\/wp-content\/uploads\/2025\/10\/AdobeStock_414218664_Editorial_Use_Only-1-600x417.jpeg 600w\" sizes=\"(max-width: 392px) 100vw, 392px\" \/>\t\t<\/a>\n\t\t<div class=\"tg-post-categories\"><a href=\"https:\/\/www.iforbes.cz\/index.php\/category\/byznys\/\" class=\"tg-post-category\" rel=\"category tag\">Byznys<\/a>&nbsp;<\/div>\t\t\t\t\t\t\t\t<\/figure>\n\t\t\t\t\t\t\t\t\n\t\t\t\t\t\t\t\t\t\t\t\t\t\t\t\t\t\t\t\n\t\t\t\t\t\t\t\t\t<h3 class=\"tg-module-title entry-title\">\n\t\t\t<a href=\"https:\/\/www.iforbes.cz\/index.php\/2025\/10\/13\/astrazeneca-meni-americkou-burzu-co-to-znamena-pro-evropskeho-investora\/\">AstraZeneca m\u011bn\u00ed americkou burzu. Co to znamen\u00e1 pro evropsk\u00e9ho investora?<\/a>\n\t\t<\/h3>\n\t\t\t\t\t\t\t\t\t\t\t\t\t\t\n\t\t\t\t\t\t\t\n\t\t<div class=\"tg-module-meta\">\n\t\t\t\n\t\t\t<span class=\"tg-post-date entry-date\">\n\t\t\t\t<a href=\"https:\/\/www.iforbes.cz\/index.php\/2025\/10\/13\/astrazeneca-meni-americkou-burzu-co-to-znamena-pro-evropskeho-investora\/\" rel=\"bookmark\"><time class=\"entry-date published updated\" datetime=\"2025-10-13T13:25:54+00:00\">13 \u0159\u00edjna, 2025<\/time><\/a>\t\t\t<\/span>\n\n\t\t\t<span class=\"tg-post-auther-name author vcard\">\n\t\t\t\t<a class=\"url fn n\" href=\"https:\/\/www.iforbes.cz\/index.php\/author\/iforbescz\/\">iforbescz<\/a>\t\t\t<\/span>\n\n\t\t\t\t\t\t\t<span class=\"tg-module-comments\">\n\t\t\t\t\t<a href=\"https:\/\/www.iforbes.cz\/index.php\/2025\/10\/13\/astrazeneca-meni-americkou-burzu-co-to-znamena-pro-evropskeho-investora\/#respond\">0<\/a>\t\t\t\t<\/span>\n\t\t\t\t\t<\/div>\n\n\t\t\t\t\t\t\t\t\t\t\t\t\t\t\n\t\t\t\t\t\t\t\n\t\t\t\t\t\t\t<div class=\"tg-expert entry-content\">\n\t\t\t\t\t\t\t\t<p>Na za\u010d\u00e1tku t\u00fddne se cena akci\u00ed farmaceutick\u00e9ho giganta AstraZenecy na Lond\u00fdnsk\u00e9 burze zv\u00fd\u0161ila o 1,5 %*. D\u016fvod? \u0160lo o reakci<\/p>\n\t\t\t\t\t\t\t<\/div>\n\n\t\t\t\t\t\t<\/div>\n\t\t\t\t\t\t\t\t\t\t\t\t\t\t\t\t\t\t<\/div>\n\n\t\t\t\t\t\n\t\t\t\t\t<div class=\"tg-col-control\">\n\t\t\t\t\t\t<div class=\"tg_module_block tg-first-block\">\n\t\t\t\t\t\t\t\t\t\t\t\t\t\t\t\t\t\t\t\t\t\t\t\t\t\t<figure class=\"tg-module-thumb\">\n\t\t\t\t\t\t\t\t\t\t\t<a href=\"https:\/\/www.iforbes.cz\/index.php\/2025\/10\/13\/autonomie-vozidel-v-praxi-waymo-v-cele-robotaxi-apple-boj-vzdal\/\" class=\"tg-thumb-link\">\n\t\t\t<img width=\"392\" height=\"272\" src=\"https:\/\/www.iforbes.cz\/wp-content\/uploads\/2025\/10\/AdobeStock_1528076880-392x272.jpeg\" class=\"attachment-colormag-highlighted-post size-colormag-highlighted-post wp-post-image\" alt=\"\" loading=\"lazy\" srcset=\"https:\/\/www.iforbes.cz\/wp-content\/uploads\/2025\/10\/AdobeStock_1528076880-392x272.jpeg 392w, https:\/\/www.iforbes.cz\/wp-content\/uploads\/2025\/10\/AdobeStock_1528076880-130x90.jpeg 130w, https:\/\/www.iforbes.cz\/wp-content\/uploads\/2025\/10\/AdobeStock_1528076880-600x417.jpeg 600w\" sizes=\"(max-width: 392px) 100vw, 392px\" \/>\t\t<\/a>\n\t\t<div class=\"tg-post-categories\"><a href=\"https:\/\/www.iforbes.cz\/index.php\/category\/byznys\/\" class=\"tg-post-category\" rel=\"category tag\">Byznys<\/a>&nbsp;<\/div>\t\t\t\t\t\t\t\t<\/figure>\n\t\t\t\t\t\t\t\t\n\t\t\t\t\t\t\t\t\t\t\t\t\t\t\t\t\t\t\t\n\t\t\t\t\t\t\t\t\t<h3 class=\"tg-module-title entry-title\">\n\t\t\t<a href=\"https:\/\/www.iforbes.cz\/index.php\/2025\/10\/13\/autonomie-vozidel-v-praxi-waymo-v-cele-robotaxi-apple-boj-vzdal\/\">Autonomie vozidel v praxi. Waymo v \u010dele robotaxi, Apple boj vzdal<\/a>\n\t\t<\/h3>\n\t\t\t\t\t\t\t\t\t\t\t\t\t\t\n\t\t\t\t\t\t\t\n\t\t<div class=\"tg-module-meta\">\n\t\t\t\n\t\t\t<span class=\"tg-post-date entry-date\">\n\t\t\t\t<a href=\"https:\/\/www.iforbes.cz\/index.php\/2025\/10\/13\/autonomie-vozidel-v-praxi-waymo-v-cele-robotaxi-apple-boj-vzdal\/\" rel=\"bookmark\"><time class=\"entry-date published updated\" datetime=\"2025-10-13T13:23:06+00:00\">13 \u0159\u00edjna, 2025<\/time><\/a>\t\t\t<\/span>\n\n\t\t\t<span class=\"tg-post-auther-name author vcard\">\n\t\t\t\t<a class=\"url fn n\" href=\"https:\/\/www.iforbes.cz\/index.php\/author\/iforbescz\/\">iforbescz<\/a>\t\t\t<\/span>\n\n\t\t\t\t\t\t\t<span class=\"tg-module-comments\">\n\t\t\t\t\t<a href=\"https:\/\/www.iforbes.cz\/index.php\/2025\/10\/13\/autonomie-vozidel-v-praxi-waymo-v-cele-robotaxi-apple-boj-vzdal\/#respond\">0<\/a>\t\t\t\t<\/span>\n\t\t\t\t\t<\/div>\n\n\t\t\t\t\t\t\t\t\t\t\t\t\t\t\n\t\t\t\t\t\t\t\n\t\t\t\t\t\t\t<div class=\"tg-expert entry-content\">\n\t\t\t\t\t\t\t\t<p>Autonomn\u00ed mobilita je maraton, kter\u00fd se \u2013 jak se ukazuje \u2013 pro n\u011bkter\u00e9 technologick\u00e9 hr\u00e1\u010de m\u011bn\u00ed v nedosa\u017eitelnou praxi. Zat\u00edmco<\/p>\n\t\t\t\t\t\t\t<\/div>\n\n\t\t\t\t\t\t<\/div>\n\t\t\t\t\t\t\t\t\t\t\t\t\t\t\t\t\t\t<\/div>\n\n\t\t\t\t\t\n\t\t\t\t\t<div class=\"tg-col-control\">\n\t\t\t\t\t\t<div class=\"tg_module_block tg-first-block\">\n\t\t\t\t\t\t\t\t\t\t\t\t\t\t\t\t\t\t\t\t\t\t\t\t\t\t<figure class=\"tg-module-thumb\">\n\t\t\t\t\t\t\t\t\t\t\t<a href=\"https:\/\/www.iforbes.cz\/index.php\/2025\/10\/13\/partnerstvi-amd-a-openai-muze-prepsat-dejiny-trhu-s-ai-cipy\/\" class=\"tg-thumb-link\">\n\t\t\t<img width=\"392\" height=\"272\" src=\"https:\/\/www.iforbes.cz\/wp-content\/uploads\/2025\/10\/AdobeStock_432902011_Editorial_Use_Only-392x272.jpeg\" class=\"attachment-colormag-highlighted-post size-colormag-highlighted-post wp-post-image\" alt=\"\" loading=\"lazy\" srcset=\"https:\/\/www.iforbes.cz\/wp-content\/uploads\/2025\/10\/AdobeStock_432902011_Editorial_Use_Only-392x272.jpeg 392w, https:\/\/www.iforbes.cz\/wp-content\/uploads\/2025\/10\/AdobeStock_432902011_Editorial_Use_Only-130x90.jpeg 130w, https:\/\/www.iforbes.cz\/wp-content\/uploads\/2025\/10\/AdobeStock_432902011_Editorial_Use_Only-600x417.jpeg 600w\" sizes=\"(max-width: 392px) 100vw, 392px\" \/>\t\t<\/a>\n\t\t<div class=\"tg-post-categories\"><a href=\"https:\/\/www.iforbes.cz\/index.php\/category\/byznys\/\" class=\"tg-post-category\" rel=\"category tag\">Byznys<\/a>&nbsp;<\/div>\t\t\t\t\t\t\t\t<\/figure>\n\t\t\t\t\t\t\t\t\n\t\t\t\t\t\t\t\t\t\t\t\t\t\t\t\t\t\t\t\n\t\t\t\t\t\t\t\t\t<h3 class=\"tg-module-title entry-title\">\n\t\t\t<a href=\"https:\/\/www.iforbes.cz\/index.php\/2025\/10\/13\/partnerstvi-amd-a-openai-muze-prepsat-dejiny-trhu-s-ai-cipy\/\">Partnerstv\u00ed AMD a OpenAI m\u016f\u017ee p\u0159epsat d\u011bjiny trhu s AI \u010dipy<\/a>\n\t\t<\/h3>\n\t\t\t\t\t\t\t\t\t\t\t\t\t\t\n\t\t\t\t\t\t\t\n\t\t<div class=\"tg-module-meta\">\n\t\t\t\n\t\t\t<span class=\"tg-post-date entry-date\">\n\t\t\t\t<a href=\"https:\/\/www.iforbes.cz\/index.php\/2025\/10\/13\/partnerstvi-amd-a-openai-muze-prepsat-dejiny-trhu-s-ai-cipy\/\" rel=\"bookmark\"><time class=\"entry-date published updated\" datetime=\"2025-10-13T13:20:42+00:00\">13 \u0159\u00edjna, 2025<\/time><\/a>\t\t\t<\/span>\n\n\t\t\t<span class=\"tg-post-auther-name author vcard\">\n\t\t\t\t<a class=\"url fn n\" href=\"https:\/\/www.iforbes.cz\/index.php\/author\/iforbescz\/\">iforbescz<\/a>\t\t\t<\/span>\n\n\t\t\t\t\t\t\t<span class=\"tg-module-comments\">\n\t\t\t\t\t<a href=\"https:\/\/www.iforbes.cz\/index.php\/2025\/10\/13\/partnerstvi-amd-a-openai-muze-prepsat-dejiny-trhu-s-ai-cipy\/#respond\">0<\/a>\t\t\t\t<\/span>\n\t\t\t\t\t<\/div>\n\n\t\t\t\t\t\t\t\t\t\t\t\t\t\t\n\t\t\t\t\t\t\t\n\t\t\t\t\t\t\t<div class=\"tg-expert entry-content\">\n\t\t\t\t\t\t\t\t<p>Finan\u010dn\u00ed trhy za\u017eily 6. \u0159\u00edjna 2025 jeden z nejv\u00fdrazn\u011bj\u0161\u00edch pohyb\u016f posledn\u00edch let. Akcie technologick\u00e9ho giganta AMD prudce pos\u00edlily pot\u00e9, co<\/p>\n\t\t\t\t\t\t\t<\/div>\n\n\t\t\t\t\t\t<\/div>\n\t\t\t\t\t\t\t\t\t\t\t\t\t\t\t\t\t\t<\/div>\n\n\t\t\t\t\t\n\t\t\t\t\t<div class=\"tg-col-control\">\n\t\t\t\t\t\t<div class=\"tg_module_block tg-first-block\">\n\t\t\t\t\t\t\t\t\t\t\t\t\t\t\t\t\t\t\t\t\t\t\t\t\t\t<figure class=\"tg-module-thumb\">\n\t\t\t\t\t\t\t\t\t\t\t<a href=\"https:\/\/www.iforbes.cz\/index.php\/2025\/10\/13\/tesla-prekonala-ocekavani-v-ramci-dodavek-co-za-tim-stalo\/\" class=\"tg-thumb-link\">\n\t\t\t<img width=\"392\" height=\"272\" src=\"https:\/\/www.iforbes.cz\/wp-content\/uploads\/2025\/10\/AdobeStock_430356938_Editorial_Use_Only-392x272.jpeg\" class=\"attachment-colormag-highlighted-post size-colormag-highlighted-post wp-post-image\" alt=\"\" loading=\"lazy\" srcset=\"https:\/\/www.iforbes.cz\/wp-content\/uploads\/2025\/10\/AdobeStock_430356938_Editorial_Use_Only-392x272.jpeg 392w, https:\/\/www.iforbes.cz\/wp-content\/uploads\/2025\/10\/AdobeStock_430356938_Editorial_Use_Only-130x90.jpeg 130w, https:\/\/www.iforbes.cz\/wp-content\/uploads\/2025\/10\/AdobeStock_430356938_Editorial_Use_Only-600x417.jpeg 600w\" sizes=\"(max-width: 392px) 100vw, 392px\" \/>\t\t<\/a>\n\t\t<div class=\"tg-post-categories\"><a href=\"https:\/\/www.iforbes.cz\/index.php\/category\/byznys\/\" class=\"tg-post-category\" rel=\"category tag\">Byznys<\/a>&nbsp;<\/div>\t\t\t\t\t\t\t\t<\/figure>\n\t\t\t\t\t\t\t\t\n\t\t\t\t\t\t\t\t\t\t\t\t\t\t\t\t\t\t\t\n\t\t\t\t\t\t\t\t\t<h3 class=\"tg-module-title entry-title\">\n\t\t\t<a href=\"https:\/\/www.iforbes.cz\/index.php\/2025\/10\/13\/tesla-prekonala-ocekavani-v-ramci-dodavek-co-za-tim-stalo\/\">Tesla p\u0159ekonala o\u010dek\u00e1v\u00e1n\u00ed v r\u00e1mci dod\u00e1vek. Co za t\u00edm st\u00e1lo?<\/a>\n\t\t<\/h3>\n\t\t\t\t\t\t\t\t\t\t\t\t\t\t\n\t\t\t\t\t\t\t\n\t\t<div class=\"tg-module-meta\">\n\t\t\t\n\t\t\t<span class=\"tg-post-date entry-date\">\n\t\t\t\t<a href=\"https:\/\/www.iforbes.cz\/index.php\/2025\/10\/13\/tesla-prekonala-ocekavani-v-ramci-dodavek-co-za-tim-stalo\/\" rel=\"bookmark\"><time class=\"entry-date published updated\" datetime=\"2025-10-13T13:17:35+00:00\">13 \u0159\u00edjna, 2025<\/time><\/a>\t\t\t<\/span>\n\n\t\t\t<span class=\"tg-post-auther-name author vcard\">\n\t\t\t\t<a class=\"url fn n\" href=\"https:\/\/www.iforbes.cz\/index.php\/author\/iforbescz\/\">iforbescz<\/a>\t\t\t<\/span>\n\n\t\t\t\t\t\t\t<span class=\"tg-module-comments\">\n\t\t\t\t\t<a href=\"https:\/\/www.iforbes.cz\/index.php\/2025\/10\/13\/tesla-prekonala-ocekavani-v-ramci-dodavek-co-za-tim-stalo\/#respond\">0<\/a>\t\t\t\t<\/span>\n\t\t\t\t\t<\/div>\n\n\t\t\t\t\t\t\t\t\t\t\t\t\t\t\n\t\t\t\t\t\t\t\n\t\t\t\t\t\t\t<div class=\"tg-expert entry-content\">\n\t\t\t\t\t\t\t\t<p>Tesla minul\u00fd t\u00fdden zve\u0159ejnila v\u00fdsledky dod\u00e1vek elektromobil\u016f za t\u0159et\u00ed \u010dtvrtlet\u00ed 2025, p\u0159i\u010dem\u017e v\u00fdsledn\u00e1 \u010d\u00edsla investory p\u0159ekvapila. V\u00fdrobci se poda\u0159ilo meziro\u010dn\u011b<\/p>\n\t\t\t\t\t\t\t<\/div>\n\n\t\t\t\t\t\t<\/div>\n\t\t\t\t\t\t\t\t\t\t\t\t\t\t\t\t\t\t<\/div>\n\n\t\t\t\t\t\n\t\t\t\t\t<div class=\"tg-col-control\">\n\t\t\t\t\t\t<div class=\"tg_module_block tg-first-block\">\n\t\t\t\t\t\t\t\t\t\t\t\t\t\t\t\t\t\t\t\t\t\t\t\t\t\t<figure class=\"tg-module-thumb\">\n\t\t\t\t\t\t\t\t\t\t\t<a href=\"https:\/\/www.iforbes.cz\/index.php\/2025\/10\/02\/v-ak-chrenek-toman-kotrba-probehla-konference-o-restorativni-justici\/\" class=\"tg-thumb-link\">\n\t\t\t<img width=\"392\" height=\"272\" src=\"https:\/\/www.iforbes.cz\/wp-content\/uploads\/2025\/10\/JAS4509-392x272.jpg\" class=\"attachment-colormag-highlighted-post size-colormag-highlighted-post wp-post-image\" alt=\"\" loading=\"lazy\" srcset=\"https:\/\/www.iforbes.cz\/wp-content\/uploads\/2025\/10\/JAS4509-392x272.jpg 392w, https:\/\/www.iforbes.cz\/wp-content\/uploads\/2025\/10\/JAS4509-130x90.jpg 130w, https:\/\/www.iforbes.cz\/wp-content\/uploads\/2025\/10\/JAS4509-600x417.jpg 600w\" sizes=\"(max-width: 392px) 100vw, 392px\" \/>\t\t<\/a>\n\t\t<div class=\"tg-post-categories\"><a href=\"https:\/\/www.iforbes.cz\/index.php\/category\/byznys\/\" class=\"tg-post-category\" rel=\"category tag\">Byznys<\/a>&nbsp;<\/div>\t\t\t\t\t\t\t\t<\/figure>\n\t\t\t\t\t\t\t\t\n\t\t\t\t\t\t\t\t\t\t\t\t\t\t\t\t\t\t\t\n\t\t\t\t\t\t\t\t\t<h3 class=\"tg-module-title entry-title\">\n\t\t\t<a href=\"https:\/\/www.iforbes.cz\/index.php\/2025\/10\/02\/v-ak-chrenek-toman-kotrba-probehla-konference-o-restorativni-justici\/\">V AK Chrenek, Toman, Kotrba prob\u011bhla konference o restorativn\u00ed justici<\/a>\n\t\t<\/h3>\n\t\t\t\t\t\t\t\t\t\t\t\t\t\t\n\t\t\t\t\t\t\t\n\t\t<div class=\"tg-module-meta\">\n\t\t\t\n\t\t\t<span class=\"tg-post-date entry-date\">\n\t\t\t\t<a href=\"https:\/\/www.iforbes.cz\/index.php\/2025\/10\/02\/v-ak-chrenek-toman-kotrba-probehla-konference-o-restorativni-justici\/\" rel=\"bookmark\"><time class=\"entry-date published updated\" datetime=\"2025-10-02T06:59:44+00:00\">2 \u0159\u00edjna, 2025<\/time><\/a>\t\t\t<\/span>\n\n\t\t\t<span class=\"tg-post-auther-name author vcard\">\n\t\t\t\t<a class=\"url fn n\" href=\"https:\/\/www.iforbes.cz\/index.php\/author\/iforbescz\/\">iforbescz<\/a>\t\t\t<\/span>\n\n\t\t\t\t\t\t\t<span class=\"tg-module-comments\">\n\t\t\t\t\t<a href=\"https:\/\/www.iforbes.cz\/index.php\/2025\/10\/02\/v-ak-chrenek-toman-kotrba-probehla-konference-o-restorativni-justici\/#respond\">0<\/a>\t\t\t\t<\/span>\n\t\t\t\t\t<\/div>\n\n\t\t\t\t\t\t\t\t\t\t\t\t\t\t\n\t\t\t\t\t\t\t\n\t\t\t\t\t\t\t<div class=\"tg-expert entry-content\">\n\t\t\t\t\t\t\t\t<p>Konference Restorativn\u00ed justice jako sou\u010d\u00e1st modern\u00edho trestn\u00edho \u0159\u00edzen\u00ed uk\u00e1zala, \u017ee restorativn\u00ed postupy mohou vhodn\u011b dopl\u0148ovat st\u00e1vaj\u00edc\u00ed n\u00e1stroje trestn\u00edho pr\u00e1va. Jde<\/p>\n\t\t\t\t\t\t\t<\/div>\n\n\t\t\t\t\t\t<\/div>\n\t\t\t\t\t\t\t\t\t\t\t\t\t\t\t\t\t\t<\/div>\n\n\t\t\t\t\t\n\t\t\t\t\t<div class=\"tg-col-control\">\n\t\t\t\t\t\t<div class=\"tg_module_block tg-first-block\">\n\t\t\t\t\t\t\t\t\t\t\t\t\t\t\t\t\t\t\t\t\t\t\t\t\t\t<figure class=\"tg-module-thumb\">\n\t\t\t\t\t\t\t\t\t\t\t<a href=\"https:\/\/www.iforbes.cz\/index.php\/2025\/09\/24\/ottobock-miri-na-frankfurtskou-burzu-cennych-papiru\/\" class=\"tg-thumb-link\">\n\t\t\t<img width=\"392\" height=\"272\" src=\"https:\/\/www.iforbes.cz\/wp-content\/uploads\/2025\/09\/AdobeStock_428610321_Editorial_Use_Only-392x272.jpeg\" class=\"attachment-colormag-highlighted-post size-colormag-highlighted-post wp-post-image\" alt=\"\" loading=\"lazy\" srcset=\"https:\/\/www.iforbes.cz\/wp-content\/uploads\/2025\/09\/AdobeStock_428610321_Editorial_Use_Only-392x272.jpeg 392w, https:\/\/www.iforbes.cz\/wp-content\/uploads\/2025\/09\/AdobeStock_428610321_Editorial_Use_Only-130x90.jpeg 130w, https:\/\/www.iforbes.cz\/wp-content\/uploads\/2025\/09\/AdobeStock_428610321_Editorial_Use_Only-600x417.jpeg 600w\" sizes=\"(max-width: 392px) 100vw, 392px\" \/>\t\t<\/a>\n\t\t<div class=\"tg-post-categories\"><a href=\"https:\/\/www.iforbes.cz\/index.php\/category\/byznys\/\" class=\"tg-post-category\" rel=\"category tag\">Byznys<\/a>&nbsp;<\/div>\t\t\t\t\t\t\t\t<\/figure>\n\t\t\t\t\t\t\t\t\n\t\t\t\t\t\t\t\t\t\t\t\t\t\t\t\t\t\t\t\n\t\t\t\t\t\t\t\t\t<h3 class=\"tg-module-title entry-title\">\n\t\t\t<a href=\"https:\/\/www.iforbes.cz\/index.php\/2025\/09\/24\/ottobock-miri-na-frankfurtskou-burzu-cennych-papiru\/\">Ottobock m\u00ed\u0159\u00ed na frankfurtskou burzu cenn\u00fdch pap\u00edr\u016f<\/a>\n\t\t<\/h3>\n\t\t\t\t\t\t\t\t\t\t\t\t\t\t\n\t\t\t\t\t\t\t\n\t\t<div class=\"tg-module-meta\">\n\t\t\t\n\t\t\t<span class=\"tg-post-date entry-date\">\n\t\t\t\t<a href=\"https:\/\/www.iforbes.cz\/index.php\/2025\/09\/24\/ottobock-miri-na-frankfurtskou-burzu-cennych-papiru\/\" rel=\"bookmark\"><time class=\"entry-date published updated\" datetime=\"2025-09-24T10:47:44+00:00\">24 z\u00e1\u0159\u00ed, 2025<\/time><\/a>\t\t\t<\/span>\n\n\t\t\t<span class=\"tg-post-auther-name author vcard\">\n\t\t\t\t<a class=\"url fn n\" href=\"https:\/\/www.iforbes.cz\/index.php\/author\/iforbescz\/\">iforbescz<\/a>\t\t\t<\/span>\n\n\t\t\t\t\t\t\t<span class=\"tg-module-comments\">\n\t\t\t\t\t<a href=\"https:\/\/www.iforbes.cz\/index.php\/2025\/09\/24\/ottobock-miri-na-frankfurtskou-burzu-cennych-papiru\/#respond\">0<\/a>\t\t\t\t<\/span>\n\t\t\t\t\t<\/div>\n\n\t\t\t\t\t\t\t\t\t\t\t\t\t\t\n\t\t\t\t\t\t\t\n\t\t\t\t\t\t\t<div class=\"tg-expert entry-content\">\n\t\t\t\t\t\t\t\t<p>Jedno z nejzaj\u00edmav\u011bj\u0161\u00edch IPO leto\u0161n\u00edho podzimu poch\u00e1z\u00ed z N\u011bmecka. Ottobock, sv\u011btov\u00fd l\u00eddr v oblasti protetiky a ortopedick\u00fdch pom\u016fcek, p\u0159ipravuje sv\u016fj<\/p>\n\t\t\t\t\t\t\t<\/div>\n\n\t\t\t\t\t\t<\/div>\n\t\t\t\t\t\t\t\t\t\t\t\t\t\t\t\t\t\t<\/div>\n\n\t\t\t\t\t\n\t\t\t\t\t<div class=\"tg-col-control\">\n\t\t\t\t\t\t<div class=\"tg_module_block tg-first-block\">\n\t\t\t\t\t\t\t\t\t\t\t\t\t\t\t\t\t\t\t\t\t\t\t\t\t\t<figure class=\"tg-module-thumb\">\n\t\t\t\t\t\t\t\t\t\t\t<a href=\"https:\/\/www.iforbes.cz\/index.php\/2025\/09\/24\/fed-poprve-v-roce-2025-snizuje-sazby-co-to-znamena-pro-ceske-investory\/\" class=\"tg-thumb-link\">\n\t\t\t<img width=\"392\" height=\"272\" src=\"https:\/\/www.iforbes.cz\/wp-content\/uploads\/2025\/09\/AdobeStock_1346131959-392x272.jpeg\" class=\"attachment-colormag-highlighted-post size-colormag-highlighted-post wp-post-image\" alt=\"\" loading=\"lazy\" srcset=\"https:\/\/www.iforbes.cz\/wp-content\/uploads\/2025\/09\/AdobeStock_1346131959-392x272.jpeg 392w, https:\/\/www.iforbes.cz\/wp-content\/uploads\/2025\/09\/AdobeStock_1346131959-130x90.jpeg 130w, https:\/\/www.iforbes.cz\/wp-content\/uploads\/2025\/09\/AdobeStock_1346131959-600x417.jpeg 600w\" sizes=\"(max-width: 392px) 100vw, 392px\" \/>\t\t<\/a>\n\t\t<div class=\"tg-post-categories\"><a href=\"https:\/\/www.iforbes.cz\/index.php\/category\/byznys\/\" class=\"tg-post-category\" rel=\"category tag\">Byznys<\/a>&nbsp;<\/div>\t\t\t\t\t\t\t\t<\/figure>\n\t\t\t\t\t\t\t\t\n\t\t\t\t\t\t\t\t\t\t\t\t\t\t\t\t\t\t\t\n\t\t\t\t\t\t\t\t\t<h3 class=\"tg-module-title entry-title\">\n\t\t\t<a href=\"https:\/\/www.iforbes.cz\/index.php\/2025\/09\/24\/fed-poprve-v-roce-2025-snizuje-sazby-co-to-znamena-pro-ceske-investory\/\">Fed poprv\u00e9 v roce 2025 sni\u017euje sazby. Co to znamen\u00e1 pro \u010desk\u00e9 investory?<\/a>\n\t\t<\/h3>\n\t\t\t\t\t\t\t\t\t\t\t\t\t\t\n\t\t\t\t\t\t\t\n\t\t<div class=\"tg-module-meta\">\n\t\t\t\n\t\t\t<span class=\"tg-post-date entry-date\">\n\t\t\t\t<a href=\"https:\/\/www.iforbes.cz\/index.php\/2025\/09\/24\/fed-poprve-v-roce-2025-snizuje-sazby-co-to-znamena-pro-ceske-investory\/\" rel=\"bookmark\"><time class=\"entry-date published updated\" datetime=\"2025-09-24T10:44:50+00:00\">24 z\u00e1\u0159\u00ed, 2025<\/time><\/a>\t\t\t<\/span>\n\n\t\t\t<span class=\"tg-post-auther-name author vcard\">\n\t\t\t\t<a class=\"url fn n\" href=\"https:\/\/www.iforbes.cz\/index.php\/author\/iforbescz\/\">iforbescz<\/a>\t\t\t<\/span>\n\n\t\t\t\t\t\t\t<span class=\"tg-module-comments\">\n\t\t\t\t\t<a href=\"https:\/\/www.iforbes.cz\/index.php\/2025\/09\/24\/fed-poprve-v-roce-2025-snizuje-sazby-co-to-znamena-pro-ceske-investory\/#respond\">0<\/a>\t\t\t\t<\/span>\n\t\t\t\t\t<\/div>\n\n\t\t\t\t\t\t\t\t\t\t\t\t\t\t\n\t\t\t\t\t\t\t\n\t\t\t\t\t\t\t<div class=\"tg-expert entry-content\">\n\t\t\t\t\t\t\t\t<p>Americk\u00e1 centr\u00e1ln\u00ed banka (Fed) se po n\u011bkolika m\u011bs\u00edc\u00edch v\u00e1h\u00e1n\u00ed vr\u00e1tila k uvol\u0148ov\u00e1n\u00ed m\u011bnov\u00e9 politiky. Na z\u00e1\u0159ijov\u00e9m zased\u00e1n\u00ed sn\u00ed\u017eila z\u00e1kladn\u00ed \u00farokovou<\/p>\n\t\t\t\t\t\t\t<\/div>\n\n\t\t\t\t\t\t<\/div>\n\t\t\t\t\t\t\t\t\t\t\t\t\t\t\t\t\t\t<\/div>\n\n\t\t\t\t\t\n\t\t\t\t\t<div class=\"tg-col-control\">\n\t\t\t\t\t\t<div class=\"tg_module_block tg-first-block\">\n\t\t\t\t\t\t\t\t\t\t\t\t\t\t\t\t\t\t\t\t\t\t\t\t\t\t<figure class=\"tg-module-thumb\">\n\t\t\t\t\t\t\t\t\t\t\t<a href=\"https:\/\/www.iforbes.cz\/index.php\/2025\/09\/24\/alphabet-vstoupil-do-3bilionoveho-klubu-co-to-znamena-pro-investory\/\" class=\"tg-thumb-link\">\n\t\t\t<img width=\"392\" height=\"272\" src=\"https:\/\/www.iforbes.cz\/wp-content\/uploads\/2025\/09\/AdobeStock_284257577_Editorial_Use_Only-392x272.jpeg\" class=\"attachment-colormag-highlighted-post size-colormag-highlighted-post wp-post-image\" alt=\"\" loading=\"lazy\" srcset=\"https:\/\/www.iforbes.cz\/wp-content\/uploads\/2025\/09\/AdobeStock_284257577_Editorial_Use_Only-392x272.jpeg 392w, https:\/\/www.iforbes.cz\/wp-content\/uploads\/2025\/09\/AdobeStock_284257577_Editorial_Use_Only-130x90.jpeg 130w, https:\/\/www.iforbes.cz\/wp-content\/uploads\/2025\/09\/AdobeStock_284257577_Editorial_Use_Only-600x417.jpeg 600w\" sizes=\"(max-width: 392px) 100vw, 392px\" \/>\t\t<\/a>\n\t\t<div class=\"tg-post-categories\"><a href=\"https:\/\/www.iforbes.cz\/index.php\/category\/byznys\/\" class=\"tg-post-category\" rel=\"category tag\">Byznys<\/a>&nbsp;<\/div>\t\t\t\t\t\t\t\t<\/figure>\n\t\t\t\t\t\t\t\t\n\t\t\t\t\t\t\t\t\t\t\t\t\t\t\t\t\t\t\t\n\t\t\t\t\t\t\t\t\t<h3 class=\"tg-module-title entry-title\">\n\t\t\t<a href=\"https:\/\/www.iforbes.cz\/index.php\/2025\/09\/24\/alphabet-vstoupil-do-3bilionoveho-klubu-co-to-znamena-pro-investory\/\">Alphabet vstoupil do 3bilionov\u00e9ho klubu. Co to znamen\u00e1 pro investory?<\/a>\n\t\t<\/h3>\n\t\t\t\t\t\t\t\t\t\t\t\t\t\t\n\t\t\t\t\t\t\t\n\t\t<div class=\"tg-module-meta\">\n\t\t\t\n\t\t\t<span class=\"tg-post-date entry-date\">\n\t\t\t\t<a href=\"https:\/\/www.iforbes.cz\/index.php\/2025\/09\/24\/alphabet-vstoupil-do-3bilionoveho-klubu-co-to-znamena-pro-investory\/\" rel=\"bookmark\"><time class=\"entry-date published updated\" datetime=\"2025-09-24T10:41:58+00:00\">24 z\u00e1\u0159\u00ed, 2025<\/time><\/a>\t\t\t<\/span>\n\n\t\t\t<span class=\"tg-post-auther-name author vcard\">\n\t\t\t\t<a class=\"url fn n\" href=\"https:\/\/www.iforbes.cz\/index.php\/author\/iforbescz\/\">iforbescz<\/a>\t\t\t<\/span>\n\n\t\t\t\t\t\t\t<span class=\"tg-module-comments\">\n\t\t\t\t\t<a href=\"https:\/\/www.iforbes.cz\/index.php\/2025\/09\/24\/alphabet-vstoupil-do-3bilionoveho-klubu-co-to-znamena-pro-investory\/#respond\">0<\/a>\t\t\t\t<\/span>\n\t\t\t\t\t<\/div>\n\n\t\t\t\t\t\t\t\t\t\t\t\t\t\t\n\t\t\t\t\t\t\t\n\t\t\t\t\t\t\t<div class=\"tg-expert entry-content\">\n\t\t\t\t\t\t\t\t<p>Kdy\u017e Google v roce 2004 vstupoval na burzu, m\u00e1lokdo si tehdy dok\u00e1zal p\u0159edstavit, \u017ee o dv\u011b desetilet\u00ed pozd\u011bji bude jeho<\/p>\n\t\t\t\t\t\t\t<\/div>\n\n\t\t\t\t\t\t<\/div>\n\t\t\t\t\t\t\t\t\t\t\t\t\t\t\t\t\t\t<\/div>\n\n\t\t\t\t\t\n\t\t\t\t\t<div class=\"tg-col-control\">\n\t\t\t\t\t\t<div class=\"tg_module_block tg-first-block\">\n\t\t\t\t\t\t\t\t\t\t\t\t\t\t\t\t\t\t\t\t\t\t\t\t\t\t<figure class=\"tg-module-thumb\">\n\t\t\t\t\t\t\t\t\t\t\t<a href=\"https:\/\/www.iforbes.cz\/index.php\/2025\/09\/16\/broadcom-od-ztraty-az-k-miliardovym-ai-zakazkam\/\" class=\"tg-thumb-link\">\n\t\t\t<img width=\"392\" height=\"272\" src=\"https:\/\/www.iforbes.cz\/wp-content\/uploads\/2025\/09\/AdobeStock_616003026_Editorial_Use_Only-392x272.jpeg\" class=\"attachment-colormag-highlighted-post size-colormag-highlighted-post wp-post-image\" alt=\"\" loading=\"lazy\" srcset=\"https:\/\/www.iforbes.cz\/wp-content\/uploads\/2025\/09\/AdobeStock_616003026_Editorial_Use_Only-392x272.jpeg 392w, https:\/\/www.iforbes.cz\/wp-content\/uploads\/2025\/09\/AdobeStock_616003026_Editorial_Use_Only-130x90.jpeg 130w, https:\/\/www.iforbes.cz\/wp-content\/uploads\/2025\/09\/AdobeStock_616003026_Editorial_Use_Only-600x417.jpeg 600w\" sizes=\"(max-width: 392px) 100vw, 392px\" \/>\t\t<\/a>\n\t\t<div class=\"tg-post-categories\"><a href=\"https:\/\/www.iforbes.cz\/index.php\/category\/byznys\/\" class=\"tg-post-category\" rel=\"category tag\">Byznys<\/a>&nbsp;<\/div>\t\t\t\t\t\t\t\t<\/figure>\n\t\t\t\t\t\t\t\t\n\t\t\t\t\t\t\t\t\t\t\t\t\t\t\t\t\t\t\t\n\t\t\t\t\t\t\t\t\t<h3 class=\"tg-module-title entry-title\">\n\t\t\t<a href=\"https:\/\/www.iforbes.cz\/index.php\/2025\/09\/16\/broadcom-od-ztraty-az-k-miliardovym-ai-zakazkam\/\">Broadcom: Od ztr\u00e1ty a\u017e k miliardov\u00fdm AI zak\u00e1zk\u00e1m<\/a>\n\t\t<\/h3>\n\t\t\t\t\t\t\t\t\t\t\t\t\t\t\n\t\t\t\t\t\t\t\n\t\t<div class=\"tg-module-meta\">\n\t\t\t\n\t\t\t<span class=\"tg-post-date entry-date\">\n\t\t\t\t<a href=\"https:\/\/www.iforbes.cz\/index.php\/2025\/09\/16\/broadcom-od-ztraty-az-k-miliardovym-ai-zakazkam\/\" rel=\"bookmark\"><time class=\"entry-date published updated\" datetime=\"2025-09-16T09:07:52+00:00\">16 z\u00e1\u0159\u00ed, 2025<\/time><\/a>\t\t\t<\/span>\n\n\t\t\t<span class=\"tg-post-auther-name author vcard\">\n\t\t\t\t<a class=\"url fn n\" href=\"https:\/\/www.iforbes.cz\/index.php\/author\/iforbescz\/\">iforbescz<\/a>\t\t\t<\/span>\n\n\t\t\t\t\t\t\t<span class=\"tg-module-comments\">\n\t\t\t\t\t<a href=\"https:\/\/www.iforbes.cz\/index.php\/2025\/09\/16\/broadcom-od-ztraty-az-k-miliardovym-ai-zakazkam\/#respond\">0<\/a>\t\t\t\t<\/span>\n\t\t\t\t\t<\/div>\n\n\t\t\t\t\t\t\t\t\t\t\t\t\t\t\n\t\t\t\t\t\t\t\n\t\t\t\t\t\t\t<div class=\"tg-expert entry-content\">\n\t\t\t\t\t\t\t\t<p>Nejnov\u011bji ze skupiny technologick\u00fdch gigant\u016f zve\u0159ejnil sv\u00e9 \u010dtvrtletn\u00ed v\u00fdsledky Broadcom, p\u0159i\u010dem\u017e jimi potvrdil, \u017ee mezi hlavn\u00ed v\u00edt\u011bze \u00e9ry um\u011bl\u00e9 inteligence<\/p>\n\t\t\t\t\t\t\t<\/div>\n\n\t\t\t\t\t\t<\/div>\n\t\t\t\t\t\t\t\t\t\t\t\t\t\t\t\t\t\t<\/div>\n\n\t\t\t\t\t\n\t\t\t\t\t<div class=\"tg-col-control\">\n\t\t\t\t\t\t<div class=\"tg_module_block tg-first-block\">\n\t\t\t\t\t\t\t\t\t\t\t\t\t\t\t\t\t\t\t\t\t\t\t\t\t\t<figure class=\"tg-module-thumb\">\n\t\t\t\t\t\t\t\t\t\t\t<a href=\"https:\/\/www.iforbes.cz\/index.php\/2025\/09\/16\/google-vyhral-klicovy-soudni-proces-chrome-i-android-zustavaji-v-rukou-firmy\/\" class=\"tg-thumb-link\">\n\t\t\t<img width=\"392\" height=\"272\" src=\"https:\/\/www.iforbes.cz\/wp-content\/uploads\/2025\/09\/AdobeStock_299638696_Editorial_Use_Only-392x272.jpeg\" class=\"attachment-colormag-highlighted-post size-colormag-highlighted-post wp-post-image\" alt=\"\" loading=\"lazy\" srcset=\"https:\/\/www.iforbes.cz\/wp-content\/uploads\/2025\/09\/AdobeStock_299638696_Editorial_Use_Only-392x272.jpeg 392w, https:\/\/www.iforbes.cz\/wp-content\/uploads\/2025\/09\/AdobeStock_299638696_Editorial_Use_Only-130x90.jpeg 130w, https:\/\/www.iforbes.cz\/wp-content\/uploads\/2025\/09\/AdobeStock_299638696_Editorial_Use_Only-600x417.jpeg 600w\" sizes=\"(max-width: 392px) 100vw, 392px\" \/>\t\t<\/a>\n\t\t<div class=\"tg-post-categories\"><a href=\"https:\/\/www.iforbes.cz\/index.php\/category\/byznys\/\" class=\"tg-post-category\" rel=\"category tag\">Byznys<\/a>&nbsp;<\/div>\t\t\t\t\t\t\t\t<\/figure>\n\t\t\t\t\t\t\t\t\n\t\t\t\t\t\t\t\t\t\t\t\t\t\t\t\t\t\t\t\n\t\t\t\t\t\t\t\t\t<h3 class=\"tg-module-title entry-title\">\n\t\t\t<a href=\"https:\/\/www.iforbes.cz\/index.php\/2025\/09\/16\/google-vyhral-klicovy-soudni-proces-chrome-i-android-zustavaji-v-rukou-firmy\/\">Google vyhr\u00e1l kl\u00ed\u010dov\u00fd soudn\u00ed proces. Chrome i Android z\u016fst\u00e1vaj\u00ed v rukou firmy<\/a>\n\t\t<\/h3>\n\t\t\t\t\t\t\t\t\t\t\t\t\t\t\n\t\t\t\t\t\t\t\n\t\t<div class=\"tg-module-meta\">\n\t\t\t\n\t\t\t<span class=\"tg-post-date entry-date\">\n\t\t\t\t<a href=\"https:\/\/www.iforbes.cz\/index.php\/2025\/09\/16\/google-vyhral-klicovy-soudni-proces-chrome-i-android-zustavaji-v-rukou-firmy\/\" rel=\"bookmark\"><time class=\"entry-date published updated\" datetime=\"2025-09-16T09:04:59+00:00\">16 z\u00e1\u0159\u00ed, 2025<\/time><\/a>\t\t\t<\/span>\n\n\t\t\t<span class=\"tg-post-auther-name author vcard\">\n\t\t\t\t<a class=\"url fn n\" href=\"https:\/\/www.iforbes.cz\/index.php\/author\/iforbescz\/\">iforbescz<\/a>\t\t\t<\/span>\n\n\t\t\t\t\t\t\t<span class=\"tg-module-comments\">\n\t\t\t\t\t<a href=\"https:\/\/www.iforbes.cz\/index.php\/2025\/09\/16\/google-vyhral-klicovy-soudni-proces-chrome-i-android-zustavaji-v-rukou-firmy\/#respond\">0<\/a>\t\t\t\t<\/span>\n\t\t\t\t\t<\/div>\n\n\t\t\t\t\t\t\t\t\t\t\t\t\t\t\n\t\t\t\t\t\t\t\n\t\t\t\t\t\t\t<div class=\"tg-expert entry-content\">\n\t\t\t\t\t\t\t\t<p>V roce 2023 zapo\u010dal ost\u0159e sledovan\u00fd soudn\u00ed spor mezi Googlem a americk\u00fdm ministerstvem spravedlnosti (DOJ), kter\u00e9 po\u017eadovalo bezprecedentn\u00ed opat\u0159en\u00ed. Ve<\/p>\n\t\t\t\t\t\t\t<\/div>\n\n\t\t\t\t\t\t<\/div>\n\t\t\t\t\t\t\t\t\t\t\t\t\t\t\t\t\t\t<\/div>\n\n\t\t\t\t\t\n\t\t\t\t\t<div class=\"tg-col-control\">\n\t\t\t\t\t\t<div class=\"tg_module_block tg-first-block\">\n\t\t\t\t\t\t\t\t\t\t\t\t\t\t\t\t\t\t\t\t\t\t\t\t\t\t<figure class=\"tg-module-thumb\">\n\t\t\t\t\t\t\t\t\t\t\t<a href=\"https:\/\/www.iforbes.cz\/index.php\/2025\/09\/16\/broadcom-a-tajny-kontrakt-na-10-miliard-usd-je-to-openai\/\" class=\"tg-thumb-link\">\n\t\t\t<img width=\"392\" height=\"272\" src=\"https:\/\/www.iforbes.cz\/wp-content\/uploads\/2025\/09\/AdobeStock_430721716_Editorial_Use_Only-392x272.jpeg\" class=\"attachment-colormag-highlighted-post size-colormag-highlighted-post wp-post-image\" alt=\"\" loading=\"lazy\" srcset=\"https:\/\/www.iforbes.cz\/wp-content\/uploads\/2025\/09\/AdobeStock_430721716_Editorial_Use_Only-392x272.jpeg 392w, https:\/\/www.iforbes.cz\/wp-content\/uploads\/2025\/09\/AdobeStock_430721716_Editorial_Use_Only-130x90.jpeg 130w, https:\/\/www.iforbes.cz\/wp-content\/uploads\/2025\/09\/AdobeStock_430721716_Editorial_Use_Only-600x417.jpeg 600w\" sizes=\"(max-width: 392px) 100vw, 392px\" \/>\t\t<\/a>\n\t\t<div class=\"tg-post-categories\"><a href=\"https:\/\/www.iforbes.cz\/index.php\/category\/byznys\/\" class=\"tg-post-category\" rel=\"category tag\">Byznys<\/a>&nbsp;<\/div>\t\t\t\t\t\t\t\t<\/figure>\n\t\t\t\t\t\t\t\t\n\t\t\t\t\t\t\t\t\t\t\t\t\t\t\t\t\t\t\t\n\t\t\t\t\t\t\t\t\t<h3 class=\"tg-module-title entry-title\">\n\t\t\t<a href=\"https:\/\/www.iforbes.cz\/index.php\/2025\/09\/16\/broadcom-a-tajny-kontrakt-na-10-miliard-usd-je-to-openai\/\">Broadcom a tajn\u00fd kontrakt na 10 miliard USD. Je to OpenAI?<\/a>\n\t\t<\/h3>\n\t\t\t\t\t\t\t\t\t\t\t\t\t\t\n\t\t\t\t\t\t\t\n\t\t<div class=\"tg-module-meta\">\n\t\t\t\n\t\t\t<span class=\"tg-post-date entry-date\">\n\t\t\t\t<a href=\"https:\/\/www.iforbes.cz\/index.php\/2025\/09\/16\/broadcom-a-tajny-kontrakt-na-10-miliard-usd-je-to-openai\/\" rel=\"bookmark\"><time class=\"entry-date published updated\" datetime=\"2025-09-16T09:00:53+00:00\">16 z\u00e1\u0159\u00ed, 2025<\/time><\/a>\t\t\t<\/span>\n\n\t\t\t<span class=\"tg-post-auther-name author vcard\">\n\t\t\t\t<a class=\"url fn n\" href=\"https:\/\/www.iforbes.cz\/index.php\/author\/iforbescz\/\">iforbescz<\/a>\t\t\t<\/span>\n\n\t\t\t\t\t\t\t<span class=\"tg-module-comments\">\n\t\t\t\t\t<a href=\"https:\/\/www.iforbes.cz\/index.php\/2025\/09\/16\/broadcom-a-tajny-kontrakt-na-10-miliard-usd-je-to-openai\/#respond\">0<\/a>\t\t\t\t<\/span>\n\t\t\t\t\t<\/div>\n\n\t\t\t\t\t\t\t\t\t\t\t\t\t\t\n\t\t\t\t\t\t\t\n\t\t\t\t\t\t\t<div class=\"tg-expert entry-content\">\n\t\t\t\t\t\t\t\t<p>Kdy\u017e se mezi investory a technologick\u00fdmi nad\u0161enci \u0159ekne Broadcom, mnoh\u00fdm z nich se vybav\u00ed lo\u0148sk\u00e1 da\u0148ov\u00e1 polo\u017eka, kter\u00e1 ve t\u0159et\u00edm<\/p>\n\t\t\t\t\t\t\t<\/div>\n\n\t\t\t\t\t\t<\/div>\n\t\t\t\t\t\t\t\t\t\t\t\t\t\t\t\t\t\t<\/div>\n\n\t\t\t\t\t\t\t\t<\/div>\n\t\t<\/div>\n\n\t\t\t\t<\/div>\n\t\t\t\t<\/div>\n\t\t\t\t\t\t<\/div>\n\t\t\t\t\t<\/div>\n\t\t<\/div>\n\t\t\t\t\t\t\t\t<\/div>\n\t\t\t\t\t<\/div>\n\t\t<\/section>\n\t\t\t\t\t\t<\/div>\n\t\t\t\t\t\t<\/div>\n\t\t\t\t\t<\/div>\n\t\t","protected":false},"excerpt":{"rendered":"<p>Byznys Byznys&nbsp; Tesco vyplat\u00ed speci\u00e1ln\u00ed v\u00e1no\u010dn\u00ed bonus zam\u011bstnanc\u016fm obchod\u016f a distribu\u010dn\u00edho skladu 14 ledna, 20214 \u00fanora, 2021 iforbescz 0 Spole\u010dnost<\/p>\n","protected":false},"author":1,"featured_media":0,"parent":0,"menu_order":0,"comment_status":"closed","ping_status":"closed","template":"page-templates\/page-builder.php","meta":{"colormag_page_container_layout":"no_sidebar_full_width","colormag_page_sidebar_layout":"no_sidebar"},"_links":{"self":[{"href":"https:\/\/www.iforbes.cz\/index.php\/wp-json\/wp\/v2\/pages\/215"}],"collection":[{"href":"https:\/\/www.iforbes.cz\/index.php\/wp-json\/wp\/v2\/pages"}],"about":[{"href":"https:\/\/www.iforbes.cz\/index.php\/wp-json\/wp\/v2\/types\/page"}],"author":[{"embeddable":true,"href":"https:\/\/www.iforbes.cz\/index.php\/wp-json\/wp\/v2\/users\/1"}],"replies":[{"embeddable":true,"href":"https:\/\/www.iforbes.cz\/index.php\/wp-json\/wp\/v2\/comments?post=215"}],"version-history":[{"count":24,"href":"https:\/\/www.iforbes.cz\/index.php\/wp-json\/wp\/v2\/pages\/215\/revisions"}],"predecessor-version":[{"id":1748,"href":"https:\/\/www.iforbes.cz\/index.php\/wp-json\/wp\/v2\/pages\/215\/revisions\/1748"}],"wp:attachment":[{"href":"https:\/\/www.iforbes.cz\/index.php\/wp-json\/wp\/v2\/media?parent=215"}],"curies":[{"name":"wp","href":"https:\/\/api.w.org\/{rel}","templated":true}]}}